{"id":845,"date":"2015-12-12T22:44:46","date_gmt":"2015-12-12T22:44:46","guid":{"rendered":"http:\/\/acbsonline.es\/ca\/?page_id=845"},"modified":"2026-04-13T17:29:16","modified_gmt":"2026-04-13T15:29:16","slug":"noticies","status":"publish","type":"page","link":"https:\/\/aeroclub.es\/ca\/novetats\/noticies\/","title":{"rendered":"Noticies"},"content":{"rendered":"<div class=\"wpb-content-wrapper\"><p>[vc_row][vc_column width=&#8221;1\/6&#8243;][\/vc_column][vc_column width=&#8221;4\/6&#8243;]<section class=\"shortcode-action-box table shortcode-action-bg block-style-widget\"><div class=\"text-big\"><h4>Viu l\u2019Aeroclub. Segueix-nos dia a dia.<\/h4>\n<\/div><\/section>[vc_empty_space][vc_column_text]Segueix el dia a dia de l\u2019Aeroclub a trav\u00e9s d\u2019aquesta p\u00e0gina. Aqu\u00ed hi podr\u00e0s trobar tota la informaci\u00f3 que necessites con\u00e8ixer del club, des de les novetats fins a les activitats que s\u2019hi han dut a terme, aix\u00ed com totes les comunicacions i circulars emeses per l\u2019Oficina de Vol.[\/vc_column_text][vc_empty_space]<div class=\"hr-thin style-line\" style=\"width: 100%;border-top-width: 5px;\"><\/div>[vc_empty_space][\/vc_column][vc_column width=&#8221;1\/6&#8243;][\/vc_column][\/vc_row][vc_row][vc_column]<div class=\"dt-shortcode with-isotope\"><div class=\"filter iso-filter extras-off\"><div class=\"filter-categories\" data-default-order=\"desc\" data-default-orderby=\"date\"><a href=\"https:\/\/aeroclub.es\/ca\/novetats\/noticies\/\" class=\"show-all act\" data-filter=\"*\" aria-label=\"Apply filter: Veure tot\">Veure tot<\/a><a href=\"https:\/\/aeroclub.es\/ca\/novetats\/noticies\/?term=31\" class=\"actividades-ca\" data-filter=\".category-31\" aria-label=\"Apply filter: Activitats\">Activitats<\/a><a href=\"https:\/\/aeroclub.es\/ca\/novetats\/noticies\/?term=138\" class=\"club-ca\" data-filter=\".category-138\" aria-label=\"Apply filter: Club\">Club<\/a><a href=\"https:\/\/aeroclub.es\/ca\/novetats\/noticies\/?term=318\" class=\"competicions\" data-filter=\".category-318\" aria-label=\"Apply filter: Competicions\">Competicions<\/a><a href=\"https:\/\/aeroclub.es\/ca\/novetats\/noticies\/?term=233\" class=\"drones-ca\" data-filter=\".category-233\" aria-label=\"Apply filter: Drons\">Drons<\/a><a href=\"https:\/\/aeroclub.es\/ca\/novetats\/noticies\/?term=191\" class=\"escuela-ca\" data-filter=\".category-191\" aria-label=\"Apply filter: Escola\">Escola<\/a><a href=\"https:\/\/aeroclub.es\/ca\/novetats\/noticies\/?term=193\" class=\"exhibiciones-ca\" data-filter=\".category-193\" aria-label=\"Apply filter: Exhibicions\">Exhibicions<\/a><a href=\"https:\/\/aeroclub.es\/ca\/novetats\/noticies\/?term=139\" class=\"novedades-ca\" data-filter=\".category-139\" aria-label=\"Apply filter: Novetats\">Novetats<\/a><a href=\"https:\/\/aeroclub.es\/ca\/novetats\/noticies\/?term=143\" class=\"ofertas-ca\" data-filter=\".category-143\" aria-label=\"Apply filter: Ofertes\">Ofertes<\/a><a href=\"https:\/\/aeroclub.es\/ca\/novetats\/noticies\/?term=141\" class=\"ultima-hora-ca\" data-filter=\".category-141\" aria-label=\"Apply filter: \u00daltima hora\">\u00daltima hora<\/a><\/div><\/div><div class=\"wf-container dt-blog-shortcode loading-effect-fade-in iso-container bg-under-post description-under-image content-align-left\" data-padding=\"20px\" data-cur-page=\"1\" data-posts-per-page=\"-1\" data-width=\"370px\" data-columns=\"3\">\n<div class=\"wf-cell iso-item category-138 category-37\" data-post-id=\"40759\" data-date=\"2026-04-22T13:37:38+02:00\" data-name=\"Visita Delegada del Govern de Catalunya\">\n\t<article class=\"post post-40759 type-post status-publish format-standard has-post-thumbnail hentry category-club-ca category-noticies category-138 category-37 bg-on fullwidth-img description-off\">\n\n\t\t\n\t\t\t<div class=\"blog-media wf-td\">\n\n\t\t\t\t<p><a href=\"https:\/\/aeroclub.es\/ca\/2026\/04\/visita-delegada-del-gobierno-de-cataluna\/\" class=\"alignnone rollover\" ><img loading=\"lazy\" decoding=\"async\" class=\"preload-me aspect\" src=\"https:\/\/aeroclub.es\/wp-content\/uploads\/2026\/04\/Sala-soci-1-555x345.jpg\" srcset=\"https:\/\/aeroclub.es\/wp-content\/uploads\/2026\/04\/Sala-soci-1-555x345.jpg 555w, https:\/\/aeroclub.es\/wp-content\/uploads\/2026\/04\/Sala-soci-1-1110x690.jpg 1110w\" style=\"--ratio: 555 \/ 345\" sizes=\"auto, (max-width: 555px) 100vw, 555px\" alt=\"\" title=\"Sala soci\" width=\"555\" height=\"345\"  \/><\/a><\/p>\n\t\t\t<\/div>\n\n\t\t\n\t\t<div class=\"blog-content wf-td\">\n\t\t\t<h3 class=\"entry-title\"><a href=\"https:\/\/aeroclub.es\/ca\/2026\/04\/visita-delegada-del-gobierno-de-cataluna\/\" title=\"Visita Delegada del Govern de Catalunya\" rel=\"bookmark\">Visita Delegada del Govern de Catalunya<\/a><\/h3>\n\n\t\t\t<p>El darrer dia 21\/04, l&#8217;Aeroclub Barcelona-Sabadell va acollir la visita de la Sra. Pilar D\u00edaz, Delegada del Govern a Barcelona. Al llarg de la visita, es va donar a con\u00e8ixer l&#8217;entitat, amb m\u00e9s de noranta anys d\u2019hist\u00f2ria, que compta amb m\u00e9s de 50 aeronaus, 1.200 socis i m\u00e9s de 20.000 hores de vol anuals, essent&hellip;<\/p>\n\n\t\t<\/div>\n\n\t<\/article>\n\n<\/div>\n<div class=\"wf-cell iso-item category-138 category-37 category-141\" data-post-id=\"40115\" data-date=\"2026-03-30T19:12:44+02:00\" data-name=\"Concentraci\u00f3 i Aturada Activitat\">\n\t<article class=\"post post-40115 type-post status-publish format-standard has-post-thumbnail hentry category-club-ca category-noticies category-ultima-hora-ca category-138 category-37 category-141 bg-on fullwidth-img description-off\">\n\n\t\t\n\t\t\t<div class=\"blog-media wf-td\">\n\n\t\t\t\t<p><a href=\"https:\/\/aeroclub.es\/ca\/2026\/03\/concentracion-parada-actividad\/\" class=\"alignnone rollover\" ><img loading=\"lazy\" decoding=\"async\" class=\"preload-me aspect\" src=\"https:\/\/aeroclub.es\/wp-content\/uploads\/2026\/03\/IMG_6355-1-scaled-555x531.jpg\" srcset=\"https:\/\/aeroclub.es\/wp-content\/uploads\/2026\/03\/IMG_6355-1-scaled-555x531.jpg 555w, https:\/\/aeroclub.es\/wp-content\/uploads\/2026\/03\/IMG_6355-1-scaled-1110x1062.jpg 1110w\" style=\"--ratio: 555 \/ 531\" sizes=\"auto, (max-width: 555px) 100vw, 555px\" alt=\"\" title=\"IMG_6355\" width=\"555\" height=\"531\"  \/><\/a><\/p>\n\t\t\t<\/div>\n\n\t\t\n\t\t<div class=\"blog-content wf-td\">\n\t\t\t<h3 class=\"entry-title\"><a href=\"https:\/\/aeroclub.es\/ca\/2026\/03\/concentracion-parada-actividad\/\" title=\"Concentraci\u00f3 i Aturada Activitat\" rel=\"bookmark\">Concentraci\u00f3 i Aturada Activitat<\/a><\/h3>\n\n\t\t\t<p>Aquest dilluns 30 de mar\u00e7, l&#8217;Aeroclub s&#8217;ha sumat a l&#8217;aturada total de 12:00 h a 13:00 h i a la concentraci\u00f3 convocada per l&#8217;AEOAS per denunciar la situaci\u00f3 cr\u00edtica de l&#8217;aviaci\u00f3 general. Les nostres reivindicacions: &nbsp; Compliment del Pla Director: Exigim l&#8217;execuci\u00f3 de les inversions que AENA mant\u00e9 paralitzades des de fa m\u00e9s de 20&hellip;<\/p>\n\n\t\t<\/div>\n\n\t<\/article>\n\n<\/div>\n<div class=\"wf-cell iso-item category-31 category-191 category-37\" data-post-id=\"40087\" data-date=\"2026-03-26T09:40:11+01:00\" data-name=\"Sal\u00f3 de l&#039;Ensenyament 2026\">\n\t<article class=\"post post-40087 type-post status-publish format-standard has-post-thumbnail hentry category-actividades-ca category-escuela-ca category-noticies category-31 category-191 category-37 bg-on fullwidth-img description-off\">\n\n\t\t\n\t\t\t<div class=\"blog-media wf-td\">\n\n\t\t\t\t<p><a href=\"https:\/\/aeroclub.es\/ca\/2026\/03\/salo-ensenyament\/\" class=\"alignnone rollover\" ><img loading=\"lazy\" decoding=\"async\" class=\"preload-me aspect\" src=\"https:\/\/aeroclub.es\/wp-content\/uploads\/2026\/03\/IMG_5717-scaled-e1774905840909-555x416.jpeg\" srcset=\"https:\/\/aeroclub.es\/wp-content\/uploads\/2026\/03\/IMG_5717-scaled-e1774905840909-555x416.jpeg 555w, https:\/\/aeroclub.es\/wp-content\/uploads\/2026\/03\/IMG_5717-scaled-e1774905840909.jpeg 720w\" style=\"--ratio: 555 \/ 416\" sizes=\"auto, (max-width: 555px) 100vw, 555px\" alt=\"\" title=\"IMG_5717\" width=\"555\" height=\"416\"  \/><\/a><\/p>\n\t\t\t<\/div>\n\n\t\t\n\t\t<div class=\"blog-content wf-td\">\n\t\t\t<h3 class=\"entry-title\"><a href=\"https:\/\/aeroclub.es\/ca\/2026\/03\/salo-ensenyament\/\" title=\"Sal\u00f3 de l&#8217;Ensenyament 2026\" rel=\"bookmark\">Sal\u00f3 de l&#8217;Ensenyament 2026<\/a><\/h3>\n\n\t\t\t<p>El Sal\u00f3 de l\u2019Ensenyament 2026 ha comptat amb la participaci\u00f3 de l\u2019Aeroclub i Barcelona Flight School, on vam presentar la nostra oferta formativa per a totes aquelles persones interessades a iniciar la seva carrera en l\u2019aviaci\u00f3. Durant l\u2019esdeveniment, vam compartir informaci\u00f3 sobre els nostres cursos, vam resoldre dubtes i vam acompanyar futurs pilots en els&hellip;<\/p>\n\n\t\t<\/div>\n\n\t<\/article>\n\n<\/div>\n<div class=\"wf-cell iso-item category-31 category-37\" data-post-id=\"39798\" data-date=\"2025-06-24T18:08:08+02:00\" data-name=\"Sortida aeron\u00e0utica a Toulouse\">\n\t<article class=\"post post-39798 type-post status-publish format-standard has-post-thumbnail hentry category-actividades-ca category-noticies category-31 category-37 bg-on fullwidth-img description-off\">\n\n\t\t\n\t\t\t<div class=\"blog-media wf-td\">\n\n\t\t\t\t<p><a href=\"https:\/\/aeroclub.es\/ca\/2025\/06\/sortida-aeronautica-a-toulouse\/\" class=\"alignnone rollover\" ><img loading=\"lazy\" decoding=\"async\" class=\"preload-me aspect\" src=\"https:\/\/aeroclub.es\/wp-content\/uploads\/2025\/06\/Tolouse-air-transport-airbus-a300-600t-beluga-555x308.jpg\" srcset=\"https:\/\/aeroclub.es\/wp-content\/uploads\/2025\/06\/Tolouse-air-transport-airbus-a300-600t-beluga-555x308.jpg 555w, https:\/\/aeroclub.es\/wp-content\/uploads\/2025\/06\/Tolouse-air-transport-airbus-a300-600t-beluga.jpg 900w\" style=\"--ratio: 555 \/ 308\" sizes=\"auto, (max-width: 555px) 100vw, 555px\" alt=\"\" title=\"Airbus A300-600T Beluga &#8211; Air Transport\" width=\"555\" height=\"308\"  \/><\/a><\/p>\n\t\t\t<\/div>\n\n\t\t\n\t\t<div class=\"blog-content wf-td\">\n\t\t\t<h3 class=\"entry-title\"><a href=\"https:\/\/aeroclub.es\/ca\/2025\/06\/sortida-aeronautica-a-toulouse\/\" title=\"Sortida aeron\u00e0utica a Toulouse\" rel=\"bookmark\">Sortida aeron\u00e0utica a Toulouse<\/a><\/h3>\n\n\t\t\t<p>El cap de setmana del 28 i 29 de juny s\u2019organitza una sortida aeron\u00e0utica a Toulouse, amb visites al Museu d\u2019Airbus, el Museu Ailes Anciennes i el Museu Aeroscopia, tres espais emblem\u00e0tics dedicats a la hist\u00f2ria i la tecnologia de l\u2019aviaci\u00f3. Els participants arribaran en avi\u00f3, aterrant a l\u2019aer\u00f2drom de Toulouse-Lasbordes, punt d\u2019inici d\u2019aquesta experi\u00e8ncia&hellip;<\/p>\n\n\t\t<\/div>\n\n\t<\/article>\n\n<\/div>\n<div class=\"wf-cell iso-item category-318 category-37\" data-post-id=\"39791\" data-date=\"2025-06-18T18:02:19+02:00\" data-name=\"70\u00aa Volta A\u00e8ria de Catalunya \u2013 2025\">\n\t<article class=\"post post-39791 type-post status-publish format-standard has-post-thumbnail hentry category-competicions category-noticies category-318 category-37 bg-on fullwidth-img description-off\">\n\n\t\t\n\t\t\t<div class=\"blog-media wf-td\">\n\n\t\t\t\t<p><a href=\"https:\/\/aeroclub.es\/ca\/2025\/06\/70a-volta-aeria-de-catalunya-2025\/\" class=\"alignnone rollover\" ><img loading=\"lazy\" decoding=\"async\" class=\"preload-me aspect\" src=\"https:\/\/aeroclub.es\/wp-content\/uploads\/2025\/06\/70_vuelta_aerea_1-555x308.jpg\" srcset=\"https:\/\/aeroclub.es\/wp-content\/uploads\/2025\/06\/70_vuelta_aerea_1-555x308.jpg 555w, https:\/\/aeroclub.es\/wp-content\/uploads\/2025\/06\/70_vuelta_aerea_1.jpg 900w\" style=\"--ratio: 555 \/ 308\" sizes=\"auto, (max-width: 555px) 100vw, 555px\" alt=\"\" title=\"70_vuelta_aerea_1\" width=\"555\" height=\"308\"  \/><\/a><\/p>\n\t\t\t<\/div>\n\n\t\t\n\t\t<div class=\"blog-content wf-td\">\n\t\t\t<h3 class=\"entry-title\"><a href=\"https:\/\/aeroclub.es\/ca\/2025\/06\/70a-volta-aeria-de-catalunya-2025\/\" title=\"70\u00aa Volta A\u00e8ria de Catalunya \u2013 2025\" rel=\"bookmark\">70\u00aa Volta A\u00e8ria de Catalunya \u2013 2025<\/a><\/h3>\n\n\t\t\t<p>Del 13 al 15 de juny, l\u2019Aeroclub Barcelona-Sabadell ha organitzat amb \u00e8xit la LXX edici\u00f3 de la Volta A\u00e8ria de Catalunya, una competici\u00f3 emblem\u00e0tica del calendari aeron\u00e0utic espanyol, puntuable per al Campionat d\u2019Espanya de Vol a Motor, la Lliga Catalana i el Campionat de Catalunya de Vol a Motor. Aquesta 70a edici\u00f3 s\u2019ha desenvolupat en&hellip;<\/p>\n\n\t\t<\/div>\n\n\t<\/article>\n\n<\/div>\n<div class=\"wf-cell iso-item category-191 category-139\" data-post-id=\"39606\" data-date=\"2024-08-28T16:50:09+02:00\" data-name=\"Estudiants de Gesti\u00f3 Aeron\u00e0utica podran obtenir la PPL simult\u00e0niament als estudis\">\n\t<article class=\"post post-39606 type-post status-publish format-standard has-post-thumbnail hentry category-escuela-ca category-novedades-ca category-191 category-139 bg-on fullwidth-img description-off\">\n\n\t\t\n\t\t\t<div class=\"blog-media wf-td\">\n\n\t\t\t\t<p><a href=\"https:\/\/aeroclub.es\/ca\/2024\/08\/estudiants-de-gestio-aeronautica-podran-obtenir-la-ppl-simultaniament-als-estudis\/\" class=\"alignnone rollover\" ><img loading=\"lazy\" decoding=\"async\" class=\"preload-me aspect\" src=\"https:\/\/aeroclub.es\/wp-content\/uploads\/2024\/08\/acbs_uab-555x312.jpg\" srcset=\"https:\/\/aeroclub.es\/wp-content\/uploads\/2024\/08\/acbs_uab-555x312.jpg 555w, https:\/\/aeroclub.es\/wp-content\/uploads\/2024\/08\/acbs_uab.jpg 900w\" style=\"--ratio: 555 \/ 312\" sizes=\"auto, (max-width: 555px) 100vw, 555px\" alt=\"\" title=\"acbs_uab\" width=\"555\" height=\"312\"  \/><\/a><\/p>\n\t\t\t<\/div>\n\n\t\t\n\t\t<div class=\"blog-content wf-td\">\n\t\t\t<h3 class=\"entry-title\"><a href=\"https:\/\/aeroclub.es\/ca\/2024\/08\/estudiants-de-gestio-aeronautica-podran-obtenir-la-ppl-simultaniament-als-estudis\/\" title=\"Estudiants de Gesti\u00f3 Aeron\u00e0utica podran obtenir la PPL simult\u00e0niament als estudis\" rel=\"bookmark\">Estudiants de Gesti\u00f3 Aeron\u00e0utica podran obtenir la PPL simult\u00e0niament als estudis<\/a><\/h3>\n\n\t\t\t<p>Permetr\u00e0 als estudiants del grau en Gesti\u00f3 Aeron\u00e0utica de la UAB veure reconeguda com a pr\u00e0ctiques curriculars la formaci\u00f3 per a l&#8217;obtenci\u00f3 de la llic\u00e8ncia de pilot privat (PPL)<\/p>\n\n\t\t<\/div>\n\n\t<\/article>\n\n<\/div>\n<div class=\"wf-cell iso-item category-138\" data-post-id=\"39416\" data-date=\"2024-04-02T23:23:37+02:00\" data-name=\"Assemblea General Ordin\u00e0ria 2024\">\n\t<article class=\"post post-39416 type-post status-publish format-standard has-post-thumbnail hentry category-club-ca category-138 bg-on fullwidth-img description-off\">\n\n\t\t\n\t\t\t<div class=\"blog-media wf-td\">\n\n\t\t\t\t<p><a href=\"https:\/\/aeroclub.es\/ca\/2024\/04\/assemblea-general-ordinaria-2024\/\" class=\"alignnone rollover\" ><img loading=\"lazy\" decoding=\"async\" class=\"preload-me aspect\" src=\"https:\/\/aeroclub.es\/wp-content\/uploads\/2020\/06\/assemblea-555x312.jpg\" srcset=\"https:\/\/aeroclub.es\/wp-content\/uploads\/2020\/06\/assemblea-555x312.jpg 555w, https:\/\/aeroclub.es\/wp-content\/uploads\/2020\/06\/assemblea-1110x624.jpg 1110w\" style=\"--ratio: 555 \/ 312\" sizes=\"auto, (max-width: 555px) 100vw, 555px\" alt=\"\" title=\"assemblea\" width=\"555\" height=\"312\"  \/><\/a><\/p>\n\t\t\t<\/div>\n\n\t\t\n\t\t<div class=\"blog-content wf-td\">\n\t\t\t<h3 class=\"entry-title\"><a href=\"https:\/\/aeroclub.es\/ca\/2024\/04\/assemblea-general-ordinaria-2024\/\" title=\"Assemblea General Ordin\u00e0ria 2024\" rel=\"bookmark\">Assemblea General Ordin\u00e0ria 2024<\/a><\/h3>\n\n\t\t\t<p>L&#8217;Aeroclub celebra l&#8217;Assemblea General Ordin\u00e0ria el pr\u00f2xim 9 de maig.<\/p>\n\n\t\t<\/div>\n\n\t<\/article>\n\n<\/div>\n<div class=\"wf-cell iso-item category-31 category-138\" data-post-id=\"39396\" data-date=\"2023-12-16T07:56:12+01:00\" data-name=\"Activitats Patrona 2023\">\n\t<article class=\"post post-39396 type-post status-publish format-standard has-post-thumbnail hentry category-actividades-ca category-club-ca category-31 category-138 bg-on fullwidth-img description-off\">\n\n\t\t\n\t\t\t<div class=\"blog-media wf-td\">\n\n\t\t\t\t<p><a href=\"https:\/\/aeroclub.es\/ca\/2023\/12\/activitats-patrona-2023\/\" class=\"alignnone rollover\" ><img loading=\"lazy\" decoding=\"async\" class=\"preload-me aspect\" src=\"https:\/\/aeroclub.es\/wp-content\/uploads\/2023\/12\/patr_23-555x370.jpg\" srcset=\"https:\/\/aeroclub.es\/wp-content\/uploads\/2023\/12\/patr_23-555x370.jpg 555w, https:\/\/aeroclub.es\/wp-content\/uploads\/2023\/12\/patr_23.jpg 600w\" style=\"--ratio: 555 \/ 370\" sizes=\"auto, (max-width: 555px) 100vw, 555px\" alt=\"\" title=\"patr_23\" width=\"555\" height=\"370\"  \/><\/a><\/p>\n\t\t\t<\/div>\n\n\t\t\n\t\t<div class=\"blog-content wf-td\">\n\t\t\t<h3 class=\"entry-title\"><a href=\"https:\/\/aeroclub.es\/ca\/2023\/12\/activitats-patrona-2023\/\" title=\"Activitats Patrona 2023\" rel=\"bookmark\">Activitats Patrona 2023<\/a><\/h3>\n\n\t\t\t<p>El proper diumenge 17 de desembre de 10 h a 13:30 h es desenvoluparan les activitats de la Festivitat de la Patrona amb una Jornada de Portes Obertes de l\u2019Aeroport amb la participaci\u00f3 de l\u2019Aeroclub, la Fundaci\u00f3 Parc Aeron\u00e0utic de Catalunya i altres operadors. Entre altres activitats es realitzar\u00e0 una exposici\u00f3 d\u2019aeronaus, activitats infantils, vols&hellip;<\/p>\n\n\t\t<\/div>\n\n\t<\/article>\n\n<\/div>\n<div class=\"wf-cell iso-item category-138\" data-post-id=\"39388\" data-date=\"2023-12-14T18:47:35+01:00\" data-name=\"Reconeixement empresarial a L\u2019Aeroclub Barcelona-Sabadell\">\n\t<article class=\"post post-39388 type-post status-publish format-standard has-post-thumbnail hentry category-club-ca category-138 bg-on fullwidth-img description-off\">\n\n\t\t\n\t\t\t<div class=\"blog-media wf-td\">\n\n\t\t\t\t<p><a href=\"https:\/\/aeroclub.es\/ca\/2023\/12\/reconeixement-empresarial-a-laeroclub-barcelona-sabadell\/\" class=\"alignnone rollover\" ><img loading=\"lazy\" decoding=\"async\" class=\"preload-me aspect\" src=\"https:\/\/aeroclub.es\/wp-content\/uploads\/2023\/12\/pimec_2023-555x370.jpg\" srcset=\"https:\/\/aeroclub.es\/wp-content\/uploads\/2023\/12\/pimec_2023-555x370.jpg 555w, https:\/\/aeroclub.es\/wp-content\/uploads\/2023\/12\/pimec_2023.jpg 600w\" style=\"--ratio: 555 \/ 370\" sizes=\"auto, (max-width: 555px) 100vw, 555px\" alt=\"\" title=\"pimec_2023\" width=\"555\" height=\"370\"  \/><\/a><\/p>\n\t\t\t<\/div>\n\n\t\t\n\t\t<div class=\"blog-content wf-td\">\n\t\t\t<h3 class=\"entry-title\"><a href=\"https:\/\/aeroclub.es\/ca\/2023\/12\/reconeixement-empresarial-a-laeroclub-barcelona-sabadell\/\" title=\"Reconeixement empresarial a L\u2019Aeroclub Barcelona-Sabadell\" rel=\"bookmark\">Reconeixement empresarial a L\u2019Aeroclub Barcelona-Sabadell<\/a><\/h3>\n\n\t\t\t<p>PIMEC Vall\u00e8s Occidental en el seu 1r. F\u00f2rum de Reconeixements Empresarials del Vall\u00e8s Occidental a les mipimes\u00a0amb Lideratge i Comprom\u00eds\u00a0va distingir a l\u2019Aeroclub Barcelona-Sabadell amb un reconeixement especial pel seu impuls a la formaci\u00f3 professional en relaci\u00f3 al Grau de T\u00e8cnics de Manteniment d\u2019Aeronaus. L\u2019acte es va celebrar el dia 13 de desembre a Sal\u00f3&hellip;<\/p>\n\n\t\t<\/div>\n\n\t<\/article>\n\n<\/div>\n<div class=\"wf-cell iso-item category-318\" data-post-id=\"39328\" data-date=\"2023-11-11T18:06:59+01:00\" data-name=\"Comen\u00e7a la Lliga Catalana de Vol a Motor 2023-24\">\n\t<article class=\"post post-39328 type-post status-publish format-standard has-post-thumbnail hentry category-competicions category-318 bg-on fullwidth-img description-off\">\n\n\t\t\n\t\t\t<div class=\"blog-media wf-td\">\n\n\t\t\t\t<p><a href=\"https:\/\/aeroclub.es\/ca\/2023\/11\/comenca-la-lliga-catalana-de-vol-a-motor-2023-24\/\" class=\"alignnone rollover\" ><img loading=\"lazy\" decoding=\"async\" class=\"preload-me aspect\" src=\"https:\/\/aeroclub.es\/wp-content\/uploads\/2022\/01\/lliga_catalana-555x370.jpg\" srcset=\"https:\/\/aeroclub.es\/wp-content\/uploads\/2022\/01\/lliga_catalana-555x370.jpg 555w, https:\/\/aeroclub.es\/wp-content\/uploads\/2022\/01\/lliga_catalana.jpg 600w\" style=\"--ratio: 555 \/ 370\" sizes=\"auto, (max-width: 555px) 100vw, 555px\" alt=\"\" title=\"lliga_catalana\" width=\"555\" height=\"370\"  \/><\/a><\/p>\n\t\t\t<\/div>\n\n\t\t\n\t\t<div class=\"blog-content wf-td\">\n\t\t\t<h3 class=\"entry-title\"><a href=\"https:\/\/aeroclub.es\/ca\/2023\/11\/comenca-la-lliga-catalana-de-vol-a-motor-2023-24\/\" title=\"Comen\u00e7a la Lliga Catalana de Vol a Motor 2023-24\" rel=\"bookmark\">Comen\u00e7a la Lliga Catalana de Vol a Motor 2023-24<\/a><\/h3>\n\n\t\t\t<p>Amb el suport de la Federaci\u00f3 A\u00e8ria Catalana, L\u2019Aeroclub organitza la Lliga Catalana de Vol a Motor 2023-24, una competici\u00f3 oficial i oberta a tots els i les pilots i tripulants federats que comen\u00e7a el proper 21 d&#8217;octubre. El calendari est\u00e0 format per onze proves puntuables de tipus ral\u00b7li aeri o b\u00e9 de tipus ANR&hellip;<\/p>\n\n\t\t<\/div>\n\n\t<\/article>\n\n<\/div>\n<div class=\"wf-cell iso-item category-31 category-138\" data-post-id=\"39201\" data-date=\"2023-07-07T18:46:17+02:00\" data-name=\"Sopar d&#039;Estiu - 70\u00e8 Aniversari de L&#039;Aeroclub\">\n\t<article class=\"post post-39201 type-post status-publish format-standard has-post-thumbnail hentry category-actividades-ca category-club-ca category-31 category-138 bg-on fullwidth-img description-off\">\n\n\t\t\n\t\t\t<div class=\"blog-media wf-td\">\n\n\t\t\t\t<p><a href=\"https:\/\/aeroclub.es\/ca\/2023\/07\/sopar-destiu-70e-aniversari-de-laeroclub\/\" class=\"alignnone rollover\" ><img loading=\"lazy\" decoding=\"async\" class=\"preload-me aspect\" src=\"https:\/\/aeroclub.es\/wp-content\/uploads\/2023\/07\/sopar_estiu_23-555x293.jpg\" srcset=\"https:\/\/aeroclub.es\/wp-content\/uploads\/2023\/07\/sopar_estiu_23-555x293.jpg 555w, https:\/\/aeroclub.es\/wp-content\/uploads\/2023\/07\/sopar_estiu_23.jpg 719w\" style=\"--ratio: 555 \/ 293\" sizes=\"auto, (max-width: 555px) 100vw, 555px\" alt=\"\" title=\"sopar_estiu_23\" width=\"555\" height=\"293\"  \/><\/a><\/p>\n\t\t\t<\/div>\n\n\t\t\n\t\t<div class=\"blog-content wf-td\">\n\t\t\t<h3 class=\"entry-title\"><a href=\"https:\/\/aeroclub.es\/ca\/2023\/07\/sopar-destiu-70e-aniversari-de-laeroclub\/\" title=\"Sopar d&#8217;Estiu &#8211; 70\u00e8 Aniversari de L&#8217;Aeroclub\" rel=\"bookmark\">Sopar d&#8217;Estiu &#8211; 70\u00e8 Aniversari de L&#8217;Aeroclub<\/a><\/h3>\n\n\t\t\t<p>El proper 22 de juliol l\u2019Aeroclub realitzar\u00e0 el tradicional sopar d\u2019estiu, en aquesta ocasi\u00f3 per celebrar el 70\u00e8 Aniversari de l\u2019entitat. El sopar-barbacoa tindr\u00e0 lloc a les 21 h a la terrassa i hi poden participar els socis i familiars Si ets soci truca al club 937101952 per fer la reserva doncs l\u2019aforament \u00e9s limitat.<\/p>\n\n\t\t<\/div>\n\n\t<\/article>\n\n<\/div>\n<div class=\"wf-cell iso-item category-318\" data-post-id=\"39159\" data-date=\"2023-07-04T17:10:09+02:00\" data-name=\"Campionat d&#039;Espanya de Vol a Motor 2023\">\n\t<article class=\"post post-39159 type-post status-publish format-standard has-post-thumbnail hentry category-competicions category-318 bg-on fullwidth-img description-off\">\n\n\t\t\n\t\t\t<div class=\"blog-media wf-td\">\n\n\t\t\t\t<p><a href=\"https:\/\/aeroclub.es\/ca\/2023\/07\/campionat-despanya-de-vol-a-motor-2023\/\" class=\"alignnone rollover\" ><img loading=\"lazy\" decoding=\"async\" class=\"preload-me aspect\" src=\"https:\/\/aeroclub.es\/wp-content\/uploads\/2023\/07\/cevam_23-555x293.jpg\" srcset=\"https:\/\/aeroclub.es\/wp-content\/uploads\/2023\/07\/cevam_23-555x293.jpg 555w, https:\/\/aeroclub.es\/wp-content\/uploads\/2023\/07\/cevam_23.jpg 719w\" style=\"--ratio: 555 \/ 293\" sizes=\"auto, (max-width: 555px) 100vw, 555px\" alt=\"\" title=\"cevam_23\" width=\"555\" height=\"293\"  \/><\/a><\/p>\n\t\t\t<\/div>\n\n\t\t\n\t\t<div class=\"blog-content wf-td\">\n\t\t\t<h3 class=\"entry-title\"><a href=\"https:\/\/aeroclub.es\/ca\/2023\/07\/campionat-despanya-de-vol-a-motor-2023\/\" title=\"Campionat d&#8217;Espanya de Vol a Motor 2023\" rel=\"bookmark\">Campionat d&#8217;Espanya de Vol a Motor 2023<\/a><\/h3>\n\n\t\t\t<p>Del 30 de juny al 2 de juliol se celebra a l\u2019Aer\u00f2drom de Benabarre el Campionat d\u2019Espanya de Vol a Motor amb la participaci\u00f3 de 7 tripulacions de l\u2019Aeroclub Barcelona-Sabadell. Han assolit el Campionat d\u2019Espanya els pilots Yuri Rabassa soci del nostre club i de l\u2019Aeroclub de Castell\u00f3 juntament amb el seu company el pilot&hellip;<\/p>\n\n\t\t<\/div>\n\n\t<\/article>\n\n<\/div>\n<div class=\"wf-cell iso-item category-31\" data-post-id=\"39156\" data-date=\"2023-07-04T16:56:11+02:00\" data-name=\"Sortida aeron\u00e0utica a Terol 01\/07\/23\">\n\t<article class=\"post post-39156 type-post status-publish format-standard has-post-thumbnail hentry category-actividades-ca category-31 bg-on fullwidth-img description-off\">\n\n\t\t\n\t\t\t<div class=\"blog-media wf-td\">\n\n\t\t\t\t<p><a href=\"https:\/\/aeroclub.es\/ca\/2023\/07\/sortida-aeronautica-a-terol-01-07-23\/\" class=\"alignnone rollover\" ><img loading=\"lazy\" decoding=\"async\" class=\"preload-me aspect\" src=\"https:\/\/aeroclub.es\/wp-content\/uploads\/2023\/07\/teruel_1-555x293.jpg\" srcset=\"https:\/\/aeroclub.es\/wp-content\/uploads\/2023\/07\/teruel_1-555x293.jpg 555w, https:\/\/aeroclub.es\/wp-content\/uploads\/2023\/07\/teruel_1.jpg 719w\" style=\"--ratio: 555 \/ 293\" sizes=\"auto, (max-width: 555px) 100vw, 555px\" alt=\"\" title=\"teruel_1\" width=\"555\" height=\"293\"  \/><\/a><\/p>\n\t\t\t<\/div>\n\n\t\t\n\t\t<div class=\"blog-content wf-td\">\n\t\t\t<h3 class=\"entry-title\"><a href=\"https:\/\/aeroclub.es\/ca\/2023\/07\/sortida-aeronautica-a-terol-01-07-23\/\" title=\"Sortida aeron\u00e0utica a Terol 01\/07\/23\" rel=\"bookmark\">Sortida aeron\u00e0utica a Terol 01\/07\/23<\/a><\/h3>\n\n\t\t\t<p>El club ha realitzat una sortida aeron\u00e0utica a l\u2019Aeroport de Terol que es va celebrar dissabte 1 de juliol amb la participaci\u00f3 de 7 aeronaus del club i 15 pilots i acompanyats que van gaudir d\u2019una agradable jornada. Agra\u00efm a la direcci\u00f3 de l\u2019Aeroport de Terol la seva acollida. &nbsp; &nbsp;<\/p>\n\n\t\t<\/div>\n\n\t<\/article>\n\n<\/div>\n<div class=\"wf-cell iso-item category-318\" data-post-id=\"39176\" data-date=\"2023-06-19T18:12:00+02:00\" data-name=\"25\u00e8 Campionat de Catalunya de Vol a Motor\">\n\t<article class=\"post post-39176 type-post status-publish format-standard has-post-thumbnail hentry category-competicions category-318 bg-on fullwidth-img description-off\">\n\n\t\t\n\t\t\t<div class=\"blog-media wf-td\">\n\n\t\t\t\t<p><a href=\"https:\/\/aeroclub.es\/ca\/2023\/06\/25e-campionat-de-catalunya-de-vol-a-motor\/\" class=\"alignnone rollover\" ><img loading=\"lazy\" decoding=\"async\" class=\"preload-me aspect\" src=\"https:\/\/aeroclub.es\/wp-content\/uploads\/2023\/07\/volta_1-555x293.jpg\" srcset=\"https:\/\/aeroclub.es\/wp-content\/uploads\/2023\/07\/volta_1-555x293.jpg 555w, https:\/\/aeroclub.es\/wp-content\/uploads\/2023\/07\/volta_1.jpg 719w\" style=\"--ratio: 555 \/ 293\" sizes=\"auto, (max-width: 555px) 100vw, 555px\" alt=\"\" title=\"volta_1\" width=\"555\" height=\"293\"  \/><\/a><\/p>\n\t\t\t<\/div>\n\n\t\t\n\t\t<div class=\"blog-content wf-td\">\n\t\t\t<h3 class=\"entry-title\"><a href=\"https:\/\/aeroclub.es\/ca\/2023\/06\/25e-campionat-de-catalunya-de-vol-a-motor\/\" title=\"25\u00e8 Campionat de Catalunya de Vol a Motor\" rel=\"bookmark\">25\u00e8 Campionat de Catalunya de Vol a Motor<\/a><\/h3>\n\n\t\t\t<p>Amb la finalitzaci\u00f3 de la Volta A\u00e8ria de Catalunya finalitzen les proves del XXV Campionat de Catalunya de Vol a Motor. Els Campions de Catalunya de Vol a Motor de 2023 han estat els pilots Pere-Joan Nogueroles pilot de l\u2019Aeroclub Barcelona-Sabadell i Vicente Nebot tamb\u00e9 pilot de l\u2019Aeroclub Barcelona-Sabadell. Els segons classificats d\u2019aquest campionat ha&hellip;<\/p>\n\n\t\t<\/div>\n\n\t<\/article>\n\n<\/div>\n<div class=\"wf-cell iso-item category-318\" data-post-id=\"39173\" data-date=\"2023-06-19T18:09:00+02:00\" data-name=\"Lliga Catalana 2022-2023\">\n\t<article class=\"post post-39173 type-post status-publish format-standard has-post-thumbnail hentry category-competicions category-318 bg-on fullwidth-img description-off\">\n\n\t\t\n\t\t\t<div class=\"blog-media wf-td\">\n\n\t\t\t\t<p><a href=\"https:\/\/aeroclub.es\/ca\/2023\/06\/lliga-catalana-2022-2023\/\" class=\"alignnone rollover\" ><img loading=\"lazy\" decoding=\"async\" class=\"preload-me aspect\" src=\"https:\/\/aeroclub.es\/wp-content\/uploads\/2023\/06\/lliga_catalana_23-555x293.jpg\" srcset=\"https:\/\/aeroclub.es\/wp-content\/uploads\/2023\/06\/lliga_catalana_23-555x293.jpg 555w, https:\/\/aeroclub.es\/wp-content\/uploads\/2023\/06\/lliga_catalana_23.jpg 719w\" style=\"--ratio: 555 \/ 293\" sizes=\"auto, (max-width: 555px) 100vw, 555px\" alt=\"\" title=\"lliga_catalana_23\" width=\"555\" height=\"293\"  \/><\/a><\/p>\n\t\t\t<\/div>\n\n\t\t\n\t\t<div class=\"blog-content wf-td\">\n\t\t\t<h3 class=\"entry-title\"><a href=\"https:\/\/aeroclub.es\/ca\/2023\/06\/lliga-catalana-2022-2023\/\" title=\"Lliga Catalana 2022-2023\" rel=\"bookmark\">Lliga Catalana 2022-2023<\/a><\/h3>\n\n\t\t\t<p>El dia 18 de juny finalitza amb les tres etapes de la Volta A\u00e8ria de Catalunya la Lliga Catalana de Vol a Motor, competici\u00f3 anual que compta amb 9 proves anuals. La tripulaci\u00f3 guanyadora de la Lliga Catalana 2023 ha estat la formada per Enric Pueyo i Eva Magri. La segona posici\u00f3 ha estat per&hellip;<\/p>\n\n\t\t<\/div>\n\n\t<\/article>\n\n<\/div>\n<div class=\"wf-cell iso-item category-318\" data-post-id=\"39164\" data-date=\"2023-06-18T17:53:00+02:00\" data-name=\"68\u00aa Volta A\u00e8ria de Catalunya - 2023\">\n\t<article class=\"post post-39164 type-post status-publish format-standard has-post-thumbnail hentry category-competicions category-318 bg-on fullwidth-img description-off\">\n\n\t\t\n\t\t\t<div class=\"blog-media wf-td\">\n\n\t\t\t\t<p><a href=\"https:\/\/aeroclub.es\/ca\/2023\/06\/68a-volta-aeria-de-catalunya-2023\/\" class=\"alignnone rollover\" ><img loading=\"lazy\" decoding=\"async\" class=\"preload-me aspect\" src=\"https:\/\/aeroclub.es\/wp-content\/uploads\/2023\/07\/volta_2-555x293.jpg\" srcset=\"https:\/\/aeroclub.es\/wp-content\/uploads\/2023\/07\/volta_2-555x293.jpg 555w, https:\/\/aeroclub.es\/wp-content\/uploads\/2023\/07\/volta_2.jpg 719w\" style=\"--ratio: 555 \/ 293\" sizes=\"auto, (max-width: 555px) 100vw, 555px\" alt=\"\" title=\"volta_2\" width=\"555\" height=\"293\"  \/><\/a><\/p>\n\t\t\t<\/div>\n\n\t\t\n\t\t<div class=\"blog-content wf-td\">\n\t\t\t<h3 class=\"entry-title\"><a href=\"https:\/\/aeroclub.es\/ca\/2023\/06\/68a-volta-aeria-de-catalunya-2023\/\" title=\"68\u00aa Volta A\u00e8ria de Catalunya &#8211; 2023\" rel=\"bookmark\">68\u00aa Volta A\u00e8ria de Catalunya &#8211; 2023<\/a><\/h3>\n\n\t\t\t<p>Del 16 al 18 de juny l\u2019Aeroclub Barcelona-Sabadell organitza la LXVIII edici\u00f3 de la Volta A\u00e8ria de Catalunya amb la participaci\u00f3 de 16 avions, 14 en competici\u00f3. La Volta A\u00e8ria \u00e9s una proba puntuable del Campionat d\u2019Espanya de Vol a Motor, de la Lliga Catalana i del XXV Campionat de Catalunya de Vol a Motor.&hellip;<\/p>\n\n\t\t<\/div>\n\n\t<\/article>\n\n<\/div>\n<div class=\"wf-cell iso-item category-31 category-139\" data-post-id=\"38764\" data-date=\"2023-04-06T15:31:03+02:00\" data-name=\"Calendari previst d&#039;activitats\">\n\t<article class=\"post post-38764 type-post status-publish format-standard has-post-thumbnail hentry category-actividades-ca category-novedades-ca category-31 category-139 bg-on fullwidth-img description-off\">\n\n\t\t\n\t\t\t<div class=\"blog-media wf-td\">\n\n\t\t\t\t<p><a href=\"https:\/\/aeroclub.es\/ca\/2023\/04\/calendari-previst-dactivitats\/\" class=\"alignnone rollover\" ><img loading=\"lazy\" decoding=\"async\" class=\"preload-me aspect\" src=\"https:\/\/aeroclub.es\/wp-content\/uploads\/2023\/04\/actividades_2023-555x293.jpg\" srcset=\"https:\/\/aeroclub.es\/wp-content\/uploads\/2023\/04\/actividades_2023-555x293.jpg 555w, https:\/\/aeroclub.es\/wp-content\/uploads\/2023\/04\/actividades_2023.jpg 719w\" style=\"--ratio: 555 \/ 293\" sizes=\"auto, (max-width: 555px) 100vw, 555px\" alt=\"\" title=\"actividades_2023\" width=\"555\" height=\"293\"  \/><\/a><\/p>\n\t\t\t<\/div>\n\n\t\t\n\t\t<div class=\"blog-content wf-td\">\n\t\t\t<h3 class=\"entry-title\"><a href=\"https:\/\/aeroclub.es\/ca\/2023\/04\/calendari-previst-dactivitats\/\" title=\"Calendari previst d&#8217;activitats\" rel=\"bookmark\">Calendari previst d&#8217;activitats<\/a><\/h3>\n\n\t\t\t<p>El club t\u00e9 previst organitzar o participar en les activitats indicades en el calendari previst amb la finalitat de promoure l\u2019aviaci\u00f3 general i esportiva aix\u00ed com fomentar la relaci\u00f3 socials del seus membres. El calendari es pot veure modificat per q\u00fcestions meteorol\u00f2giques o organitzatives. Esperem la teva participaci\u00f3.<\/p>\n\n\t\t<\/div>\n\n\t<\/article>\n\n<\/div>\n<div class=\"wf-cell iso-item category-31 category-139\" data-post-id=\"38747\" data-date=\"2023-04-06T14:56:14+02:00\" data-name=\"Participa a la sortida aeron\u00e0utica a l&#039;aer\u00f2drom de Benabarre\">\n\t<article class=\"post post-38747 type-post status-publish format-standard has-post-thumbnail hentry category-actividades-ca category-novedades-ca category-31 category-139 bg-on fullwidth-img description-off\">\n\n\t\t\n\t\t\t<div class=\"blog-media wf-td\">\n\n\t\t\t\t<p><a href=\"https:\/\/aeroclub.es\/ca\/2023\/04\/participa-a-la-sortida-aeronautica-a-laerodrom-de-benabarre\/\" class=\"alignnone rollover\" ><img loading=\"lazy\" decoding=\"async\" class=\"preload-me aspect\" src=\"https:\/\/aeroclub.es\/wp-content\/uploads\/2023\/04\/Benabarre-555x331.jpg\" srcset=\"https:\/\/aeroclub.es\/wp-content\/uploads\/2023\/04\/Benabarre-555x331.jpg 555w, https:\/\/aeroclub.es\/wp-content\/uploads\/2023\/04\/Benabarre.jpg 720w\" style=\"--ratio: 555 \/ 331\" sizes=\"auto, (max-width: 555px) 100vw, 555px\" alt=\"\" title=\"Benabarre\" width=\"555\" height=\"331\"  \/><\/a><\/p>\n\t\t\t<\/div>\n\n\t\t\n\t\t<div class=\"blog-content wf-td\">\n\t\t\t<h3 class=\"entry-title\"><a href=\"https:\/\/aeroclub.es\/ca\/2023\/04\/participa-a-la-sortida-aeronautica-a-laerodrom-de-benabarre\/\" title=\"Participa a la sortida aeron\u00e0utica a l&#8217;aer\u00f2drom de Benabarre\" rel=\"bookmark\">Participa a la sortida aeron\u00e0utica a l&#8217;aer\u00f2drom de Benabarre<\/a><\/h3>\n\n\t\t\t<p>El proper dissabte 15 d\u2019abril el club organitza una sortida aeron\u00e0utica a l\u2019Aer\u00f2drom de Benabarre per poder compartir amb els companys del Club de Vol Albatros experi\u00e8ncies. Truca al club al tel\u00e8fon 937101952 per inscriure\u2019t com a m\u00e0xim el dia 7 d\u2019abril. L\u2019activitat est\u00e0 prevista de les 9 h. a les 19 h. amb un&hellip;<\/p>\n\n\t\t<\/div>\n\n\t<\/article>\n\n<\/div>\n<div class=\"wf-cell iso-item category-138\" data-post-id=\"37825\" data-date=\"2022-09-26T21:03:50+02:00\" data-name=\"Procediment Electoral de L&#039;Aeroclub\">\n\t<article class=\"post post-37825 type-post status-publish format-standard has-post-thumbnail hentry category-club-ca category-138 bg-on fullwidth-img description-off\">\n\n\t\t\n\t\t\t<div class=\"blog-media wf-td\">\n\n\t\t\t\t<p><a href=\"https:\/\/aeroclub.es\/ca\/2022\/09\/procediment-electoral-de-laeroclub\/\" class=\"alignnone rollover\" ><img loading=\"lazy\" decoding=\"async\" class=\"preload-me aspect\" src=\"https:\/\/aeroclub.es\/wp-content\/uploads\/2022\/09\/elecciones-555x311.jpg\" srcset=\"https:\/\/aeroclub.es\/wp-content\/uploads\/2022\/09\/elecciones-555x311.jpg 555w, https:\/\/aeroclub.es\/wp-content\/uploads\/2022\/09\/elecciones-838x470.jpg 838w\" style=\"--ratio: 555 \/ 311\" sizes=\"auto, (max-width: 555px) 100vw, 555px\" alt=\"\" title=\"elecciones\" width=\"555\" height=\"311\"  \/><\/a><\/p>\n\t\t\t<\/div>\n\n\t\t\n\t\t<div class=\"blog-content wf-td\">\n\t\t\t<h3 class=\"entry-title\"><a href=\"https:\/\/aeroclub.es\/ca\/2022\/09\/procediment-electoral-de-laeroclub\/\" title=\"Procediment Electoral de L&#8217;Aeroclub\" rel=\"bookmark\">Procediment Electoral de L&#8217;Aeroclub<\/a><\/h3>\n\n\t\t\t<p>La Junta Directiva de L\u2019Aeroclub convoca als seus socis al Procediment Electoral per a l\u2019elecci\u00f3 de Junta Directiva i President de L\u2019Aeroclub segons els seus Estatuts.<\/p>\n\n\t\t<\/div>\n\n\t<\/article>\n\n<\/div>\n<div class=\"wf-cell iso-item category-31 category-139\" data-post-id=\"36708\" data-date=\"2022-06-22T20:26:44+02:00\" data-name=\"La primera avioneta 100% el\u00e8ctrica s&#039;enlaira a L&#039;Aeroclub\">\n\t<article class=\"post post-36708 type-post status-publish format-standard has-post-thumbnail hentry category-actividades-ca category-novedades-ca category-31 category-139 bg-on fullwidth-img description-off\">\n\n\t\t\n\t\t\t<div class=\"blog-media wf-td\">\n\n\t\t\t\t<p><a href=\"https:\/\/aeroclub.es\/ca\/2022\/06\/la-primera-avioneta-100-electrica-senlaira-a-laeroclub\/\" class=\"alignnone rollover\" ><img loading=\"lazy\" decoding=\"async\" class=\"preload-me aspect\" src=\"https:\/\/aeroclub.es\/wp-content\/uploads\/2022\/06\/avioneta_electrica-555x312.jpg\" srcset=\"https:\/\/aeroclub.es\/wp-content\/uploads\/2022\/06\/avioneta_electrica-555x312.jpg 555w, https:\/\/aeroclub.es\/wp-content\/uploads\/2022\/06\/avioneta_electrica.jpg 800w\" style=\"--ratio: 555 \/ 312\" sizes=\"auto, (max-width: 555px) 100vw, 555px\" alt=\"\" title=\"avioneta_electrica\" width=\"555\" height=\"312\"  \/><\/a><\/p>\n\t\t\t<\/div>\n\n\t\t\n\t\t<div class=\"blog-content wf-td\">\n\t\t\t<h3 class=\"entry-title\"><a href=\"https:\/\/aeroclub.es\/ca\/2022\/06\/la-primera-avioneta-100-electrica-senlaira-a-laeroclub\/\" title=\"La primera avioneta 100% el\u00e8ctrica s&#8217;enlaira a L&#8217;Aeroclub\" rel=\"bookmark\">La primera avioneta 100% el\u00e8ctrica s&#8217;enlaira a L&#8217;Aeroclub<\/a><\/h3>\n\n\t\t\t<p>L\u2019Aeroclub Barcelona-Sabadell ha presentat avui 22\/06\/2022 el primer Avi\u00f3 100% El\u00e8ctric del m\u00f3n i el primer vol documentat d\u2019un avi\u00f3 el\u00e8ctric a Espanya certificat per l\u2019Ag\u00e8ncia Europea de Seguretat A\u00e8ria. L\u2019Aeroclub Barcelona-Sabadell \u00e9s el primer club \/ escola\u00a0 a Espanya que ja disposa d\u2019aquesta aeronau per als seus vols. La nostra entitat est\u00e0 compromesa amb&hellip;<\/p>\n\n\t\t<\/div>\n\n\t<\/article>\n\n<\/div>\n<div class=\"wf-cell iso-item category-191 category-139\" data-post-id=\"36344\" data-date=\"2022-05-17T19:32:30+02:00\" data-name=\"Nou TMG per La Cerdanya\">\n\t<article class=\"post post-36344 type-post status-publish format-standard has-post-thumbnail hentry category-escuela-ca category-novedades-ca category-191 category-139 bg-on fullwidth-img description-off\">\n\n\t\t\n\t\t\t<div class=\"blog-media wf-td\">\n\n\t\t\t\t<p><a href=\"https:\/\/aeroclub.es\/ca\/2022\/05\/nuevo-tmg-para-la-cerdana\/\" class=\"alignnone rollover\" ><img loading=\"lazy\" decoding=\"async\" class=\"preload-me aspect\" src=\"https:\/\/aeroclub.es\/wp-content\/uploads\/2022\/05\/TMG-DKBIU-555x312.jpg\" srcset=\"https:\/\/aeroclub.es\/wp-content\/uploads\/2022\/05\/TMG-DKBIU-555x312.jpg 555w, https:\/\/aeroclub.es\/wp-content\/uploads\/2022\/05\/TMG-DKBIU.jpg 800w\" style=\"--ratio: 555 \/ 312\" sizes=\"auto, (max-width: 555px) 100vw, 555px\" alt=\"\" title=\"TMG-DKBIU\" width=\"555\" height=\"312\"  \/><\/a><\/p>\n\t\t\t<\/div>\n\n\t\t\n\t\t<div class=\"blog-content wf-td\">\n\t\t\t<h3 class=\"entry-title\"><a href=\"https:\/\/aeroclub.es\/ca\/2022\/05\/nuevo-tmg-para-la-cerdana\/\" title=\"Nou TMG per La Cerdanya\" rel=\"bookmark\">Nou TMG per La Cerdanya<\/a><\/h3>\n\n\t\t\t<p>L\u2019Aeroclub ha adquirit una nova aeronau per l\u2019activitat de vol sense motor de la Cerdanya, un TMG (Tourist Motor Glider) model SF25 amb matr\u00edcula D-KBIU que ja est\u00e0 disponible per volar. &nbsp; En breu es podran dur a terme els cursos per l\u2019habilitaci\u00f3 corresponent.<\/p>\n\n\t\t<\/div>\n\n\t<\/article>\n\n<\/div>\n<div class=\"wf-cell iso-item category-31\" data-post-id=\"36331\" data-date=\"2022-05-17T19:25:19+02:00\" data-name=\"Tast de Xocolata\">\n\t<article class=\"post post-36331 type-post status-publish format-standard has-post-thumbnail hentry category-actividades-ca category-31 bg-on fullwidth-img description-off\">\n\n\t\t\n\t\t\t<div class=\"blog-media wf-td\">\n\n\t\t\t\t<p><a href=\"https:\/\/aeroclub.es\/ca\/2022\/05\/tast-de-xocolata\/\" class=\"alignnone rollover\" ><img loading=\"lazy\" decoding=\"async\" class=\"preload-me aspect\" src=\"https:\/\/aeroclub.es\/wp-content\/uploads\/2022\/05\/xocolata_cap-555x312.jpg\" srcset=\"https:\/\/aeroclub.es\/wp-content\/uploads\/2022\/05\/xocolata_cap-555x312.jpg 555w, https:\/\/aeroclub.es\/wp-content\/uploads\/2022\/05\/xocolata_cap.jpg 800w\" style=\"--ratio: 555 \/ 312\" sizes=\"auto, (max-width: 555px) 100vw, 555px\" alt=\"\" title=\"xocolata_cap\" width=\"555\" height=\"312\"  \/><\/a><\/p>\n\t\t\t<\/div>\n\n\t\t\n\t\t<div class=\"blog-content wf-td\">\n\t\t\t<h3 class=\"entry-title\"><a href=\"https:\/\/aeroclub.es\/ca\/2022\/05\/tast-de-xocolata\/\" title=\"Tast de Xocolata\" rel=\"bookmark\">Tast de Xocolata<\/a><\/h3>\n\n\t\t\t<p>Si ets soci del club participa en el Tast de Xocolata i descobrir\u00e0s els mites i curiositats al voltant de la xocolata gaudint d\u2019una experi\u00e8ncia amb els teus companys de vol i familiars. Apr\u00e8n sobre les diferents varietats d\u2019un dels productes m\u00e9s desitjats del m\u00f3n. L\u2019activitat es dur\u00e0 a terme a la sala de socis&hellip;<\/p>\n\n\t\t<\/div>\n\n\t<\/article>\n\n<\/div>\n<div class=\"wf-cell iso-item category-31\" data-post-id=\"36326\" data-date=\"2022-05-17T19:15:47+02:00\" data-name=\"Rally d&#039;avions pels m\u00e9s petits\">\n\t<article class=\"post post-36326 type-post status-publish format-standard has-post-thumbnail hentry category-actividades-ca category-31 bg-on fullwidth-img description-off\">\n\n\t\t\n\t\t\t<div class=\"blog-media wf-td\">\n\n\t\t\t\t<p><a href=\"https:\/\/aeroclub.es\/ca\/2022\/05\/rally-davions-pels-mes-petits\/\" class=\"alignnone rollover\" ><img loading=\"lazy\" decoding=\"async\" class=\"preload-me aspect\" src=\"https:\/\/aeroclub.es\/wp-content\/uploads\/2022\/05\/activitats_club-555x312.jpg\" srcset=\"https:\/\/aeroclub.es\/wp-content\/uploads\/2022\/05\/activitats_club-555x312.jpg 555w, https:\/\/aeroclub.es\/wp-content\/uploads\/2022\/05\/activitats_club.jpg 800w\" style=\"--ratio: 555 \/ 312\" sizes=\"auto, (max-width: 555px) 100vw, 555px\" alt=\"\" title=\"Activitats Infantils L&#8217;Aeroclub\" width=\"555\" height=\"312\"  \/><\/a><\/p>\n\t\t\t<\/div>\n\n\t\t\n\t\t<div class=\"blog-content wf-td\">\n\t\t\t<h3 class=\"entry-title\"><a href=\"https:\/\/aeroclub.es\/ca\/2022\/05\/rally-davions-pels-mes-petits\/\" title=\"Rally d&#8217;avions pels m\u00e9s petits\" rel=\"bookmark\">Rally d&#8217;avions pels m\u00e9s petits<\/a><\/h3>\n\n\t\t\t<p>[vc_row][vc_column][vc_column_text]L\u00b4Aeroclub Barcelona-Sabadell prepara activitats gratu\u00eftes infantils i familiars amb l\u00b4objectiu de transmetre valors personals i educatius a trav\u00e9s de l\u00b4aviaci\u00f3.[\/vc_column_text][\/vc_column][\/vc_row][vc_row][vc_column][vc_single_image image=&#8221;36362&#8243; img_size=&#8221;full&#8221; alignment=&#8221;center&#8221;][\/vc_column][\/vc_row]<\/p>\n\n\t\t<\/div>\n\n\t<\/article>\n\n<\/div>\n<div class=\"wf-cell iso-item category-31 category-318\" data-post-id=\"36286\" data-date=\"2022-05-12T19:45:04+02:00\" data-name=\"2a Prova Lliga Catalana de Vol a Motor 2022\">\n\t<article class=\"post post-36286 type-post status-publish format-standard has-post-thumbnail hentry category-actividades-ca category-competicions category-31 category-318 bg-on fullwidth-img description-off\">\n\n\t\t\n\t\t\t<div class=\"blog-media wf-td\">\n\n\t\t\t\t<p><a href=\"https:\/\/aeroclub.es\/ca\/2022\/05\/2a-prova-lliga-catalana-de-vol-a-motor-2022\/\" class=\"alignnone rollover\" ><img loading=\"lazy\" decoding=\"async\" class=\"preload-me aspect\" src=\"https:\/\/aeroclub.es\/wp-content\/uploads\/2022\/05\/2_Vol_A_Motor_Cap-555x312.jpg\" srcset=\"https:\/\/aeroclub.es\/wp-content\/uploads\/2022\/05\/2_Vol_A_Motor_Cap-555x312.jpg 555w, https:\/\/aeroclub.es\/wp-content\/uploads\/2022\/05\/2_Vol_A_Motor_Cap.jpg 800w\" style=\"--ratio: 555 \/ 312\" sizes=\"auto, (max-width: 555px) 100vw, 555px\" alt=\"\" title=\"2_Vol_A_Motor_Cap\" width=\"555\" height=\"312\"  \/><\/a><\/p>\n\t\t\t<\/div>\n\n\t\t\n\t\t<div class=\"blog-content wf-td\">\n\t\t\t<h3 class=\"entry-title\"><a href=\"https:\/\/aeroclub.es\/ca\/2022\/05\/2a-prova-lliga-catalana-de-vol-a-motor-2022\/\" title=\"2a Prova Lliga Catalana de Vol a Motor 2022\" rel=\"bookmark\">2a Prova Lliga Catalana de Vol a Motor 2022<\/a><\/h3>\n\n\t\t\t<p>[vc_row][vc_column][vc_single_image image=&#8221;36282&#8243; img_size=&#8221;full&#8221; alignment=&#8221;center&#8221;][\/vc_column][\/vc_row]<\/p>\n\n\t\t<\/div>\n\n\t<\/article>\n\n<\/div>\n<div class=\"wf-cell iso-item category-31\" data-post-id=\"36232\" data-date=\"2022-05-08T19:28:14+02:00\" data-name=\"Activitats infantils de L&#039;Aeroclub\">\n\t<article class=\"post post-36232 type-post status-publish format-standard has-post-thumbnail hentry category-actividades-ca category-31 bg-on fullwidth-img description-off\">\n\n\t\t\n\t\t\t<div class=\"blog-media wf-td\">\n\n\t\t\t\t<p><a href=\"https:\/\/aeroclub.es\/ca\/2022\/05\/activitats-infantils-de-laeroclub\/\" class=\"alignnone rollover\" ><img loading=\"lazy\" decoding=\"async\" class=\"preload-me aspect\" src=\"https:\/\/aeroclub.es\/wp-content\/uploads\/2022\/05\/activitats_club-555x312.jpg\" srcset=\"https:\/\/aeroclub.es\/wp-content\/uploads\/2022\/05\/activitats_club-555x312.jpg 555w, https:\/\/aeroclub.es\/wp-content\/uploads\/2022\/05\/activitats_club.jpg 800w\" style=\"--ratio: 555 \/ 312\" sizes=\"auto, (max-width: 555px) 100vw, 555px\" alt=\"\" title=\"Activitats Infantils L&#8217;Aeroclub\" width=\"555\" height=\"312\"  \/><\/a><\/p>\n\t\t\t<\/div>\n\n\t\t\n\t\t<div class=\"blog-content wf-td\">\n\t\t\t<h3 class=\"entry-title\"><a href=\"https:\/\/aeroclub.es\/ca\/2022\/05\/activitats-infantils-de-laeroclub\/\" title=\"Activitats infantils de L&#8217;Aeroclub\" rel=\"bookmark\">Activitats infantils de L&#8217;Aeroclub<\/a><\/h3>\n\n\t\t\t<p>[vc_row][vc_column][vc_column_text]L&#8217;Aeroclub Barcelona-Sabadell prepara activitats gratu\u00eftes infantils i familiars amb l\u2019objectiu de transmetre valors personals i educatius a trav\u00e9s de l\u2019aviaci\u00f3.[\/vc_column_text][\/vc_column][\/vc_row][vc_row][vc_column][vc_single_image image=&#8221;36371&#8243; img_size=&#8221;full&#8221; alignment=&#8221;center&#8221;][\/vc_column][\/vc_row]<\/p>\n\n\t\t<\/div>\n\n\t<\/article>\n\n<\/div>\n<div class=\"wf-cell iso-item category-31 category-322\" data-post-id=\"35774\" data-date=\"2022-04-22T16:34:22+02:00\" data-name=\"Confer\u00e8ncia: &quot;Formaci\u00f3 i Entrenament de Pilots de Defensa&quot;\">\n\t<article class=\"post post-35774 type-post status-publish format-standard has-post-thumbnail hentry category-actividades-ca category-conferencies category-31 category-322 bg-on fullwidth-img description-off\">\n\n\t\t\n\t\t\t<div class=\"blog-media wf-td\">\n\n\t\t\t\t<p><a href=\"https:\/\/aeroclub.es\/ca\/2022\/04\/conferencia-formacio-i-entrenament-de-pilots-de-defensa\/\" class=\"alignnone rollover\" ><img loading=\"lazy\" decoding=\"async\" class=\"preload-me aspect\" src=\"https:\/\/aeroclub.es\/wp-content\/uploads\/2020\/04\/microphone-704257_1280-555x370.jpg\" srcset=\"https:\/\/aeroclub.es\/wp-content\/uploads\/2020\/04\/microphone-704257_1280-555x370.jpg 555w, https:\/\/aeroclub.es\/wp-content\/uploads\/2020\/04\/microphone-704257_1280-1110x740.jpg 1110w\" style=\"--ratio: 555 \/ 370\" sizes=\"auto, (max-width: 555px) 100vw, 555px\" alt=\"\" title=\"microphone-704257_1280\" width=\"555\" height=\"370\"  \/><\/a><\/p>\n\t\t\t<\/div>\n\n\t\t\n\t\t<div class=\"blog-content wf-td\">\n\t\t\t<h3 class=\"entry-title\"><a href=\"https:\/\/aeroclub.es\/ca\/2022\/04\/conferencia-formacio-i-entrenament-de-pilots-de-defensa\/\" title=\"Confer\u00e8ncia: &#8220;Formaci\u00f3 i Entrenament de Pilots de Defensa&#8221;\" rel=\"bookmark\">Confer\u00e8ncia: &#8220;Formaci\u00f3 i Entrenament de Pilots de Defensa&#8221;<\/a><\/h3>\n\n\t\t\t<p>[vc_row][vc_column][vc_column_text] Aquest divendres, 22 d&#8217;abril, a les 19:00 al recinte de l&#8217;hangar taller de la FPAC a Sabadell, tindr\u00e1 lloc la segona conferencia del cicle de &#8220;Formaci\u00f3 i entrenament de pilots de defensa&#8221; En aquesta es tractar\u00e1 la formaci\u00f3 dels pilots en la Guerra Civil. Adjuntem l&#8217;enlla\u00e7 ZOOM a la conferencia, per aquells que prefereixin&hellip;<\/p>\n\n\t\t<\/div>\n\n\t<\/article>\n\n<\/div>\n<div class=\"wf-cell iso-item category-31\" data-post-id=\"35740\" data-date=\"2022-04-20T18:01:00+02:00\" data-name=\"Sortida Aeron\u00e0utica a Castell\u00f3\">\n\t<article class=\"post post-35740 type-post status-publish format-standard has-post-thumbnail hentry category-actividades-ca category-31 bg-on fullwidth-img description-off\">\n\n\t\t\n\t\t\t<div class=\"blog-media wf-td\">\n\n\t\t\t\t<p><a href=\"https:\/\/aeroclub.es\/ca\/2022\/04\/sortida-aeronautica-a-castello\/\" class=\"alignnone rollover\" ><img loading=\"lazy\" decoding=\"async\" class=\"preload-me aspect\" src=\"https:\/\/aeroclub.es\/wp-content\/uploads\/2017\/05\/IMG_1959-555x411.jpg\" srcset=\"https:\/\/aeroclub.es\/wp-content\/uploads\/2017\/05\/IMG_1959-555x411.jpg 555w, https:\/\/aeroclub.es\/wp-content\/uploads\/2017\/05\/IMG_1959-1110x822.jpg 1110w\" style=\"--ratio: 555 \/ 411\" sizes=\"auto, (max-width: 555px) 100vw, 555px\" alt=\"\" title=\"IMG_1959\" width=\"555\" height=\"411\"  \/><\/a><\/p>\n\t\t\t<\/div>\n\n\t\t\n\t\t<div class=\"blog-content wf-td\">\n\t\t\t<h3 class=\"entry-title\"><a href=\"https:\/\/aeroclub.es\/ca\/2022\/04\/sortida-aeronautica-a-castello\/\" title=\"Sortida Aeron\u00e0utica a Castell\u00f3\" rel=\"bookmark\">Sortida Aeron\u00e0utica a Castell\u00f3<\/a><\/h3>\n\n\t\t\t<p>[vc_row][vc_column][vc_column_text]El proper dia 30 d\u2019abril el club organitza, amb el suport de l\u2019Aeroclub de Castell\u00f3, la primera trobada aeron\u00e0utica de la temporada que ser\u00e0 a l\u2019Aer\u00f2drom del Pinar. La jornada es desenvolupar\u00e0 amb sortida lliure dels avions del club, dinar i tornada cap a Sabadell. La data m\u00e0xima per a inscriure\u2019t ser\u00e0 el 17 d\u2019abril.\u00a0&hellip;<\/p>\n\n\t\t<\/div>\n\n\t<\/article>\n\n<\/div>\n<div class=\"wf-cell iso-item category-31 category-322\" data-post-id=\"35274\" data-date=\"2022-02-15T19:15:44+01:00\" data-name=\"Videoconfer\u00e8ncia: &quot;Els espais aeris, here we go again&quot;\">\n\t<article class=\"post post-35274 type-post status-publish format-standard has-post-thumbnail hentry category-actividades-ca category-conferencies category-31 category-322 bg-on fullwidth-img description-off\">\n\n\t\t\n\t\t\t<div class=\"blog-media wf-td\">\n\n\t\t\t\t<p><a href=\"https:\/\/aeroclub.es\/ca\/2022\/02\/videoconferencia-els-espais-aeris-here-we-go-again\/\" class=\"alignnone rollover\" ><img loading=\"lazy\" decoding=\"async\" class=\"preload-me aspect\" src=\"https:\/\/aeroclub.es\/wp-content\/uploads\/2022\/02\/Conf_Espacios_Aereos-555x279.jpg\" srcset=\"https:\/\/aeroclub.es\/wp-content\/uploads\/2022\/02\/Conf_Espacios_Aereos-555x279.jpg 555w, https:\/\/aeroclub.es\/wp-content\/uploads\/2022\/02\/Conf_Espacios_Aereos-1110x558.jpg 1110w\" style=\"--ratio: 555 \/ 279\" sizes=\"auto, (max-width: 555px) 100vw, 555px\" alt=\"\" title=\"Conf_Espacios_Aereos\" width=\"555\" height=\"279\"  \/><\/a><\/p>\n\t\t\t<\/div>\n\n\t\t\n\t\t<div class=\"blog-content wf-td\">\n\t\t\t<h3 class=\"entry-title\"><a href=\"https:\/\/aeroclub.es\/ca\/2022\/02\/videoconferencia-els-espais-aeris-here-we-go-again\/\" title=\"Videoconfer\u00e8ncia: &#8220;Els espais aeris, here we go again&#8221;\" rel=\"bookmark\">Videoconfer\u00e8ncia: &#8220;Els espais aeris, here we go again&#8221;<\/a><\/h3>\n\n\t\t\t<p>[vc_row][vc_column][vc_column_text]Et convidem a participar el divendres 18\/02\/2022 a les 19:30 h a la xerrada sobre \u201c\u201cEls espais aeris, here we go again\u201d que dur\u00e0 a terme el Sr. Rafael Gald\u00f3n, soci del club, pilot privat i controlador de tr\u00e0fic aeri que donar\u00e0 una xerrada-rep\u00e0s d\u2019espai aeri i les implicacions per a la seguretat i l\u2019activitat&hellip;<\/p>\n\n\t\t<\/div>\n\n\t<\/article>\n\n<\/div>\n<div class=\"wf-cell iso-item category-318 category-55\" data-post-id=\"35002\" data-date=\"2022-01-11T19:45:23+01:00\" data-name=\"Comen\u00e7a la Lliga Catalana de Vol a Motor 2022\">\n\t<article class=\"post post-35002 type-post status-publish format-standard has-post-thumbnail hentry category-competicions category-vol-a-motor category-318 category-55 bg-on fullwidth-img description-off\">\n\n\t\t\n\t\t\t<div class=\"blog-media wf-td\">\n\n\t\t\t\t<p><a href=\"https:\/\/aeroclub.es\/ca\/2022\/01\/comenca-la-lliga-catalana-de-vol-a-motor-2022\/\" class=\"alignnone rollover\" ><img loading=\"lazy\" decoding=\"async\" class=\"preload-me aspect\" src=\"https:\/\/aeroclub.es\/wp-content\/uploads\/2022\/01\/lliga_catalana-555x370.jpg\" srcset=\"https:\/\/aeroclub.es\/wp-content\/uploads\/2022\/01\/lliga_catalana-555x370.jpg 555w, https:\/\/aeroclub.es\/wp-content\/uploads\/2022\/01\/lliga_catalana.jpg 600w\" style=\"--ratio: 555 \/ 370\" sizes=\"auto, (max-width: 555px) 100vw, 555px\" alt=\"\" title=\"lliga_catalana\" width=\"555\" height=\"370\"  \/><\/a><\/p>\n\t\t\t<\/div>\n\n\t\t\n\t\t<div class=\"blog-content wf-td\">\n\t\t\t<h3 class=\"entry-title\"><a href=\"https:\/\/aeroclub.es\/ca\/2022\/01\/comenca-la-lliga-catalana-de-vol-a-motor-2022\/\" title=\"Comen\u00e7a la Lliga Catalana de Vol a Motor 2022\" rel=\"bookmark\">Comen\u00e7a la Lliga Catalana de Vol a Motor 2022<\/a><\/h3>\n\n\t\t\t<p>Amb el suport de la Federaci\u00f3 A\u00e8ria Catalana L\u2019Aeroclub organitza la Lliga Catalana de Vol a Motor del 2022, una competici\u00f3 oficial i oberta a tots els i les pilots i tripulants federats que comen\u00e7a el proper 22 de gener. El calendari est\u00e0 format per nou proves puntuables de tipus ral\u00b7li aeri que es celebraran&hellip;<\/p>\n\n\t\t<\/div>\n\n\t<\/article>\n\n<\/div>\n<div class=\"wf-cell iso-item category-318 category-55\" data-post-id=\"34668\" data-date=\"2021-12-23T19:58:37+01:00\" data-name=\"Classificaci\u00f3 Campionat Vol a Motor ACBS 2021\">\n\t<article class=\"post post-34668 type-post status-publish format-standard has-post-thumbnail hentry category-competicions category-vol-a-motor category-318 category-55 bg-on fullwidth-img description-off\">\n\n\t\t\n\t\t\t<div class=\"blog-media wf-td\">\n\n\t\t\t\t<p><a href=\"https:\/\/aeroclub.es\/ca\/2021\/12\/classificacio-campionat-vol-a-motor-acbs-2021\/\" class=\"alignnone rollover\" ><img loading=\"lazy\" decoding=\"async\" class=\"preload-me aspect\" src=\"https:\/\/aeroclub.es\/wp-content\/uploads\/2021\/12\/1_pos-555x370.jpg\" srcset=\"https:\/\/aeroclub.es\/wp-content\/uploads\/2021\/12\/1_pos-555x370.jpg 555w, https:\/\/aeroclub.es\/wp-content\/uploads\/2021\/12\/1_pos.jpg 600w\" style=\"--ratio: 555 \/ 370\" sizes=\"auto, (max-width: 555px) 100vw, 555px\" alt=\"\" title=\"1_pos\" width=\"555\" height=\"370\"  \/><\/a><\/p>\n\t\t\t<\/div>\n\n\t\t\n\t\t<div class=\"blog-content wf-td\">\n\t\t\t<h3 class=\"entry-title\"><a href=\"https:\/\/aeroclub.es\/ca\/2021\/12\/classificacio-campionat-vol-a-motor-acbs-2021\/\" title=\"Classificaci\u00f3 Campionat Vol a Motor ACBS 2021\" rel=\"bookmark\">Classificaci\u00f3 Campionat Vol a Motor ACBS 2021<\/a><\/h3>\n\n\t\t\t<p>Durant el curs del campionat intern de vol a motor que va comen\u00e7ar al gener de 2021 i va finalitzar el desembre del mateix any es van celebrar fins a 10 proves de tipus ral\u00b7li. Fins un total de 19 tripulacions diferents van participar en alguna de les proves que no van haver de ser&hellip;<\/p>\n\n\t\t<\/div>\n\n\t<\/article>\n\n<\/div>\n<div class=\"wf-cell iso-item category-318 category-55\" data-post-id=\"34640\" data-date=\"2021-12-22T20:28:07+01:00\" data-name=\"Resultat del Ral\u00b7li del 18 de desembre de 2021\">\n\t<article class=\"post post-34640 type-post status-publish format-standard has-post-thumbnail hentry category-competicions category-vol-a-motor category-318 category-55 bg-on fullwidth-img description-off\">\n\n\t\t\n\t\t\t<div class=\"blog-media wf-td\">\n\n\t\t\t\t<p><a href=\"https:\/\/aeroclub.es\/ca\/2021\/12\/resultat-del-ral%c2%b7li-del-18-de-desembre-de-2021\/\" class=\"alignnone rollover\" ><img loading=\"lazy\" decoding=\"async\" class=\"preload-me aspect\" src=\"https:\/\/aeroclub.es\/wp-content\/uploads\/2021\/12\/Rally_211218-555x416.jpg\" srcset=\"https:\/\/aeroclub.es\/wp-content\/uploads\/2021\/12\/Rally_211218-555x416.jpg 555w, https:\/\/aeroclub.es\/wp-content\/uploads\/2021\/12\/Rally_211218.jpg 1024w\" style=\"--ratio: 555 \/ 416\" sizes=\"auto, (max-width: 555px) 100vw, 555px\" alt=\"\" title=\"Rally_211218\" width=\"555\" height=\"416\"  \/><\/a><\/p>\n\t\t\t<\/div>\n\n\t\t\n\t\t<div class=\"blog-content wf-td\">\n\t\t\t<h3 class=\"entry-title\"><a href=\"https:\/\/aeroclub.es\/ca\/2021\/12\/resultat-del-ral%c2%b7li-del-18-de-desembre-de-2021\/\" title=\"Resultat del Ral\u00b7li del 18 de desembre de 2021\" rel=\"bookmark\">Resultat del Ral\u00b7li del 18 de desembre de 2021<\/a><\/h3>\n\n\t\t\t<p>A la darrera i \u00faltima convocat\u00f2ria de l&#8217;any, el passat 18 de novembre de 2021, es va celebrar a LELL la 10ena prova puntuable pel campionat de vol a motor de l\u2019ACBS. Un total de 10 tripulacions van fer un recorregut transitava per les comarques del Bages, el Solson\u00e8s, la Segarra, l&#8217;Anoia, l&#8217;Alt Pened\u00e8s i&hellip;<\/p>\n\n\t\t<\/div>\n\n\t<\/article>\n\n<\/div>\n<div class=\"wf-cell iso-item category-31 category-138\" data-post-id=\"34522\" data-date=\"2021-12-15T19:54:26+01:00\" data-name=\"FESTIVITAT DE LA PATRONA 2021\">\n\t<article class=\"post post-34522 type-post status-publish format-standard has-post-thumbnail hentry category-actividades-ca category-club-ca category-31 category-138 bg-on fullwidth-img description-off\">\n\n\t\t\n\t\t\t<div class=\"blog-media wf-td\">\n\n\t\t\t\t<p><a href=\"https:\/\/aeroclub.es\/ca\/2021\/12\/festivita-de-la-patrona-2021\/\" class=\"alignnone rollover\" ><img loading=\"lazy\" decoding=\"async\" class=\"preload-me aspect\" src=\"https:\/\/aeroclub.es\/wp-content\/uploads\/2021\/12\/patrona_21-1-555x416.jpg\" srcset=\"https:\/\/aeroclub.es\/wp-content\/uploads\/2021\/12\/patrona_21-1-555x416.jpg 555w, https:\/\/aeroclub.es\/wp-content\/uploads\/2021\/12\/patrona_21-1.jpg 800w\" style=\"--ratio: 555 \/ 416\" sizes=\"auto, (max-width: 555px) 100vw, 555px\" alt=\"\" title=\"patrona_21\" width=\"555\" height=\"416\"  \/><\/a><\/p>\n\t\t\t<\/div>\n\n\t\t\n\t\t<div class=\"blog-content wf-td\">\n\t\t\t<h3 class=\"entry-title\"><a href=\"https:\/\/aeroclub.es\/ca\/2021\/12\/festivita-de-la-patrona-2021\/\" title=\"FESTIVITAT DE LA PATRONA 2021\" rel=\"bookmark\">FESTIVITAT DE LA PATRONA 2021<\/a><\/h3>\n\n\t\t\t<p>Consulteu aqu\u00ed les activitats que L&#8217;Aeroclub ha preparat per els dies 18 i 19 de desembre.<\/p>\n\n\t\t<\/div>\n\n\t<\/article>\n\n<\/div>\n<div class=\"wf-cell iso-item category-33 category-35 category-37 category-139\" data-post-id=\"34425\" data-date=\"2021-12-01T11:32:17+01:00\" data-name=\"UN HELIC\u00d2PTER DEL CLUB PARTICIPA A LA RECOLLIDA DE FONS PER LA MARAT\u00d3 DE TV3\">\n\t<article class=\"post post-34425 type-post status-publish format-standard has-post-thumbnail hentry category-inicio-ca category-rotatoria-ca category-noticies category-novedades-ca category-33 category-35 category-37 category-139 bg-on fullwidth-img description-off\">\n\n\t\t\n\t\t\t<div class=\"blog-media wf-td\">\n\n\t\t\t\t<p><a href=\"https:\/\/aeroclub.es\/ca\/2021\/12\/un-helicopter-del-club-participa-a-la-recollida-de-fons-per-la-marato-de-tv3\/\" class=\"alignnone rollover\" ><img loading=\"lazy\" decoding=\"async\" class=\"preload-me aspect\" src=\"https:\/\/aeroclub.es\/wp-content\/uploads\/2021\/12\/WhatsApp-Image-2021-11-28-at-18.15.04-555x416.jpeg\" srcset=\"https:\/\/aeroclub.es\/wp-content\/uploads\/2021\/12\/WhatsApp-Image-2021-11-28-at-18.15.04-555x416.jpeg 555w, https:\/\/aeroclub.es\/wp-content\/uploads\/2021\/12\/WhatsApp-Image-2021-11-28-at-18.15.04-1110x832.jpeg 1110w\" style=\"--ratio: 555 \/ 416\" sizes=\"auto, (max-width: 555px) 100vw, 555px\" alt=\"\" title=\"WhatsApp Image 2021-11-28 at 18.15.04\" width=\"555\" height=\"416\"  \/><\/a><\/p>\n\t\t\t<\/div>\n\n\t\t\n\t\t<div class=\"blog-content wf-td\">\n\t\t\t<h3 class=\"entry-title\"><a href=\"https:\/\/aeroclub.es\/ca\/2021\/12\/un-helicopter-del-club-participa-a-la-recollida-de-fons-per-la-marato-de-tv3\/\" title=\"UN HELIC\u00d2PTER DEL CLUB PARTICIPA A LA RECOLLIDA DE FONS PER LA MARAT\u00d3 DE TV3\" rel=\"bookmark\">UN HELIC\u00d2PTER DEL CLUB PARTICIPA A LA RECOLLIDA DE FONS PER LA MARAT\u00d3 DE TV3<\/a><\/h3>\n\n\t\t\t<p>El diumenge 28 de novembre l\u2019helic\u00f2pter del club EC-NIK particip\u00e0 a l\u2019acte de recollida de fons per a la Marat\u00f3 de TV3 que es va dur a terme al municipi de Castellbell i el Vilar.<\/p>\n\n\t\t<\/div>\n\n\t<\/article>\n\n<\/div>\n<div class=\"wf-cell iso-item category-33 category-35 category-37 category-139\" data-post-id=\"34402\" data-date=\"2021-11-30T17:16:36+01:00\" data-name=\"NOVA JORNADA DE PORTES OBERTES DE LA FUNDACI\u00d3 PARC AERON\u00c0UTIC DE CATALUNYA\">\n\t<article class=\"post post-34402 type-post status-publish format-standard has-post-thumbnail hentry category-inicio-ca category-rotatoria-ca category-noticies category-novedades-ca category-33 category-35 category-37 category-139 bg-on fullwidth-img description-off\">\n\n\t\t\n\t\t\t<div class=\"blog-media wf-td\">\n\n\t\t\t\t<p><a href=\"https:\/\/aeroclub.es\/ca\/2021\/11\/nova-jornada-de-portes-obertes-de-la-fundacio-parc-aeronautic-de-catalunya\/\" class=\"alignnone rollover\" ><img loading=\"lazy\" decoding=\"async\" class=\"preload-me aspect\" src=\"https:\/\/aeroclub.es\/wp-content\/uploads\/2021\/11\/WhatsApp-Image-2021-09-20-at-13.19.40-2-555x312.jpg\" srcset=\"https:\/\/aeroclub.es\/wp-content\/uploads\/2021\/11\/WhatsApp-Image-2021-09-20-at-13.19.40-2-555x312.jpg 555w, https:\/\/aeroclub.es\/wp-content\/uploads\/2021\/11\/WhatsApp-Image-2021-09-20-at-13.19.40-2-1110x624.jpg 1110w\" style=\"--ratio: 555 \/ 312\" sizes=\"auto, (max-width: 555px) 100vw, 555px\" alt=\"\" title=\"WhatsApp Image 2021-09-20 at 13.19.40 (2)\" width=\"555\" height=\"312\"  \/><\/a><\/p>\n\t\t\t<\/div>\n\n\t\t\n\t\t<div class=\"blog-content wf-td\">\n\t\t\t<h3 class=\"entry-title\"><a href=\"https:\/\/aeroclub.es\/ca\/2021\/11\/nova-jornada-de-portes-obertes-de-la-fundacio-parc-aeronautic-de-catalunya\/\" title=\"NOVA JORNADA DE PORTES OBERTES DE LA FUNDACI\u00d3 PARC AERON\u00c0UTIC DE CATALUNYA\" rel=\"bookmark\">NOVA JORNADA DE PORTES OBERTES DE LA FUNDACI\u00d3 PARC AERON\u00c0UTIC DE CATALUNYA<\/a><\/h3>\n\n\t\t\t<p>El proper diumenge 19 de desembre la Fundaci\u00f3 Parc Aeron\u00e0utic de Catalunya (FPAC) amb la col\u00b7laboraci\u00f3 de l\u2019Aeroclub de Sabadell i altres empreses i entitats organitza una nova jornada de portes obertes que es desenvolupar\u00e0 a l\u2019aeroport de Sabadell on es podr\u00e0 visitar l\u2019exposici\u00f3 d\u2019aeronaus i el carrusel d\u2019avions hist\u00f2rics de la fundaci\u00f3 PAC entre&hellip;<\/p>\n\n\t\t<\/div>\n\n\t<\/article>\n\n<\/div>\n<div class=\"wf-cell iso-item category-33 category-35 category-139\" data-post-id=\"34383\" data-date=\"2021-11-30T15:29:16+01:00\" data-name=\"NOU AVI\u00d3 REMOLCADOR DE PLANADORS\">\n\t<article class=\"post post-34383 type-post status-publish format-standard has-post-thumbnail hentry category-inicio-ca category-rotatoria-ca category-novedades-ca category-33 category-35 category-139 bg-on fullwidth-img description-off\">\n\n\t\t\n\t\t\t<div class=\"blog-media wf-td\">\n\n\t\t\t\t<p><a href=\"https:\/\/aeroclub.es\/ca\/2021\/11\/nou-avio-remolcador-de-planadors\/\" class=\"alignnone rollover\" ><img loading=\"lazy\" decoding=\"async\" class=\"preload-me aspect\" src=\"https:\/\/aeroclub.es\/wp-content\/uploads\/2021\/11\/WhatsApp-Image-2021-11-30-at-14.43.38-555x278.jpg\" srcset=\"https:\/\/aeroclub.es\/wp-content\/uploads\/2021\/11\/WhatsApp-Image-2021-11-30-at-14.43.38-555x278.jpg 555w, https:\/\/aeroclub.es\/wp-content\/uploads\/2021\/11\/WhatsApp-Image-2021-11-30-at-14.43.38-1110x556.jpg 1110w\" style=\"--ratio: 555 \/ 278\" sizes=\"auto, (max-width: 555px) 100vw, 555px\" alt=\"\" title=\"WhatsApp Image 2021-11-30 at 14.43.38\" width=\"555\" height=\"278\"  \/><\/a><\/p>\n\t\t\t<\/div>\n\n\t\t\n\t\t<div class=\"blog-content wf-td\">\n\t\t\t<h3 class=\"entry-title\"><a href=\"https:\/\/aeroclub.es\/ca\/2021\/11\/nou-avio-remolcador-de-planadors\/\" title=\"NOU AVI\u00d3 REMOLCADOR DE PLANADORS\" rel=\"bookmark\">NOU AVI\u00d3 REMOLCADOR DE PLANADORS<\/a><\/h3>\n\n\t\t\t<p>El dissabte 13 de novembre arriba a la Cerdanya l\u2019avi\u00f3 Robin DR400 que el club ha adquirit com a avi\u00f3 remolcador de planadors. L\u2019avi\u00f3 que t\u00e9 una h\u00e8lix de cinc pales contribuir\u00e0 a fer encara m\u00e9s sostenible l\u2019activitat de vol sense motor a l\u2019entorn.<\/p>\n\n\t\t<\/div>\n\n\t<\/article>\n\n<\/div>\n<div class=\"wf-cell iso-item category-33 category-35 category-37 category-139\" data-post-id=\"34380\" data-date=\"2021-11-30T15:27:24+01:00\" data-name=\"DINAR SOCIAL DE LA PATRONA\">\n\t<article class=\"post post-34380 type-post status-publish format-standard has-post-thumbnail hentry category-inicio-ca category-rotatoria-ca category-noticies category-novedades-ca category-33 category-35 category-37 category-139 bg-on fullwidth-img description-off\">\n\n\t\t\n\t\t\t<div class=\"blog-media wf-td\">\n\n\t\t\t\t<p><a href=\"https:\/\/aeroclub.es\/ca\/2021\/11\/dinar-social-de-la-patrona\/\" class=\"alignnone rollover\" ><img loading=\"lazy\" decoding=\"async\" class=\"preload-me aspect\" src=\"https:\/\/aeroclub.es\/wp-content\/uploads\/2021\/11\/Dinar-patrona-2021.00_14_26_21.Imagen-fija001-555x312.jpg\" srcset=\"https:\/\/aeroclub.es\/wp-content\/uploads\/2021\/11\/Dinar-patrona-2021.00_14_26_21.Imagen-fija001-555x312.jpg 555w, https:\/\/aeroclub.es\/wp-content\/uploads\/2021\/11\/Dinar-patrona-2021.00_14_26_21.Imagen-fija001-1110x624.jpg 1110w\" style=\"--ratio: 555 \/ 312\" sizes=\"auto, (max-width: 555px) 100vw, 555px\" alt=\"\" title=\"Dinar patrona 2021.00_14_26_21.Imagen fija001\" width=\"555\" height=\"312\"  \/><\/a><\/p>\n\t\t\t<\/div>\n\n\t\t\n\t\t<div class=\"blog-content wf-td\">\n\t\t\t<h3 class=\"entry-title\"><a href=\"https:\/\/aeroclub.es\/ca\/2021\/11\/dinar-social-de-la-patrona\/\" title=\"DINAR SOCIAL DE LA PATRONA\" rel=\"bookmark\">DINAR SOCIAL DE LA PATRONA<\/a><\/h3>\n\n\t\t\t<p>El dissabte 13 de novembre el club va realitzar el dinar social que es desenvolupa anualment en el marc dels actes de celebraci\u00f3 de la Festivitat de la Patrona. A l\u2019acte es van lliurar els diplomes als pilots formats que han obtingut noves llic\u00e8ncies i habilitacions aix\u00ed com les ins\u00edgnies als socis que han complert&hellip;<\/p>\n\n\t\t<\/div>\n\n\t<\/article>\n\n<\/div>\n<div class=\"wf-cell iso-item category-318 category-55\" data-post-id=\"34151\" data-date=\"2021-11-12T19:58:48+01:00\" data-name=\"Resultats del Ral\u00b7li del 6 de novembre de 2021\">\n\t<article class=\"post post-34151 type-post status-publish format-standard has-post-thumbnail hentry category-competicions category-vol-a-motor category-318 category-55 bg-on fullwidth-img description-off\">\n\n\t\t\n\t\t\t<div class=\"blog-media wf-td\">\n\n\t\t\t\t<p><a href=\"https:\/\/aeroclub.es\/ca\/2021\/11\/resultats-del-ral%c2%b7li-del-6-de-novembre-de-2021\/\" class=\"alignnone rollover\" ><img loading=\"lazy\" decoding=\"async\" class=\"preload-me aspect\" src=\"https:\/\/aeroclub.es\/wp-content\/uploads\/2021\/11\/cap_211106-555x416.jpg\" srcset=\"https:\/\/aeroclub.es\/wp-content\/uploads\/2021\/11\/cap_211106-555x416.jpg 555w, https:\/\/aeroclub.es\/wp-content\/uploads\/2021\/11\/cap_211106.jpg 1024w\" style=\"--ratio: 555 \/ 416\" sizes=\"auto, (max-width: 555px) 100vw, 555px\" alt=\"\" title=\"cap_211106\" width=\"555\" height=\"416\"  \/><\/a><\/p>\n\t\t\t<\/div>\n\n\t\t\n\t\t<div class=\"blog-content wf-td\">\n\t\t\t<h3 class=\"entry-title\"><a href=\"https:\/\/aeroclub.es\/ca\/2021\/11\/resultats-del-ral%c2%b7li-del-6-de-novembre-de-2021\/\" title=\"Resultats del Ral\u00b7li del 6 de novembre de 2021\" rel=\"bookmark\">Resultats del Ral\u00b7li del 6 de novembre de 2021<\/a><\/h3>\n\n\t\t\t<p>En la pen\u00faltima convocat\u00f2ria, el passat 6 de novembre, es va celebrar a LELL la 9ena prova puntuable pel campionat de vol a motor de l\u2019ACBS aquest 2021. Un total de 9 tripulacions van fer un recorregut que transitava sobre les comarques del Baix Llobregat, l&#8217;Alt Pened\u00e8s, el Garraf, el Baix Pened\u00e8s, l&#8217;Alt Camp i&hellip;<\/p>\n\n\t\t<\/div>\n\n\t<\/article>\n\n<\/div>\n<div class=\"wf-cell iso-item category-318 category-55\" data-post-id=\"34104\" data-date=\"2021-11-10T19:56:03+01:00\" data-name=\"Campionat d&#039;Espanya d&#039;Ultralleugers 2021\">\n\t<article class=\"post post-34104 type-post status-publish format-standard has-post-thumbnail hentry category-competicions category-vol-a-motor category-318 category-55 bg-on fullwidth-img description-off\">\n\n\t\t\n\t\t\t<div class=\"blog-media wf-td\">\n\n\t\t\t\t<p><a href=\"https:\/\/aeroclub.es\/ca\/2021\/11\/campionat-despanya-de-ultralleugers-2021\/\" class=\"alignnone rollover\" ><img loading=\"lazy\" decoding=\"async\" class=\"preload-me aspect\" src=\"https:\/\/aeroclub.es\/wp-content\/uploads\/2021\/11\/cap_211023-555x416.jpg\" srcset=\"https:\/\/aeroclub.es\/wp-content\/uploads\/2021\/11\/cap_211023-555x416.jpg 555w, https:\/\/aeroclub.es\/wp-content\/uploads\/2021\/11\/cap_211023.jpg 1024w\" style=\"--ratio: 555 \/ 416\" sizes=\"auto, (max-width: 555px) 100vw, 555px\" alt=\"\" title=\"cap_211023\" width=\"555\" height=\"416\"  \/><\/a><\/p>\n\t\t\t<\/div>\n\n\t\t\n\t\t<div class=\"blog-content wf-td\">\n\t\t\t<h3 class=\"entry-title\"><a href=\"https:\/\/aeroclub.es\/ca\/2021\/11\/campionat-despanya-de-ultralleugers-2021\/\" title=\"Campionat d&#8217;Espanya d&#8217;Ultralleugers 2021\" rel=\"bookmark\">Campionat d&#8217;Espanya d&#8217;Ultralleugers 2021<\/a><\/h3>\n\n\t\t\t<p>El passat cap de setmana del 23 i 24 d&#8217;octubre, l\u2019Aer\u00f2drom de Requena (Val\u00e8ncia) va acollir el Campionat d&#8217;Espanya d&#8217;Ultralleugers. La prova estava inclosa al calendari de la RFAE, puntuable pel campionat d\u2019Espanya d&#8217;ULM. Van participar un total de 19 tripulacions entre les quals estava la formada pels socis Oriol Encinas i \u00d2scar G\u00fcell en&hellip;<\/p>\n\n\t\t<\/div>\n\n\t<\/article>\n\n<\/div>\n<div class=\"wf-cell iso-item category-318 category-55\" data-post-id=\"34113\" data-date=\"2021-11-09T19:35:09+01:00\" data-name=\"Campionat d&#039;Espanya de ral\u00b7li 2021\">\n\t<article class=\"post post-34113 type-post status-publish format-standard has-post-thumbnail hentry category-competicions category-vol-a-motor category-318 category-55 bg-on fullwidth-img description-off\">\n\n\t\t\n\t\t\t<div class=\"blog-media wf-td\">\n\n\t\t\t\t<p><a href=\"https:\/\/aeroclub.es\/ca\/2021\/11\/campionat-despanya-de-ralli-2021\/\" class=\"alignnone rollover\" ><img loading=\"lazy\" decoding=\"async\" class=\"preload-me aspect\" src=\"https:\/\/aeroclub.es\/wp-content\/uploads\/2021\/11\/cap_211015-555x416.jpg\" srcset=\"https:\/\/aeroclub.es\/wp-content\/uploads\/2021\/11\/cap_211015-555x416.jpg 555w, https:\/\/aeroclub.es\/wp-content\/uploads\/2021\/11\/cap_211015.jpg 1024w\" style=\"--ratio: 555 \/ 416\" sizes=\"auto, (max-width: 555px) 100vw, 555px\" alt=\"\" title=\"Campionat de Ral\u00b7li 2021\" width=\"555\" height=\"416\"  \/><\/a><\/p>\n\t\t\t<\/div>\n\n\t\t\n\t\t<div class=\"blog-content wf-td\">\n\t\t\t<h3 class=\"entry-title\"><a href=\"https:\/\/aeroclub.es\/ca\/2021\/11\/campionat-despanya-de-ralli-2021\/\" title=\"Campionat d&#8217;Espanya de ral\u00b7li 2021\" rel=\"bookmark\">Campionat d&#8217;Espanya de ral\u00b7li 2021<\/a><\/h3>\n\n\t\t\t<p>El passat 15, 16 i 17 d&#8217;octubre, l\u2019Aer\u00f2drom de Mutxamel (Alacant) va acollir el Campionat d&#8217;Espanya de ral\u00b7li. La prova estava inclosa al calendari de la RFAE, puntuable pel campionat d\u2019Espanya de vol a motor. Van participar un total de 14 tripulacions de les quals 5 estaven formades integrament per socis de L\u2019Aeroclub Barcelona-Sabadell, m\u00e9s&hellip;<\/p>\n\n\t\t<\/div>\n\n\t<\/article>\n\n<\/div>\n<div class=\"wf-cell iso-item category-318 category-55\" data-post-id=\"34074\" data-date=\"2021-11-09T19:26:56+01:00\" data-name=\"Resultats del Ral\u00b7li del 2 de octubre de 2021\">\n\t<article class=\"post post-34074 type-post status-publish format-standard has-post-thumbnail hentry category-competicions category-vol-a-motor category-318 category-55 bg-on fullwidth-img description-off\">\n\n\t\t\n\t\t\t<div class=\"blog-media wf-td\">\n\n\t\t\t\t<p><a href=\"https:\/\/aeroclub.es\/ca\/2021\/11\/resultats-del-ralli-del-2-de-octubre-de-2021\/\" class=\"alignnone rollover\" ><img loading=\"lazy\" decoding=\"async\" class=\"preload-me aspect\" src=\"https:\/\/aeroclub.es\/wp-content\/uploads\/2021\/11\/cap_211002-555x416.jpg\" srcset=\"https:\/\/aeroclub.es\/wp-content\/uploads\/2021\/11\/cap_211002-555x416.jpg 555w, https:\/\/aeroclub.es\/wp-content\/uploads\/2021\/11\/cap_211002.jpg 1024w\" style=\"--ratio: 555 \/ 416\" sizes=\"auto, (max-width: 555px) 100vw, 555px\" alt=\"\" title=\"Ralli 02\/10\/21\" width=\"555\" height=\"416\"  \/><\/a><\/p>\n\t\t\t<\/div>\n\n\t\t\n\t\t<div class=\"blog-content wf-td\">\n\t\t\t<h3 class=\"entry-title\"><a href=\"https:\/\/aeroclub.es\/ca\/2021\/11\/resultats-del-ralli-del-2-de-octubre-de-2021\/\" title=\"Resultats del Ral\u00b7li del 2 de octubre de 2021\" rel=\"bookmark\">Resultats del Ral\u00b7li del 2 de octubre de 2021<\/a><\/h3>\n\n\t\t\t<p>El passat 2 d&#8217;octubre es va celebrar a LELL la 8ena prova puntuable pel campionat de vol a motor de l\u2019ACBS del 2021. Un total de 13 tripulacions van participar en una prova que tenia un recorregut curt i de nivell f\u00e0cil pensant en aquelles tripulacions que despr\u00e9s de dos mesos sense activitat esportiva a&hellip;<\/p>\n\n\t\t<\/div>\n\n\t<\/article>\n\n<\/div>\n<div class=\"wf-cell iso-item category-318\" data-post-id=\"33183\" data-date=\"2021-11-09T18:00:36+01:00\" data-name=\"RALLY COSTA AZAHAR. CASTELL\u00d3. AER\u00d2DROM EL PINAR\">\n\t<article class=\"post post-33183 type-post status-publish format-standard has-post-thumbnail hentry category-competicions category-318 bg-on fullwidth-img description-off\">\n\n\t\t\n\t\t\t<div class=\"blog-media wf-td\">\n\n\t\t\t\t<p><a href=\"https:\/\/aeroclub.es\/ca\/2021\/11\/rally-costa-azahar-castello-aerodrom-el-pinar\/\" class=\"alignnone rollover\" ><img loading=\"lazy\" decoding=\"async\" class=\"preload-me aspect\" src=\"https:\/\/aeroclub.es\/wp-content\/uploads\/2021\/09\/Unknown-1-555x416.jpeg\" srcset=\"https:\/\/aeroclub.es\/wp-content\/uploads\/2021\/09\/Unknown-1-555x416.jpeg 555w, https:\/\/aeroclub.es\/wp-content\/uploads\/2021\/09\/Unknown-1.jpeg 1024w\" style=\"--ratio: 555 \/ 416\" sizes=\"auto, (max-width: 555px) 100vw, 555px\" alt=\"\" title=\"Unknown\" width=\"555\" height=\"416\"  \/><\/a><\/p>\n\t\t\t<\/div>\n\n\t\t\n\t\t<div class=\"blog-content wf-td\">\n\t\t\t<h3 class=\"entry-title\"><a href=\"https:\/\/aeroclub.es\/ca\/2021\/11\/rally-costa-azahar-castello-aerodrom-el-pinar\/\" title=\"RALLY COSTA AZAHAR. CASTELL\u00d3. AER\u00d2DROM EL PINAR\" rel=\"bookmark\">RALLY COSTA AZAHAR. CASTELL\u00d3. AER\u00d2DROM EL PINAR<\/a><\/h3>\n\n\t\t\t<p>El cap de setmana del 4 i 5 de setembre, l&#8217;Aer\u00f2drom de Castell\u00f3 va acollir el Rally Costa Azahar. La prova est\u00e0 inclosa al calendari de la RFAE, puntuable pel campionat d&#8217;Espanya de vol a motor. Van participar un total de 14 tripulacions, de les quals 7 estaven formades per socis de l&#8217;Aeroclub Barcelona-Sabadell. Excel.lents&hellip;<\/p>\n\n\t\t<\/div>\n\n\t<\/article>\n\n<\/div>\n<div class=\"wf-cell iso-item category-138 category-34\" data-post-id=\"31239\" data-date=\"2021-11-09T17:30:35+01:00\" data-name=\"LXVIa VOLTA A\u00c8RIA DE CATALUNYA\">\n\t<article class=\"post post-31239 type-post status-publish format-standard has-post-thumbnail hentry category-club-ca category-destacat category-138 category-34 bg-on fullwidth-img description-off\">\n\n\t\t\n\t\t\t<div class=\"blog-media wf-td\">\n\n\t\t\t\t<p><a href=\"https:\/\/aeroclub.es\/ca\/2021\/11\/assemblea-general-ordinaria-de-socis-2\/\" class=\"alignnone rollover\" ><img loading=\"lazy\" decoding=\"async\" class=\"preload-me aspect\" src=\"https:\/\/aeroclub.es\/wp-content\/uploads\/2021\/07\/DSC_0507-scaled-555x370.jpg\" srcset=\"https:\/\/aeroclub.es\/wp-content\/uploads\/2021\/07\/DSC_0507-scaled-555x370.jpg 555w, https:\/\/aeroclub.es\/wp-content\/uploads\/2021\/07\/DSC_0507-scaled-1110x740.jpg 1110w\" style=\"--ratio: 555 \/ 370\" sizes=\"auto, (max-width: 555px) 100vw, 555px\" alt=\"\" title=\"DSC_0507\" width=\"555\" height=\"370\"  \/><\/a><\/p>\n\t\t\t<\/div>\n\n\t\t\n\t\t<div class=\"blog-content wf-td\">\n\t\t\t<h3 class=\"entry-title\"><a href=\"https:\/\/aeroclub.es\/ca\/2021\/11\/assemblea-general-ordinaria-de-socis-2\/\" title=\"LXVIa VOLTA A\u00c8RIA DE CATALUNYA\" rel=\"bookmark\">LXVIa VOLTA A\u00c8RIA DE CATALUNYA<\/a><\/h3>\n\n\t\t\t<p>Amb la participaci\u00f3 dels millors pilots de l&#8217;estat espanyol.<\/p>\n\n\t\t<\/div>\n\n\t<\/article>\n\n<\/div>\n<div class=\"wf-cell iso-item category-318 category-37\" data-post-id=\"33951\" data-date=\"2021-11-09T17:00:47+01:00\" data-name=\"Campionat d&#039;Espanya ANR 2021\">\n\t<article class=\"post post-33951 type-post status-publish format-standard has-post-thumbnail hentry category-competicions category-noticies category-318 category-37 bg-on fullwidth-img description-off\">\n\n\t\t\n\t\t\t<div class=\"blog-media wf-td\">\n\n\t\t\t\t<p><a href=\"https:\/\/aeroclub.es\/ca\/2021\/11\/campionat-despanya-anr-2021\/\" class=\"alignnone rollover\" ><img loading=\"lazy\" decoding=\"async\" class=\"preload-me aspect\" src=\"https:\/\/aeroclub.es\/wp-content\/uploads\/2021\/10\/anr2021-555x416.jpg\" srcset=\"https:\/\/aeroclub.es\/wp-content\/uploads\/2021\/10\/anr2021-555x416.jpg 555w, https:\/\/aeroclub.es\/wp-content\/uploads\/2021\/10\/anr2021.jpg 1024w\" style=\"--ratio: 555 \/ 416\" sizes=\"auto, (max-width: 555px) 100vw, 555px\" alt=\"\" title=\"anr2021\" width=\"555\" height=\"416\"  \/><\/a><\/p>\n\t\t\t<\/div>\n\n\t\t\n\t\t<div class=\"blog-content wf-td\">\n\t\t\t<h3 class=\"entry-title\"><a href=\"https:\/\/aeroclub.es\/ca\/2021\/11\/campionat-despanya-anr-2021\/\" title=\"Campionat d&#8217;Espanya ANR 2021\" rel=\"bookmark\">Campionat d&#8217;Espanya ANR 2021<\/a><\/h3>\n\n\t\t\t<p>El passat 25, 26 i 27 de juny, l\u2019Aer\u00f2drom de Son Bonet (Mallorca) va acollir el Campionat d&#8217;Espanya d&#8217;ANR. La prova estava inclosa al calendari de la RFAE, puntuable pel campionat d\u2019Espanya. Van participar un total de 18 tripulacions de les quals 2 estaven formades \u00edntegrament pels socis de L&#8217;Aeroclub Enric Pueyo &#8211; Eva Magr\u00ed&hellip;<\/p>\n\n\t\t<\/div>\n\n\t<\/article>\n\n<\/div>\n<div class=\"wf-cell iso-item category-318 category-55\" data-post-id=\"34029\" data-date=\"2021-11-05T19:23:58+01:00\" data-name=\"Resultats del Ral\u00b7li del 12 de juny de 2021\">\n\t<article class=\"post post-34029 type-post status-publish format-standard has-post-thumbnail hentry category-competicions category-vol-a-motor category-318 category-55 bg-on fullwidth-img description-off\">\n\n\t\t\n\t\t\t<div class=\"blog-media wf-td\">\n\n\t\t\t\t<p><a href=\"https:\/\/aeroclub.es\/ca\/2021\/11\/resultats-del-ralli-del-12-de-juny-de-2021\/\" class=\"alignnone rollover\" ><img loading=\"lazy\" decoding=\"async\" class=\"preload-me aspect\" src=\"https:\/\/aeroclub.es\/wp-content\/uploads\/2021\/11\/cap_210612-555x416.jpg\" srcset=\"https:\/\/aeroclub.es\/wp-content\/uploads\/2021\/11\/cap_210612-555x416.jpg 555w, https:\/\/aeroclub.es\/wp-content\/uploads\/2021\/11\/cap_210612.jpg 1024w\" style=\"--ratio: 555 \/ 416\" sizes=\"auto, (max-width: 555px) 100vw, 555px\" alt=\"\" title=\"Resultats 12\/06\/21\" width=\"555\" height=\"416\"  \/><\/a><\/p>\n\t\t\t<\/div>\n\n\t\t\n\t\t<div class=\"blog-content wf-td\">\n\t\t\t<h3 class=\"entry-title\"><a href=\"https:\/\/aeroclub.es\/ca\/2021\/11\/resultats-del-ralli-del-12-de-juny-de-2021\/\" title=\"Resultats del Ral\u00b7li del 12 de juny de 2021\" rel=\"bookmark\">Resultats del Ral\u00b7li del 12 de juny de 2021<\/a><\/h3>\n\n\t\t\t<p>El passat 12 de juny es va celebrar a LELL la 4a prova puntuable pel campionat de vol a motor de l\u2019ACBS del 2021, pr\u00e8via a les proves incloses a la Volta A\u00e8ria de Catalunya. Un total de 14 tripulacions van fer un recorregut circular en sentit anti horari que transitava sobre les comarques del&hellip;<\/p>\n\n\t\t<\/div>\n\n\t<\/article>\n\n<\/div>\n<div class=\"wf-cell iso-item category-318 category-55\" data-post-id=\"34024\" data-date=\"2021-11-04T19:38:00+01:00\" data-name=\"Resultats del Ral\u00b7li del 8 de maig de 2021\">\n\t<article class=\"post post-34024 type-post status-publish format-standard has-post-thumbnail hentry category-competicions category-vol-a-motor category-318 category-55 bg-on fullwidth-img description-off\">\n\n\t\t\n\t\t\t<div class=\"blog-media wf-td\">\n\n\t\t\t\t<p><a href=\"https:\/\/aeroclub.es\/ca\/2021\/11\/resultats-del-ral%c2%b7li-del-8-de-maig-de-2021\/\" class=\"alignnone rollover\" ><img loading=\"lazy\" decoding=\"async\" class=\"preload-me aspect\" src=\"https:\/\/aeroclub.es\/wp-content\/uploads\/2021\/11\/cap_210508-555x416.jpg\" srcset=\"https:\/\/aeroclub.es\/wp-content\/uploads\/2021\/11\/cap_210508-555x416.jpg 555w, https:\/\/aeroclub.es\/wp-content\/uploads\/2021\/11\/cap_210508.jpg 1024w\" style=\"--ratio: 555 \/ 416\" sizes=\"auto, (max-width: 555px) 100vw, 555px\" alt=\"\" title=\"cap_210508\" width=\"555\" height=\"416\"  \/><\/a><\/p>\n\t\t\t<\/div>\n\n\t\t\n\t\t<div class=\"blog-content wf-td\">\n\t\t\t<h3 class=\"entry-title\"><a href=\"https:\/\/aeroclub.es\/ca\/2021\/11\/resultats-del-ral%c2%b7li-del-8-de-maig-de-2021\/\" title=\"Resultats del Ral\u00b7li del 8 de maig de 2021\" rel=\"bookmark\">Resultats del Ral\u00b7li del 8 de maig de 2021<\/a><\/h3>\n\n\t\t\t<p>El passat 8 de maig es va poder celebrar a LELL la 3a prova puntuable pel campionat de vol a motor de l\u2019ACBS del 2021. Un total de 14 tripulacions van fer un recorregut que transitava sobre les comarques del Baix Llobregat, l&#8217;Alt Pened\u00e8s, el Garraf, el Baix Pened\u00e8s, l&#8217;Alt Camp i l&#8217;Anoia. Va ser&hellip;<\/p>\n\n\t\t<\/div>\n\n\t<\/article>\n\n<\/div>\n<div class=\"wf-cell iso-item category-318 category-55\" data-post-id=\"34006\" data-date=\"2021-11-03T19:03:46+01:00\" data-name=\"Resultats del Ral\u00b7li del 17 d&#039;abril de 2021\">\n\t<article class=\"post post-34006 type-post status-publish format-standard has-post-thumbnail hentry category-competicions category-vol-a-motor category-318 category-55 bg-on fullwidth-img description-off\">\n\n\t\t\n\t\t\t<div class=\"blog-media wf-td\">\n\n\t\t\t\t<p><a href=\"https:\/\/aeroclub.es\/ca\/2021\/11\/resultats-del-ral%c2%b7li-del-17-dabril-de-2021\/\" class=\"alignnone rollover\" ><img loading=\"lazy\" decoding=\"async\" class=\"preload-me aspect\" src=\"https:\/\/aeroclub.es\/wp-content\/uploads\/2021\/11\/cap_210417-555x416.jpg\" srcset=\"https:\/\/aeroclub.es\/wp-content\/uploads\/2021\/11\/cap_210417-555x416.jpg 555w, https:\/\/aeroclub.es\/wp-content\/uploads\/2021\/11\/cap_210417.jpg 1024w\" style=\"--ratio: 555 \/ 416\" sizes=\"auto, (max-width: 555px) 100vw, 555px\" alt=\"\" title=\"cap_210417\" width=\"555\" height=\"416\"  \/><\/a><\/p>\n\t\t\t<\/div>\n\n\t\t\n\t\t<div class=\"blog-content wf-td\">\n\t\t\t<h3 class=\"entry-title\"><a href=\"https:\/\/aeroclub.es\/ca\/2021\/11\/resultats-del-ral%c2%b7li-del-17-dabril-de-2021\/\" title=\"Resultats del Ral\u00b7li del 17 d&#8217;abril de 2021\" rel=\"bookmark\">Resultats del Ral\u00b7li del 17 d&#8217;abril de 2021<\/a><\/h3>\n\n\t\t\t<p>El passat 17 d&#8217;abril es va poder celebrar a LELL la 2ona prova puntuable pel campionat de vol a motor de l\u2019ACBS del 2021. Un total de 13 tripulacions van fer un recorregut que transitava sobre les comarques del Vall\u00e8s Oriental, el Maresme i la Selva. Va ser una prova de nivell f\u00e0cil i de&hellip;<\/p>\n\n\t\t<\/div>\n\n\t<\/article>\n\n<\/div>\n<div class=\"wf-cell iso-item category-318 category-55\" data-post-id=\"34069\" data-date=\"2021-11-02T19:44:18+01:00\" data-name=\"Campionat d&#039;Espanya d&#039;Ultralleugers 2020\">\n\t<article class=\"post post-34069 type-post status-publish format-standard has-post-thumbnail hentry category-competicions category-vol-a-motor category-318 category-55 bg-on fullwidth-img description-off\">\n\n\t\t\n\t\t\t<div class=\"blog-media wf-td\">\n\n\t\t\t\t<p><a href=\"https:\/\/aeroclub.es\/ca\/2021\/11\/campionat-despanya-dultralleugers-2020\/\" class=\"alignnone rollover\" ><img loading=\"lazy\" decoding=\"async\" class=\"preload-me aspect\" src=\"https:\/\/aeroclub.es\/wp-content\/uploads\/2021\/11\/cap_210410-555x416.jpg\" srcset=\"https:\/\/aeroclub.es\/wp-content\/uploads\/2021\/11\/cap_210410-555x416.jpg 555w, https:\/\/aeroclub.es\/wp-content\/uploads\/2021\/11\/cap_210410.jpg 1024w\" style=\"--ratio: 555 \/ 416\" sizes=\"auto, (max-width: 555px) 100vw, 555px\" alt=\"\" title=\"cap_210410\" width=\"555\" height=\"416\"  \/><\/a><\/p>\n\t\t\t<\/div>\n\n\t\t\n\t\t<div class=\"blog-content wf-td\">\n\t\t\t<h3 class=\"entry-title\"><a href=\"https:\/\/aeroclub.es\/ca\/2021\/11\/campionat-despanya-dultralleugers-2020\/\" title=\"Campionat d&#8217;Espanya d&#8217;Ultralleugers 2020\" rel=\"bookmark\">Campionat d&#8217;Espanya d&#8217;Ultralleugers 2020<\/a><\/h3>\n\n\t\t\t<p>El passat cap de setmana del 10 i 11 d&#8217;abril, l\u2019Aer\u00f2drom d&#8217;Olocau (Val\u00e8ncia) va acollir el Campionat d&#8217;Espanya d&#8217;Ultralleugers 2020. La prova s&#8217;havia d&#8217;haver celebrat l&#8217;any anterior per\u00f2 per les restriccions provocades per la pand\u00e8mia de la Covid-19 es va haver de posposar. En aquesta ocasi\u00f3 malauradament les condicions meteorol\u00f2giques marginals per la pr\u00e0ctica del&hellip;<\/p>\n\n\t\t<\/div>\n\n\t<\/article>\n\n<\/div>\n<div class=\"wf-cell iso-item category-318 category-55\" data-post-id=\"33971\" data-date=\"2021-11-01T20:02:13+01:00\" data-name=\"Resultats del Ral\u00b7li del 20 de mar\u00e7 de 2021\">\n\t<article class=\"post post-33971 type-post status-publish format-standard has-post-thumbnail hentry category-competicions category-vol-a-motor category-318 category-55 bg-on fullwidth-img description-off\">\n\n\t\t\n\t\t\t<div class=\"blog-media wf-td\">\n\n\t\t\t\t<p><a href=\"https:\/\/aeroclub.es\/ca\/2021\/11\/resultats-del-ral%c2%b7li-del-20-de-marc-de-2021\/\" class=\"alignnone rollover\" ><img loading=\"lazy\" decoding=\"async\" class=\"preload-me aspect\" src=\"https:\/\/aeroclub.es\/wp-content\/uploads\/2021\/11\/cap_210320-555x416.jpg\" srcset=\"https:\/\/aeroclub.es\/wp-content\/uploads\/2021\/11\/cap_210320-555x416.jpg 555w, https:\/\/aeroclub.es\/wp-content\/uploads\/2021\/11\/cap_210320.jpg 1024w\" style=\"--ratio: 555 \/ 416\" sizes=\"auto, (max-width: 555px) 100vw, 555px\" alt=\"\" title=\"cap_210320\" width=\"555\" height=\"416\"  \/><\/a><\/p>\n\t\t\t<\/div>\n\n\t\t\n\t\t<div class=\"blog-content wf-td\">\n\t\t\t<h3 class=\"entry-title\"><a href=\"https:\/\/aeroclub.es\/ca\/2021\/11\/resultats-del-ral%c2%b7li-del-20-de-marc-de-2021\/\" title=\"Resultats del Ral\u00b7li del 20 de mar\u00e7 de 2021\" rel=\"bookmark\">Resultats del Ral\u00b7li del 20 de mar\u00e7 de 2021<\/a><\/h3>\n\n\t\t\t<p>Despr\u00e9s de v\u00e0ries cancel\u00b7lacions durant els mesos de gener i de febrer totes per motivacions meteorol\u00f2giques el passat 20 de mar\u00e7 es va poder celebrar a LELL finalment la 1a prova puntuable pel campionat de vol a motor de l\u2019ACBS del 2021. Un total de 9 tripulacions van fer un recorregut que transitava sobre les&hellip;<\/p>\n\n\t\t<\/div>\n\n\t<\/article>\n\n<\/div>\n<div class=\"wf-cell iso-item category-318 category-37\" data-post-id=\"33652\" data-date=\"2021-10-07T11:06:08+02:00\" data-name=\"Classificaci\u00f3 Campionat Vol a Motor ACBS 2019-20\">\n\t<article class=\"post post-33652 type-post status-publish format-standard has-post-thumbnail hentry category-competicions category-noticies category-318 category-37 bg-on fullwidth-img description-off\">\n\n\t\t\n\t\t\t<div class=\"blog-media wf-td\">\n\n\t\t\t\t<p><a href=\"https:\/\/aeroclub.es\/ca\/2021\/10\/classificacio-campionat-vol-a-motor-acbs-2019-20\/\" class=\"alignnone rollover\" ><img loading=\"lazy\" decoding=\"async\" class=\"preload-me aspect\" src=\"https:\/\/aeroclub.es\/wp-content\/uploads\/2020\/05\/2004_conf_4-555x286.jpg\" srcset=\"https:\/\/aeroclub.es\/wp-content\/uploads\/2020\/05\/2004_conf_4-555x286.jpg 555w, https:\/\/aeroclub.es\/wp-content\/uploads\/2020\/05\/2004_conf_4-898x463.jpg 898w\" style=\"--ratio: 555 \/ 286\" sizes=\"auto, (max-width: 555px) 100vw, 555px\" alt=\"\" title=\"2004_conf_4\" width=\"555\" height=\"286\"  \/><\/a><\/p>\n\t\t\t<\/div>\n\n\t\t\n\t\t<div class=\"blog-content wf-td\">\n\t\t\t<h3 class=\"entry-title\"><a href=\"https:\/\/aeroclub.es\/ca\/2021\/10\/classificacio-campionat-vol-a-motor-acbs-2019-20\/\" title=\"Classificaci\u00f3 Campionat Vol a Motor ACBS 2019-20\" rel=\"bookmark\">Classificaci\u00f3 Campionat Vol a Motor ACBS 2019-20<\/a><\/h3>\n\n\t\t\t<p>El campionat intern de vol a motor que va comen\u00e7ar a l&#8217;octubre de 2019 i va finalitzar el desembre de 2020 va estar molt condicionat, com no podia ser d&#8217;una manera, per la pand\u00e8mia de la Covid-19. Fins un total de 15 tripulacions diferents van participar en alguna de les 6 proves que no van&hellip;<\/p>\n\n\t\t<\/div>\n\n\t<\/article>\n\n<\/div>\n<div class=\"wf-cell iso-item category-31 category-35 category-40 category-55\" data-post-id=\"33537\" data-date=\"2021-10-04T11:28:53+02:00\" data-name=\"Competici\u00f3 Vol a Motor ACBS 2021\">\n\t<article class=\"post post-33537 type-post status-publish format-standard has-post-thumbnail hentry category-actividades-ca category-rotatoria-ca category-rallies-ca category-vol-a-motor category-31 category-35 category-40 category-55 bg-on fullwidth-img description-off\">\n\n\t\t\n\t\t\t<div class=\"blog-media wf-td\">\n\n\t\t\t\t<p><a href=\"https:\/\/aeroclub.es\/ca\/2021\/10\/competicio-vol-a-motor-acbs-2021\/\" class=\"alignnone rollover\" ><img loading=\"lazy\" decoding=\"async\" class=\"preload-me aspect\" src=\"https:\/\/aeroclub.es\/wp-content\/uploads\/2019\/12\/volamotor_19-555x416.jpg\" srcset=\"https:\/\/aeroclub.es\/wp-content\/uploads\/2019\/12\/volamotor_19-555x416.jpg 555w, https:\/\/aeroclub.es\/wp-content\/uploads\/2019\/12\/volamotor_19-1110x832.jpg 1110w\" style=\"--ratio: 555 \/ 416\" sizes=\"auto, (max-width: 555px) 100vw, 555px\" alt=\"\" title=\"volamotor_19\" width=\"555\" height=\"416\"  \/><\/a><\/p>\n\t\t\t<\/div>\n\n\t\t\n\t\t<div class=\"blog-content wf-td\">\n\t\t\t<h3 class=\"entry-title\"><a href=\"https:\/\/aeroclub.es\/ca\/2021\/10\/competicio-vol-a-motor-acbs-2021\/\" title=\"Competici\u00f3 Vol a Motor ACBS 2021\" rel=\"bookmark\">Competici\u00f3 Vol a Motor ACBS 2021<\/a><\/h3>\n\n\t\t\t<p>[vc_row][vc_column][vc_column_text]Aquest 2021\u00a0L\u2019Aeroclub\u00a0torna a organitzar\u00a0una competici\u00f3 oberta a tots els socis i s\u00f2cies que vulguin iniciar-se o avan\u00e7ar en les diferents modalitats esportives que es practiquen en vol a motor o que simplement vulguin millorar compet\u00e8ncies com a pilot. El campionat fomenta la competici\u00f3 ja que atorgar\u00e0 premis als tres primers classificats, per\u00f2 l\u2019objectiu principal \u00e9s&hellip;<\/p>\n\n\t\t<\/div>\n\n\t<\/article>\n\n<\/div>\n<div class=\"wf-cell iso-item category-37 category-141\" data-post-id=\"33365\" data-date=\"2021-09-22T09:34:54+02:00\" data-name=\"CONCURS DE FOTOGRAFIA\">\n\t<article class=\"post post-33365 type-post status-publish format-standard has-post-thumbnail hentry category-noticies category-ultima-hora-ca category-37 category-141 bg-on fullwidth-img description-off\">\n\n\t\t\n\t\t\t<div class=\"blog-media wf-td\">\n\n\t\t\t\t<p><a href=\"https:\/\/aeroclub.es\/ca\/2021\/09\/concurs-de-fotografia\/\" class=\"alignnone rollover\" ><img loading=\"lazy\" decoding=\"async\" class=\"preload-me aspect\" src=\"https:\/\/aeroclub.es\/wp-content\/uploads\/2021\/09\/thumbnail_CONCURS-555x369.png\" srcset=\"https:\/\/aeroclub.es\/wp-content\/uploads\/2021\/09\/thumbnail_CONCURS-555x369.png 555w, https:\/\/aeroclub.es\/wp-content\/uploads\/2021\/09\/thumbnail_CONCURS-1110x738.png 1110w\" style=\"--ratio: 555 \/ 369\" sizes=\"auto, (max-width: 555px) 100vw, 555px\" alt=\"\" title=\"thumbnail_CONCURS\" width=\"555\" height=\"369\"  \/><\/a><\/p>\n\t\t\t<\/div>\n\n\t\t\n\t\t<div class=\"blog-content wf-td\">\n\t\t\t<h3 class=\"entry-title\"><a href=\"https:\/\/aeroclub.es\/ca\/2021\/09\/concurs-de-fotografia\/\" title=\"CONCURS DE FOTOGRAFIA\" rel=\"bookmark\">CONCURS DE FOTOGRAFIA<\/a><\/h3>\n\n\t\t\t<p>L&#8217;Aeroclub Barcelona-Sabadell amb la col.laboraci\u00f3 de l&#8217;Associaci\u00f3 Spotters Barcelona-El Prat organitza un concurs de fotografia a l&#8217;aerodr\u00f2nom valles\u00e0. Les fotografies hauren de ser realitzades durant el cap de setmana del 25 al 26 de setembre i del 30 al 31 d&#8217;octubre de 2021\u00a0 podran participar tots els socis i s\u00f2cies de l&#8217;associaci\u00f3 i de l&#8217;Aeroclub.<\/p>\n\n\t\t<\/div>\n\n\t<\/article>\n\n<\/div>\n<div class=\"wf-cell iso-item category-31 category-37\" data-post-id=\"33352\" data-date=\"2021-09-20T19:43:24+02:00\" data-name=\"FUNDACI\u00d3 PARC AERON\u00c0UTIC DE CATALUNYA\">\n\t<article class=\"post post-33352 type-post status-publish format-standard has-post-thumbnail hentry category-actividades-ca category-noticies category-31 category-37 bg-on fullwidth-img description-off\">\n\n\t\t\n\t\t\t<div class=\"blog-media wf-td\">\n\n\t\t\t\t<p><a href=\"https:\/\/aeroclub.es\/ca\/2021\/09\/fundacio-parc-aeronautic-de-catalunya\/\" class=\"alignnone rollover\" ><img loading=\"lazy\" decoding=\"async\" class=\"preload-me aspect\" src=\"https:\/\/aeroclub.es\/wp-content\/uploads\/2021\/09\/thumbnail_2fb7048a-006c-4623-b353-b41cfe9f17d4-555x416.jpg\" srcset=\"https:\/\/aeroclub.es\/wp-content\/uploads\/2021\/09\/thumbnail_2fb7048a-006c-4623-b353-b41cfe9f17d4-555x416.jpg 555w, https:\/\/aeroclub.es\/wp-content\/uploads\/2021\/09\/thumbnail_2fb7048a-006c-4623-b353-b41cfe9f17d4-1110x832.jpg 1110w\" style=\"--ratio: 555 \/ 416\" sizes=\"auto, (max-width: 555px) 100vw, 555px\" alt=\"\" title=\"thumbnail_2fb7048a-006c-4623-b353-b41cfe9f17d4\" width=\"555\" height=\"416\"  \/><\/a><\/p>\n\t\t\t<\/div>\n\n\t\t\n\t\t<div class=\"blog-content wf-td\">\n\t\t\t<h3 class=\"entry-title\"><a href=\"https:\/\/aeroclub.es\/ca\/2021\/09\/fundacio-parc-aeronautic-de-catalunya\/\" title=\"FUNDACI\u00d3 PARC AERON\u00c0UTIC DE CATALUNYA\" rel=\"bookmark\">FUNDACI\u00d3 PARC AERON\u00c0UTIC DE CATALUNYA<\/a><\/h3>\n\n\t\t\t<p>El passat diumenge 19 de setembre, la Fundaci\u00f3 Parc Aeron\u00e0utic de Catalunya-PAC Obert va organitzar amb gran \u00e8xit de participaci\u00f3 la seva Jornada de Portes Obertes. M\u00e9s de 1.400 persones van poder gaudir de l&#8217;exposici\u00f3 d&#8217;aeronaus i visita al museu d&#8217;aquesta Fundaci\u00f3 que es dedica al manteniment i restauraci\u00f3 d&#8217;avions hist\u00f2rics.<\/p>\n\n\t\t<\/div>\n\n\t<\/article>\n\n<\/div>\n<div class=\"wf-cell iso-item category-31 category-3\" data-post-id=\"33197\" data-date=\"2021-08-08T09:26:39+02:00\" data-name=\"VOLS PER A TOTHOM\">\n\t<article class=\"post post-33197 type-post status-publish format-standard has-post-thumbnail hentry category-actividades-ca category-uncategorized-ca category-31 category-3 bg-on fullwidth-img description-off\">\n\n\t\t\n\t\t\t<div class=\"blog-media wf-td\">\n\n\t\t\t\t<p><a href=\"https:\/\/aeroclub.es\/ca\/2021\/08\/vols-per-a-tothom\/\" class=\"alignnone rollover\" ><img loading=\"lazy\" decoding=\"async\" class=\"preload-me aspect\" src=\"https:\/\/aeroclub.es\/wp-content\/uploads\/2021\/09\/Vols-per-a-Tothom-DSC_0328-scaled-555x370.jpg\" srcset=\"https:\/\/aeroclub.es\/wp-content\/uploads\/2021\/09\/Vols-per-a-Tothom-DSC_0328-scaled-555x370.jpg 555w, https:\/\/aeroclub.es\/wp-content\/uploads\/2021\/09\/Vols-per-a-Tothom-DSC_0328-scaled-1110x740.jpg 1110w\" style=\"--ratio: 555 \/ 370\" sizes=\"auto, (max-width: 555px) 100vw, 555px\" alt=\"\" title=\"Vols per a Tothom DSC_0328\" width=\"555\" height=\"370\"  \/><\/a><\/p>\n\t\t\t<\/div>\n\n\t\t\n\t\t<div class=\"blog-content wf-td\">\n\t\t\t<h3 class=\"entry-title\"><a href=\"https:\/\/aeroclub.es\/ca\/2021\/08\/vols-per-a-tothom\/\" title=\"VOLS PER A TOTHOM\" rel=\"bookmark\">VOLS PER A TOTHOM<\/a><\/h3>\n\n\t\t\t<p>L\u2019Aeroclub va rebre el dissabte 7 d\u2019agost a membres de l\u2019Associaci\u00f3 Vols per a Tothom que van poder gaudir d\u2019una jornada aeron\u00e0utica. Es van desenvolupar uns vols d\u2019iniciaci\u00f3 i una visita a les aeronaus. Agra\u00efm als voluntaris de l\u2019Associaci\u00f3 Vols per a Tothom i als pilots del club que hi van participar el seu ajut&hellip;<\/p>\n\n\t\t<\/div>\n\n\t<\/article>\n\n<\/div>\n<div class=\"wf-cell iso-item category-31\" data-post-id=\"32004\" data-date=\"2021-08-03T17:07:00+02:00\" data-name=\"PITTS S2B EC-FRB\">\n\t<article class=\"post post-32004 type-post status-publish format-standard has-post-thumbnail hentry category-actividades-ca category-31 bg-on fullwidth-img description-off\">\n\n\t\t\n\t\t\t<div class=\"blog-media wf-td\">\n\n\t\t\t\t<p><a href=\"https:\/\/aeroclub.es\/ca\/2021\/08\/pitts-s2b-ec-frb\/\" class=\"alignnone rollover\" ><img loading=\"lazy\" decoding=\"async\" class=\"preload-me aspect\" src=\"https:\/\/aeroclub.es\/wp-content\/uploads\/2021\/06\/DSC_0025-1-555x370.jpg\" srcset=\"https:\/\/aeroclub.es\/wp-content\/uploads\/2021\/06\/DSC_0025-1-555x370.jpg 555w, https:\/\/aeroclub.es\/wp-content\/uploads\/2021\/06\/DSC_0025-1-1110x740.jpg 1110w\" style=\"--ratio: 555 \/ 370\" sizes=\"auto, (max-width: 555px) 100vw, 555px\" alt=\"\" title=\"DSC_0025 (1)\" width=\"555\" height=\"370\"  \/><\/a><\/p>\n\t\t\t<\/div>\n\n\t\t\n\t\t<div class=\"blog-content wf-td\">\n\t\t\t<h3 class=\"entry-title\"><a href=\"https:\/\/aeroclub.es\/ca\/2021\/08\/pitts-s2b-ec-frb\/\" title=\"PITTS S2B EC-FRB\" rel=\"bookmark\">PITTS S2B EC-FRB<\/a><\/h3>\n\n\t\t\t<p>Si ets soci\/a del club ja pots volar novament la Pitts S2B. L\u2019aeronau EC-FRB, &nbsp;avi\u00f3 emblem\u00e0tic que forma part de la secci\u00f3 d\u2019acrob\u00e0cia del club, ha estat renovat totalment i ja est\u00e0 disponible perqu\u00e8 tots els socis\/es en puguin gaudir. Fins el 31 de desembre podr\u00e0s volar-lo a un preu promocional.&nbsp; Consulta les condicions al&hellip;<\/p>\n\n\t\t<\/div>\n\n\t<\/article>\n\n<\/div>\n<div class=\"wf-cell iso-item category-31\" data-post-id=\"31115\" data-date=\"2021-08-03T17:00:00+02:00\" data-name=\"LII\u00e8 CAMPIONAT NACIONAL DE VOL SENSE MOTOR\">\n\t<article class=\"post post-31115 type-post status-publish format-standard has-post-thumbnail hentry category-actividades-ca category-31 bg-on fullwidth-img description-off\">\n\n\t\t\n\t\t\t<div class=\"blog-media wf-td\">\n\n\t\t\t\t<p><a href=\"https:\/\/aeroclub.es\/ca\/2021\/08\/videoconferencia-experiencies-de-la-linia-aeria-extrapolables-a-laviacio-lleugera-i-esportiva-sense-deixar-de-passar-ho-be\/\" class=\"alignnone rollover\" ><img loading=\"lazy\" decoding=\"async\" class=\"preload-me aspect\" src=\"https:\/\/aeroclub.es\/wp-content\/uploads\/2021\/03\/DSCN3907-scaled-555x370.jpg\" srcset=\"https:\/\/aeroclub.es\/wp-content\/uploads\/2021\/03\/DSCN3907-scaled-555x370.jpg 555w, https:\/\/aeroclub.es\/wp-content\/uploads\/2021\/03\/DSCN3907-scaled-1110x740.jpg 1110w\" style=\"--ratio: 555 \/ 370\" sizes=\"auto, (max-width: 555px) 100vw, 555px\" alt=\"\" title=\"DSCN3907\" width=\"555\" height=\"370\"  \/><\/a><\/p>\n\t\t\t<\/div>\n\n\t\t\n\t\t<div class=\"blog-content wf-td\">\n\t\t\t<h3 class=\"entry-title\"><a href=\"https:\/\/aeroclub.es\/ca\/2021\/08\/videoconferencia-experiencies-de-la-linia-aeria-extrapolables-a-laviacio-lleugera-i-esportiva-sense-deixar-de-passar-ho-be\/\" title=\"LII\u00e8 CAMPIONAT NACIONAL DE VOL SENSE MOTOR\" rel=\"bookmark\">LII\u00e8 CAMPIONAT NACIONAL DE VOL SENSE MOTOR<\/a><\/h3>\n\n\t\t\t<p>Foto cedida pel Sr. Borja Borrazas. &nbsp;Del 13 al 21 de juny es va celebrar a l\u2019Aer\u00f2drom de Garrai, el LII\u00e8 Campionat d\u2019Espanya de Vol Sense Motor amb la participaci\u00f3 de 8 pilots de la secci\u00f3 de Vol sense Motor de l\u2019Aeroclub. A la competici\u00f3 hi varen participar en total 33 pilots de 2 classes&hellip;<\/p>\n\n\t\t<\/div>\n\n\t<\/article>\n\n<\/div>\n<div class=\"wf-cell iso-item category-31\" data-post-id=\"31263\" data-date=\"2021-08-03T10:33:46+02:00\" data-name=\"AQUEST ESTIU VOLA A L&#039;AEROCLUB\">\n\t<article class=\"post post-31263 type-post status-publish format-standard has-post-thumbnail hentry category-actividades-ca category-31 bg-on fullwidth-img description-off\">\n\n\t\t\n\t\t\t<div class=\"blog-media wf-td\">\n\n\t\t\t\t<p><a href=\"https:\/\/aeroclub.es\/ca\/2021\/08\/videoconferencia-els-espais-aeris-per-a-laviacio-general-i-esportiva\/\" class=\"alignnone rollover\" ><img loading=\"lazy\" decoding=\"async\" class=\"preload-me aspect\" src=\"https:\/\/aeroclub.es\/wp-content\/uploads\/2021\/04\/TTP_29-de-mayo-de-2020_9604-555x370.jpg\" srcset=\"https:\/\/aeroclub.es\/wp-content\/uploads\/2021\/04\/TTP_29-de-mayo-de-2020_9604-555x370.jpg 555w, https:\/\/aeroclub.es\/wp-content\/uploads\/2021\/04\/TTP_29-de-mayo-de-2020_9604.jpg 799w\" style=\"--ratio: 555 \/ 370\" sizes=\"auto, (max-width: 555px) 100vw, 555px\" alt=\"\" title=\"TTP_29 de mayo de 2020_9604\" width=\"555\" height=\"370\"  \/><\/a><\/p>\n\t\t\t<\/div>\n\n\t\t\n\t\t<div class=\"blog-content wf-td\">\n\t\t\t<h3 class=\"entry-title\"><a href=\"https:\/\/aeroclub.es\/ca\/2021\/08\/videoconferencia-els-espais-aeris-per-a-laviacio-general-i-esportiva\/\" title=\"AQUEST ESTIU VOLA A L&#8217;AEROCLUB\" rel=\"bookmark\">AQUEST ESTIU VOLA A L&#8217;AEROCLUB<\/a><\/h3>\n\n\t\t\t<p>El club ofereix als seus socis\/es una oferta especial de blocs de vol per a que puguin gaudir de l\u2019estiu volant aeronaus de 2, 4 i 6 places, monomotors i bimotors. Comprant 3 hores de vol el club regala 1 hora m\u00e9s. Aquesta super promoci\u00f3 \u00e9s v\u00e0lida de l\u20191 al 31 d\u2019agost. Consulta les condicions&hellip;<\/p>\n\n\t\t<\/div>\n\n\t<\/article>\n\n<\/div>\n<div class=\"wf-cell iso-item category-31\" data-post-id=\"30841\" data-date=\"2021-02-18T09:51:16+01:00\" data-name=\"Videoconfer\u00e8ncia: &quot;Gesti\u00f3 de la seguretat operacional&quot;\">\n\t<article class=\"post post-30841 type-post status-publish format-standard has-post-thumbnail hentry category-actividades-ca category-31 bg-on fullwidth-img description-off\">\n\n\t\t\n\t\t\t<div class=\"blog-media wf-td\">\n\n\t\t\t\t<p><a href=\"https:\/\/aeroclub.es\/ca\/2021\/02\/videoconferencia-gestio-de-la-seguretat-operacional\/\" class=\"alignnone rollover\" ><img loading=\"lazy\" decoding=\"async\" class=\"preload-me aspect\" src=\"https:\/\/aeroclub.es\/wp-content\/uploads\/2021\/02\/conf_seg_operacional-555x312.jpg\" srcset=\"https:\/\/aeroclub.es\/wp-content\/uploads\/2021\/02\/conf_seg_operacional-555x312.jpg 555w, https:\/\/aeroclub.es\/wp-content\/uploads\/2021\/02\/conf_seg_operacional.jpg 640w\" style=\"--ratio: 555 \/ 312\" sizes=\"auto, (max-width: 555px) 100vw, 555px\" alt=\"\" title=\"conf_seg_operacional\" width=\"555\" height=\"312\"  \/><\/a><\/p>\n\t\t\t<\/div>\n\n\t\t\n\t\t<div class=\"blog-content wf-td\">\n\t\t\t<h3 class=\"entry-title\"><a href=\"https:\/\/aeroclub.es\/ca\/2021\/02\/videoconferencia-gestio-de-la-seguretat-operacional\/\" title=\"Videoconfer\u00e8ncia: &#8220;Gesti\u00f3 de la seguretat operacional&#8221;\" rel=\"bookmark\">Videoconfer\u00e8ncia: &#8220;Gesti\u00f3 de la seguretat operacional&#8221;<\/a><\/h3>\n\n\t\t\t<p>Et convidem a participar divendres 19\/02\/2021 a les 19:30 h a la xerrada sobre \u201cGESTI\u00d3 DE LA SEGURETAT OPERACIONAL\u201d que ser\u00e0 desenvolupada pel Sr. Jos\u00e9 Manuel Duque, Cap de Seguretat Operacional del club, Pilot de Transport de L\u00ednia A\u00e8ria i Instructor de Vol, que parlar\u00e0 sobre la participaci\u00f3 i responsabilitat de tots els pilots en&hellip;<\/p>\n\n\t\t<\/div>\n\n\t<\/article>\n\n<\/div>\n<div class=\"wf-cell iso-item category-31\" data-post-id=\"30662\" data-date=\"2021-01-27T17:05:23+01:00\" data-name=\"Videoconfer\u00e8ncia: &quot;Pot millorar el pilot la mec\u00e0nica de l\u2019aeronau?&quot;\">\n\t<article class=\"post post-30662 type-post status-publish format-standard has-post-thumbnail hentry category-actividades-ca category-31 bg-on fullwidth-img description-off\">\n\n\t\t\n\t\t\t<div class=\"blog-media wf-td\">\n\n\t\t\t\t<p><a href=\"https:\/\/aeroclub.es\/ca\/2021\/01\/videoconferencia-puede-mejorar-el-piloto-la-mecanica-de-la-aeronave\/\" class=\"alignnone rollover\" ><img loading=\"lazy\" decoding=\"async\" class=\"preload-me aspect\" src=\"https:\/\/aeroclub.es\/wp-content\/uploads\/2021\/01\/conf_piloto_mecanica-1-555x312.jpg\" srcset=\"https:\/\/aeroclub.es\/wp-content\/uploads\/2021\/01\/conf_piloto_mecanica-1-555x312.jpg 555w, https:\/\/aeroclub.es\/wp-content\/uploads\/2021\/01\/conf_piloto_mecanica-1.jpg 640w\" style=\"--ratio: 555 \/ 312\" sizes=\"auto, (max-width: 555px) 100vw, 555px\" alt=\"\" title=\"conf_piloto_mecanica\" width=\"555\" height=\"312\"  \/><\/a><\/p>\n\t\t\t<\/div>\n\n\t\t\n\t\t<div class=\"blog-content wf-td\">\n\t\t\t<h3 class=\"entry-title\"><a href=\"https:\/\/aeroclub.es\/ca\/2021\/01\/videoconferencia-puede-mejorar-el-piloto-la-mecanica-de-la-aeronave\/\" title=\"Videoconfer\u00e8ncia: &#8220;Pot millorar el pilot la mec\u00e0nica de l\u2019aeronau?&#8221;\" rel=\"bookmark\">Videoconfer\u00e8ncia: &#8220;Pot millorar el pilot la mec\u00e0nica de l\u2019aeronau?&#8221;<\/a><\/h3>\n\n\t\t\t<p>Et convidem a participar el proper divendres, 29 de gener de 2021 a les 19:30h a la xerrada \u201cPOT MILLORAR EL PILOT LA MEC\u00c0NICA DE L\u2019AERONAU?\u201d que ser\u00e0 desenvolupada pel Sr. Marc Delgado, T\u00e8cnic de Manteniment d&#8217;Aeronaus a la companyia British Airways, Pilot Comercial i Instructor d\u2019Avi\u00f3, Pilot Privat d&#8217;Helic\u00f2pter i soci del club. A&hellip;<\/p>\n\n\t\t<\/div>\n\n\t<\/article>\n\n<\/div>\n<div class=\"wf-cell iso-item category-31\" data-post-id=\"30694\" data-date=\"2021-01-26T16:19:57+01:00\" data-name=\"Nou cicle de confer\u00e8ncias de L&#039;Aeroclub\">\n\t<article class=\"post post-30694 type-post status-publish format-standard has-post-thumbnail hentry category-actividades-ca category-31 bg-on fullwidth-img description-off\">\n\n\t\t\n\t\t\t<div class=\"blog-media wf-td\">\n\n\t\t\t\t<p><a href=\"https:\/\/aeroclub.es\/ca\/2021\/01\/nou-cicle-de-conferencias-de-laeroclub\/\" class=\"alignnone rollover\" ><img loading=\"lazy\" decoding=\"async\" class=\"preload-me aspect\" src=\"https:\/\/aeroclub.es\/wp-content\/uploads\/2021\/01\/aeroclub_confs-555x312.jpg\" srcset=\"https:\/\/aeroclub.es\/wp-content\/uploads\/2021\/01\/aeroclub_confs-555x312.jpg 555w, https:\/\/aeroclub.es\/wp-content\/uploads\/2021\/01\/aeroclub_confs.jpg 640w\" style=\"--ratio: 555 \/ 312\" sizes=\"auto, (max-width: 555px) 100vw, 555px\" alt=\"\" title=\"aeroclub_confs\" width=\"555\" height=\"312\"  \/><\/a><\/p>\n\t\t\t<\/div>\n\n\t\t\n\t\t<div class=\"blog-content wf-td\">\n\t\t\t<h3 class=\"entry-title\"><a href=\"https:\/\/aeroclub.es\/ca\/2021\/01\/nou-cicle-de-conferencias-de-laeroclub\/\" title=\"Nou cicle de confer\u00e8ncias de L&#8217;Aeroclub\" rel=\"bookmark\">Nou cicle de confer\u00e8ncias de L&#8217;Aeroclub<\/a><\/h3>\n\n\t\t\t<p>[vc_row][vc_column][vc_column_text]Nou cicle de conferencies de L\u2019Aeroclub per tal de millorar la seguretat i seguir aprenent. Participar i comenta les teves experi\u00e8ncies. &nbsp; [\/vc_column_text][\/vc_column][\/vc_row]<\/p>\n\n\t\t<\/div>\n\n\t<\/article>\n\n<\/div>\n<div class=\"wf-cell iso-item category-31 category-191 category-139\" data-post-id=\"30098\" data-date=\"2021-01-12T16:25:50+01:00\" data-name=\"Video de presentaci\u00f3 del nou simulador 737\">\n\t<article class=\"post post-30098 type-post status-publish format-standard has-post-thumbnail hentry category-actividades-ca category-escuela-ca category-novedades-ca category-31 category-191 category-139 bg-on fullwidth-img description-off\">\n\n\t\t\n\t\t\t<div class=\"blog-media wf-td\">\n\n\t\t\t\t<p><a href=\"https:\/\/aeroclub.es\/ca\/2021\/01\/video-de-presentacio-del-nou-simulador-737\/\" class=\"alignnone rollover\" ><img loading=\"lazy\" decoding=\"async\" class=\"preload-me aspect\" src=\"https:\/\/aeroclub.es\/wp-content\/uploads\/2021\/01\/Simulador737-555x313.jpg\" srcset=\"https:\/\/aeroclub.es\/wp-content\/uploads\/2021\/01\/Simulador737-555x313.jpg 555w, https:\/\/aeroclub.es\/wp-content\/uploads\/2021\/01\/Simulador737.jpg 840w\" style=\"--ratio: 555 \/ 313\" sizes=\"auto, (max-width: 555px) 100vw, 555px\" alt=\"\" title=\"Simulador737\" width=\"555\" height=\"313\"  \/><\/a><\/p>\n\t\t\t<\/div>\n\n\t\t\n\t\t<div class=\"blog-content wf-td\">\n\t\t\t<h3 class=\"entry-title\"><a href=\"https:\/\/aeroclub.es\/ca\/2021\/01\/video-de-presentacio-del-nou-simulador-737\/\" title=\"Video de presentaci\u00f3 del nou simulador 737\" rel=\"bookmark\">Video de presentaci\u00f3 del nou simulador 737<\/a><\/h3>\n\n\t\t\t<p>Video de Presentaci\u00f3 del nou Simulador 737 pels socis de L&#8217;Aeroclub elaborat per dos alumnes de l&#8217;escola professional Barcelona Flight School. &nbsp; Viu aquesta extraordin\u00e0ria experi\u00e8ncia. M\u00e9s informaci\u00f3 trucant al 937101952<\/p>\n\n\t\t<\/div>\n\n\t<\/article>\n\n<\/div>\n<div class=\"wf-cell iso-item category-31\" data-post-id=\"29579\" data-date=\"2020-11-26T18:38:17+01:00\" data-name=\"Videoconfer\u00e8ncia: &quot;Familiaritzaci\u00f3 ATC Sabadell&quot;\">\n\t<article class=\"post post-29579 type-post status-publish format-standard has-post-thumbnail hentry category-actividades-ca category-31 bg-on fullwidth-img description-off\">\n\n\t\t\n\t\t\t<div class=\"blog-media wf-td\">\n\n\t\t\t\t<p><a href=\"https:\/\/aeroclub.es\/ca\/2020\/11\/videoconferencia-familiaritzacio-atc-sabadell\/\" class=\"alignnone rollover\" ><img loading=\"lazy\" decoding=\"async\" class=\"preload-me aspect\" src=\"https:\/\/aeroclub.es\/wp-content\/uploads\/2020\/11\/ConferenciaATC-555x313.jpg\" srcset=\"https:\/\/aeroclub.es\/wp-content\/uploads\/2020\/11\/ConferenciaATC-555x313.jpg 555w, https:\/\/aeroclub.es\/wp-content\/uploads\/2020\/11\/ConferenciaATC.jpg 640w\" style=\"--ratio: 555 \/ 313\" sizes=\"auto, (max-width: 555px) 100vw, 555px\" alt=\"\" title=\"ConferenciaATC\" width=\"555\" height=\"313\"  \/><\/a><\/p>\n\t\t\t<\/div>\n\n\t\t\n\t\t<div class=\"blog-content wf-td\">\n\t\t\t<h3 class=\"entry-title\"><a href=\"https:\/\/aeroclub.es\/ca\/2020\/11\/videoconferencia-familiaritzacio-atc-sabadell\/\" title=\"Videoconfer\u00e8ncia: &#8220;Familiaritzaci\u00f3 ATC Sabadell&#8221;\" rel=\"bookmark\">Videoconfer\u00e8ncia: &#8220;Familiaritzaci\u00f3 ATC Sabadell&#8221;<\/a><\/h3>\n\n\t\t\t<p>Et convidem a participar el divendres 27 de novembre a les 19:30 h a la confer\u00e8ncia telem\u00e0tica \u201cFAMILIARITZACI\u00d3 ATC SABADELL\u201d que es dur\u00e0 a terme mitjan\u00e7ant la plataforma Zoom (https:\/\/zoom.us\/). Aquesta xerrada ser\u00e0 desenvolupada per la controladora Sra. Evelina Ba\u00f1os i ens exposar\u00e0 q\u00fcestions com la consci\u00e8ncia situacional en el circuit de tr\u00e0fic de l\u2019aeroport&hellip;<\/p>\n\n\t\t<\/div>\n\n\t<\/article>\n\n<\/div>\n<div class=\"wf-cell iso-item category-318\" data-post-id=\"29002\" data-date=\"2020-10-05T10:33:33+02:00\" data-name=\"Resultats del Ral\u00b7li del 12 de setembre de 2020\">\n\t<article class=\"post post-29002 type-post status-publish format-standard has-post-thumbnail hentry category-competicions category-318 bg-on fullwidth-img description-off\">\n\n\t\t\n\t\t\t<div class=\"blog-media wf-td\">\n\n\t\t\t\t<p><a href=\"https:\/\/aeroclub.es\/ca\/2020\/10\/resultats-del-ral%c2%b7li-del-12-de-setembre-de-2020\/\" class=\"alignnone rollover\" ><img loading=\"lazy\" decoding=\"async\" class=\"preload-me aspect\" src=\"https:\/\/aeroclub.es\/wp-content\/uploads\/2020\/10\/cabina_200912-555x312.jpg\" srcset=\"https:\/\/aeroclub.es\/wp-content\/uploads\/2020\/10\/cabina_200912-555x312.jpg 555w, https:\/\/aeroclub.es\/wp-content\/uploads\/2020\/10\/cabina_200912-1110x624.jpg 1110w\" style=\"--ratio: 555 \/ 312\" sizes=\"auto, (max-width: 555px) 100vw, 555px\" alt=\"\" title=\"cabina_200912\" width=\"555\" height=\"312\"  \/><\/a><\/p>\n\t\t\t<\/div>\n\n\t\t\n\t\t<div class=\"blog-content wf-td\">\n\t\t\t<h3 class=\"entry-title\"><a href=\"https:\/\/aeroclub.es\/ca\/2020\/10\/resultats-del-ral%c2%b7li-del-12-de-setembre-de-2020\/\" title=\"Resultats del Ral\u00b7li del 12 de setembre de 2020\" rel=\"bookmark\">Resultats del Ral\u00b7li del 12 de setembre de 2020<\/a><\/h3>\n\n\t\t\t<p>El passat 12 de setembre es va celebrar a LELL la 7a prova puntuable pel campionat de vol a motor de l&#8217;ACBS. Sota estrictes mesures d&#8217;higiene i seguint en tot moment les normes de seguretat definides per les autoritats sanit\u00e0ries un total de 8 tripulacions van fer un recorregut que transitava sobre les comarques de&hellip;<\/p>\n\n\t\t<\/div>\n\n\t<\/article>\n\n<\/div>\n<div class=\"wf-cell iso-item category-318\" data-post-id=\"28528\" data-date=\"2020-08-23T10:08:47+02:00\" data-name=\"66a Volta A\u00e8ria de Catalunya\">\n\t<article class=\"post post-28528 type-post status-publish format-standard has-post-thumbnail hentry category-competicions category-318 bg-on fullwidth-img description-off\">\n\n\t\t\n\t\t\t<div class=\"blog-media wf-td\">\n\n\t\t\t\t<p><a href=\"https:\/\/aeroclub.es\/ca\/2020\/08\/66a-volta-aeria-de-catalunya\/\" class=\"alignnone rollover\" ><img loading=\"lazy\" decoding=\"async\" class=\"preload-me aspect\" src=\"https:\/\/aeroclub.es\/wp-content\/uploads\/2020\/08\/VAC_2020-555x345.jpg\" srcset=\"https:\/\/aeroclub.es\/wp-content\/uploads\/2020\/08\/VAC_2020-555x345.jpg 555w, https:\/\/aeroclub.es\/wp-content\/uploads\/2020\/08\/VAC_2020.jpg 841w\" style=\"--ratio: 555 \/ 345\" sizes=\"auto, (max-width: 555px) 100vw, 555px\" alt=\"\" title=\"VAC_2020\" width=\"555\" height=\"345\"  \/><\/a><\/p>\n\t\t\t<\/div>\n\n\t\t\n\t\t<div class=\"blog-content wf-td\">\n\t\t\t<h3 class=\"entry-title\"><a href=\"https:\/\/aeroclub.es\/ca\/2020\/08\/66a-volta-aeria-de-catalunya\/\" title=\"66a Volta A\u00e8ria de Catalunya\" rel=\"bookmark\">66a Volta A\u00e8ria de Catalunya<\/a><\/h3>\n\n\t\t\t<p>(Actualitzaci\u00f3 27 d&#8217;agost 2020). A causa de les condicions sanit\u00e0ries sobrevingudes en els darrers dies i provocades per la COVID19 l&#8217;organitzaci\u00f3 ha decidit apla\u00e7ar la 66a Volta A\u00e8ria de Catalunya, que es programar\u00e0 en una nova data encara per determinar de l&#8217;any 2021. &nbsp; Els propers 11, 12 i 13 de setembre l\u2019Aeroclub Barcelona-Sabadell organitza&hellip;<\/p>\n\n\t\t<\/div>\n\n\t<\/article>\n\n<\/div>\n<div class=\"wf-cell iso-item category-141\" data-post-id=\"28447\" data-date=\"2020-08-14T20:00:39+02:00\" data-name=\"Funeral pel Sr. Pepe Rubira Suarez\">\n\t<article class=\"post post-28447 type-post status-publish format-standard has-post-thumbnail hentry category-ultima-hora-ca category-141 bg-on fullwidth-img description-off\">\n\n\t\t\n\t\t\t<div class=\"blog-media wf-td\">\n\n\t\t\t\t<p><a href=\"https:\/\/aeroclub.es\/ca\/2020\/08\/funeral-pel-sr-pepe-rubira-suarez\/\" class=\"alignnone rollover\" ><img loading=\"lazy\" decoding=\"async\" class=\"preload-me aspect\" src=\"https:\/\/aeroclub.es\/wp-content\/uploads\/2016\/03\/aeroclub-luto-555x345.png\" srcset=\"https:\/\/aeroclub.es\/wp-content\/uploads\/2016\/03\/aeroclub-luto-555x345.png 555w, https:\/\/aeroclub.es\/wp-content\/uploads\/2016\/03\/aeroclub-luto-1110x690.png 1110w\" style=\"--ratio: 555 \/ 345\" sizes=\"auto, (max-width: 555px) 100vw, 555px\" alt=\"\" title=\"aeroclub-luto\" width=\"555\" height=\"345\"  \/><\/a><\/p>\n\t\t\t<\/div>\n\n\t\t\n\t\t<div class=\"blog-content wf-td\">\n\t\t\t<h3 class=\"entry-title\"><a href=\"https:\/\/aeroclub.es\/ca\/2020\/08\/funeral-pel-sr-pepe-rubira-suarez\/\" title=\"Funeral pel Sr. Pepe Rubira Suarez\" rel=\"bookmark\">Funeral pel Sr. Pepe Rubira Suarez<\/a><\/h3>\n\n\t\t\t<p>El funeral pel nostre amic Sr. Pepe Rubira Suarez, el que va ser president de la nostra entitat de 1994 a 1996, es dur\u00e0 a terme el proper diumenge 16 d\u2019agost a les 14 h al Tanatori de Sant Gervasi. La sala de vetlla ser\u00e0 la n\u00famero 8 i estar\u00e0 oberta a partir de les&hellip;<\/p>\n\n\t\t<\/div>\n\n\t<\/article>\n\n<\/div>\n<div class=\"wf-cell iso-item category-141\" data-post-id=\"28387\" data-date=\"2020-08-09T10:23:55+02:00\" data-name=\"Restaurant tancat del 10 al 16 d&#039;agost\">\n\t<article class=\"post post-28387 type-post status-publish format-standard has-post-thumbnail hentry category-ultima-hora-ca category-141 bg-on fullwidth-img description-off\">\n\n\t\t\n\t\t\t<div class=\"blog-media wf-td\">\n\n\t\t\t\t<p><a href=\"https:\/\/aeroclub.es\/ca\/2020\/08\/restaurant-tancat-del-10-al-16-dagost\/\" class=\"alignnone rollover\" ><img loading=\"lazy\" decoding=\"async\" class=\"preload-me aspect\" src=\"https:\/\/aeroclub.es\/wp-content\/uploads\/2020\/08\/restaurant-555x345.jpg\" srcset=\"https:\/\/aeroclub.es\/wp-content\/uploads\/2020\/08\/restaurant-555x345.jpg 555w, https:\/\/aeroclub.es\/wp-content\/uploads\/2020\/08\/restaurant.jpg 841w\" style=\"--ratio: 555 \/ 345\" sizes=\"auto, (max-width: 555px) 100vw, 555px\" alt=\"\" title=\"restaurant\" width=\"555\" height=\"345\"  \/><\/a><\/p>\n\t\t\t<\/div>\n\n\t\t\n\t\t<div class=\"blog-content wf-td\">\n\t\t\t<h3 class=\"entry-title\"><a href=\"https:\/\/aeroclub.es\/ca\/2020\/08\/restaurant-tancat-del-10-al-16-dagost\/\" title=\"Restaurant tancat del 10 al 16 d&#8217;agost\" rel=\"bookmark\">Restaurant tancat del 10 al 16 d&#8217;agost<\/a><\/h3>\n\n\t\t\t<p>El Bar-Restaurant de L&#8217;Aeroclub romandr\u00e0 tancat del dilluns 10 al diumenge 16 d&#8217;agost.<\/p>\n\n\t\t<\/div>\n\n\t<\/article>\n\n<\/div>\n<div class=\"wf-cell iso-item category-143\" data-post-id=\"28309\" data-date=\"2020-08-01T09:26:59+02:00\" data-name=\"Agost passa volant - Bloc 3x4\">\n\t<article class=\"post post-28309 type-post status-publish format-standard has-post-thumbnail hentry category-ofertas-ca category-143 bg-on fullwidth-img description-off\">\n\n\t\t\n\t\t\t<div class=\"blog-media wf-td\">\n\n\t\t\t\t<p><a href=\"https:\/\/aeroclub.es\/ca\/2020\/08\/agost-passa-volant-bloc-3x4\/\" class=\"alignnone rollover\" ><img loading=\"lazy\" decoding=\"async\" class=\"preload-me aspect\" src=\"https:\/\/aeroclub.es\/wp-content\/uploads\/2020\/04\/2004_conferencia-555x345.jpg\" srcset=\"https:\/\/aeroclub.es\/wp-content\/uploads\/2020\/04\/2004_conferencia-555x345.jpg 555w, https:\/\/aeroclub.es\/wp-content\/uploads\/2020\/04\/2004_conferencia.jpg 800w\" style=\"--ratio: 555 \/ 345\" sizes=\"auto, (max-width: 555px) 100vw, 555px\" alt=\"\" title=\"2004_conferencia\" width=\"555\" height=\"345\"  \/><\/a><\/p>\n\t\t\t<\/div>\n\n\t\t\n\t\t<div class=\"blog-content wf-td\">\n\t\t\t<h3 class=\"entry-title\"><a href=\"https:\/\/aeroclub.es\/ca\/2020\/08\/agost-passa-volant-bloc-3x4\/\" title=\"Agost passa volant &#8211; Bloc 3&#215;4\" rel=\"bookmark\">Agost passa volant &#8211; Bloc 3&#215;4<\/a><\/h3>\n\n\t\t\t<p>L\u2019Aeroclub t\u2019ofereix una oferta especial per tal que volis durant el mes d\u2019agost a uns preus extraordinaris per tal que puguis gaudir d\u2019un estiu diferent. Amb aquesta oferta t\u2019ajudem a que puguis mantenir el teu nivell de vol. NO T\u2019HO PERDIS. &nbsp; Compra un BLOC DE 3 HORES I VOLA 4 HORES. &nbsp; &nbsp; Truca&hellip;<\/p>\n\n\t\t<\/div>\n\n\t<\/article>\n\n<\/div>\n<div class=\"wf-cell iso-item category-318 category-55\" data-post-id=\"28186\" data-date=\"2020-07-16T15:41:51+02:00\" data-name=\"Resultats del ral\u00b7li 11 de juliol de 2020\">\n\t<article class=\"post post-28186 type-post status-publish format-standard has-post-thumbnail hentry category-competicions category-vol-a-motor category-318 category-55 bg-on fullwidth-img description-off\">\n\n\t\t\n\t\t\t<div class=\"blog-media wf-td\">\n\n\t\t\t\t<p><a href=\"https:\/\/aeroclub.es\/ca\/2020\/07\/resultats-del-ral%c2%b7li-11-de-juliol-de-2020\/\" class=\"alignnone rollover\" ><img loading=\"lazy\" decoding=\"async\" class=\"preload-me aspect\" src=\"https:\/\/aeroclub.es\/wp-content\/uploads\/2020\/07\/rally_200711-555x312.jpg\" srcset=\"https:\/\/aeroclub.es\/wp-content\/uploads\/2020\/07\/rally_200711-555x312.jpg 555w, https:\/\/aeroclub.es\/wp-content\/uploads\/2020\/07\/rally_200711-1110x624.jpg 1110w\" style=\"--ratio: 555 \/ 312\" sizes=\"auto, (max-width: 555px) 100vw, 555px\" alt=\"\" title=\"rally_200711\" width=\"555\" height=\"312\"  \/><\/a><\/p>\n\t\t\t<\/div>\n\n\t\t\n\t\t<div class=\"blog-content wf-td\">\n\t\t\t<h3 class=\"entry-title\"><a href=\"https:\/\/aeroclub.es\/ca\/2020\/07\/resultats-del-ral%c2%b7li-11-de-juliol-de-2020\/\" title=\"Resultats del ral\u00b7li 11 de juliol de 2020\" rel=\"bookmark\">Resultats del ral\u00b7li 11 de juliol de 2020<\/a><\/h3>\n\n\t\t\t<p>Despr\u00e9s de 4 mesos sense poder celebrar cap activitat de vol a motor a L&#8217;Aeroclub per motiu de la pand\u00e8mia de la COVID-19 i les mesures de contenci\u00f3 establertes per les autoritats, amb molta il\u00b7lusi\u00f3 i alegria el passat 11 de juliol es va celebrar a LELL la 6a prova puntuable pel campionat de vol&hellip;<\/p>\n\n\t\t<\/div>\n\n\t<\/article>\n\n<\/div>\n<div class=\"wf-cell iso-item category-31\" data-post-id=\"27988\" data-date=\"2020-06-26T17:40:49+02:00\" data-name=\"Videoconferencia: &quot;El Vol Acrob\u00e0tic&quot;\">\n\t<article class=\"post post-27988 type-post status-publish format-standard has-post-thumbnail hentry category-actividades-ca category-31 bg-on fullwidth-img description-off\">\n\n\t\t\n\t\t\t<div class=\"blog-media wf-td\">\n\n\t\t\t\t<p><a href=\"https:\/\/aeroclub.es\/ca\/2020\/06\/videoconferencia-el-vol-acrobatic\/\" class=\"alignnone rollover\" ><img loading=\"lazy\" decoding=\"async\" class=\"preload-me aspect\" src=\"https:\/\/aeroclub.es\/wp-content\/uploads\/2020\/06\/conf_acrobatico-555x312.jpg\" srcset=\"https:\/\/aeroclub.es\/wp-content\/uploads\/2020\/06\/conf_acrobatico-555x312.jpg 555w, https:\/\/aeroclub.es\/wp-content\/uploads\/2020\/06\/conf_acrobatico-1110x624.jpg 1110w\" style=\"--ratio: 555 \/ 312\" sizes=\"auto, (max-width: 555px) 100vw, 555px\" alt=\"\" title=\"conf_acrobatico\" width=\"555\" height=\"312\"  \/><\/a><\/p>\n\t\t\t<\/div>\n\n\t\t\n\t\t<div class=\"blog-content wf-td\">\n\t\t\t<h3 class=\"entry-title\"><a href=\"https:\/\/aeroclub.es\/ca\/2020\/06\/videoconferencia-el-vol-acrobatic\/\" title=\"Videoconferencia: &#8220;El Vol Acrob\u00e0tic&#8221;\" rel=\"bookmark\">Videoconferencia: &#8220;El Vol Acrob\u00e0tic&#8221;<\/a><\/h3>\n\n\t\t\t<p>Et convidem a participar el dissabte, 27 de juny de 2020 a les 9:30 h a la xerrada \u201cEL VOL ACROB\u00c0TIC\u201d que dur\u00e0 a terme el Sr. Alex Navarro, pilot acrob\u00e0tic del club que parlar\u00e0 sobre les maniobres b\u00e0siques acrob\u00e0tiques, la por a volar, les competicions, l\u2019escola d\u2019acrob\u00e0cia i les preguntes freq\u00fcents sobre aquesta especialitat&hellip;<\/p>\n\n\t\t<\/div>\n\n\t<\/article>\n\n<\/div>\n<div class=\"wf-cell iso-item category-31\" data-post-id=\"27901\" data-date=\"2020-06-18T15:37:20+02:00\" data-name=\"Videoconfer\u00e8ncia: &quot;L\u2019Helic\u00f2pter, una m\u00e0quina fascinant&quot;\">\n\t<article class=\"post post-27901 type-post status-publish format-standard has-post-thumbnail hentry category-actividades-ca category-31 bg-on fullwidth-img description-off\">\n\n\t\t\n\t\t\t<div class=\"blog-media wf-td\">\n\n\t\t\t\t<p><a href=\"https:\/\/aeroclub.es\/ca\/2020\/06\/videoconferencia-lhelicopter-una-maquina-fascinant\/\" class=\"alignnone rollover\" ><img loading=\"lazy\" decoding=\"async\" class=\"preload-me aspect\" src=\"https:\/\/aeroclub.es\/wp-content\/uploads\/2020\/06\/conf_helicopter-555x312.jpg\" srcset=\"https:\/\/aeroclub.es\/wp-content\/uploads\/2020\/06\/conf_helicopter-555x312.jpg 555w, https:\/\/aeroclub.es\/wp-content\/uploads\/2020\/06\/conf_helicopter-1110x624.jpg 1110w\" style=\"--ratio: 555 \/ 312\" sizes=\"auto, (max-width: 555px) 100vw, 555px\" alt=\"\" title=\"conf_helicopter\" width=\"555\" height=\"312\"  \/><\/a><\/p>\n\t\t\t<\/div>\n\n\t\t\n\t\t<div class=\"blog-content wf-td\">\n\t\t\t<h3 class=\"entry-title\"><a href=\"https:\/\/aeroclub.es\/ca\/2020\/06\/videoconferencia-lhelicopter-una-maquina-fascinant\/\" title=\"Videoconfer\u00e8ncia: &#8220;L\u2019Helic\u00f2pter, una m\u00e0quina fascinant&#8221;\" rel=\"bookmark\">Videoconfer\u00e8ncia: &#8220;L\u2019Helic\u00f2pter, una m\u00e0quina fascinant&#8221;<\/a><\/h3>\n\n\t\t\t<p>No et perdis el proper dissabte, 20 de juny de 2020 a les 11 h la xerrada \u201cL\u2019Helic\u00f2pter, una m\u00e0quina fascinant\u201d de la ma del Sr. Germen Coll, pilot del club i impulsor del projecte Cadet explicar\u00e0 els or\u00edgens i la hist\u00f2ria de l\u2019helic\u00f2pter, les caracter\u00edstiques d\u2019aquesta tipologia d\u2019aeronau, gestes hist\u00f2riques entre altres moltes coses.&hellip;<\/p>\n\n\t\t<\/div>\n\n\t<\/article>\n\n<\/div>\n<div class=\"wf-cell iso-item category-191\" data-post-id=\"27855\" data-date=\"2020-06-17T17:58:53+02:00\" data-name=\"Curs Navegaci\u00f3 Basada en Performances - PBN\">\n\t<article class=\"post post-27855 type-post status-publish format-standard has-post-thumbnail hentry category-escuela-ca category-191 bg-on fullwidth-img description-off\">\n\n\t\t\n\t\t\t<div class=\"blog-media wf-td\">\n\n\t\t\t\t<p><a href=\"https:\/\/aeroclub.es\/ca\/2020\/06\/curs-navegacio-basada-en-performances-pbn\/\" class=\"alignnone rollover\" ><img loading=\"lazy\" decoding=\"async\" class=\"preload-me aspect\" src=\"https:\/\/aeroclub.es\/wp-content\/uploads\/2020\/06\/pbn-555x312.jpg\" srcset=\"https:\/\/aeroclub.es\/wp-content\/uploads\/2020\/06\/pbn-555x312.jpg 555w, https:\/\/aeroclub.es\/wp-content\/uploads\/2020\/06\/pbn-1110x624.jpg 1110w\" style=\"--ratio: 555 \/ 312\" sizes=\"auto, (max-width: 555px) 100vw, 555px\" alt=\"\" title=\"pbn\" width=\"555\" height=\"312\"  \/><\/a><\/p>\n\t\t\t<\/div>\n\n\t\t\n\t\t<div class=\"blog-content wf-td\">\n\t\t\t<h3 class=\"entry-title\"><a href=\"https:\/\/aeroclub.es\/ca\/2020\/06\/curs-navegacio-basada-en-performances-pbn\/\" title=\"Curs Navegaci\u00f3 Basada en Performances &#8211; PBN\" rel=\"bookmark\">Curs Navegaci\u00f3 Basada en Performances &#8211; PBN<\/a><\/h3>\n\n\t\t\t<p>Si ets pilot privat o comercial i tens l\u2019habilitaci\u00f3 de vol instrumental ja pots realitzar el Curs de PBN al club. Aquest curs et capacitar\u00e0 i et proporcionar\u00e0 el perm\u00eds legal per realitzar aproximacions PBN i per tant seguir operant amb les atribucions de l\u2019habilitaci\u00f3. &nbsp; Si tens algun dubte pots trucar al club al&hellip;<\/p>\n\n\t\t<\/div>\n\n\t<\/article>\n\n<\/div>\n<div class=\"wf-cell iso-item category-138\" data-post-id=\"27847\" data-date=\"2020-06-17T17:48:20+02:00\" data-name=\"Assemblea General Ordin\u00e0ria de Socis\">\n\t<article class=\"post post-27847 type-post status-publish format-standard has-post-thumbnail hentry category-club-ca category-138 bg-on fullwidth-img description-off\">\n\n\t\t\n\t\t\t<div class=\"blog-media wf-td\">\n\n\t\t\t\t<p><a href=\"https:\/\/aeroclub.es\/ca\/2020\/06\/assemblea-general-ordinaria-de-socis\/\" class=\"alignnone rollover\" ><img loading=\"lazy\" decoding=\"async\" class=\"preload-me aspect\" src=\"https:\/\/aeroclub.es\/wp-content\/uploads\/2020\/06\/assemblea-555x312.jpg\" srcset=\"https:\/\/aeroclub.es\/wp-content\/uploads\/2020\/06\/assemblea-555x312.jpg 555w, https:\/\/aeroclub.es\/wp-content\/uploads\/2020\/06\/assemblea-1110x624.jpg 1110w\" style=\"--ratio: 555 \/ 312\" sizes=\"auto, (max-width: 555px) 100vw, 555px\" alt=\"\" title=\"assemblea\" width=\"555\" height=\"312\"  \/><\/a><\/p>\n\t\t\t<\/div>\n\n\t\t\n\t\t<div class=\"blog-content wf-td\">\n\t\t\t<h3 class=\"entry-title\"><a href=\"https:\/\/aeroclub.es\/ca\/2020\/06\/assemblea-general-ordinaria-de-socis\/\" title=\"Assemblea General Ordin\u00e0ria de Socis\" rel=\"bookmark\">Assemblea General Ordin\u00e0ria de Socis<\/a><\/h3>\n\n\t\t\t<p>L&#8217;Aeroclub celebra la Asamblea General Ordinaria el pr\u00f3ximo 22 de junio.<\/p>\n\n\t\t<\/div>\n\n\t<\/article>\n\n<\/div>\n<div class=\"wf-cell iso-item category-31\" data-post-id=\"27794\" data-date=\"2020-06-12T15:05:58+02:00\" data-name=\"Videoconferencia: &quot;Vols en Gravetat Zero&quot;\">\n\t<article class=\"post post-27794 type-post status-publish format-standard has-post-thumbnail hentry category-actividades-ca category-31 bg-on fullwidth-img description-off\">\n\n\t\t\n\t\t\t<div class=\"blog-media wf-td\">\n\n\t\t\t\t<p><a href=\"https:\/\/aeroclub.es\/ca\/2020\/06\/videoconferencia-vols-en-gravetat-zero\/\" class=\"alignnone rollover\" ><img loading=\"lazy\" decoding=\"async\" class=\"preload-me aspect\" src=\"https:\/\/aeroclub.es\/wp-content\/uploads\/2020\/06\/conf_200613-555x312.jpg\" srcset=\"https:\/\/aeroclub.es\/wp-content\/uploads\/2020\/06\/conf_200613-555x312.jpg 555w, https:\/\/aeroclub.es\/wp-content\/uploads\/2020\/06\/conf_200613-1110x624.jpg 1110w\" style=\"--ratio: 555 \/ 312\" sizes=\"auto, (max-width: 555px) 100vw, 555px\" alt=\"\" title=\"conf_200613\" width=\"555\" height=\"312\"  \/><\/a><\/p>\n\t\t\t<\/div>\n\n\t\t\n\t\t<div class=\"blog-content wf-td\">\n\t\t\t<h3 class=\"entry-title\"><a href=\"https:\/\/aeroclub.es\/ca\/2020\/06\/videoconferencia-vols-en-gravetat-zero\/\" title=\"Videoconferencia: &#8220;Vols en Gravetat Zero&#8221;\" rel=\"bookmark\">Videoconferencia: &#8220;Vols en Gravetat Zero&#8221;<\/a><\/h3>\n\n\t\t\t<p>No et perdis el proper\u00a0dissabte, 13 de juny de 2020 a les 11 h\u00a0la xerrada \u201cVols en Gravetat Zero\u201d\u00a0\u00a0que duran a terme els Srs. Antoni P\u00e9rez, pilot privat del club i professor agregat a la UPC de Barcelona i Daniel V. Gonz\u00e1lez, pilot privat i acrob\u00e0tic del club. Ens explicaran que entenem per gravetat zero,&hellip;<\/p>\n\n\t\t<\/div>\n\n\t<\/article>\n\n<\/div>\n<div class=\"wf-cell iso-item category-31\" data-post-id=\"27645\" data-date=\"2020-06-03T17:37:48+02:00\" data-name=\"Videoconfer\u00e8ncia: &quot;Vol a Vela&quot;\">\n\t<article class=\"post post-27645 type-post status-publish format-standard has-post-thumbnail hentry category-actividades-ca category-31 bg-on fullwidth-img description-off\">\n\n\t\t\n\t\t\t<div class=\"blog-media wf-td\">\n\n\t\t\t\t<p><a href=\"https:\/\/aeroclub.es\/ca\/2020\/06\/videoconferencia-vol-a-vela\/\" class=\"alignnone rollover\" ><img loading=\"lazy\" decoding=\"async\" class=\"preload-me aspect\" src=\"https:\/\/aeroclub.es\/wp-content\/uploads\/2020\/06\/conf_200606-555x312.jpg\" srcset=\"https:\/\/aeroclub.es\/wp-content\/uploads\/2020\/06\/conf_200606-555x312.jpg 555w, https:\/\/aeroclub.es\/wp-content\/uploads\/2020\/06\/conf_200606-1110x624.jpg 1110w\" style=\"--ratio: 555 \/ 312\" sizes=\"auto, (max-width: 555px) 100vw, 555px\" alt=\"\" title=\"conf_200606\" width=\"555\" height=\"312\"  \/><\/a><\/p>\n\t\t\t<\/div>\n\n\t\t\n\t\t<div class=\"blog-content wf-td\">\n\t\t\t<h3 class=\"entry-title\"><a href=\"https:\/\/aeroclub.es\/ca\/2020\/06\/videoconferencia-vol-a-vela\/\" title=\"Videoconfer\u00e8ncia: &#8220;Vol a Vela&#8221;\" rel=\"bookmark\">Videoconfer\u00e8ncia: &#8220;Vol a Vela&#8221;<\/a><\/h3>\n\n\t\t\t<p>No et perdis el proper\u00a0dissabte, 6 de juny de 2020 a les 11 h\u00a0la xerrada \u201cVol a Vela\u201d\u00a0 de la ma del Sr. Sergi Pujol, cap de vols i instructor del club, que \u00a0explicar\u00e0 qu\u00e8 \u00e9s el vol a vela, \u00a0com aprofitar els recursos naturals pel vol i les caracter\u00edstiques especials d\u2019aquesta modalitat a\u00e8ria. &nbsp;&hellip;<\/p>\n\n\t\t<\/div>\n\n\t<\/article>\n\n<\/div>\n<div class=\"wf-cell iso-item category-31\" data-post-id=\"27557\" data-date=\"2020-05-28T16:12:46+02:00\" data-name=\"Videoconfer\u00e8ncia: &quot;ULM - La forma m\u00e9s divertida de volar&quot;\">\n\t<article class=\"post post-27557 type-post status-publish format-standard has-post-thumbnail hentry category-actividades-ca category-31 bg-on fullwidth-img description-off\">\n\n\t\t\n\t\t\t<div class=\"blog-media wf-td\">\n\n\t\t\t\t<p><a href=\"https:\/\/aeroclub.es\/ca\/2020\/05\/videoconferencia-ulm-la-forma-mes-divertida-de-volar\/\" class=\"alignnone rollover\" ><img loading=\"lazy\" decoding=\"async\" class=\"preload-me aspect\" src=\"https:\/\/aeroclub.es\/wp-content\/uploads\/2020\/05\/promo_200530-555x312.jpg\" srcset=\"https:\/\/aeroclub.es\/wp-content\/uploads\/2020\/05\/promo_200530-555x312.jpg 555w, https:\/\/aeroclub.es\/wp-content\/uploads\/2020\/05\/promo_200530-1110x624.jpg 1110w\" style=\"--ratio: 555 \/ 312\" sizes=\"auto, (max-width: 555px) 100vw, 555px\" alt=\"\" title=\"promo_200530\" width=\"555\" height=\"312\"  \/><\/a><\/p>\n\t\t\t<\/div>\n\n\t\t\n\t\t<div class=\"blog-content wf-td\">\n\t\t\t<h3 class=\"entry-title\"><a href=\"https:\/\/aeroclub.es\/ca\/2020\/05\/videoconferencia-ulm-la-forma-mes-divertida-de-volar\/\" title=\"Videoconfer\u00e8ncia: &#8220;ULM &#8211; La forma m\u00e9s divertida de volar&#8221;\" rel=\"bookmark\">Videoconfer\u00e8ncia: &#8220;ULM &#8211; La forma m\u00e9s divertida de volar&#8221;<\/a><\/h3>\n\n\t\t\t<p>El proper dissabte 30 de maig a les 11 h novament convidem a tots els socis a participar a la confer\u00e8ncia \u201cULM \u2013 La forma m\u00e9s divertida de volar\u201d que desenvolupar\u00e0 el nostre cap de vols i instructor Jordi Agudo. A la xerrada explicar\u00e0 els avantatges de volar en ultralleuger i la normativa i forma&hellip;<\/p>\n\n\t\t<\/div>\n\n\t<\/article>\n\n<\/div>\n<div class=\"wf-cell iso-item category-31\" data-post-id=\"27331\" data-date=\"2020-05-20T09:19:50+02:00\" data-name=\"Videoconfer\u00e8ncia: &quot;Competicions de Vol a Motor: el Ral\u00b7li Aeri&quot;\">\n\t<article class=\"post post-27331 type-post status-publish format-standard has-post-thumbnail hentry category-actividades-ca category-31 bg-on fullwidth-img description-off\">\n\n\t\t\n\t\t\t<div class=\"blog-media wf-td\">\n\n\t\t\t\t<p><a href=\"https:\/\/aeroclub.es\/ca\/2020\/05\/videoconferencia-competicions-de-vol-a-motor-el-ral%c2%b7li-aeri\/\" class=\"alignnone rollover\" ><img loading=\"lazy\" decoding=\"async\" class=\"preload-me aspect\" src=\"https:\/\/aeroclub.es\/wp-content\/uploads\/2020\/05\/conf_ralliaeria-555x286.jpg\" srcset=\"https:\/\/aeroclub.es\/wp-content\/uploads\/2020\/05\/conf_ralliaeria-555x286.jpg 555w, https:\/\/aeroclub.es\/wp-content\/uploads\/2020\/05\/conf_ralliaeria-898x463.jpg 898w\" style=\"--ratio: 555 \/ 286\" sizes=\"auto, (max-width: 555px) 100vw, 555px\" alt=\"\" title=\"conf_ralliaeria\" width=\"555\" height=\"286\"  \/><\/a><\/p>\n\t\t\t<\/div>\n\n\t\t\n\t\t<div class=\"blog-content wf-td\">\n\t\t\t<h3 class=\"entry-title\"><a href=\"https:\/\/aeroclub.es\/ca\/2020\/05\/videoconferencia-competicions-de-vol-a-motor-el-ral%c2%b7li-aeri\/\" title=\"Videoconfer\u00e8ncia: &#8220;Competicions de Vol a Motor: el Ral\u00b7li Aeri&#8221;\" rel=\"bookmark\">Videoconfer\u00e8ncia: &#8220;Competicions de Vol a Motor: el Ral\u00b7li Aeri&#8221;<\/a><\/h3>\n\n\t\t\t<p>No et perdis el proper dissabte, 23 de maig de 2020 a les 11 h la xerrada \u201cCompeticions de Vol a Motor: el Ral\u00b7li Aeri\u201d, els ponents Srs. Albert Bestard i \u00d2scar G\u00fcell, pilots del club i organitzadors de competicions a\u00e8ries ens explicaran el funcionament general de les proves, els aterratges de precisi\u00f3 i els&hellip;<\/p>\n\n\t\t<\/div>\n\n\t<\/article>\n\n<\/div>\n<div class=\"wf-cell iso-item category-31\" data-post-id=\"23934\" data-date=\"2020-05-18T11:07:12+02:00\" data-name=\"\u00c8xit a la conferencia: &quot;Marge d&#039;Error Zero&quot;\">\n\t<article class=\"post post-23934 type-post status-publish format-standard has-post-thumbnail hentry category-actividades-ca category-31 bg-on fullwidth-img description-off\">\n\n\t\t\n\t\t\t<div class=\"blog-media wf-td\">\n\n\t\t\t\t<p><a href=\"https:\/\/aeroclub.es\/ca\/2020\/05\/exit-a-la-conferencia-marge-derror-zero\/\" class=\"alignnone rollover\" ><img loading=\"lazy\" decoding=\"async\" class=\"preload-me aspect\" src=\"https:\/\/aeroclub.es\/wp-content\/uploads\/2020\/05\/conf_margen_cero-555x286.jpg\" srcset=\"https:\/\/aeroclub.es\/wp-content\/uploads\/2020\/05\/conf_margen_cero-555x286.jpg 555w, https:\/\/aeroclub.es\/wp-content\/uploads\/2020\/05\/conf_margen_cero-898x463.jpg 898w\" style=\"--ratio: 555 \/ 286\" sizes=\"auto, (max-width: 555px) 100vw, 555px\" alt=\"\" title=\"conf_margen_cero\" width=\"555\" height=\"286\"  \/><\/a><\/p>\n\t\t\t<\/div>\n\n\t\t\n\t\t<div class=\"blog-content wf-td\">\n\t\t\t<h3 class=\"entry-title\"><a href=\"https:\/\/aeroclub.es\/ca\/2020\/05\/exit-a-la-conferencia-marge-derror-zero\/\" title=\"\u00c8xit a la conferencia: &#8220;Marge d&#8217;Error Zero&#8221;\" rel=\"bookmark\">\u00c8xit a la conferencia: &#8220;Marge d&#8217;Error Zero&#8221;<\/a><\/h3>\n\n\t\t\t<p>Dissabte 16 de maig es va dur a terme la conferencia telem\u00e0tica sobre \u201cMarge d\u2019Error Zero: Qu\u00e8 ens poden ensenyar els festivals aeris sobre seguretat en vol?\u201d, amb un nou \u00e8xit d\u2019assist\u00e8ncia el Sr. Daniel Gonzalez, pilot privat i sots president del club i organitzador de la Festa al Cel, va explicar als assistents com&hellip;<\/p>\n\n\t\t<\/div>\n\n\t<\/article>\n\n<\/div>\n<div class=\"wf-cell iso-item category-31\" data-post-id=\"23892\" data-date=\"2020-05-14T11:32:35+02:00\" data-name=\"Videoconfer\u00e8ncia: Marge d\u2019Error Zero: &quot;Qu\u00e8 ens poden ensenyar els festivals aeris sobre seguretat en vol?&quot;\">\n\t<article class=\"post post-23892 type-post status-publish format-standard has-post-thumbnail hentry category-actividades-ca category-31 bg-on fullwidth-img description-off\">\n\n\t\t\n\t\t\t<div class=\"blog-media wf-td\">\n\n\t\t\t\t<p><a href=\"https:\/\/aeroclub.es\/ca\/2020\/05\/videoconferencia-margen-de-error-cero-marge-derror-zero-que-ens-poden-ensenyar-els-festivals-aeris-sobre-seguretat-en-vol\/\" class=\"alignnone rollover\" ><img loading=\"lazy\" decoding=\"async\" class=\"preload-me aspect\" src=\"https:\/\/aeroclub.es\/wp-content\/uploads\/2020\/05\/conf_margen_zero-555x286.jpg\" srcset=\"https:\/\/aeroclub.es\/wp-content\/uploads\/2020\/05\/conf_margen_zero-555x286.jpg 555w, https:\/\/aeroclub.es\/wp-content\/uploads\/2020\/05\/conf_margen_zero-898x463.jpg 898w\" style=\"--ratio: 555 \/ 286\" sizes=\"auto, (max-width: 555px) 100vw, 555px\" alt=\"\" title=\"conf_margen_zero\" width=\"555\" height=\"286\"  \/><\/a><\/p>\n\t\t\t<\/div>\n\n\t\t\n\t\t<div class=\"blog-content wf-td\">\n\t\t\t<h3 class=\"entry-title\"><a href=\"https:\/\/aeroclub.es\/ca\/2020\/05\/videoconferencia-margen-de-error-cero-marge-derror-zero-que-ens-poden-ensenyar-els-festivals-aeris-sobre-seguretat-en-vol\/\" title=\"Videoconfer\u00e8ncia: Marge d\u2019Error Zero: &#8220;Qu\u00e8 ens poden ensenyar els festivals aeris sobre seguretat en vol?&#8221;\" rel=\"bookmark\">Videoconfer\u00e8ncia: Marge d\u2019Error Zero: &#8220;Qu\u00e8 ens poden ensenyar els festivals aeris sobre seguretat en vol?&#8221;<\/a><\/h3>\n\n\t\t\t<p>Et convidem a participar el proper\u00a016 de maig a les 11 h\u00a0a la confer\u00e8ncia \u201cMarge d\u2019Error Zero: Qu\u00e8 ens poden ensenyar els festivals aeris sobre seguretat en vol? \u00a0que desenvolupar\u00e0 el Sr. Daniel Gonz\u00e1lez, a la xerrada explicar\u00e0 com els pilots participants en festival aeris mostren les seves m\u00e0ximes qualitats i disciplina per volar de&hellip;<\/p>\n\n\t\t<\/div>\n\n\t<\/article>\n\n<\/div>\n<div class=\"wf-cell iso-item category-31\" data-post-id=\"23872\" data-date=\"2020-05-12T12:26:59+02:00\" data-name=\"\u00c8xit a la confer\u00e8ncia: &quot;Aer\u00f2droms No Controlats&quot;\">\n\t<article class=\"post post-23872 type-post status-publish format-standard has-post-thumbnail hentry category-actividades-ca category-31 bg-on fullwidth-img description-off\">\n\n\t\t\n\t\t\t<div class=\"blog-media wf-td\">\n\n\t\t\t\t<p><a href=\"https:\/\/aeroclub.es\/ca\/2020\/05\/exit-a-la-conferencia-aerodroms-no-controlats\/\" class=\"alignnone rollover\" ><img loading=\"lazy\" decoding=\"async\" class=\"preload-me aspect\" src=\"https:\/\/aeroclub.es\/wp-content\/uploads\/2020\/05\/2005_conf_no_controlados-555x286.jpg\" srcset=\"https:\/\/aeroclub.es\/wp-content\/uploads\/2020\/05\/2005_conf_no_controlados-555x286.jpg 555w, https:\/\/aeroclub.es\/wp-content\/uploads\/2020\/05\/2005_conf_no_controlados-898x463.jpg 898w\" style=\"--ratio: 555 \/ 286\" sizes=\"auto, (max-width: 555px) 100vw, 555px\" alt=\"\" title=\"2005_conf_no_controlados\" width=\"555\" height=\"286\"  \/><\/a><\/p>\n\t\t\t<\/div>\n\n\t\t\n\t\t<div class=\"blog-content wf-td\">\n\t\t\t<h3 class=\"entry-title\"><a href=\"https:\/\/aeroclub.es\/ca\/2020\/05\/exit-a-la-conferencia-aerodroms-no-controlats\/\" title=\"\u00c8xit a la confer\u00e8ncia: &#8220;Aer\u00f2droms No Controlats&#8221;\" rel=\"bookmark\">\u00c8xit a la confer\u00e8ncia: &#8220;Aer\u00f2droms No Controlats&#8221;<\/a><\/h3>\n\n\t\t\t<p>Dissabte 9 de maig es va dur a terme la conferencia telem\u00e0tica sobre \u201cAer\u00f2droms No Controlats\u201d que van realitzar els Srs. Carles Aguado i Bartomeu Barber\u00e0, pilots de transports de l\u00ednies a\u00e8ries i instructors, els ponents van explicar quins s\u00f3n els procediments b\u00e0sics per operar en camps sense torre de control, els circuits que cal&hellip;<\/p>\n\n\t\t<\/div>\n\n\t<\/article>\n\n<\/div>\n<div class=\"wf-cell iso-item category-34 category-141\" data-post-id=\"23835\" data-date=\"2020-05-07T09:04:00+02:00\" data-name=\"Resoluci\u00f3 AESA: Extensi\u00f3 de la validesa de les llic\u00e8ncies i altres permisos\">\n\t<article class=\"post post-23835 type-post status-publish format-standard has-post-thumbnail hentry category-destacat category-ultima-hora-ca category-34 category-141 bg-on fullwidth-img description-off\">\n\n\t\t\n\t\t\t<div class=\"blog-media wf-td\">\n\n\t\t\t\t<p><a href=\"https:\/\/aeroclub.es\/ca\/2020\/05\/resolucio-aesa-extensio-de-la-validesa-de-les-llicencies-i-altres-permisos\/\" class=\"alignnone rollover\" ><img loading=\"lazy\" decoding=\"async\" class=\"preload-me aspect\" src=\"https:\/\/aeroclub.es\/wp-content\/uploads\/2020\/05\/aesa-555x286.jpg\" srcset=\"https:\/\/aeroclub.es\/wp-content\/uploads\/2020\/05\/aesa-555x286.jpg 555w, https:\/\/aeroclub.es\/wp-content\/uploads\/2020\/05\/aesa-898x463.jpg 898w\" style=\"--ratio: 555 \/ 286\" sizes=\"auto, (max-width: 555px) 100vw, 555px\" alt=\"\" title=\"aesa\" width=\"555\" height=\"286\"  \/><\/a><\/p>\n\t\t\t<\/div>\n\n\t\t\n\t\t<div class=\"blog-content wf-td\">\n\t\t\t<h3 class=\"entry-title\"><a href=\"https:\/\/aeroclub.es\/ca\/2020\/05\/resolucio-aesa-extensio-de-la-validesa-de-les-llicencies-i-altres-permisos\/\" title=\"Resoluci\u00f3 AESA: Extensi\u00f3 de la validesa de les llic\u00e8ncies i altres permisos\" rel=\"bookmark\">Resoluci\u00f3 AESA: Extensi\u00f3 de la validesa de les llic\u00e8ncies i altres permisos<\/a><\/h3>\n\n\t\t\t<p>Resoluci\u00f3 oficial de L\u2019AESA.<\/p>\n\n\t\t<\/div>\n\n\t<\/article>\n\n<\/div>\n<div class=\"wf-cell iso-item category-31\" data-post-id=\"23814\" data-date=\"2020-05-05T19:05:44+02:00\" data-name=\"Videoconfer\u00e8ncia: \u201cAer\u00f2droms No Controlats\u201d\">\n\t<article class=\"post post-23814 type-post status-publish format-standard has-post-thumbnail hentry category-actividades-ca category-31 bg-on fullwidth-img description-off\">\n\n\t\t\n\t\t\t<div class=\"blog-media wf-td\">\n\n\t\t\t\t<p><a href=\"https:\/\/aeroclub.es\/ca\/2020\/05\/videoconferencia-aerodromos-no-controlados\/\" class=\"alignnone rollover\" ><img loading=\"lazy\" decoding=\"async\" class=\"preload-me aspect\" src=\"https:\/\/aeroclub.es\/wp-content\/uploads\/2020\/05\/2005_conf_no_controlados-555x286.jpg\" srcset=\"https:\/\/aeroclub.es\/wp-content\/uploads\/2020\/05\/2005_conf_no_controlados-555x286.jpg 555w, https:\/\/aeroclub.es\/wp-content\/uploads\/2020\/05\/2005_conf_no_controlados-898x463.jpg 898w\" style=\"--ratio: 555 \/ 286\" sizes=\"auto, (max-width: 555px) 100vw, 555px\" alt=\"\" title=\"2005_conf_no_controlados\" width=\"555\" height=\"286\"  \/><\/a><\/p>\n\t\t\t<\/div>\n\n\t\t\n\t\t<div class=\"blog-content wf-td\">\n\t\t\t<h3 class=\"entry-title\"><a href=\"https:\/\/aeroclub.es\/ca\/2020\/05\/videoconferencia-aerodromos-no-controlados\/\" title=\"Videoconfer\u00e8ncia: \u201cAer\u00f2droms No Controlats\u201d\" rel=\"bookmark\">Videoconfer\u00e8ncia: \u201cAer\u00f2droms No Controlats\u201d<\/a><\/h3>\n\n\t\t\t<p>El proper\u00a0dissabte 9 de maig a les 11 h\u00a0et convidem a participar a la confer\u00e8ncia \u201cAer\u00f2droms No Controlats\u201d que desenvoluparan els pilots professionals i instructors Srs. Bartomeu Barber\u00e0 i Carles Aguado. A la xerrada explicaran com, quan i qu\u00e8 cal comunicar en un aer\u00f2drom controlat, els procediments operacionals del camp, entre altres q\u00fcestions interessants. Si&hellip;<\/p>\n\n\t\t<\/div>\n\n\t<\/article>\n\n<\/div>\n<div class=\"wf-cell iso-item category-141\" data-post-id=\"23798\" data-date=\"2020-05-04T17:43:08+02:00\" data-name=\"Entrevista al president de l&#039;Aeroclub per la crisi del sector aeron\u00e0utic arrel del Covid19\">\n\t<article class=\"post post-23798 type-post status-publish format-standard has-post-thumbnail hentry category-ultima-hora-ca category-141 bg-on fullwidth-img description-off\">\n\n\t\t\n\t\t\t<div class=\"blog-media wf-td\">\n\n\t\t\t\t<p><a href=\"https:\/\/aeroclub.es\/ca\/2020\/05\/entrevista-al-president-de-laeroclub-per-la-crisi-del-sector-aeronautic-arrel-del-covid19\/\" class=\"alignnone rollover\" ><img loading=\"lazy\" decoding=\"async\" class=\"preload-me aspect\" src=\"https:\/\/aeroclub.es\/wp-content\/uploads\/2020\/05\/entrevista_ser-555x286.jpg\" srcset=\"https:\/\/aeroclub.es\/wp-content\/uploads\/2020\/05\/entrevista_ser-555x286.jpg 555w, https:\/\/aeroclub.es\/wp-content\/uploads\/2020\/05\/entrevista_ser-898x463.jpg 898w\" style=\"--ratio: 555 \/ 286\" sizes=\"auto, (max-width: 555px) 100vw, 555px\" alt=\"\" title=\"entrevista_ser\" width=\"555\" height=\"286\"  \/><\/a><\/p>\n\t\t\t<\/div>\n\n\t\t\n\t\t<div class=\"blog-content wf-td\">\n\t\t\t<h3 class=\"entry-title\"><a href=\"https:\/\/aeroclub.es\/ca\/2020\/05\/entrevista-al-president-de-laeroclub-per-la-crisi-del-sector-aeronautic-arrel-del-covid19\/\" title=\"Entrevista al president de l&#8217;Aeroclub per la crisi del sector aeron\u00e0utic arrel del Covid19\" rel=\"bookmark\">Entrevista al president de l&#8217;Aeroclub per la crisi del sector aeron\u00e0utic arrel del Covid19<\/a><\/h3>\n\n\t\t\t<p>El periodista Josep Cun\u00ed entrevista al president de l&#8217;Aeroclub Barcelona-Sabadell per parlar de la situaci\u00f3 de l&#8217;aviaci\u00f3 general arrel de la crisi pel Covid-19 i de com est\u00e0 prevista la recuperaci\u00f3 de l&#8217;activitat de vol. Escucha &#8220;ENTREVISTA Pere-Joan Nogueroles (aeroclub Sabadell) i Javier Ortega: La crisi al sector aeron\u00e0utic&#8221; en Play SER<\/p>\n\n\t\t<\/div>\n\n\t<\/article>\n\n<\/div>\n<div class=\"wf-cell iso-item category-31\" data-post-id=\"23766\" data-date=\"2020-05-04T09:36:08+02:00\" data-name=\"\u00c8xit a la confer\u00e8ncia: &quot;Vol a Muntanya&quot;\">\n\t<article class=\"post post-23766 type-post status-publish format-standard has-post-thumbnail hentry category-actividades-ca category-31 bg-on fullwidth-img description-off\">\n\n\t\t\n\t\t\t<div class=\"blog-media wf-td\">\n\n\t\t\t\t<p><a href=\"https:\/\/aeroclub.es\/ca\/2020\/05\/exit-a-la-conferencia-vol-a-muntanya\/\" class=\"alignnone rollover\" ><img loading=\"lazy\" decoding=\"async\" class=\"preload-me aspect\" src=\"https:\/\/aeroclub.es\/wp-content\/uploads\/2020\/04\/foto_c172_r-555x286.jpg\" srcset=\"https:\/\/aeroclub.es\/wp-content\/uploads\/2020\/04\/foto_c172_r-555x286.jpg 555w, https:\/\/aeroclub.es\/wp-content\/uploads\/2020\/04\/foto_c172_r-898x463.jpg 898w\" style=\"--ratio: 555 \/ 286\" sizes=\"auto, (max-width: 555px) 100vw, 555px\" alt=\"\" title=\"foto_c172_r\" width=\"555\" height=\"286\"  \/><\/a><\/p>\n\t\t\t<\/div>\n\n\t\t\n\t\t<div class=\"blog-content wf-td\">\n\t\t\t<h3 class=\"entry-title\"><a href=\"https:\/\/aeroclub.es\/ca\/2020\/05\/exit-a-la-conferencia-vol-a-muntanya\/\" title=\"\u00c8xit a la confer\u00e8ncia: &#8220;Vol a Muntanya&#8221;\" rel=\"bookmark\">\u00c8xit a la confer\u00e8ncia: &#8220;Vol a Muntanya&#8221;<\/a><\/h3>\n\n\t\t\t<p>Nou \u00e8xit de participaci\u00f3 a la conferencia telem\u00e0tica de dissabte 02\/05\/2020 sobre \u201cVol a Muntanya\u201d que han dut a terme els pilots Sergi Pujol i Santi Lopezbarrena, els ponents han explicat en unes molt did\u00e0ctiques presentacions els trets m\u00e9s important que cal tenir en compte a l\u2019hora de volar en \u00e0rees de muntanya, incidint en&hellip;<\/p>\n\n\t\t<\/div>\n\n\t<\/article>\n\n<\/div>\n<div class=\"wf-cell iso-item category-31\" data-post-id=\"23757\" data-date=\"2020-05-03T21:29:09+02:00\" data-name=\"3a edici\u00f3 de L&#039;Aeroclub Quiz\">\n\t<article class=\"post post-23757 type-post status-publish format-standard has-post-thumbnail hentry category-actividades-ca category-31 bg-on fullwidth-img description-off\">\n\n\t\t\n\t\t\t<div class=\"blog-media wf-td\">\n\n\t\t\t\t<p><a href=\"https:\/\/aeroclub.es\/ca\/2020\/05\/3a-edicio-de-laeroclub-quiz\/\" class=\"alignnone rollover\" ><img loading=\"lazy\" decoding=\"async\" class=\"preload-me aspect\" src=\"https:\/\/aeroclub.es\/wp-content\/uploads\/2020\/05\/cessna-2726401_1280-555x286.jpg\" srcset=\"https:\/\/aeroclub.es\/wp-content\/uploads\/2020\/05\/cessna-2726401_1280-555x286.jpg 555w, https:\/\/aeroclub.es\/wp-content\/uploads\/2020\/05\/cessna-2726401_1280-898x463.jpg 898w\" style=\"--ratio: 555 \/ 286\" sizes=\"auto, (max-width: 555px) 100vw, 555px\" alt=\"\" title=\"cessna-2726401_1280\" width=\"555\" height=\"286\"  \/><\/a><\/p>\n\t\t\t<\/div>\n\n\t\t\n\t\t<div class=\"blog-content wf-td\">\n\t\t\t<h3 class=\"entry-title\"><a href=\"https:\/\/aeroclub.es\/ca\/2020\/05\/3a-edicio-de-laeroclub-quiz\/\" title=\"3a edici\u00f3 de L&#8217;Aeroclub Quiz\" rel=\"bookmark\">3a edici\u00f3 de L&#8217;Aeroclub Quiz<\/a><\/h3>\n\n\t\t\t<p>El club ha dut a terme avui 3\/05 la tercera edici\u00f3 del joc telem\u00e0tic Aeroclub Quiz on els participants han optat a per poder guanyar 2 hores de vol en Cessna 172 R\/S o l\u2019import equivalent amb una altra aeronau. En aquesta ocasi\u00f3 el soci H\u00e8ctor Verdegay ha assolit la primera posici\u00f3 de l\u2019Aeroclub Quiz&hellip;<\/p>\n\n\t\t<\/div>\n\n\t<\/article>\n\n<\/div>\n<div class=\"wf-cell iso-item category-318\" data-post-id=\"23728\" data-date=\"2020-05-01T10:20:36+02:00\" data-name=\"Competici\u00f3 virtual de Vol a Vela\">\n\t<article class=\"post post-23728 type-post status-publish format-standard has-post-thumbnail hentry category-competicions category-318 bg-on fullwidth-img description-off\">\n\n\t\t\n\t\t\t<div class=\"blog-media wf-td\">\n\n\t\t\t\t<p><a href=\"https:\/\/aeroclub.es\/ca\/2020\/05\/competicio-virtual-de-vol-a-vela\/\" class=\"alignnone rollover\" ><img loading=\"lazy\" decoding=\"async\" class=\"preload-me aspect\" src=\"https:\/\/aeroclub.es\/wp-content\/uploads\/2020\/05\/condor-555x286.jpg\" srcset=\"https:\/\/aeroclub.es\/wp-content\/uploads\/2020\/05\/condor-555x286.jpg 555w, https:\/\/aeroclub.es\/wp-content\/uploads\/2020\/05\/condor-898x463.jpg 898w\" style=\"--ratio: 555 \/ 286\" sizes=\"auto, (max-width: 555px) 100vw, 555px\" alt=\"\" title=\"condor\" width=\"555\" height=\"286\"  \/><\/a><\/p>\n\t\t\t<\/div>\n\n\t\t\n\t\t<div class=\"blog-content wf-td\">\n\t\t\t<h3 class=\"entry-title\"><a href=\"https:\/\/aeroclub.es\/ca\/2020\/05\/competicio-virtual-de-vol-a-vela\/\" title=\"Competici\u00f3 virtual de Vol a Vela\" rel=\"bookmark\">Competici\u00f3 virtual de Vol a Vela<\/a><\/h3>\n\n\t\t\t<p>Del 27 d&#8217;abril al 3 de maig els pilots del club de l&#8217;especialitat de vol a vela estant duent a terme una competici\u00f3 virtual amb el simulador Condor. A la competici\u00f3, els 70 pilots que hi participen de diferents clubs, han de volar al voltant de 250 km diaris amb diferents graus de dificultat i&hellip;<\/p>\n\n\t\t<\/div>\n\n\t<\/article>\n\n<\/div>\n<div class=\"wf-cell iso-item category-31\" data-post-id=\"23706\" data-date=\"2020-04-29T18:46:23+02:00\" data-name=\"Teleconfer\u00e8ncia: Vol de muntanya\">\n\t<article class=\"post post-23706 type-post status-publish format-standard has-post-thumbnail hentry category-actividades-ca category-31 bg-on fullwidth-img description-off\">\n\n\t\t\n\t\t\t<div class=\"blog-media wf-td\">\n\n\t\t\t\t<p><a href=\"https:\/\/aeroclub.es\/ca\/2020\/04\/teleconferencia-vol-de-muntanya\/\" class=\"alignnone rollover\" ><img loading=\"lazy\" decoding=\"async\" class=\"preload-me aspect\" src=\"https:\/\/aeroclub.es\/wp-content\/uploads\/2020\/04\/foto_c172_r-555x286.jpg\" srcset=\"https:\/\/aeroclub.es\/wp-content\/uploads\/2020\/04\/foto_c172_r-555x286.jpg 555w, https:\/\/aeroclub.es\/wp-content\/uploads\/2020\/04\/foto_c172_r-898x463.jpg 898w\" style=\"--ratio: 555 \/ 286\" sizes=\"auto, (max-width: 555px) 100vw, 555px\" alt=\"\" title=\"foto_c172_r\" width=\"555\" height=\"286\"  \/><\/a><\/p>\n\t\t\t<\/div>\n\n\t\t\n\t\t<div class=\"blog-content wf-td\">\n\t\t\t<h3 class=\"entry-title\"><a href=\"https:\/\/aeroclub.es\/ca\/2020\/04\/teleconferencia-vol-de-muntanya\/\" title=\"Teleconfer\u00e8ncia: Vol de muntanya\" rel=\"bookmark\">Teleconfer\u00e8ncia: Vol de muntanya<\/a><\/h3>\n\n\t\t\t<p>El convidem a participar el proper dissabte 2 de maig a les 11 h a la nova confer\u00e8ncia telem\u00e0tica per socis del club.\u00a0 En aquesta ocasi\u00f3 amb el t\u00edtol \u201cVol de muntanya\u201d els pilots Sergi Pujol i Santi Lopezbarrena ens explicaran q\u00fcestions tan interessants com l\u2019aprofitament de les condicions meteorol\u00f2giques, les performances dels avions a&hellip;<\/p>\n\n\t\t<\/div>\n\n\t<\/article>\n\n<\/div>\n<div class=\"wf-cell iso-item category-31 category-138\" data-post-id=\"23691\" data-date=\"2020-04-28T12:31:01+02:00\" data-name=\"2a edici\u00f3 de L&#039;Aeroclub Quiz\">\n\t<article class=\"post post-23691 type-post status-publish format-standard has-post-thumbnail hentry category-actividades-ca category-club-ca category-31 category-138 bg-on fullwidth-img description-off\">\n\n\t\t\n\t\t\t<div class=\"blog-media wf-td\">\n\n\t\t\t\t<p><a href=\"https:\/\/aeroclub.es\/ca\/2020\/04\/2a-edicio-de-laeroclub-quiz\/\" class=\"alignnone rollover\" ><img loading=\"lazy\" decoding=\"async\" class=\"preload-me aspect\" src=\"https:\/\/aeroclub.es\/wp-content\/uploads\/2020\/04\/cessna-555x286.jpg\" srcset=\"https:\/\/aeroclub.es\/wp-content\/uploads\/2020\/04\/cessna-555x286.jpg 555w, https:\/\/aeroclub.es\/wp-content\/uploads\/2020\/04\/cessna-898x463.jpg 898w\" style=\"--ratio: 555 \/ 286\" sizes=\"auto, (max-width: 555px) 100vw, 555px\" alt=\"\" title=\"cessna\" width=\"555\" height=\"286\"  \/><\/a><\/p>\n\t\t\t<\/div>\n\n\t\t\n\t\t<div class=\"blog-content wf-td\">\n\t\t\t<h3 class=\"entry-title\"><a href=\"https:\/\/aeroclub.es\/ca\/2020\/04\/2a-edicio-de-laeroclub-quiz\/\" title=\"2a edici\u00f3 de L&#8217;Aeroclub Quiz\" rel=\"bookmark\">2a edici\u00f3 de L&#8217;Aeroclub Quiz<\/a><\/h3>\n\n\t\t\t<p>Novament, diumenge 26 d\u2019abril, el club ha dut a terme la segona edici\u00f3 del joc telem\u00e0tic per poder guanyar 2 hores de vol en Cessna 172 R\/S o l\u2019import equivalent amb una altra aeronau. &nbsp; En aquesta ocasi\u00f3 la s\u00f2cia Erika Fuentes ha assolit la primera posici\u00f3 de L\u2019Aeroclub Quiz i podr\u00e0 gaudir d\u2019una fant\u00e0stica&hellip;<\/p>\n\n\t\t<\/div>\n\n\t<\/article>\n\n<\/div>\n<div class=\"wf-cell iso-item category-31\" data-post-id=\"23683\" data-date=\"2020-04-28T09:54:36+02:00\" data-name=\"Doble sessi\u00f3 de confer\u00e8ncies a L&#039;Aeroclub\">\n\t<article class=\"post post-23683 type-post status-publish format-standard has-post-thumbnail hentry category-actividades-ca category-31 bg-on fullwidth-img description-off\">\n\n\t\t\n\t\t\t<div class=\"blog-media wf-td\">\n\n\t\t\t\t<p><a href=\"https:\/\/aeroclub.es\/ca\/2020\/04\/doble-sessio-de-conferencies-a-laeroclub\/\" class=\"alignnone rollover\" ><img loading=\"lazy\" decoding=\"async\" class=\"preload-me aspect\" src=\"https:\/\/aeroclub.es\/wp-content\/uploads\/2020\/04\/2004-conf_europa-555x286.jpg\" srcset=\"https:\/\/aeroclub.es\/wp-content\/uploads\/2020\/04\/2004-conf_europa-555x286.jpg 555w, https:\/\/aeroclub.es\/wp-content\/uploads\/2020\/04\/2004-conf_europa-898x463.jpg 898w\" style=\"--ratio: 555 \/ 286\" sizes=\"auto, (max-width: 555px) 100vw, 555px\" alt=\"\" title=\"2004-conf_europa\" width=\"555\" height=\"286\"  \/><\/a><\/p>\n\t\t\t<\/div>\n\n\t\t\n\t\t<div class=\"blog-content wf-td\">\n\t\t\t<h3 class=\"entry-title\"><a href=\"https:\/\/aeroclub.es\/ca\/2020\/04\/doble-sessio-de-conferencies-a-laeroclub\/\" title=\"Doble sessi\u00f3 de confer\u00e8ncies a L&#8217;Aeroclub\" rel=\"bookmark\">Doble sessi\u00f3 de confer\u00e8ncies a L&#8217;Aeroclub<\/a><\/h3>\n\n\t\t\t<p>Dissabte 25 doble sessi\u00f3 de confer\u00e8ncies telem\u00e0tiques. Al mat\u00ed el president de L\u2019Aeroclub, Sr. Pere-Joan Nogueroles va portar als participants a un viatge per Europa, enlairant-se des del camp de vol de Viladamat fins a Eslov\u00e0quia descobrint magn\u00edfics aer\u00f2droms i paisatges extraordinaris. A la tarda l\u2019instructor del club Sr. Rub\u00e9n Gonz\u00e1lez explica les aplicacions m\u00e9s&hellip;<\/p>\n\n\t\t<\/div>\n\n\t<\/article>\n\n<\/div>\n<div class=\"wf-cell iso-item category-31 category-191\" data-post-id=\"23652\" data-date=\"2020-04-25T10:19:05+02:00\" data-name=\"Videoconfer\u00e8ncia: &quot;Com fer \u00fas de les noves tecnologies per preparar un vol&quot;\">\n\t<article class=\"post post-23652 type-post status-publish format-standard has-post-thumbnail hentry category-actividades-ca category-escuela-ca category-31 category-191 bg-on fullwidth-img description-off\">\n\n\t\t\n\t\t\t<div class=\"blog-media wf-td\">\n\n\t\t\t\t<p><a href=\"https:\/\/aeroclub.es\/ca\/2020\/04\/videoconferencia-com-fer-us-de-les-noves-tecnologies-per-preparar-un-vol\/\" class=\"alignnone rollover\" ><img loading=\"lazy\" decoding=\"async\" class=\"preload-me aspect\" src=\"https:\/\/aeroclub.es\/wp-content\/uploads\/2020\/04\/2004-conf_how-555x239.jpg\" srcset=\"https:\/\/aeroclub.es\/wp-content\/uploads\/2020\/04\/2004-conf_how-555x239.jpg 555w, https:\/\/aeroclub.es\/wp-content\/uploads\/2020\/04\/2004-conf_how-898x387.jpg 898w\" style=\"--ratio: 555 \/ 239\" sizes=\"auto, (max-width: 555px) 100vw, 555px\" alt=\"\" title=\"2004-conf_how\" width=\"555\" height=\"239\"  \/><\/a><\/p>\n\t\t\t<\/div>\n\n\t\t\n\t\t<div class=\"blog-content wf-td\">\n\t\t\t<h3 class=\"entry-title\"><a href=\"https:\/\/aeroclub.es\/ca\/2020\/04\/videoconferencia-com-fer-us-de-les-noves-tecnologies-per-preparar-un-vol\/\" title=\"Videoconfer\u00e8ncia: &#8220;Com fer \u00fas de les noves tecnologies per preparar un vol&#8221;\" rel=\"bookmark\">Videoconfer\u00e8ncia: &#8220;Com fer \u00fas de les noves tecnologies per preparar un vol&#8221;<\/a><\/h3>\n\n\t\t\t<p>Dissabte 25 d\u2019abril a les 16 h es desenvolupar\u00e0 una conferencia per alumnes de l\u2019escola, la xerrada que tindr\u00e0 com a t\u00edtol \u201dCom fer \u00fas de les noves tecnologies per preparar un vol\u201d tractar\u00e0, entre altres q\u00fcestions, de com fer el pla de vol amb una app, com preparar un bon routing, etc. El ponent&hellip;<\/p>\n\n\t\t<\/div>\n\n\t<\/article>\n\n<\/div>\n<div class=\"wf-cell iso-item category-31\" data-post-id=\"23588\" data-date=\"2020-04-19T14:57:50+02:00\" data-name=\"1er joc telem\u00e0tic de L&#039;Aeroclub Quiz\">\n\t<article class=\"post post-23588 type-post status-publish format-standard has-post-thumbnail hentry category-actividades-ca category-31 bg-on fullwidth-img description-off\">\n\n\t\t\n\t\t\t<div class=\"blog-media wf-td\">\n\n\t\t\t\t<p><a href=\"https:\/\/aeroclub.es\/ca\/2020\/04\/1er-joc-telematic-de-laeroclub-quiz\/\" class=\"alignnone rollover\" ><img loading=\"lazy\" decoding=\"async\" class=\"preload-me aspect\" src=\"https:\/\/aeroclub.es\/wp-content\/uploads\/2020\/04\/achievement-1238472_1280-555x348.jpg\" srcset=\"https:\/\/aeroclub.es\/wp-content\/uploads\/2020\/04\/achievement-1238472_1280-555x348.jpg 555w, https:\/\/aeroclub.es\/wp-content\/uploads\/2020\/04\/achievement-1238472_1280-1110x696.jpg 1110w\" style=\"--ratio: 555 \/ 348\" sizes=\"auto, (max-width: 555px) 100vw, 555px\" alt=\"\" title=\"achievement-1238472_1280\" width=\"555\" height=\"348\"  \/><\/a><\/p>\n\t\t\t<\/div>\n\n\t\t\n\t\t<div class=\"blog-content wf-td\">\n\t\t\t<h3 class=\"entry-title\"><a href=\"https:\/\/aeroclub.es\/ca\/2020\/04\/1er-joc-telematic-de-laeroclub-quiz\/\" title=\"1er joc telem\u00e0tic de L&#8217;Aeroclub Quiz\" rel=\"bookmark\">1er joc telem\u00e0tic de L&#8217;Aeroclub Quiz<\/a><\/h3>\n\n\t\t\t<p>El club ha dut a terme el primer joc telem\u00e0tic per poder guanyar 2 hores de vol en Cessna 172 R\/S o l\u2019import equivalent amb una altra aeronau. Aquest primer Aeroclub Quiz l\u2019ha guanyat el soci H\u00e8ctor Verdegay que podr\u00e0 gaudir d\u2019aquest fant\u00e0stic premi. L\u2019H\u00e8ctor ha encertat les 20 preguntes sobre coneixements generals, curiositats i&hellip;<\/p>\n\n\t\t<\/div>\n\n\t<\/article>\n\n<\/div>\n<div class=\"wf-cell iso-item category-31\" data-post-id=\"23586\" data-date=\"2020-04-19T14:49:51+02:00\" data-name=\"Teleconfer\u00e8ncia: Comuniquem o xerrem?\">\n\t<article class=\"post post-23586 type-post status-publish format-standard has-post-thumbnail hentry category-actividades-ca category-31 bg-on fullwidth-img description-off\">\n\n\t\t\n\t\t\t<div class=\"blog-media wf-td\">\n\n\t\t\t\t<p><a href=\"https:\/\/aeroclub.es\/ca\/2020\/04\/teleconferencia-comuniquem-o-xerrem\/\" class=\"alignnone rollover\" ><img loading=\"lazy\" decoding=\"async\" class=\"preload-me aspect\" src=\"https:\/\/aeroclub.es\/wp-content\/uploads\/2020\/03\/comuniquem.jpg\" srcset=\"https:\/\/aeroclub.es\/wp-content\/uploads\/2020\/03\/comuniquem.jpg 548w\" style=\"--ratio: 548 \/ 308\" sizes=\"auto, (max-width: 548px) 100vw, 548px\" alt=\"\" title=\"comuniquem\" width=\"548\" height=\"308\"  \/><\/a><\/p>\n\t\t\t<\/div>\n\n\t\t\n\t\t<div class=\"blog-content wf-td\">\n\t\t\t<h3 class=\"entry-title\"><a href=\"https:\/\/aeroclub.es\/ca\/2020\/04\/teleconferencia-comuniquem-o-xerrem\/\" title=\"Teleconfer\u00e8ncia: Comuniquem o xerrem?\" rel=\"bookmark\">Teleconfer\u00e8ncia: Comuniquem o xerrem?<\/a><\/h3>\n\n\t\t\t<p>El club ha dut a terme la tercera conferencia telem\u00e0tica, en aquesta ocasi\u00f3 amb el tema \u201cComuniquem o xerrem?\u201d, el ponent Sr. Bartomeu Barber\u00e0, Enginyer en Telecomunicacions i Pilot de Transport de L\u00ednies a\u00e8ries ha explicat breument les q\u00fcestions te\u00f2riques i els missatges m\u00e9s important per comunicar b\u00e9, i amb exemples pr\u00e0ctics de situacions reals&hellip;<\/p>\n\n\t\t<\/div>\n\n\t<\/article>\n\n<\/div>\n<div class=\"wf-cell iso-item category-31\" data-post-id=\"23531\" data-date=\"2020-04-11T16:12:56+02:00\" data-name=\"Conferencia: &quot;L&#039;exc\u00e9s de confian\u00e7a comporta una mala planificaci\u00f3&quot;\">\n\t<article class=\"post post-23531 type-post status-publish format-standard has-post-thumbnail hentry category-actividades-ca category-31 bg-on fullwidth-img description-off\">\n\n\t\t\n\t\t\t<div class=\"blog-media wf-td\">\n\n\t\t\t\t<p><a href=\"https:\/\/aeroclub.es\/ca\/2020\/04\/conferencia-el-exceso-de-confianza-comporta-una-mala-planificacion\/\" class=\"alignnone rollover\" ><img loading=\"lazy\" decoding=\"async\" class=\"preload-me aspect\" src=\"https:\/\/aeroclub.es\/wp-content\/uploads\/2020\/04\/big-IAC-555x232.jpg\" srcset=\"https:\/\/aeroclub.es\/wp-content\/uploads\/2020\/04\/big-IAC-555x232.jpg 555w, https:\/\/aeroclub.es\/wp-content\/uploads\/2020\/04\/big-IAC.jpg 1019w\" style=\"--ratio: 555 \/ 232\" sizes=\"auto, (max-width: 555px) 100vw, 555px\" alt=\"\" title=\"big-IAC\" width=\"555\" height=\"232\"  \/><\/a><\/p>\n\t\t\t<\/div>\n\n\t\t\n\t\t<div class=\"blog-content wf-td\">\n\t\t\t<h3 class=\"entry-title\"><a href=\"https:\/\/aeroclub.es\/ca\/2020\/04\/conferencia-el-exceso-de-confianza-comporta-una-mala-planificacion\/\" title=\"Conferencia: &#8220;L&#8217;exc\u00e9s de confian\u00e7a comporta una mala planificaci\u00f3&#8221;\" rel=\"bookmark\">Conferencia: &#8220;L&#8217;exc\u00e9s de confian\u00e7a comporta una mala planificaci\u00f3&#8221;<\/a><\/h3>\n\n\t\t\t<p>El club ha dut a terme avui la segona conferencia telem\u00e0tica, en aquesta ocasi\u00f3 amb el tema \u201cL\u2019exc\u00e9s de confian\u00e7a comporta una mala planificaci\u00f3\u201d, el ponent Sr. Jos\u00e9 Manuel Duque, cap de seguretat operacional del club ha exposat de forma sintetitzada els factors m\u00e9s importants que cal tenir en compte a l\u2019hora de planificar un&hellip;<\/p>\n\n\t\t<\/div>\n\n\t<\/article>\n\n<\/div>\n<div class=\"wf-cell iso-item category-31\" data-post-id=\"23496\" data-date=\"2020-04-09T17:22:25+02:00\" data-name=\"El Joc de L&#039;Aeroclub - Guanya 2 hores de vol\">\n\t<article class=\"post post-23496 type-post status-publish format-standard has-post-thumbnail hentry category-actividades-ca category-31 bg-on fullwidth-img description-off\">\n\n\t\t\n\t\t\t<div class=\"blog-media wf-td\">\n\n\t\t\t\t<p><a href=\"https:\/\/aeroclub.es\/ca\/2020\/04\/el-juego-de-laeroclub-gana-2-horas-de-vuelo\/\" class=\"alignnone rollover\" ><img loading=\"lazy\" decoding=\"async\" class=\"preload-me aspect\" src=\"https:\/\/aeroclub.es\/wp-content\/uploads\/2020\/04\/joc_aeroclub-1-555x290.jpg\" srcset=\"https:\/\/aeroclub.es\/wp-content\/uploads\/2020\/04\/joc_aeroclub-1-555x290.jpg 555w, https:\/\/aeroclub.es\/wp-content\/uploads\/2020\/04\/joc_aeroclub-1.jpg 799w\" style=\"--ratio: 555 \/ 290\" sizes=\"auto, (max-width: 555px) 100vw, 555px\" alt=\"\" title=\"joc_aeroclub\" width=\"555\" height=\"290\"  \/><\/a><\/p>\n\t\t\t<\/div>\n\n\t\t\n\t\t<div class=\"blog-content wf-td\">\n\t\t\t<h3 class=\"entry-title\"><a href=\"https:\/\/aeroclub.es\/ca\/2020\/04\/el-juego-de-laeroclub-gana-2-horas-de-vuelo\/\" title=\"El Joc de L&#8217;Aeroclub &#8211; Guanya 2 hores de vol\" rel=\"bookmark\">El Joc de L&#8217;Aeroclub &#8211; Guanya 2 hores de vol<\/a><\/h3>\n\n\t\t\t<p>Guanya 2 hores de vol en C172R o l\u2019import equivalent en un altre aeronau participant en el \u201cJoc de l\u2019Aeroclub\u201d. Ho aconseguir\u00e0s contestant correctament a 20 preguntes sobre hist\u00f2ria, aeronaus, coneixements generals d\u2019aviaci\u00f3 i curiositats. El joc es desenvolupar\u00e0 els diumenges 19 d\u2019abril, 26 d\u2019abril i 3 de maig a les 12 h mitjan\u00e7ant la&hellip;<\/p>\n\n\t\t<\/div>\n\n\t<\/article>\n\n<\/div>\n<div class=\"wf-cell iso-item category-31\" data-post-id=\"23476\" data-date=\"2020-04-09T17:05:06+02:00\" data-name=\"Properes activitats\">\n\t<article class=\"post post-23476 type-post status-publish format-standard has-post-thumbnail hentry category-actividades-ca category-31 bg-on fullwidth-img description-off\">\n\n\t\t\n\t\t\t<div class=\"blog-media wf-td\">\n\n\t\t\t\t<p><a href=\"https:\/\/aeroclub.es\/ca\/2020\/04\/properes-activitats\/\" class=\"alignnone rollover\" ><img loading=\"lazy\" decoding=\"async\" class=\"preload-me aspect\" src=\"https:\/\/aeroclub.es\/wp-content\/uploads\/2020\/04\/microphone-704257_1280-555x370.jpg\" srcset=\"https:\/\/aeroclub.es\/wp-content\/uploads\/2020\/04\/microphone-704257_1280-555x370.jpg 555w, https:\/\/aeroclub.es\/wp-content\/uploads\/2020\/04\/microphone-704257_1280-1110x740.jpg 1110w\" style=\"--ratio: 555 \/ 370\" sizes=\"auto, (max-width: 555px) 100vw, 555px\" alt=\"\" title=\"microphone-704257_1280\" width=\"555\" height=\"370\"  \/><\/a><\/p>\n\t\t\t<\/div>\n\n\t\t\n\t\t<div class=\"blog-content wf-td\">\n\t\t\t<h3 class=\"entry-title\"><a href=\"https:\/\/aeroclub.es\/ca\/2020\/04\/properes-activitats\/\" title=\"Properes activitats\" rel=\"bookmark\">Properes activitats<\/a><\/h3>\n\n\t\t\t<p>En relaci\u00f3 a les activitats que el club est\u00e0 duent a terme relacionades amb les confer\u00e8ncies telem\u00e0tiques volem agrair la teva participaci\u00f3 i les mostres de recolzament que estem reben la qual cosa ens anima a seguir treballant en aquesta nova forma de comunicar-nos. T\u2019informem del calendari dels propers dies: &nbsp; Confer\u00e8ncia: L&#8217;exc\u00e9s de confian\u00e7a&hellip;<\/p>\n\n\t\t<\/div>\n\n\t<\/article>\n\n<\/div>\n<div class=\"wf-cell iso-item category-138 category-141\" data-post-id=\"23429\" data-date=\"2020-04-04T18:20:28+02:00\" data-name=\"\u00c8xit de participaci\u00f3 a la primera teleconfer\u00e8ncia\">\n\t<article class=\"post post-23429 type-post status-publish format-standard has-post-thumbnail hentry category-club-ca category-ultima-hora-ca category-138 category-141 bg-on fullwidth-img description-off\">\n\n\t\t\n\t\t\t<div class=\"blog-media wf-td\">\n\n\t\t\t\t<p><a href=\"https:\/\/aeroclub.es\/ca\/2020\/04\/exit-de-participacio-a-la-primera-teleconferencia\/\" class=\"alignnone rollover\" ><img loading=\"lazy\" decoding=\"async\" class=\"preload-me aspect\" src=\"https:\/\/aeroclub.es\/wp-content\/uploads\/2020\/04\/2004_conferencia-555x345.jpg\" srcset=\"https:\/\/aeroclub.es\/wp-content\/uploads\/2020\/04\/2004_conferencia-555x345.jpg 555w, https:\/\/aeroclub.es\/wp-content\/uploads\/2020\/04\/2004_conferencia.jpg 800w\" style=\"--ratio: 555 \/ 345\" sizes=\"auto, (max-width: 555px) 100vw, 555px\" alt=\"\" title=\"2004_conferencia\" width=\"555\" height=\"345\"  \/><\/a><\/p>\n\t\t\t<\/div>\n\n\t\t\n\t\t<div class=\"blog-content wf-td\">\n\t\t\t<h3 class=\"entry-title\"><a href=\"https:\/\/aeroclub.es\/ca\/2020\/04\/exit-de-participacio-a-la-primera-teleconferencia\/\" title=\"\u00c8xit de participaci\u00f3 a la primera teleconfer\u00e8ncia\" rel=\"bookmark\">\u00c8xit de participaci\u00f3 a la primera teleconfer\u00e8ncia<\/a><\/h3>\n\n\t\t\t<p>\u00c8xit de participaci\u00f3 a la primera teleconfer\u00e8ncia de l\u2019Aeroclub amb el tema \u201cRebots per aterratge dur i desestabilitzat\u201d de la m\u00e0 del cap de seguretat operacional Sr. Jos\u00e9 Manuel Duque que ha realitzar una presentaci\u00f3 de les causes que provoquen aquests rebots i de les accions a fer per evitar-los. Hi ha participat un centenars&hellip;<\/p>\n\n\t\t<\/div>\n\n\t<\/article>\n\n<\/div>\n<div class=\"wf-cell iso-item category-31 category-34 category-37 category-3\" data-post-id=\"23379\" data-date=\"2020-04-02T16:38:33+02:00\" data-name=\"Confer\u00e8ncies Telem\u00e0tiques\">\n\t<article class=\"post post-23379 type-post status-publish format-standard has-post-thumbnail hentry category-actividades-ca category-destacat category-noticies category-uncategorized-ca category-31 category-34 category-37 category-3 bg-on fullwidth-img description-off\">\n\n\t\t\n\t\t\t<div class=\"blog-media wf-td\">\n\n\t\t\t\t<p><a href=\"https:\/\/aeroclub.es\/ca\/2020\/04\/conferencies-telematiques\/\" class=\"alignnone rollover\" ><img loading=\"lazy\" decoding=\"async\" class=\"preload-me aspect\" src=\"https:\/\/aeroclub.es\/wp-content\/uploads\/2020\/04\/home-office-336377_640-555x369.jpg\" srcset=\"https:\/\/aeroclub.es\/wp-content\/uploads\/2020\/04\/home-office-336377_640-555x369.jpg 555w, https:\/\/aeroclub.es\/wp-content\/uploads\/2020\/04\/home-office-336377_640.jpg 640w\" style=\"--ratio: 555 \/ 369\" sizes=\"auto, (max-width: 555px) 100vw, 555px\" alt=\"\" title=\"home-office-336377_640\" width=\"555\" height=\"369\"  \/><\/a><\/p>\n\t\t\t<\/div>\n\n\t\t\n\t\t<div class=\"blog-content wf-td\">\n\t\t\t<h3 class=\"entry-title\"><a href=\"https:\/\/aeroclub.es\/ca\/2020\/04\/conferencies-telematiques\/\" title=\"Confer\u00e8ncies Telem\u00e0tiques\" rel=\"bookmark\">Confer\u00e8ncies Telem\u00e0tiques<\/a><\/h3>\n\n\t\t\t<p>L&#8217;Aeroclub organitzar\u00e0 xerrades telem\u00e0tiques cada dissabte.<\/p>\n\n\t\t<\/div>\n\n\t<\/article>\n\n<\/div>\n<div class=\"wf-cell iso-item category-138\" data-post-id=\"23308\" data-date=\"2020-03-25T12:47:30+01:00\" data-name=\"Gr\u00e0cies per la teva col\u00b7laboraci\u00f3\">\n\t<article class=\"post post-23308 type-post status-publish format-standard has-post-thumbnail hentry category-club-ca category-138 bg-on fullwidth-img description-off\">\n\n\t\t\n\t\t\t<div class=\"blog-media wf-td\">\n\n\t\t\t\t<p><a href=\"https:\/\/aeroclub.es\/ca\/2020\/03\/gracies-per-la-teva-col%c2%b7laboracio\/\" class=\"alignnone rollover\" ><img loading=\"lazy\" decoding=\"async\" class=\"preload-me aspect\" src=\"https:\/\/aeroclub.es\/wp-content\/uploads\/2018\/12\/post-header-555x260.png\" srcset=\"https:\/\/aeroclub.es\/wp-content\/uploads\/2018\/12\/post-header-555x260.png 555w, https:\/\/aeroclub.es\/wp-content\/uploads\/2018\/12\/post-header.png 1024w\" style=\"--ratio: 555 \/ 260\" sizes=\"auto, (max-width: 555px) 100vw, 555px\" alt=\"\" title=\"post-header\" width=\"555\" height=\"260\"  \/><\/a><\/p>\n\t\t\t<\/div>\n\n\t\t\n\t\t<div class=\"blog-content wf-td\">\n\t\t\t<h3 class=\"entry-title\"><a href=\"https:\/\/aeroclub.es\/ca\/2020\/03\/gracies-per-la-teva-col%c2%b7laboracio\/\" title=\"Gr\u00e0cies per la teva col\u00b7laboraci\u00f3\" rel=\"bookmark\">Gr\u00e0cies per la teva col\u00b7laboraci\u00f3<\/a><\/h3>\n\n\t\t\t<p>Et volem informar que agra\u00efm les mostres de suport que hem rebut per part de molts socis de l\u2019entitat per la situaci\u00f3 de tancament del club i de les seves activitats. D&#8217;altra banda volem enviar-te un missatge d\u2019optimisme doncs estem treballant perqu\u00e8 despr\u00e9s d\u2019aquesta situaci\u00f3 d\u2019inactivitat temporal puguis gaudir no nom\u00e9s del teus vols habituals&hellip;<\/p>\n\n\t\t<\/div>\n\n\t<\/article>\n\n<\/div>\n<div class=\"wf-cell iso-item category-31 category-191\" data-post-id=\"23300\" data-date=\"2020-03-25T12:37:17+01:00\" data-name=\"COMUNIQUEM O XERREM? \u2013 Fem-ho f\u00e0cil!\">\n\t<article class=\"post post-23300 type-post status-publish format-standard has-post-thumbnail hentry category-actividades-ca category-escuela-ca category-31 category-191 bg-on fullwidth-img description-off\">\n\n\t\t\n\t\t\t<div class=\"blog-media wf-td\">\n\n\t\t\t\t<p><a href=\"https:\/\/aeroclub.es\/ca\/2020\/03\/comuniquem-o-xerrem-fem-ho-facil\/\" class=\"alignnone rollover\" ><img loading=\"lazy\" decoding=\"async\" class=\"preload-me aspect\" src=\"https:\/\/aeroclub.es\/wp-content\/uploads\/2020\/03\/comuniquem.jpg\" srcset=\"https:\/\/aeroclub.es\/wp-content\/uploads\/2020\/03\/comuniquem.jpg 548w\" style=\"--ratio: 548 \/ 308\" sizes=\"auto, (max-width: 548px) 100vw, 548px\" alt=\"\" title=\"comuniquem\" width=\"548\" height=\"308\"  \/><\/a><\/p>\n\t\t\t<\/div>\n\n\t\t\n\t\t<div class=\"blog-content wf-td\">\n\t\t\t<h3 class=\"entry-title\"><a href=\"https:\/\/aeroclub.es\/ca\/2020\/03\/comuniquem-o-xerrem-fem-ho-facil\/\" title=\"COMUNIQUEM O XERREM? \u2013 Fem-ho f\u00e0cil!\" rel=\"bookmark\">COMUNIQUEM O XERREM? \u2013 Fem-ho f\u00e0cil!<\/a><\/h3>\n\n\t\t\t<p>Et convidem a participar el proper 18 d\u2019abril a les 11 h a la confer\u00e8ncia sobre comunicacions que es dur\u00e0 a terme a l\u2019aula magna del club. Comuniquem o xerrem?, cal dur a terme bones practiques en les comunicacions per tal de saber comunicar i entendre degudament les instruccions que ens donen. El ponent Sr.&hellip;<\/p>\n\n\t\t<\/div>\n\n\t<\/article>\n\n<\/div>\n<div class=\"wf-cell iso-item category-318\" data-post-id=\"23290\" data-date=\"2020-03-25T12:23:59+01:00\" data-name=\"Competici\u00f3 de Vol a Motor\">\n\t<article class=\"post post-23290 type-post status-publish format-standard has-post-thumbnail hentry category-competicions category-318 bg-on fullwidth-img description-off\">\n\n\t\t\n\t\t\t<div class=\"blog-media wf-td\">\n\n\t\t\t\t<p><a href=\"https:\/\/aeroclub.es\/ca\/2020\/03\/competicio-de-vol-a-motor\/\" class=\"alignnone rollover\" ><img loading=\"lazy\" decoding=\"async\" class=\"preload-me aspect\" src=\"https:\/\/aeroclub.es\/wp-content\/uploads\/2020\/03\/competicio_200425-1-555x165.jpg\" srcset=\"https:\/\/aeroclub.es\/wp-content\/uploads\/2020\/03\/competicio_200425-1-555x165.jpg 555w, https:\/\/aeroclub.es\/wp-content\/uploads\/2020\/03\/competicio_200425-1-898x267.jpg 898w\" style=\"--ratio: 555 \/ 165\" sizes=\"auto, (max-width: 555px) 100vw, 555px\" alt=\"\" title=\"competicio_200425\" width=\"555\" height=\"165\"  \/><\/a><\/p>\n\t\t\t<\/div>\n\n\t\t\n\t\t<div class=\"blog-content wf-td\">\n\t\t\t<h3 class=\"entry-title\"><a href=\"https:\/\/aeroclub.es\/ca\/2020\/03\/competicio-de-vol-a-motor\/\" title=\"Competici\u00f3 de Vol a Motor\" rel=\"bookmark\">Competici\u00f3 de Vol a Motor<\/a><\/h3>\n\n\t\t\t<p>Informem que el proper 25 d\u2019abril es dur\u00e0 a terme una competici\u00f3 de Vol a Motor seguint el calendari de competicions de la temporada 2020-2021. Tots els pilots interessats en participar en aquesta prova ja podeu fer la reserva de les aeronaus. El briefing s\u2019iniciar\u00e0 a les 10 h. a l\u2019hangar H13 de la plataforma&hellip;<\/p>\n\n\t\t<\/div>\n\n\t<\/article>\n\n<\/div>\n<div class=\"wf-cell iso-item category-138 category-34 category-141\" data-post-id=\"23269\" data-date=\"2020-03-21T13:54:02+01:00\" data-name=\"Missatge del President\">\n\t<article class=\"post post-23269 type-post status-publish format-standard has-post-thumbnail hentry category-club-ca category-destacat category-ultima-hora-ca category-138 category-34 category-141 bg-on fullwidth-img description-off\">\n\n\t\t\n\t\t\t<div class=\"blog-media wf-td\">\n\n\t\t\t\t<p><a href=\"https:\/\/aeroclub.es\/ca\/2020\/03\/mensaje-del-presidente\/\" class=\"alignnone rollover\" ><img loading=\"lazy\" decoding=\"async\" class=\"preload-me aspect\" src=\"https:\/\/aeroclub.es\/wp-content\/uploads\/2018\/12\/post-header-555x260.png\" srcset=\"https:\/\/aeroclub.es\/wp-content\/uploads\/2018\/12\/post-header-555x260.png 555w, https:\/\/aeroclub.es\/wp-content\/uploads\/2018\/12\/post-header.png 1024w\" style=\"--ratio: 555 \/ 260\" sizes=\"auto, (max-width: 555px) 100vw, 555px\" alt=\"\" title=\"post-header\" width=\"555\" height=\"260\"  \/><\/a><\/p>\n\t\t\t<\/div>\n\n\t\t\n\t\t<div class=\"blog-content wf-td\">\n\t\t\t<h3 class=\"entry-title\"><a href=\"https:\/\/aeroclub.es\/ca\/2020\/03\/mensaje-del-presidente\/\" title=\"Missatge del President\" rel=\"bookmark\">Missatge del President<\/a><\/h3>\n\n\t\t\t<p>Missatge del presidente de L&#8217;Aeroclub respecte al tancament per la pandemia del COVID-19<\/p>\n\n\t\t<\/div>\n\n\t<\/article>\n\n<\/div>\n<div class=\"wf-cell iso-item category-191 category-141\" data-post-id=\"23227\" data-date=\"2020-03-13T09:37:54+01:00\" data-name=\"Comunicat sobre Coronavirus\">\n\t<article class=\"post post-23227 type-post status-publish format-standard has-post-thumbnail hentry category-escuela-ca category-ultima-hora-ca category-191 category-141 bg-on fullwidth-img description-off\">\n\n\t\t\n\t\t\t<div class=\"blog-media wf-td\">\n\n\t\t\t\t<p><a href=\"https:\/\/aeroclub.es\/ca\/2020\/03\/comunicat-sobre-coronavirus\/\" class=\"alignnone rollover\" ><img loading=\"lazy\" decoding=\"async\" class=\"preload-me aspect\" src=\"https:\/\/aeroclub.es\/wp-content\/uploads\/2020\/03\/coronavirus-555x312.jpg\" srcset=\"https:\/\/aeroclub.es\/wp-content\/uploads\/2020\/03\/coronavirus-555x312.jpg 555w, https:\/\/aeroclub.es\/wp-content\/uploads\/2020\/03\/coronavirus-1110x624.jpg 1110w\" style=\"--ratio: 555 \/ 312\" sizes=\"auto, (max-width: 555px) 100vw, 555px\" alt=\"\" title=\"coronavirus\" width=\"555\" height=\"312\"  \/><\/a><\/p>\n\t\t\t<\/div>\n\n\t\t\n\t\t<div class=\"blog-content wf-td\">\n\t\t\t<h3 class=\"entry-title\"><a href=\"https:\/\/aeroclub.es\/ca\/2020\/03\/comunicat-sobre-coronavirus\/\" title=\"Comunicat sobre Coronavirus\" rel=\"bookmark\">Comunicat sobre Coronavirus<\/a><\/h3>\n\n\t\t\t<p>Degut a les circumst\u00e0ncies extraordin\u00e0ries que estem vivint pel COVID-19, l\u2019Aeroclub Barcelona-Sabadell ha decidit suspendre les seves activitats i tancar les seves instal\u00b7lacions del 14 al 27 de mar\u00e7 ambd\u00f3s inclosos. Les activitats i instal\u00b7lacions a l\u2019Aer\u00f2drom de la Cerdanya tamb\u00e9 romandran tancades en aquest mateix per\u00edode.<\/p>\n\n\t\t<\/div>\n\n\t<\/article>\n\n<\/div>\n<div class=\"wf-cell iso-item category-191 category-139\" data-post-id=\"23136\" data-date=\"2020-03-03T10:13:36+01:00\" data-name=\"Nou helic\u00f2pter Robinson 44 Cadet\">\n\t<article class=\"post post-23136 type-post status-publish format-standard has-post-thumbnail hentry category-escuela-ca category-novedades-ca category-191 category-139 bg-on fullwidth-img description-off\">\n\n\t\t\n\t\t\t<div class=\"blog-media wf-td\">\n\n\t\t\t\t<p><a href=\"https:\/\/aeroclub.es\/ca\/2020\/03\/nou-helicopter-robinson-44-cadet\/\" class=\"alignnone rollover\" ><img loading=\"lazy\" decoding=\"async\" class=\"preload-me aspect\" src=\"https:\/\/aeroclub.es\/wp-content\/uploads\/2020\/03\/nou_robinson44-555x312.jpg\" srcset=\"https:\/\/aeroclub.es\/wp-content\/uploads\/2020\/03\/nou_robinson44-555x312.jpg 555w, https:\/\/aeroclub.es\/wp-content\/uploads\/2020\/03\/nou_robinson44-1110x624.jpg 1110w\" style=\"--ratio: 555 \/ 312\" sizes=\"auto, (max-width: 555px) 100vw, 555px\" alt=\"\" title=\"nou_robinson44\" width=\"555\" height=\"312\"  \/><\/a><\/p>\n\t\t\t<\/div>\n\n\t\t\n\t\t<div class=\"blog-content wf-td\">\n\t\t\t<h3 class=\"entry-title\"><a href=\"https:\/\/aeroclub.es\/ca\/2020\/03\/nou-helicopter-robinson-44-cadet\/\" title=\"Nou helic\u00f2pter Robinson 44 Cadet\" rel=\"bookmark\">Nou helic\u00f2pter Robinson 44 Cadet<\/a><\/h3>\n\n\t\t\t<p>El proper dissabte dia 7 de mar\u00e7 l\u2019Aeroclub Barcelona-Sabadell presenta el nou helic\u00f2pter Robinson 44 Cadet, EC-NIK que formar\u00e0 part flota d\u2019aeronaus de l\u2019entitat. Amb aquesta adquisici\u00f3 l\u2019escola Barcelona Flight School ser\u00e0 la \u00fanica escola d\u2019Espanya que disposar\u00e0 de dos aparell Robinson R44 per la formaci\u00f3 dels seus pilots i podr\u00e0 oferir a tots els&hellip;<\/p>\n\n\t\t<\/div>\n\n\t<\/article>\n\n<\/div>\n<div class=\"wf-cell iso-item category-31\" data-post-id=\"23057\" data-date=\"2020-02-21T11:18:26+01:00\" data-name=\"Xerrada de seguretat amena, informal i participativa\">\n\t<article class=\"post post-23057 type-post status-publish format-standard has-post-thumbnail hentry category-actividades-ca category-31 bg-on fullwidth-img description-off\">\n\n\t\t\n\t\t\t<div class=\"blog-media wf-td\">\n\n\t\t\t\t<p><a href=\"https:\/\/aeroclub.es\/ca\/2020\/02\/xerrada-de-seguretat-amena-informal-i-participativa\/\" class=\"alignnone rollover\" ><img loading=\"lazy\" decoding=\"async\" class=\"preload-me aspect\" src=\"https:\/\/aeroclub.es\/wp-content\/uploads\/2020\/02\/conferencia-2-555x311.jpg\" srcset=\"https:\/\/aeroclub.es\/wp-content\/uploads\/2020\/02\/conferencia-2-555x311.jpg 555w, https:\/\/aeroclub.es\/wp-content\/uploads\/2020\/02\/conferencia-2-838x470.jpg 838w\" style=\"--ratio: 555 \/ 311\" sizes=\"auto, (max-width: 555px) 100vw, 555px\" alt=\"\" title=\"conferencia\" width=\"555\" height=\"311\"  \/><\/a><\/p>\n\t\t\t<\/div>\n\n\t\t\n\t\t<div class=\"blog-content wf-td\">\n\t\t\t<h3 class=\"entry-title\"><a href=\"https:\/\/aeroclub.es\/ca\/2020\/02\/xerrada-de-seguretat-amena-informal-i-participativa\/\" title=\"Xerrada de seguretat amena, informal i participativa\" rel=\"bookmark\">Xerrada de seguretat amena, informal i participativa<\/a><\/h3>\n\n\t\t\t<p>El proper dissabte dia 22 de febrer a les 9:45h a l\u2019aula magna del club es dur\u00e0 a terme una xerrada de seguretat, que ben segur ser\u00e0 amena, informal i esperem molt participativa, de la ma del nostre soci Sr. Vicente Nebot, pilot amb una llarga experi\u00e8ncia en el m\u00f3n de l\u2019aeron\u00e0utica, expert en competicions&hellip;<\/p>\n\n\t\t<\/div>\n\n\t<\/article>\n\n<\/div>\n<div class=\"wf-cell iso-item category-318 category-55\" data-post-id=\"23004\" data-date=\"2020-02-17T10:18:03+01:00\" data-name=\"Resultats del ANR 15 febrer 2020\">\n\t<article class=\"post post-23004 type-post status-publish format-standard has-post-thumbnail hentry category-competicions category-vol-a-motor category-318 category-55 bg-on fullwidth-img description-off\">\n\n\t\t\n\t\t\t<div class=\"blog-media wf-td\">\n\n\t\t\t\t<p><a href=\"https:\/\/aeroclub.es\/ca\/2020\/02\/resultats-del-anr-15-febrer-2020\/\" class=\"alignnone rollover\" ><img loading=\"lazy\" decoding=\"async\" class=\"preload-me aspect\" src=\"https:\/\/aeroclub.es\/wp-content\/uploads\/2020\/02\/rally_20_02_18-555x416.jpg\" srcset=\"https:\/\/aeroclub.es\/wp-content\/uploads\/2020\/02\/rally_20_02_18-555x416.jpg 555w, https:\/\/aeroclub.es\/wp-content\/uploads\/2020\/02\/rally_20_02_18-1110x832.jpg 1110w\" style=\"--ratio: 555 \/ 416\" sizes=\"auto, (max-width: 555px) 100vw, 555px\" alt=\"\" title=\"rally_20_02_18\" width=\"555\" height=\"416\"  \/><\/a><\/p>\n\t\t\t<\/div>\n\n\t\t\n\t\t<div class=\"blog-content wf-td\">\n\t\t\t<h3 class=\"entry-title\"><a href=\"https:\/\/aeroclub.es\/ca\/2020\/02\/resultats-del-anr-15-febrer-2020\/\" title=\"Resultats del ANR 15 febrer 2020\" rel=\"bookmark\">Resultats del ANR 15 febrer 2020<\/a><\/h3>\n\n\t\t\t<p>El passat 15 de febrer es va celebrar a LELL la 5ena prova puntuable pel campionat de vol a motor de l&#8217;ACBS, la primera de les dues proves de tipus ANR previstes en aquesta edici\u00f3. El total de tripulacions inscrites va ser de 12, per fer un recorregut d&#8217;uns 105 kil\u00f2metres al llarg de l&#8217;\u00e0rea&hellip;<\/p>\n\n\t\t<\/div>\n\n\t<\/article>\n\n<\/div>\n<div class=\"wf-cell iso-item category-138 category-34\" data-post-id=\"9735\" data-date=\"2020-02-02T01:56:36+01:00\" data-name=\"L&#039;Aeroclub supera les 17.000 hores\">\n\t<article class=\"post post-9735 type-post status-publish format-standard has-post-thumbnail hentry category-club-ca category-destacat category-138 category-34 bg-on fullwidth-img description-off\">\n\n\t\t\n\t\t\t<div class=\"blog-media wf-td\">\n\n\t\t\t\t<p><a href=\"https:\/\/aeroclub.es\/ca\/2020\/02\/laeroclub-supera-les-12-000-hores\/\" class=\"alignnone rollover\" ><img loading=\"lazy\" decoding=\"async\" class=\"preload-me aspect\" src=\"https:\/\/aeroclub.es\/wp-content\/uploads\/2017\/02\/cessna182-555x394.jpg\" srcset=\"https:\/\/aeroclub.es\/wp-content\/uploads\/2017\/02\/cessna182-555x394.jpg 555w, https:\/\/aeroclub.es\/wp-content\/uploads\/2017\/02\/cessna182-1110x788.jpg 1110w\" style=\"--ratio: 555 \/ 394\" sizes=\"auto, (max-width: 555px) 100vw, 555px\" alt=\"\" title=\"cessna182\" width=\"555\" height=\"394\"  \/><\/a><\/p>\n\t\t\t<\/div>\n\n\t\t\n\t\t<div class=\"blog-content wf-td\">\n\t\t\t<h3 class=\"entry-title\"><a href=\"https:\/\/aeroclub.es\/ca\/2020\/02\/laeroclub-supera-les-12-000-hores\/\" title=\"L&#8217;Aeroclub supera les 17.000 hores\" rel=\"bookmark\">L&#8217;Aeroclub supera les 17.000 hores<\/a><\/h3>\n\n\t\t\t<p>L&#8217;Aeroclub, el club aeri m\u00e9s gran d&#8217;Europa, ha superat les 17.000 hores de vol el 2019<\/p>\n\n\t\t<\/div>\n\n\t<\/article>\n\n<\/div>\n<div class=\"wf-cell iso-item category-318 category-55\" data-post-id=\"22763\" data-date=\"2020-01-20T16:58:51+01:00\" data-name=\"Resultats del ral\u00b7li 18 gener 2020\">\n\t<article class=\"post post-22763 type-post status-publish format-standard has-post-thumbnail hentry category-competicions category-vol-a-motor category-318 category-55 bg-on fullwidth-img description-off\">\n\n\t\t\n\t\t\t<div class=\"blog-media wf-td\">\n\n\t\t\t\t<p><a href=\"https:\/\/aeroclub.es\/ca\/2020\/01\/resultats-del-ral%c2%b7li-18-gener-2020\/\" class=\"alignnone rollover\" ><img loading=\"lazy\" decoding=\"async\" class=\"preload-me aspect\" src=\"https:\/\/aeroclub.es\/wp-content\/uploads\/2020\/01\/rally_20_01_18-555x416.jpg\" srcset=\"https:\/\/aeroclub.es\/wp-content\/uploads\/2020\/01\/rally_20_01_18-555x416.jpg 555w, https:\/\/aeroclub.es\/wp-content\/uploads\/2020\/01\/rally_20_01_18-1110x832.jpg 1110w\" style=\"--ratio: 555 \/ 416\" sizes=\"auto, (max-width: 555px) 100vw, 555px\" alt=\"\" title=\"rally_20_01_18\" width=\"555\" height=\"416\"  \/><\/a><\/p>\n\t\t\t<\/div>\n\n\t\t\n\t\t<div class=\"blog-content wf-td\">\n\t\t\t<h3 class=\"entry-title\"><a href=\"https:\/\/aeroclub.es\/ca\/2020\/01\/resultats-del-ral%c2%b7li-18-gener-2020\/\" title=\"Resultats del ral\u00b7li 18 gener 2020\" rel=\"bookmark\">Resultats del ral\u00b7li 18 gener 2020<\/a><\/h3>\n\n\t\t\t<p>El passat 18 de gener es va celebrar a LELL la 4a prova puntuable pel campionat de vol a motor de l&#8217;ACBS, la primera celebrada aquest 2020. Van ser 13 punts de gir, 20 fotos de pas i una ruta aproximadament de 90 minuts plena de tot tipus d&#8217;elements per identificar. Heliports, estacions meor\u00f2logiques, cru\u00eflles,&hellip;<\/p>\n\n\t\t<\/div>\n\n\t<\/article>\n\n<\/div>\n<div class=\"wf-cell iso-item category-318 category-55\" data-post-id=\"22464\" data-date=\"2019-12-28T10:59:25+01:00\" data-name=\"Resultats del ral\u00b7li 14 desembre 2019\">\n\t<article class=\"post post-22464 type-post status-publish format-standard has-post-thumbnail hentry category-competicions category-vol-a-motor category-318 category-55 bg-on fullwidth-img description-off\">\n\n\t\t\n\t\t\t<div class=\"blog-media wf-td\">\n\n\t\t\t\t<p><a href=\"https:\/\/aeroclub.es\/ca\/2019\/12\/resultats-del-ral%c2%b7li-14-desembre-2019\/\" class=\"alignnone rollover\" ><img loading=\"lazy\" decoding=\"async\" class=\"preload-me aspect\" src=\"https:\/\/aeroclub.es\/wp-content\/uploads\/2019\/12\/rally_14_12_19-555x416.jpg\" srcset=\"https:\/\/aeroclub.es\/wp-content\/uploads\/2019\/12\/rally_14_12_19-555x416.jpg 555w, https:\/\/aeroclub.es\/wp-content\/uploads\/2019\/12\/rally_14_12_19-1110x832.jpg 1110w\" style=\"--ratio: 555 \/ 416\" sizes=\"auto, (max-width: 555px) 100vw, 555px\" alt=\"\" title=\"rally_14_12_19\" width=\"555\" height=\"416\"  \/><\/a><\/p>\n\t\t\t<\/div>\n\n\t\t\n\t\t<div class=\"blog-content wf-td\">\n\t\t\t<h3 class=\"entry-title\"><a href=\"https:\/\/aeroclub.es\/ca\/2019\/12\/resultats-del-ral%c2%b7li-14-desembre-2019\/\" title=\"Resultats del ral\u00b7li 14 desembre 2019\" rel=\"bookmark\">Resultats del ral\u00b7li 14 desembre 2019<\/a><\/h3>\n\n\t\t\t<p>El passat 14 de desembre es va celebrar a LELL la 3a prova puntuable pel campionat de vol a motor de l&#8217;ACBS. Van ser 13 punts de gir, 20 fotos de pas i una ruta d&#8217;aproximadament 200 km en una jornada exigent marcada pel vent i en la que van classificar com a primers les&hellip;<\/p>\n\n\t\t<\/div>\n\n\t<\/article>\n\n<\/div>\n<div class=\"wf-cell iso-item category-31 category-35 category-40 category-55\" data-post-id=\"22451\" data-date=\"2019-12-28T10:39:53+01:00\" data-name=\"Campionat Vol a Motor ACBS 2019-20\">\n\t<article class=\"post post-22451 type-post status-publish format-standard has-post-thumbnail hentry category-actividades-ca category-rotatoria-ca category-rallies-ca category-vol-a-motor category-31 category-35 category-40 category-55 bg-on fullwidth-img description-off\">\n\n\t\t\n\t\t\t<div class=\"blog-media wf-td\">\n\n\t\t\t\t<p><a href=\"https:\/\/aeroclub.es\/ca\/2019\/12\/campionat-vol-a-motor-acbs-2019-20\/\" class=\"alignnone rollover\" ><img loading=\"lazy\" decoding=\"async\" class=\"preload-me aspect\" src=\"https:\/\/aeroclub.es\/wp-content\/uploads\/2019\/12\/volamotor_19-555x416.jpg\" srcset=\"https:\/\/aeroclub.es\/wp-content\/uploads\/2019\/12\/volamotor_19-555x416.jpg 555w, https:\/\/aeroclub.es\/wp-content\/uploads\/2019\/12\/volamotor_19-1110x832.jpg 1110w\" style=\"--ratio: 555 \/ 416\" sizes=\"auto, (max-width: 555px) 100vw, 555px\" alt=\"\" title=\"volamotor_19\" width=\"555\" height=\"416\"  \/><\/a><\/p>\n\t\t\t<\/div>\n\n\t\t\n\t\t<div class=\"blog-content wf-td\">\n\t\t\t<h3 class=\"entry-title\"><a href=\"https:\/\/aeroclub.es\/ca\/2019\/12\/campionat-vol-a-motor-acbs-2019-20\/\" title=\"Campionat Vol a Motor ACBS 2019-20\" rel=\"bookmark\">Campionat Vol a Motor ACBS 2019-20<\/a><\/h3>\n\n\t\t\t<p>[vc_row][vc_column][vc_column_text]Per aquest curs 2019-20 L&#8217;Aeroclub ha organitzat una competici\u00f3 oberta a tots els socis i s\u00f2cies que vulguin iniciar-se en les diferents modalitats esportives que es practiquen en vol a motor o que simplement vulguin millorar compet\u00e8ncies com a pilot. El campionat fomenta la competici\u00f3 ja que atorgar\u00e0 premis als tres primers classificats, per\u00f2 l&#8217;objectiu&hellip;<\/p>\n\n\t\t<\/div>\n\n\t<\/article>\n\n<\/div>\n<div class=\"wf-cell iso-item category-31 category-35\" data-post-id=\"22052\" data-date=\"2019-11-21T15:39:13+01:00\" data-name=\"Confer\u00e8ncia \u201cLa seguretat \u00e9s cosa de tots\u201d\">\n\t<article class=\"post post-22052 type-post status-publish format-standard has-post-thumbnail hentry category-actividades-ca category-rotatoria-ca category-31 category-35 bg-on fullwidth-img description-off\">\n\n\t\t\n\t\t\t<div class=\"blog-media wf-td\">\n\n\t\t\t\t<p><a href=\"https:\/\/aeroclub.es\/ca\/2019\/11\/conferencia-la-seguretat-es-cosa-de-tots\/\" class=\"alignnone rollover\" ><img loading=\"lazy\" decoding=\"async\" class=\"preload-me aspect\" src=\"https:\/\/aeroclub.es\/wp-content\/uploads\/2019\/11\/SafetyFirst-555x312.jpg\" srcset=\"https:\/\/aeroclub.es\/wp-content\/uploads\/2019\/11\/SafetyFirst-555x312.jpg 555w, https:\/\/aeroclub.es\/wp-content\/uploads\/2019\/11\/SafetyFirst-1110x624.jpg 1110w\" style=\"--ratio: 555 \/ 312\" sizes=\"auto, (max-width: 555px) 100vw, 555px\" alt=\"\" title=\"SafetyFirst\" width=\"555\" height=\"312\"  \/><\/a><\/p>\n\t\t\t<\/div>\n\n\t\t\n\t\t<div class=\"blog-content wf-td\">\n\t\t\t<h3 class=\"entry-title\"><a href=\"https:\/\/aeroclub.es\/ca\/2019\/11\/conferencia-la-seguretat-es-cosa-de-tots\/\" title=\"Confer\u00e8ncia \u201cLa seguretat \u00e9s cosa de tots\u201d\" rel=\"bookmark\">Confer\u00e8ncia \u201cLa seguretat \u00e9s cosa de tots\u201d<\/a><\/h3>\n\n\t\t\t<p>El proper dissabte 30 de novembre a les 11 h es dur\u00e0 a terme una conferencia sobre seguretat a\u00e8ria impartida pel cap de seguretat del club Sr. Jos\u00e9 Manuel Duque. A la confer\u00e8ncia s\u2019exposaran els incidents m\u00e9s recurrents en l\u2019activitat general del club i de l\u2019escola i els criteris establerts per minimitzar aquests incidents amb&hellip;<\/p>\n\n\t\t<\/div>\n\n\t<\/article>\n\n<\/div>\n<div class=\"wf-cell iso-item category-138 category-193 category-35 category-3\" data-post-id=\"21862\" data-date=\"2019-11-04T09:51:27+01:00\" data-name=\"Festivitat de la Patrona\">\n\t<article class=\"post post-21862 type-post status-publish format-standard has-post-thumbnail hentry category-club-ca category-exhibiciones-ca category-rotatoria-ca category-uncategorized-ca category-138 category-193 category-35 category-3 bg-on fullwidth-img description-off\">\n\n\t\t\n\t\t\t<div class=\"blog-media wf-td\">\n\n\t\t\t\t<p><a href=\"https:\/\/aeroclub.es\/ca\/2019\/11\/festividad-de-la-patrona\/\" class=\"alignnone rollover\" ><img loading=\"lazy\" decoding=\"async\" class=\"preload-me aspect\" src=\"https:\/\/aeroclub.es\/wp-content\/uploads\/2018\/12\/post-header-555x260.png\" srcset=\"https:\/\/aeroclub.es\/wp-content\/uploads\/2018\/12\/post-header-555x260.png 555w, https:\/\/aeroclub.es\/wp-content\/uploads\/2018\/12\/post-header.png 1024w\" style=\"--ratio: 555 \/ 260\" sizes=\"auto, (max-width: 555px) 100vw, 555px\" alt=\"\" title=\"post-header\" width=\"555\" height=\"260\"  \/><\/a><\/p>\n\t\t\t<\/div>\n\n\t\t\n\t\t<div class=\"blog-content wf-td\">\n\t\t\t<h3 class=\"entry-title\"><a href=\"https:\/\/aeroclub.es\/ca\/2019\/11\/festividad-de-la-patrona\/\" title=\"Festivitat de la Patrona\" rel=\"bookmark\">Festivitat de la Patrona<\/a><\/h3>\n\n\t\t\t<p>Els dies 14 i 15 de desembre L\u2019Aeroclub Barcelona-Sabadell dur\u00e0 a terme, com cada any, els actes per a celebrar la festivitat dels pilots, la festa de la Patrona. Entre altres activitats podrem comptar amb jocs infantils, tallers, exposici\u00f3 est\u00e0tica d\u2019aeronaus, visita al refugi antiaeri de l\u2019aeroport, demostraci\u00f3 dels falconers de l\u2019aeroport, etc. &nbsp; Informaci\u00f3&hellip;<\/p>\n\n\t\t<\/div>\n\n\t<\/article>\n\n<\/div>\n<div class=\"wf-cell iso-item category-318 category-35\" data-post-id=\"21865\" data-date=\"2019-10-30T09:57:46+01:00\" data-name=\"Campionat d\u2019Espanya de Vol a Motor\">\n\t<article class=\"post post-21865 type-post status-publish format-standard has-post-thumbnail hentry category-competicions category-rotatoria-ca category-318 category-35 bg-on fullwidth-img description-off\">\n\n\t\t\n\t\t\t<div class=\"blog-media wf-td\">\n\n\t\t\t\t<p><a href=\"https:\/\/aeroclub.es\/ca\/2019\/10\/campionat-despanya-de-vol-a-motor\/\" class=\"alignnone rollover\" ><img loading=\"lazy\" decoding=\"async\" class=\"preload-me aspect\" src=\"https:\/\/aeroclub.es\/wp-content\/uploads\/2019\/11\/campionat_espanya_2019-555x416.jpg\" srcset=\"https:\/\/aeroclub.es\/wp-content\/uploads\/2019\/11\/campionat_espanya_2019-555x416.jpg 555w, https:\/\/aeroclub.es\/wp-content\/uploads\/2019\/11\/campionat_espanya_2019.jpg 1024w\" style=\"--ratio: 555 \/ 416\" sizes=\"auto, (max-width: 555px) 100vw, 555px\" alt=\"\" title=\"campionat_espanya_2019\" width=\"555\" height=\"416\"  \/><\/a><\/p>\n\t\t\t<\/div>\n\n\t\t\n\t\t<div class=\"blog-content wf-td\">\n\t\t\t<h3 class=\"entry-title\"><a href=\"https:\/\/aeroclub.es\/ca\/2019\/10\/campionat-despanya-de-vol-a-motor\/\" title=\"Campionat d\u2019Espanya de Vol a Motor\" rel=\"bookmark\">Campionat d\u2019Espanya de Vol a Motor<\/a><\/h3>\n\n\t\t\t<p>El passat cap de setmana s\u2019ha celebrat a l\u2019Aeroport de Sabadell el Campionat d\u2019Espanya de Vol a Motor 2019 amb la participaci\u00f3 de 15 tripulacions, entre les que estaven els campions del mon d\u2019aquesta especialitat esportiva. La competici\u00f3 de 3 dies de durada s\u2019ha desenvolupat amb base a l\u2019Aeroport de Sabadell i han participat els&hellip;<\/p>\n\n\t\t<\/div>\n\n\t<\/article>\n\n<\/div>\n<div class=\"wf-cell iso-item category-31 category-35\" data-post-id=\"21689\" data-date=\"2019-10-10T15:27:41+02:00\" data-name=\"Confer\u00e8ncia sobre Vol sense motor\">\n\t<article class=\"post post-21689 type-post status-publish format-standard has-post-thumbnail hentry category-actividades-ca category-rotatoria-ca category-31 category-35 bg-on fullwidth-img description-off\">\n\n\t\t\n\t\t\t<div class=\"blog-media wf-td\">\n\n\t\t\t\t<p><a href=\"https:\/\/aeroclub.es\/ca\/2019\/10\/conferencia-sobre-vol-sense-motor\/\" class=\"alignnone rollover\" ><img loading=\"lazy\" decoding=\"async\" class=\"preload-me aspect\" src=\"https:\/\/aeroclub.es\/wp-content\/uploads\/2019\/10\/vuelo_sin_motor-555x372.jpg\" srcset=\"https:\/\/aeroclub.es\/wp-content\/uploads\/2019\/10\/vuelo_sin_motor-555x372.jpg 555w, https:\/\/aeroclub.es\/wp-content\/uploads\/2019\/10\/vuelo_sin_motor-1110x744.jpg 1110w\" style=\"--ratio: 555 \/ 372\" sizes=\"auto, (max-width: 555px) 100vw, 555px\" alt=\"\" title=\"vuelo_sin_motor\" width=\"555\" height=\"372\"  \/><\/a><\/p>\n\t\t\t<\/div>\n\n\t\t\n\t\t<div class=\"blog-content wf-td\">\n\t\t\t<h3 class=\"entry-title\"><a href=\"https:\/\/aeroclub.es\/ca\/2019\/10\/conferencia-sobre-vol-sense-motor\/\" title=\"Confer\u00e8ncia sobre Vol sense motor\" rel=\"bookmark\">Confer\u00e8ncia sobre Vol sense motor<\/a><\/h3>\n\n\t\t\t<p>El proper dissabte 12 d\u2019octubre es dur\u00e0 a terme una conferencia sobre Vol sense Motor per part del Sr. Sergi Pujol, expert pilot i instructor que exposar\u00e0, entre altres q\u00fcestions, el perqu\u00e8 tot pilot, ja sigui privat o comercial hauria de con\u00e8ixer els elements b\u00e0sics operacionals d\u2019aquesta modalitat esportiva, el vol sense motor. No t\u2019ho&hellip;<\/p>\n\n\t\t<\/div>\n\n\t<\/article>\n\n<\/div>\n<div class=\"wf-cell iso-item category-193 category-33 category-35 category-37\" data-post-id=\"21338\" data-date=\"2019-09-03T17:11:39+02:00\" data-name=\"Inauguraci\u00f3 hangar-museu Fundaci\u00f3 PAC\">\n\t<article class=\"post post-21338 type-post status-publish format-standard has-post-thumbnail hentry category-exhibiciones-ca category-inicio-ca category-rotatoria-ca category-noticies category-193 category-33 category-35 category-37 bg-on fullwidth-img description-off\">\n\n\t\t\n\t\t\t<div class=\"blog-media wf-td\">\n\n\t\t\t\t<p><a href=\"https:\/\/aeroclub.es\/ca\/2019\/09\/inauguracio-hangar-museu-fundacio-pac\/\" class=\"alignnone rollover\" ><img loading=\"lazy\" decoding=\"async\" class=\"preload-me aspect\" src=\"https:\/\/aeroclub.es\/wp-content\/uploads\/2019\/09\/Avui-Interior-Hangar-Museu.-A-la-espera-de-posar-me\u0301s-avions-555x370.jpg\" srcset=\"https:\/\/aeroclub.es\/wp-content\/uploads\/2019\/09\/Avui-Interior-Hangar-Museu.-A-la-espera-de-posar-me\u0301s-avions-555x370.jpg 555w, https:\/\/aeroclub.es\/wp-content\/uploads\/2019\/09\/Avui-Interior-Hangar-Museu.-A-la-espera-de-posar-me\u0301s-avions-1110x740.jpg 1110w\" style=\"--ratio: 555 \/ 370\" sizes=\"auto, (max-width: 555px) 100vw, 555px\" alt=\"\" title=\"Avui-Interior-Hangar-Museu.-A-la-espera-de-posar-me\u0301s-avions\" width=\"555\" height=\"370\"  \/><\/a><\/p>\n\t\t\t<\/div>\n\n\t\t\n\t\t<div class=\"blog-content wf-td\">\n\t\t\t<h3 class=\"entry-title\"><a href=\"https:\/\/aeroclub.es\/ca\/2019\/09\/inauguracio-hangar-museu-fundacio-pac\/\" title=\"Inauguraci\u00f3 hangar-museu Fundaci\u00f3 PAC\" rel=\"bookmark\">Inauguraci\u00f3 hangar-museu Fundaci\u00f3 PAC<\/a><\/h3>\n\n\t\t\t<p>El proper dissabte 7 de setembre a les 11h, la Fundaci\u00f3 PAC convida a tots els socis de L&#8217;Aeroclub a que siguin els primers a con\u00e8ixer el nou hangar-museu de la Fundaci\u00f3<\/p>\n\n\t\t<\/div>\n\n\t<\/article>\n\n<\/div>\n<div class=\"wf-cell iso-item category-31 category-35\" data-post-id=\"21316\" data-date=\"2019-08-28T16:09:13+02:00\" data-name=\"Jornada de Portes Obertes a la Fundaci\u00f3 Parc Aeron\u00e0utic de Catalunya\">\n\t<article class=\"post post-21316 type-post status-publish format-standard has-post-thumbnail hentry category-actividades-ca category-rotatoria-ca category-31 category-35 bg-on fullwidth-img description-off\">\n\n\t\t\n\t\t\t<div class=\"blog-media wf-td\">\n\n\t\t\t\t<p><a href=\"https:\/\/aeroclub.es\/ca\/2019\/08\/jornada-de-portes-obertes-a-la-fundacio-parc-aeronautic-de-catalunya\/\" class=\"alignnone rollover\" ><img loading=\"lazy\" decoding=\"async\" class=\"preload-me aspect\" src=\"https:\/\/aeroclub.es\/wp-content\/uploads\/2019\/09\/Banner_FM19-555x299.jpg\" srcset=\"https:\/\/aeroclub.es\/wp-content\/uploads\/2019\/09\/Banner_FM19-555x299.jpg 555w, https:\/\/aeroclub.es\/wp-content\/uploads\/2019\/09\/Banner_FM19.jpg 649w\" style=\"--ratio: 555 \/ 299\" sizes=\"auto, (max-width: 555px) 100vw, 555px\" alt=\"\" title=\"Banner_FM19\" width=\"555\" height=\"299\"  \/><\/a><\/p>\n\t\t\t<\/div>\n\n\t\t\n\t\t<div class=\"blog-content wf-td\">\n\t\t\t<h3 class=\"entry-title\"><a href=\"https:\/\/aeroclub.es\/ca\/2019\/08\/jornada-de-portes-obertes-a-la-fundacio-parc-aeronautic-de-catalunya\/\" title=\"Jornada de Portes Obertes a la Fundaci\u00f3 Parc Aeron\u00e0utic de Catalunya\" rel=\"bookmark\">Jornada de Portes Obertes a la Fundaci\u00f3 Parc Aeron\u00e0utic de Catalunya<\/a><\/h3>\n\n\t\t\t<p>La Fundaci\u00f3 Parc Aeron\u00e0utic de Catalunya celebra la Festa Major de Sabadell amb la organitzaci\u00f3 d\u2019una jornada de portes obertes que es dur\u00e0 a terme el diumenge 8 de setembre de 10 h a 13:30 h. &nbsp; &nbsp; Gr\u00e0cies a la col\u00b7laboraci\u00f3 de l\u2019Aeroport de Sabadell i la participaci\u00f3 d\u2019altres empreses i entitats com L\u2019Aeroclub&hellip;<\/p>\n\n\t\t<\/div>\n\n\t<\/article>\n\n<\/div>\n<div class=\"wf-cell iso-item category-31 category-138 category-35\" data-post-id=\"20962\" data-date=\"2019-07-23T09:53:13+02:00\" data-name=\"Sopar 66\u00e8 Aniversari de L&#039;Aeroclub\">\n\t<article class=\"post post-20962 type-post status-publish format-standard has-post-thumbnail hentry category-actividades-ca category-club-ca category-rotatoria-ca category-31 category-138 category-35 bg-on fullwidth-img description-off\">\n\n\t\t\n\t\t\t<div class=\"blog-media wf-td\">\n\n\t\t\t\t<p><a href=\"https:\/\/aeroclub.es\/ca\/2019\/07\/sopar-66e-aniversari-de-laeroclub\/\" class=\"alignnone rollover\" ><img loading=\"lazy\" decoding=\"async\" class=\"preload-me aspect\" src=\"https:\/\/aeroclub.es\/wp-content\/uploads\/2019\/08\/sopar_66_aniversari-555x416.jpg\" srcset=\"https:\/\/aeroclub.es\/wp-content\/uploads\/2019\/08\/sopar_66_aniversari-555x416.jpg 555w, https:\/\/aeroclub.es\/wp-content\/uploads\/2019\/08\/sopar_66_aniversari-1110x832.jpg 1110w\" style=\"--ratio: 555 \/ 416\" sizes=\"auto, (max-width: 555px) 100vw, 555px\" alt=\"Sopar 66e Aniversari\" title=\"sopar_66_aniversari\" width=\"555\" height=\"416\"  \/><\/a><\/p>\n\t\t\t<\/div>\n\n\t\t\n\t\t<div class=\"blog-content wf-td\">\n\t\t\t<h3 class=\"entry-title\"><a href=\"https:\/\/aeroclub.es\/ca\/2019\/07\/sopar-66e-aniversari-de-laeroclub\/\" title=\"Sopar 66\u00e8 Aniversari de L&#8217;Aeroclub\" rel=\"bookmark\">Sopar 66\u00e8 Aniversari de L&#8217;Aeroclub<\/a><\/h3>\n\n\t\t\t<p>El dissabte 20 de juliol a las 21 h es va du a terme el Sopar-Barbacoa a la terrassa del bar-restaurant per a celebrar el 66\u00e8. Aniversari de L\u2019Aeroclub Barcelona-Sabadell. En un ambient agradable i dist\u00e8s acompanyat de bona m\u00fasica de jazz els socis van gaudir de la nit i a m\u00e9s van poder participar&hellip;<\/p>\n\n\t\t<\/div>\n\n\t<\/article>\n\n<\/div>\n<div class=\"wf-cell iso-item category-35 category-139\" data-post-id=\"20973\" data-date=\"2019-07-13T12:41:14+02:00\" data-name=\"Inauguraci\u00f3 nou ULM - La Cerdanya\">\n\t<article class=\"post post-20973 type-post status-publish format-standard has-post-thumbnail hentry category-rotatoria-ca category-novedades-ca category-35 category-139 bg-on fullwidth-img description-off\">\n\n\t\t\n\t\t\t<div class=\"blog-media wf-td\">\n\n\t\t\t\t<p><a href=\"https:\/\/aeroclub.es\/ca\/2019\/07\/inauguracio-nou-ulm-la-cerdanya\/\" class=\"alignnone rollover\" ><img loading=\"lazy\" decoding=\"async\" class=\"preload-me aspect\" src=\"https:\/\/aeroclub.es\/wp-content\/uploads\/2019\/08\/ULM_1-555x416.jpg\" srcset=\"https:\/\/aeroclub.es\/wp-content\/uploads\/2019\/08\/ULM_1-555x416.jpg 555w, https:\/\/aeroclub.es\/wp-content\/uploads\/2019\/08\/ULM_1-1110x832.jpg 1110w\" style=\"--ratio: 555 \/ 416\" sizes=\"auto, (max-width: 555px) 100vw, 555px\" alt=\"\" title=\"ULM_1\" width=\"555\" height=\"416\"  \/><\/a><\/p>\n\t\t\t<\/div>\n\n\t\t\n\t\t<div class=\"blog-content wf-td\">\n\t\t\t<h3 class=\"entry-title\"><a href=\"https:\/\/aeroclub.es\/ca\/2019\/07\/inauguracio-nou-ulm-la-cerdanya\/\" title=\"Inauguraci\u00f3 nou ULM &#8211; La Cerdanya\" rel=\"bookmark\">Inauguraci\u00f3 nou ULM &#8211; La Cerdanya<\/a><\/h3>\n\n\t\t\t<p>El 13 de juliol se celebra a l\u2019Aer\u00f2drom de la Cerdanya l\u2019acte d\u2019inauguraci\u00f3 del nou aparell per a la Secci\u00f3 de Ultralleuger de L\u2019Aeroclub. L\u2019aeronau \u00e9s un Aeroprakt A22L2 matricula EC-GV8 que est\u00e0 a disposici\u00f3 de socis i alumnes. Aquest nou ULM activar\u00e0 la secci\u00f3 i es podr\u00e0 desenvolupar activitat de vol durant tota la&hellip;<\/p>\n\n\t\t<\/div>\n\n\t<\/article>\n\n<\/div>\n<div class=\"wf-cell iso-item category-191 category-35\" data-post-id=\"20960\" data-date=\"2019-07-10T09:49:43+02:00\" data-name=\"Cadets 2019\">\n\t<article class=\"post post-20960 type-post status-publish format-standard has-post-thumbnail hentry category-escuela-ca category-rotatoria-ca category-191 category-35 bg-on fullwidth-img description-off\">\n\n\t\t\n\t\t\t<div class=\"blog-media wf-td\">\n\n\t\t\t\t<p><a href=\"https:\/\/aeroclub.es\/ca\/2019\/07\/cadets-2019\/\" class=\"alignnone rollover\" ><img loading=\"lazy\" decoding=\"async\" class=\"preload-me aspect\" src=\"https:\/\/aeroclub.es\/wp-content\/uploads\/2019\/08\/cadets_2019-555x416.jpg\" srcset=\"https:\/\/aeroclub.es\/wp-content\/uploads\/2019\/08\/cadets_2019-555x416.jpg 555w, https:\/\/aeroclub.es\/wp-content\/uploads\/2019\/08\/cadets_2019-1110x832.jpg 1110w\" style=\"--ratio: 555 \/ 416\" sizes=\"auto, (max-width: 555px) 100vw, 555px\" alt=\"Cadets 2019\" title=\"cadets_2019\" width=\"555\" height=\"416\"  \/><\/a><\/p>\n\t\t\t<\/div>\n\n\t\t\n\t\t<div class=\"blog-content wf-td\">\n\t\t\t<h3 class=\"entry-title\"><a href=\"https:\/\/aeroclub.es\/ca\/2019\/07\/cadets-2019\/\" title=\"Cadets 2019\" rel=\"bookmark\">Cadets 2019<\/a><\/h3>\n\n\t\t\t<p>Un any m\u00e9s L\u2019Aeroclub realitza el Programa Cadet destinat a joves d\u2019entre 15 i 17 anys que volen ser pilots. La realitzaci\u00f3 del Programa permet aconseguir els coneixements te\u00f2rics corresponents a la Llic\u00e8ncia de Pilot Privat d\u2019Avi\u00f3 (PPL-A) i posteriorment optar a una beca per a la realitzaci\u00f3 de la part pr\u00e0ctica del curs. A&hellip;<\/p>\n\n\t\t<\/div>\n\n\t<\/article>\n\n<\/div>\n<div class=\"wf-cell iso-item category-31 category-318 category-35\" data-post-id=\"20837\" data-date=\"2019-06-25T10:52:28+02:00\" data-name=\"FAI World Grand Prix Championship - La Cerdanya\">\n\t<article class=\"post post-20837 type-post status-publish format-standard has-post-thumbnail hentry category-actividades-ca category-competicions category-rotatoria-ca category-31 category-318 category-35 bg-on fullwidth-img description-off\">\n\n\t\t\n\t\t\t<div class=\"blog-media wf-td\">\n\n\t\t\t\t<p><a href=\"https:\/\/aeroclub.es\/ca\/2019\/06\/fai-world-grand-prix-championship-la-cerdanya\/\" class=\"alignnone rollover\" ><img loading=\"lazy\" decoding=\"async\" class=\"preload-me aspect\" src=\"https:\/\/aeroclub.es\/wp-content\/uploads\/2019\/07\/Podium_FAI-555x370.jpg\" srcset=\"https:\/\/aeroclub.es\/wp-content\/uploads\/2019\/07\/Podium_FAI-555x370.jpg 555w, https:\/\/aeroclub.es\/wp-content\/uploads\/2019\/07\/Podium_FAI-1110x740.jpg 1110w\" style=\"--ratio: 555 \/ 370\" sizes=\"auto, (max-width: 555px) 100vw, 555px\" alt=\"\" title=\"Podium_FAI\" width=\"555\" height=\"370\"  \/><\/a><\/p>\n\t\t\t<\/div>\n\n\t\t\n\t\t<div class=\"blog-content wf-td\">\n\t\t\t<h3 class=\"entry-title\"><a href=\"https:\/\/aeroclub.es\/ca\/2019\/06\/fai-world-grand-prix-championship-la-cerdanya\/\" title=\"FAI World Grand Prix Championship &#8211; La Cerdanya\" rel=\"bookmark\">FAI World Grand Prix Championship &#8211; La Cerdanya<\/a><\/h3>\n\n\t\t\t<p>L\u2019Aer\u00f2drom de la Cerdanya va acollir del 2 de juny al 8 de juny el FAI World Grand Prix Championship amb la participaci\u00f3 dels 19 millors pilots de Vol Sense Motor del m\u00f3n<\/p>\n\n\t\t<\/div>\n\n\t<\/article>\n\n<\/div>\n<div class=\"wf-cell iso-item category-31 category-318 category-35\" data-post-id=\"20826\" data-date=\"2019-06-24T09:17:30+02:00\" data-name=\"LXV\u00aa Volta A\u00e8ria de Catalunya\">\n\t<article class=\"post post-20826 type-post status-publish format-standard has-post-thumbnail hentry category-actividades-ca category-competicions category-rotatoria-ca category-31 category-318 category-35 bg-on fullwidth-img description-off\">\n\n\t\t\n\t\t\t<div class=\"blog-media wf-td\">\n\n\t\t\t\t<p><a href=\"https:\/\/aeroclub.es\/ca\/2019\/06\/lxva-volta-aeria-de-catalunya\/\" class=\"alignnone rollover\" ><img loading=\"lazy\" decoding=\"async\" class=\"preload-me aspect\" src=\"https:\/\/aeroclub.es\/wp-content\/uploads\/2019\/07\/VAC_2019_1-555x416.jpg\" srcset=\"https:\/\/aeroclub.es\/wp-content\/uploads\/2019\/07\/VAC_2019_1-555x416.jpg 555w, https:\/\/aeroclub.es\/wp-content\/uploads\/2019\/07\/VAC_2019_1.jpg 640w\" style=\"--ratio: 555 \/ 416\" sizes=\"auto, (max-width: 555px) 100vw, 555px\" alt=\"\" title=\"VAC_2019_1\" width=\"555\" height=\"416\"  \/><\/a><\/p>\n\t\t\t<\/div>\n\n\t\t\n\t\t<div class=\"blog-content wf-td\">\n\t\t\t<h3 class=\"entry-title\"><a href=\"https:\/\/aeroclub.es\/ca\/2019\/06\/lxva-volta-aeria-de-catalunya\/\" title=\"LXV\u00aa Volta A\u00e8ria de Catalunya\" rel=\"bookmark\">LXV\u00aa Volta A\u00e8ria de Catalunya<\/a><\/h3>\n\n\t\t\t<p>Del 21 al 23 de juny L&#8217;Aeroclub va du a terme la LXV\u00aa edici\u00f3 de la Volta A\u00e8ria de Catalunya que va tenir com a dest\u00ed els Aeroports de Lleida-Alguaire i l\u2019Aeroport de Heraclio Alfaro de Vitoria<\/p>\n\n\t\t<\/div>\n\n\t<\/article>\n\n<\/div>\n<div class=\"wf-cell iso-item category-31 category-138 category-35\" data-post-id=\"20626\" data-date=\"2019-06-22T12:07:27+02:00\" data-name=\"Confer\u00e8ncia d&#039;en Florenci Rey\">\n\t<article class=\"post post-20626 type-post status-publish format-standard has-post-thumbnail hentry category-actividades-ca category-club-ca category-rotatoria-ca category-31 category-138 category-35 bg-on fullwidth-img description-off\">\n\n\t\t\n\t\t\t<div class=\"blog-media wf-td\">\n\n\t\t\t\t<p><a href=\"https:\/\/aeroclub.es\/ca\/2019\/06\/conferencia-den-florenci-rey\/\" class=\"alignnone rollover\" ><img loading=\"lazy\" decoding=\"async\" class=\"preload-me aspect\" src=\"https:\/\/aeroclub.es\/wp-content\/uploads\/2019\/06\/IMG_3258-555x649.jpg\" srcset=\"https:\/\/aeroclub.es\/wp-content\/uploads\/2019\/06\/IMG_3258-555x649.jpg 555w, https:\/\/aeroclub.es\/wp-content\/uploads\/2019\/06\/IMG_3258-1110x1298.jpg 1110w\" style=\"--ratio: 555 \/ 649\" sizes=\"auto, (max-width: 555px) 100vw, 555px\" alt=\"\" title=\"IMG_3258\" width=\"555\" height=\"649\"  \/><\/a><\/p>\n\t\t\t<\/div>\n\n\t\t\n\t\t<div class=\"blog-content wf-td\">\n\t\t\t<h3 class=\"entry-title\"><a href=\"https:\/\/aeroclub.es\/ca\/2019\/06\/conferencia-den-florenci-rey\/\" title=\"Confer\u00e8ncia d&#8217;en Florenci Rey\" rel=\"bookmark\">Confer\u00e8ncia d&#8217;en Florenci Rey<\/a><\/h3>\n\n\t\t\t<p>Dissabte que ve dia 29 a les 11h iniciarem un nou cicle de xerrades \/ confer\u00e8ncies amb en Florenci Rey, meteor\u00f2leg i aviador, que ens parlar\u00e0 especialment de l&#8217;operaci\u00f3 estival<\/p>\n\n\t\t<\/div>\n\n\t<\/article>\n\n<\/div>\n<div class=\"wf-cell iso-item category-138 category-35\" data-post-id=\"21082\" data-date=\"2019-04-12T09:09:02+02:00\" data-name=\"Responsable del Sistema de Seguretat\">\n\t<article class=\"post post-21082 type-post status-publish format-standard has-post-thumbnail hentry category-club-ca category-rotatoria-ca category-138 category-35 bg-on fullwidth-img description-off\">\n\n\t\t\n\t\t\t<div class=\"blog-media wf-td\">\n\n\t\t\t\t<p><a href=\"https:\/\/aeroclub.es\/ca\/2019\/04\/responsable-del-sistema-de-seguretat\/\" class=\"alignnone rollover\" ><img loading=\"lazy\" decoding=\"async\" class=\"preload-me aspect\" src=\"https:\/\/aeroclub.es\/wp-content\/uploads\/2019\/08\/JM_Duque-555x416.jpg\" srcset=\"https:\/\/aeroclub.es\/wp-content\/uploads\/2019\/08\/JM_Duque-555x416.jpg 555w, https:\/\/aeroclub.es\/wp-content\/uploads\/2019\/08\/JM_Duque.jpg 1024w\" style=\"--ratio: 555 \/ 416\" sizes=\"auto, (max-width: 555px) 100vw, 555px\" alt=\"\" title=\"JM_Duque\" width=\"555\" height=\"416\"  \/><\/a><\/p>\n\t\t\t<\/div>\n\n\t\t\n\t\t<div class=\"blog-content wf-td\">\n\t\t\t<h3 class=\"entry-title\"><a href=\"https:\/\/aeroclub.es\/ca\/2019\/04\/responsable-del-sistema-de-seguretat\/\" title=\"Responsable del Sistema de Seguretat\" rel=\"bookmark\">Responsable del Sistema de Seguretat<\/a><\/h3>\n\n\t\t\t<p>El Sr. Jos\u00e9 Manuel Duque exerceix des de principis d\u2019any les funcions com a responsable de Seguretat en Vol del club. Pilot de Transport de L\u00ednia A\u00e8ria i Instructor de Vol amb 3.600 h i una llarga experi\u00e8ncia com a professional de l\u2019aeron\u00e0utica en diferents vessants, esdevenen clau per poder continuar amb l\u2019objectiu principal de&hellip;<\/p>\n\n\t\t<\/div>\n\n\t<\/article>\n\n<\/div>\n<div class=\"wf-cell iso-item category-31 category-35\" data-post-id=\"18975\" data-date=\"2019-02-11T00:44:14+01:00\" data-name=\"Gabinet de Seguretat de l&#039;Aeroclub\">\n\t<article class=\"post post-18975 type-post status-publish format-standard has-post-thumbnail hentry category-actividades-ca category-rotatoria-ca category-31 category-35 bg-on fullwidth-img description-off\">\n\n\t\t\n\t\t\t<div class=\"blog-media wf-td\">\n\n\t\t\t\t<p><a href=\"https:\/\/aeroclub.es\/ca\/2019\/02\/gabinet-de-seguretat-de-laeroclub\/\" class=\"alignnone rollover\" ><img loading=\"lazy\" decoding=\"async\" class=\"preload-me aspect\" src=\"https:\/\/aeroclub.es\/wp-content\/uploads\/2019\/02\/20170311_102312-555x312.jpg\" srcset=\"https:\/\/aeroclub.es\/wp-content\/uploads\/2019\/02\/20170311_102312-555x312.jpg 555w, https:\/\/aeroclub.es\/wp-content\/uploads\/2019\/02\/20170311_102312-1110x624.jpg 1110w\" style=\"--ratio: 555 \/ 312\" sizes=\"auto, (max-width: 555px) 100vw, 555px\" alt=\"\" title=\"20170311_102312\" width=\"555\" height=\"312\"  \/><\/a><\/p>\n\t\t\t<\/div>\n\n\t\t\n\t\t<div class=\"blog-content wf-td\">\n\t\t\t<h3 class=\"entry-title\"><a href=\"https:\/\/aeroclub.es\/ca\/2019\/02\/gabinet-de-seguretat-de-laeroclub\/\" title=\"Gabinet de Seguretat de l&#8217;Aeroclub\" rel=\"bookmark\">Gabinet de Seguretat de l&#8217;Aeroclub<\/a><\/h3>\n\n\t\t\t<p>Jos\u00e9 Manuel Duque, responsable de Seguretat Operativa de L\u2019Aeroclub, ens far\u00e0 una breu revisi\u00f3 del funcionament del Gabinet de Seguretat<\/p>\n\n\t\t<\/div>\n\n\t<\/article>\n\n<\/div>\n<div class=\"wf-cell iso-item category-35 category-141\" data-post-id=\"17429\" data-date=\"2018-12-07T19:21:52+01:00\" data-name=\"Comunicat Urgent\">\n\t<article class=\"post post-17429 type-post status-publish format-standard has-post-thumbnail hentry category-rotatoria-ca category-ultima-hora-ca category-35 category-141 bg-on fullwidth-img description-off\">\n\n\t\t\n\t\t\t<div class=\"blog-media wf-td\">\n\n\t\t\t\t<p><a href=\"https:\/\/aeroclub.es\/ca\/2018\/12\/comunicat-urgent\/\" class=\"alignnone rollover\" ><img loading=\"lazy\" decoding=\"async\" class=\"preload-me aspect\" src=\"https:\/\/aeroclub.es\/wp-content\/uploads\/2018\/12\/post-header-555x260.png\" srcset=\"https:\/\/aeroclub.es\/wp-content\/uploads\/2018\/12\/post-header-555x260.png 555w, https:\/\/aeroclub.es\/wp-content\/uploads\/2018\/12\/post-header.png 1024w\" style=\"--ratio: 555 \/ 260\" sizes=\"auto, (max-width: 555px) 100vw, 555px\" alt=\"\" title=\"post-header\" width=\"555\" height=\"260\"  \/><\/a><\/p>\n\t\t\t<\/div>\n\n\t\t\n\t\t<div class=\"blog-content wf-td\">\n\t\t\t<h3 class=\"entry-title\"><a href=\"https:\/\/aeroclub.es\/ca\/2018\/12\/comunicat-urgent\/\" title=\"Comunicat Urgent\" rel=\"bookmark\">Comunicat Urgent<\/a><\/h3>\n\n\t\t\t<p>Comunicat urgent. Accident avioneta D-ECGS a Bad\u00eda del Vall\u00e9s (7\/12\/2018)<\/p>\n\n\t\t<\/div>\n\n\t<\/article>\n\n<\/div>\n<div class=\"wf-cell iso-item category-31 category-35\" data-post-id=\"15562\" data-date=\"2018-07-16T00:07:59+02:00\" data-name=\"Campionat d&#039;Espanya de vol sense motor 2018\">\n\t<article class=\"post post-15562 type-post status-publish format-standard has-post-thumbnail hentry category-actividades-ca category-rotatoria-ca category-31 category-35 bg-on fullwidth-img description-off\">\n\n\t\t\n\t\t\t<div class=\"blog-media wf-td\">\n\n\t\t\t\t<p><a href=\"https:\/\/aeroclub.es\/ca\/2018\/07\/campionat-despanya-de-vol-sense-motor-2018\/\" class=\"alignnone rollover\" ><img loading=\"lazy\" decoding=\"async\" class=\"preload-me aspect\" src=\"https:\/\/aeroclub.es\/wp-content\/uploads\/2018\/07\/unnamed-1-555x312.jpg\" srcset=\"https:\/\/aeroclub.es\/wp-content\/uploads\/2018\/07\/unnamed-1-555x312.jpg 555w, https:\/\/aeroclub.es\/wp-content\/uploads\/2018\/07\/unnamed-1-1110x624.jpg 1110w\" style=\"--ratio: 555 \/ 312\" sizes=\"auto, (max-width: 555px) 100vw, 555px\" alt=\"\" title=\"unnamed (1)\" width=\"555\" height=\"312\"  \/><\/a><\/p>\n\t\t\t<\/div>\n\n\t\t\n\t\t<div class=\"blog-content wf-td\">\n\t\t\t<h3 class=\"entry-title\"><a href=\"https:\/\/aeroclub.es\/ca\/2018\/07\/campionat-despanya-de-vol-sense-motor-2018\/\" title=\"Campionat d&#8217;Espanya de vol sense motor 2018\" rel=\"bookmark\">Campionat d&#8217;Espanya de vol sense motor 2018<\/a><\/h3>\n\n\t\t\t<p>Del 24 al 30 de juny s\u2019ha celebrat a l\u2019Aer\u00f2drom de la Cerdanya el Campionat d\u2019Espanya de Vol Sense Motor 2018, organitzat per la secci\u00f3 de Vol Sense Motor de L&#8217;Aeroclub<\/p>\n\n\t\t<\/div>\n\n\t<\/article>\n\n<\/div>\n<div class=\"wf-cell iso-item category-191 category-35\" data-post-id=\"15555\" data-date=\"2018-07-10T16:52:05+02:00\" data-name=\"URGENT: Nou curs de salvament i superviv\u00e8ncia al mar\">\n\t<article class=\"post post-15555 type-post status-publish format-standard has-post-thumbnail hentry category-escuela-ca category-rotatoria-ca category-191 category-35 bg-on fullwidth-img description-off\">\n\n\t\t\n\t\t\t<div class=\"blog-media wf-td\">\n\n\t\t\t\t<p><a href=\"https:\/\/aeroclub.es\/ca\/2018\/07\/urgent-curs-de-salvament-i-supervivencia-en-la-mar\/\" class=\"alignnone rollover\" ><img loading=\"lazy\" decoding=\"async\" class=\"preload-me aspect\" src=\"https:\/\/aeroclub.es\/wp-content\/uploads\/2018\/07\/20180602_122616-555x416.jpg\" srcset=\"https:\/\/aeroclub.es\/wp-content\/uploads\/2018\/07\/20180602_122616-555x416.jpg 555w, https:\/\/aeroclub.es\/wp-content\/uploads\/2018\/07\/20180602_122616-1110x832.jpg 1110w\" style=\"--ratio: 555 \/ 416\" sizes=\"auto, (max-width: 555px) 100vw, 555px\" alt=\"\" title=\"20180602_122616\" width=\"555\" height=\"416\"  \/><\/a><\/p>\n\t\t\t<\/div>\n\n\t\t\n\t\t<div class=\"blog-content wf-td\">\n\t\t\t<h3 class=\"entry-title\"><a href=\"https:\/\/aeroclub.es\/ca\/2018\/07\/urgent-curs-de-salvament-i-supervivencia-en-la-mar\/\" title=\"URGENT: Nou curs de salvament i superviv\u00e8ncia al mar\" rel=\"bookmark\">URGENT: Nou curs de salvament i superviv\u00e8ncia al mar<\/a><\/h3>\n\n\t\t\t<p>Per petici\u00f3 popular, durant el mes de juliol continuaran els cursos monogr\u00e0fics sobre salvament i superviv\u00e8ncia en la mar.<\/p>\n\n\t\t<\/div>\n\n\t<\/article>\n\n<\/div>\n<div class=\"wf-cell iso-item category-138 category-35\" data-post-id=\"15520\" data-date=\"2018-07-09T00:38:31+02:00\" data-name=\"Circular Estiu 2018 - 65 anys\">\n\t<article class=\"post post-15520 type-post status-publish format-standard has-post-thumbnail hentry category-club-ca category-rotatoria-ca category-138 category-35 bg-on fullwidth-img description-off\">\n\n\t\t\n\t\t\t<div class=\"blog-media wf-td\">\n\n\t\t\t\t<p><a href=\"https:\/\/aeroclub.es\/ca\/2018\/07\/circular-estiu-2018-65-anys\/\" class=\"alignnone rollover\" ><img loading=\"lazy\" decoding=\"async\" class=\"preload-me aspect\" src=\"https:\/\/aeroclub.es\/wp-content\/uploads\/2018\/07\/65-anys-555x457.png\" srcset=\"https:\/\/aeroclub.es\/wp-content\/uploads\/2018\/07\/65-anys-555x457.png 555w, https:\/\/aeroclub.es\/wp-content\/uploads\/2018\/07\/65-anys.png 735w\" style=\"--ratio: 555 \/ 457\" sizes=\"auto, (max-width: 555px) 100vw, 555px\" alt=\"\" title=\"65-anys\" width=\"555\" height=\"457\"  \/><\/a><\/p>\n\t\t\t<\/div>\n\n\t\t\n\t\t<div class=\"blog-content wf-td\">\n\t\t\t<h3 class=\"entry-title\"><a href=\"https:\/\/aeroclub.es\/ca\/2018\/07\/circular-estiu-2018-65-anys\/\" title=\"Circular Estiu 2018 &#8211; 65 anys\" rel=\"bookmark\">Circular Estiu 2018 &#8211; 65 anys<\/a><\/h3>\n\n\t\t\t<p>Circular informativa Verano 2018 &#8211; 65 Aniversario de L&#8217;Aeroclub<\/p>\n\n\t\t<\/div>\n\n\t<\/article>\n\n<\/div>\n<div class=\"wf-cell iso-item category-31 category-35\" data-post-id=\"15310\" data-date=\"2018-06-25T08:21:19+02:00\" data-name=\"Us proposem volar a Fran\u00e7a\">\n\t<article class=\"post post-15310 type-post status-publish format-standard has-post-thumbnail hentry category-actividades-ca category-rotatoria-ca category-31 category-35 bg-on fullwidth-img description-off\">\n\n\t\t\n\t\t\t<div class=\"blog-media wf-td\">\n\n\t\t\t\t<p><a href=\"https:\/\/aeroclub.es\/ca\/2018\/06\/us-proposem-volar-a-franca\/\" class=\"alignnone rollover\" ><img loading=\"lazy\" decoding=\"async\" class=\"preload-me aspect\" src=\"https:\/\/aeroclub.es\/wp-content\/uploads\/2018\/06\/1200px-Cannes_\u2013_Mandelieu_Airport_-_2015_-_17114030427-555x370.jpg\" srcset=\"https:\/\/aeroclub.es\/wp-content\/uploads\/2018\/06\/1200px-Cannes_\u2013_Mandelieu_Airport_-_2015_-_17114030427-555x370.jpg 555w, https:\/\/aeroclub.es\/wp-content\/uploads\/2018\/06\/1200px-Cannes_\u2013_Mandelieu_Airport_-_2015_-_17114030427-1110x740.jpg 1110w\" style=\"--ratio: 555 \/ 370\" sizes=\"auto, (max-width: 555px) 100vw, 555px\" alt=\"\" title=\"1200px-Cannes_\u2013_Mandelieu_Airport_-_2015_-_(17114030427)\" width=\"555\" height=\"370\"  \/><\/a><\/p>\n\t\t\t<\/div>\n\n\t\t\n\t\t<div class=\"blog-content wf-td\">\n\t\t\t<h3 class=\"entry-title\"><a href=\"https:\/\/aeroclub.es\/ca\/2018\/06\/us-proposem-volar-a-franca\/\" title=\"Us proposem volar a Fran\u00e7a\" rel=\"bookmark\">Us proposem volar a Fran\u00e7a<\/a><\/h3>\n\n\t\t\t<p>El dissabte 7 de juliol a les 10:00 tindr\u00e0 lloc aquesta primera sessi\u00f3 en la que el nostre soci Jordi Batet, expert pilot i bon coneixedor del sud de Fran\u00e7a, ens explicar\u00e0 qu\u00e8 cal tenir en compte en la preparaci\u00f3 del vol<\/p>\n\n\t\t<\/div>\n\n\t<\/article>\n\n<\/div>\n<div class=\"wf-cell iso-item category-31 category-64 category-35\" data-post-id=\"15380\" data-date=\"2018-06-12T11:06:18+02:00\" data-name=\"Primer Curs de Superviv\u00e8ncia al mar\">\n\t<article class=\"post post-15380 type-post status-publish format-standard has-post-thumbnail hentry category-actividades-ca category-curs-ca category-rotatoria-ca category-31 category-64 category-35 bg-on fullwidth-img description-off\">\n\n\t\t\n\t\t\t<div class=\"blog-media wf-td\">\n\n\t\t\t\t<p><a href=\"https:\/\/aeroclub.es\/ca\/2018\/06\/primer-curs-de-supervivencia-al-mar\/\" class=\"alignnone rollover\" ><img loading=\"lazy\" decoding=\"async\" class=\"preload-me aspect\" src=\"https:\/\/aeroclub.es\/wp-content\/uploads\/2018\/06\/20180602_131043-555x416.jpg\" srcset=\"https:\/\/aeroclub.es\/wp-content\/uploads\/2018\/06\/20180602_131043-555x416.jpg 555w, https:\/\/aeroclub.es\/wp-content\/uploads\/2018\/06\/20180602_131043-1110x832.jpg 1110w\" style=\"--ratio: 555 \/ 416\" sizes=\"auto, (max-width: 555px) 100vw, 555px\" alt=\"\" title=\"20180602_131043\" width=\"555\" height=\"416\"  \/><\/a><\/p>\n\t\t\t<\/div>\n\n\t\t\n\t\t<div class=\"blog-content wf-td\">\n\t\t\t<h3 class=\"entry-title\"><a href=\"https:\/\/aeroclub.es\/ca\/2018\/06\/primer-curs-de-supervivencia-al-mar\/\" title=\"Primer Curs de Superviv\u00e8ncia al mar\" rel=\"bookmark\">Primer Curs de Superviv\u00e8ncia al mar<\/a><\/h3>\n\n\t\t\t<p>El passat dia 2 de juny va tenir lloc a les piscines del Club Nataci\u00f3 Sabadell la part pr\u00e0ctica del primer curs monogr\u00e0fic sobre superviv\u00e8ncia en casos d&#8217;amaraje, per a pilots de l&#8217;Aeroclub.<\/p>\n\n\t\t<\/div>\n\n\t<\/article>\n\n<\/div>\n<div class=\"wf-cell iso-item category-31 category-35\" data-post-id=\"14791\" data-date=\"2018-05-08T00:31:49+02:00\" data-name=\"Operaci\u00f3 Estiu: posa&#039;t a punt!\">\n\t<article class=\"post post-14791 type-post status-publish format-standard has-post-thumbnail hentry category-actividades-ca category-rotatoria-ca category-31 category-35 bg-on fullwidth-img description-off\">\n\n\t\t\n\t\t\t<div class=\"blog-media wf-td\">\n\n\t\t\t\t<p><a href=\"https:\/\/aeroclub.es\/ca\/2018\/05\/operacio-estiu\/\" class=\"alignnone rollover\" ><img loading=\"lazy\" decoding=\"async\" class=\"preload-me aspect\" src=\"https:\/\/aeroclub.es\/wp-content\/uploads\/2018\/05\/IMG_0077-555x416.jpg\" srcset=\"https:\/\/aeroclub.es\/wp-content\/uploads\/2018\/05\/IMG_0077-555x416.jpg 555w, https:\/\/aeroclub.es\/wp-content\/uploads\/2018\/05\/IMG_0077-1110x832.jpg 1110w\" style=\"--ratio: 555 \/ 416\" sizes=\"auto, (max-width: 555px) 100vw, 555px\" alt=\"\" title=\"IMG_0077\" width=\"555\" height=\"416\"  \/><\/a><\/p>\n\t\t\t<\/div>\n\n\t\t\n\t\t<div class=\"blog-content wf-td\">\n\t\t\t<h3 class=\"entry-title\"><a href=\"https:\/\/aeroclub.es\/ca\/2018\/05\/operacio-estiu\/\" title=\"Operaci\u00f3 Estiu: posa&#8217;t a punt!\" rel=\"bookmark\">Operaci\u00f3 Estiu: posa&#8217;t a punt!<\/a><\/h3>\n\n\t\t\t<p>De manera regular durant les \u00e8poques d\u2019estiu i hivern us prepararem tallers monogr\u00e0fics per mantenir actius i actualitzats els vostres coneixements com a pilots.<\/p>\n\n\t\t<\/div>\n\n\t<\/article>\n\n<\/div>\n<div class=\"wf-cell iso-item category-31 category-35\" data-post-id=\"14672\" data-date=\"2018-04-30T00:43:15+02:00\" data-name=\"Visita a LELL TWR\">\n\t<article class=\"post post-14672 type-post status-publish format-standard has-post-thumbnail hentry category-actividades-ca category-rotatoria-ca category-31 category-35 bg-on fullwidth-img description-off\">\n\n\t\t\n\t\t\t<div class=\"blog-media wf-td\">\n\n\t\t\t\t<p><a href=\"https:\/\/aeroclub.es\/ca\/2018\/04\/visita-twr-lell\/\" class=\"alignnone rollover\" ><img loading=\"lazy\" decoding=\"async\" class=\"preload-me aspect\" src=\"https:\/\/aeroclub.es\/wp-content\/uploads\/2017\/05\/IMG_1959-555x411.jpg\" srcset=\"https:\/\/aeroclub.es\/wp-content\/uploads\/2017\/05\/IMG_1959-555x411.jpg 555w, https:\/\/aeroclub.es\/wp-content\/uploads\/2017\/05\/IMG_1959-1110x822.jpg 1110w\" style=\"--ratio: 555 \/ 411\" sizes=\"auto, (max-width: 555px) 100vw, 555px\" alt=\"\" title=\"Flamingo en despegue de LELL\" width=\"555\" height=\"411\"  \/><\/a><\/p>\n\t\t\t<\/div>\n\n\t\t\n\t\t<div class=\"blog-content wf-td\">\n\t\t\t<h3 class=\"entry-title\"><a href=\"https:\/\/aeroclub.es\/ca\/2018\/04\/visita-twr-lell\/\" title=\"Visita a LELL TWR\" rel=\"bookmark\">Visita a LELL TWR<\/a><\/h3>\n\n\t\t\t<p>Els controladors de la torre de Sabadell ens ofereixen la possibilitat de con\u00e8ixer de ben a prop el seu lloc de treball i el desenvolupament de les funcions de control aeri.<\/p>\n\n\t\t<\/div>\n\n\t<\/article>\n\n<\/div>\n<div class=\"wf-cell iso-item category-31 category-35\" data-post-id=\"14547\" data-date=\"2018-04-17T23:15:39+02:00\" data-name=\"Programa d&#039;activitats per a pilots\">\n\t<article class=\"post post-14547 type-post status-publish format-standard has-post-thumbnail hentry category-actividades-ca category-rotatoria-ca category-31 category-35 bg-on fullwidth-img description-off\">\n\n\t\t\n\t\t\t<div class=\"blog-media wf-td\">\n\n\t\t\t\t<p><a href=\"https:\/\/aeroclub.es\/ca\/2018\/04\/programa-dactivitats-per-pilots-2\/\" class=\"alignnone rollover\" ><img loading=\"lazy\" decoding=\"async\" class=\"preload-me aspect\" src=\"https:\/\/aeroclub.es\/wp-content\/uploads\/2018\/04\/IMG-20180215-WA0016-555x416.jpg\" srcset=\"https:\/\/aeroclub.es\/wp-content\/uploads\/2018\/04\/IMG-20180215-WA0016-555x416.jpg 555w, https:\/\/aeroclub.es\/wp-content\/uploads\/2018\/04\/IMG-20180215-WA0016-1110x832.jpg 1110w\" style=\"--ratio: 555 \/ 416\" sizes=\"auto, (max-width: 555px) 100vw, 555px\" alt=\"\" title=\"IMG-20180215-WA0016\" width=\"555\" height=\"416\"  \/><\/a><\/p>\n\t\t\t<\/div>\n\n\t\t\n\t\t<div class=\"blog-content wf-td\">\n\t\t\t<h3 class=\"entry-title\"><a href=\"https:\/\/aeroclub.es\/ca\/2018\/04\/programa-dactivitats-per-pilots-2\/\" title=\"Programa d&#8217;activitats per a pilots\" rel=\"bookmark\">Programa d&#8217;activitats per a pilots<\/a><\/h3>\n\n\t\t\t<p>Amb l&#8217;arribada de l&#8217;horari d&#8217;estiu, s&#8217;amplien les possibilitats de volar i t&#8217;hem preparat una s\u00e8rie d&#8217;activitats per a que puguis aprofitar-ho millor.<\/p>\n\n\t\t<\/div>\n\n\t<\/article>\n\n<\/div>\n<div class=\"wf-cell iso-item category-33 category-35 category-37 category-143\" data-post-id=\"14433\" data-date=\"2018-03-30T21:17:01+02:00\" data-name=\"Circular mar\u00e7 2018 - Promoci\u00f3 Primavera\">\n\t<article class=\"post post-14433 type-post status-publish format-standard has-post-thumbnail hentry category-inicio-ca category-rotatoria-ca category-noticies category-ofertas-ca category-33 category-35 category-37 category-143 bg-on fullwidth-img description-off\">\n\n\t\t\n\t\t\t<div class=\"blog-media wf-td\">\n\n\t\t\t\t<p><a href=\"https:\/\/aeroclub.es\/ca\/2018\/03\/circular-marc-2018-promocio-primavera\/\" class=\"alignnone rollover\" ><img loading=\"lazy\" decoding=\"async\" class=\"preload-me aspect\" src=\"https:\/\/aeroclub.es\/wp-content\/uploads\/2016\/01\/maxresdefault-555x312.jpg\" srcset=\"https:\/\/aeroclub.es\/wp-content\/uploads\/2016\/01\/maxresdefault-555x312.jpg 555w, https:\/\/aeroclub.es\/wp-content\/uploads\/2016\/01\/maxresdefault-1110x624.jpg 1110w\" style=\"--ratio: 555 \/ 312\" sizes=\"auto, (max-width: 555px) 100vw, 555px\" alt=\"\" title=\"maxresdefault\" width=\"555\" height=\"312\"  \/><\/a><\/p>\n\t\t\t<\/div>\n\n\t\t\n\t\t<div class=\"blog-content wf-td\">\n\t\t\t<h3 class=\"entry-title\"><a href=\"https:\/\/aeroclub.es\/ca\/2018\/03\/circular-marc-2018-promocio-primavera\/\" title=\"Circular mar\u00e7 2018 &#8211; Promoci\u00f3 Primavera\" rel=\"bookmark\">Circular mar\u00e7 2018 &#8211; Promoci\u00f3 Primavera<\/a><\/h3>\n\n\t\t\t<p>Circular Informativa mar\u00e7 2018 &#8211; Promoci\u00f3 Primavera Mar\u00e7 2018<\/p>\n\n\t\t<\/div>\n\n\t<\/article>\n\n<\/div>\n<div class=\"wf-cell iso-item category-31 category-64 category-35\" data-post-id=\"14211\" data-date=\"2018-03-09T17:08:23+01:00\" data-name=\"Curs de refresc \u2013 Procediments operatius a LELL\">\n\t<article class=\"post post-14211 type-post status-publish format-standard has-post-thumbnail hentry category-actividades-ca category-curs-ca category-rotatoria-ca category-31 category-64 category-35 bg-on fullwidth-img description-off\">\n\n\t\t\n\t\t\t<div class=\"blog-media wf-td\">\n\n\t\t\t\t<p><a href=\"https:\/\/aeroclub.es\/ca\/2018\/03\/curs-de-refresc-procediments-operatius-a-lell\/\" class=\"alignnone rollover\" ><img loading=\"lazy\" decoding=\"async\" class=\"preload-me aspect\" src=\"https:\/\/aeroclub.es\/wp-content\/uploads\/2015\/12\/3A86B18F-E275-440E-871D-0BB6B9E70BE9-2-555x372.jpg\" srcset=\"https:\/\/aeroclub.es\/wp-content\/uploads\/2015\/12\/3A86B18F-E275-440E-871D-0BB6B9E70BE9-2-555x372.jpg 555w, https:\/\/aeroclub.es\/wp-content\/uploads\/2015\/12\/3A86B18F-E275-440E-871D-0BB6B9E70BE9-2-1110x744.jpg 1110w\" style=\"--ratio: 555 \/ 372\" sizes=\"auto, (max-width: 555px) 100vw, 555px\" alt=\"\" title=\"3A86B18F-E275-440E-871D-0BB6B9E70BE9 2\" width=\"555\" height=\"372\"  \/><\/a><\/p>\n\t\t\t<\/div>\n\n\t\t\n\t\t<div class=\"blog-content wf-td\">\n\t\t\t<h3 class=\"entry-title\"><a href=\"https:\/\/aeroclub.es\/ca\/2018\/03\/curs-de-refresc-procediments-operatius-a-lell\/\" title=\"Curs de refresc \u2013 Procediments operatius a LELL\" rel=\"bookmark\">Curs de refresc \u2013 Procediments operatius a LELL<\/a><\/h3>\n\n\t\t\t<p>Divendres 9 i dissabte 10. Es far\u00e0 un rep\u00e0s dels procediments operatius vigents a l&#8217;aeroport de Sabadell (LELL) i el contingut de l&#8217;AIP.<\/p>\n\n\t\t<\/div>\n\n\t<\/article>\n\n<\/div>\n<div class=\"wf-cell iso-item category-31 category-81 category-35\" data-post-id=\"14044\" data-date=\"2018-02-26T01:00:06+01:00\" data-name=\"Informe 2017 del SGS\">\n\t<article class=\"post post-14044 type-post status-publish format-standard has-post-thumbnail hentry category-actividades-ca category-circular-ca category-rotatoria-ca category-31 category-81 category-35 bg-on fullwidth-img description-off\">\n\n\t\t\n\t\t\t<div class=\"blog-media wf-td\">\n\n\t\t\t\t<p><a href=\"https:\/\/aeroclub.es\/ca\/2018\/02\/informe-2017-del-sgs\/\" class=\"alignnone rollover\" ><img loading=\"lazy\" decoding=\"async\" class=\"preload-me aspect\" src=\"https:\/\/aeroclub.es\/wp-content\/uploads\/2018\/02\/20170311_102312-555x312.jpg\" srcset=\"https:\/\/aeroclub.es\/wp-content\/uploads\/2018\/02\/20170311_102312-555x312.jpg 555w, https:\/\/aeroclub.es\/wp-content\/uploads\/2018\/02\/20170311_102312-1110x624.jpg 1110w\" style=\"--ratio: 555 \/ 312\" sizes=\"auto, (max-width: 555px) 100vw, 555px\" alt=\"\" title=\"20170311_102312\" width=\"555\" height=\"312\"  \/><\/a><\/p>\n\t\t\t<\/div>\n\n\t\t\n\t\t<div class=\"blog-content wf-td\">\n\t\t\t<h3 class=\"entry-title\"><a href=\"https:\/\/aeroclub.es\/ca\/2018\/02\/informe-2017-del-sgs\/\" title=\"Informe 2017 del SGS\" rel=\"bookmark\">Informe 2017 del SGS<\/a><\/h3>\n\n\t\t\t<p>Breu revisi\u00f3 del funcionament del Gabinet de Seguretat, procediments i conceptes b\u00e0sics.<\/p>\n\n\t\t<\/div>\n\n\t<\/article>\n\n<\/div>\n<div class=\"wf-cell iso-item category-31 category-35\" data-post-id=\"13913\" data-date=\"2018-02-12T00:09:29+01:00\" data-name=\"Programa d&#039;activitats per pilots\">\n\t<article class=\"post post-13913 type-post status-publish format-standard has-post-thumbnail hentry category-actividades-ca category-rotatoria-ca category-31 category-35 bg-on fullwidth-img description-off\">\n\n\t\t\n\t\t\t<div class=\"blog-media wf-td\">\n\n\t\t\t\t<p><a href=\"https:\/\/aeroclub.es\/ca\/2018\/02\/programa-dactivitats-per-pilots\/\" class=\"alignnone rollover\" ><img loading=\"lazy\" decoding=\"async\" class=\"preload-me aspect\" src=\"https:\/\/aeroclub.es\/wp-content\/uploads\/2017\/09\/IMG_6386-555x416.jpg\" srcset=\"https:\/\/aeroclub.es\/wp-content\/uploads\/2017\/09\/IMG_6386-555x416.jpg 555w, https:\/\/aeroclub.es\/wp-content\/uploads\/2017\/09\/IMG_6386-1110x832.jpg 1110w\" style=\"--ratio: 555 \/ 416\" sizes=\"auto, (max-width: 555px) 100vw, 555px\" alt=\"\" title=\"IMG_6386\" width=\"555\" height=\"416\"  \/><\/a><\/p>\n\t\t\t<\/div>\n\n\t\t\n\t\t<div class=\"blog-content wf-td\">\n\t\t\t<h3 class=\"entry-title\"><a href=\"https:\/\/aeroclub.es\/ca\/2018\/02\/programa-dactivitats-per-pilots\/\" title=\"Programa d&#8217;activitats per pilots\" rel=\"bookmark\">Programa d&#8217;activitats per pilots<\/a><\/h3>\n\n\t\t\t<p>Aquest any volem animar a sortir a volar a tots els socis per\u00f2 especialment a aquells als que els ha caducat la llic\u00e8ncia, la suelta o no volen tant com abans.<\/p>\n\n\t\t<\/div>\n\n\t<\/article>\n\n<\/div>\n<div class=\"wf-cell iso-item category-31 category-35 category-40\" data-post-id=\"13199\" data-date=\"2017-12-04T00:14:31+01:00\" data-name=\"Reglament i calendari Ral\u00b7lis 2018\">\n\t<article class=\"post post-13199 type-post status-publish format-standard has-post-thumbnail hentry category-actividades-ca category-rotatoria-ca category-rallies-ca category-31 category-35 category-40 bg-on fullwidth-img description-off\">\n\n\t\t\n\t\t\t<div class=\"blog-media wf-td\">\n\n\t\t\t\t<p><a href=\"https:\/\/aeroclub.es\/ca\/2017\/12\/reglament-i-calendari-anr-2018\/\" class=\"alignnone rollover\" ><img loading=\"lazy\" decoding=\"async\" class=\"preload-me aspect\" src=\"https:\/\/aeroclub.es\/wp-content\/uploads\/2017\/12\/image005-555x312.jpg\" srcset=\"https:\/\/aeroclub.es\/wp-content\/uploads\/2017\/12\/image005-555x312.jpg 555w, https:\/\/aeroclub.es\/wp-content\/uploads\/2017\/12\/image005-1110x624.jpg 1110w\" style=\"--ratio: 555 \/ 312\" sizes=\"auto, (max-width: 555px) 100vw, 555px\" alt=\"\" title=\"image005\" width=\"555\" height=\"312\"  \/><\/a><\/p>\n\t\t\t<\/div>\n\n\t\t\n\t\t<div class=\"blog-content wf-td\">\n\t\t\t<h3 class=\"entry-title\"><a href=\"https:\/\/aeroclub.es\/ca\/2017\/12\/reglament-i-calendari-anr-2018\/\" title=\"Reglament i calendari Ral\u00b7lis 2018\" rel=\"bookmark\">Reglament i calendari Ral\u00b7lis 2018<\/a><\/h3>\n\n\t\t\t<p>Ja s&#8217;ha publicat el nou reglament de la FAE i el calendari de ral\u00b7lis aeris pel 2018. Reserva les teves dates i no triguis a apuntar-te!<\/p>\n\n\t\t<\/div>\n\n\t<\/article>\n\n<\/div>\n<div class=\"wf-cell iso-item category-31 category-35\" data-post-id=\"13148\" data-date=\"2017-11-28T00:16:50+01:00\" data-name=\"Programa d&#039;activitats de La Patrona\">\n\t<article class=\"post post-13148 type-post status-publish format-standard has-post-thumbnail hentry category-actividades-ca category-rotatoria-ca category-31 category-35 bg-on fullwidth-img description-off\">\n\n\t\t\n\t\t\t<div class=\"blog-media wf-td\">\n\n\t\t\t\t<p><a href=\"https:\/\/aeroclub.es\/ca\/2017\/11\/programa-dactivitats-de-la-patrona-2017\/\" class=\"alignnone rollover\" ><img loading=\"lazy\" decoding=\"async\" class=\"preload-me aspect\" src=\"https:\/\/aeroclub.es\/wp-content\/uploads\/2015\/12\/408874_10150543327608958_1415605717_n-555x341.jpg\" srcset=\"https:\/\/aeroclub.es\/wp-content\/uploads\/2015\/12\/408874_10150543327608958_1415605717_n-555x341.jpg 555w, https:\/\/aeroclub.es\/wp-content\/uploads\/2015\/12\/408874_10150543327608958_1415605717_n.jpg 960w\" style=\"--ratio: 555 \/ 341\" sizes=\"auto, (max-width: 555px) 100vw, 555px\" alt=\"\" title=\"408874_10150543327608958_1415605717_n\" width=\"555\" height=\"341\"  \/><\/a><\/p>\n\t\t\t<\/div>\n\n\t\t\n\t\t<div class=\"blog-content wf-td\">\n\t\t\t<h3 class=\"entry-title\"><a href=\"https:\/\/aeroclub.es\/ca\/2017\/11\/programa-dactivitats-de-la-patrona-2017\/\" title=\"Programa d&#8217;activitats de La Patrona\" rel=\"bookmark\">Programa d&#8217;activitats de La Patrona<\/a><\/h3>\n\n\t\t\t<p>Ja est\u00e0 aqu\u00ed la festivitat de la Verge de Loreto, la Patrona de l&#8217;Aviaci\u00f3, i per a celebrar-ho hem preparat com cada any un seguit d&#8217;activitats que esperem que us agradin i que participeu!<\/p>\n\n\t\t<\/div>\n\n\t<\/article>\n\n<\/div>\n<div class=\"wf-cell iso-item category-138 category-35\" data-post-id=\"13108\" data-date=\"2017-11-22T11:51:04+01:00\" data-name=\"Canvi de freq\u00fc\u00e8ncia a la Cerdanya\">\n\t<article class=\"post post-13108 type-post status-publish format-standard has-post-thumbnail hentry category-club-ca category-rotatoria-ca category-138 category-35 bg-on fullwidth-img description-off\">\n\n\t\t\n\t\t\t<div class=\"blog-media wf-td\">\n\n\t\t\t\t<p><a href=\"https:\/\/aeroclub.es\/ca\/2017\/11\/cambio-de-frecuencia-en-la-cerdanya\/\" class=\"alignnone rollover\" ><img loading=\"lazy\" decoding=\"async\" class=\"preload-me aspect\" src=\"https:\/\/aeroclub.es\/wp-content\/uploads\/2017\/11\/foto-lecd-12315-555x374.jpg\" srcset=\"https:\/\/aeroclub.es\/wp-content\/uploads\/2017\/11\/foto-lecd-12315-555x374.jpg 555w, https:\/\/aeroclub.es\/wp-content\/uploads\/2017\/11\/foto-lecd-12315.jpg 1023w\" style=\"--ratio: 555 \/ 374\" sizes=\"auto, (max-width: 555px) 100vw, 555px\" alt=\"\" title=\"foto-lecd-12315\" width=\"555\" height=\"374\"  \/><\/a><\/p>\n\t\t\t<\/div>\n\n\t\t\n\t\t<div class=\"blog-content wf-td\">\n\t\t\t<h3 class=\"entry-title\"><a href=\"https:\/\/aeroclub.es\/ca\/2017\/11\/cambio-de-frecuencia-en-la-cerdanya\/\" title=\"Canvi de freq\u00fc\u00e8ncia a la Cerdanya\" rel=\"bookmark\">Canvi de freq\u00fc\u00e8ncia a la Cerdanya<\/a><\/h3>\n\n\t\t\t<p>A partir del dia 1 de desembre de 2017 la freq\u00fc\u00e8ncia de r\u00e0dio a l&#8217;aer\u00f2drom de La Cerdanya (LECD) passa a ser 123,150 MHz.<\/p>\n\n\t\t<\/div>\n\n\t<\/article>\n\n<\/div>\n<div class=\"wf-cell iso-item category-35 category-143\" data-post-id=\"12992\" data-date=\"2017-11-21T01:23:59+01:00\" data-name=\"BLACK FRIDAY a L&#039;Aeroclub\">\n\t<article class=\"post post-12992 type-post status-publish format-standard has-post-thumbnail hentry category-rotatoria-ca category-ofertas-ca category-35 category-143 bg-on fullwidth-img description-off\">\n\n\t\t\n\t\t\t<div class=\"blog-media wf-td\">\n\n\t\t\t\t<p><a href=\"https:\/\/aeroclub.es\/ca\/2017\/11\/black-friday-a-laeroclub\/\" class=\"alignnone rollover\" ><img loading=\"lazy\" decoding=\"async\" class=\"preload-me aspect\" src=\"https:\/\/aeroclub.es\/wp-content\/uploads\/2017\/11\/black-friday-555x289.png\" srcset=\"https:\/\/aeroclub.es\/wp-content\/uploads\/2017\/11\/black-friday-555x289.png 555w, https:\/\/aeroclub.es\/wp-content\/uploads\/2017\/11\/black-friday-1110x578.png 1110w\" style=\"--ratio: 555 \/ 289\" sizes=\"auto, (max-width: 555px) 100vw, 555px\" alt=\"\" title=\"black-friday\" width=\"555\" height=\"289\"  \/><\/a><\/p>\n\t\t\t<\/div>\n\n\t\t\n\t\t<div class=\"blog-content wf-td\">\n\t\t\t<h3 class=\"entry-title\"><a href=\"https:\/\/aeroclub.es\/ca\/2017\/11\/black-friday-a-laeroclub\/\" title=\"BLACK FRIDAY a L&#8217;Aeroclub\" rel=\"bookmark\">BLACK FRIDAY a L&#8217;Aeroclub<\/a><\/h3>\n\n\t\t\t<p>Promoci\u00f3n Especial BLACK FRIDAY: compra bloques de 5 horas con 20% de descuento y disfruta volando!<\/p>\n\n\t\t<\/div>\n\n\t<\/article>\n\n<\/div>\n<div class=\"wf-cell iso-item category-31 category-35\" data-post-id=\"13058\" data-date=\"2017-11-20T01:16:21+01:00\" data-name=\"Visita al CCA Barcelona\">\n\t<article class=\"post post-13058 type-post status-publish format-standard has-post-thumbnail hentry category-actividades-ca category-rotatoria-ca category-31 category-35 bg-on fullwidth-img description-off\">\n\n\t\t\n\t\t\t<div class=\"blog-media wf-td\">\n\n\t\t\t\t<p><a href=\"https:\/\/aeroclub.es\/ca\/2017\/11\/visita-al-cca-barcelona\/\" class=\"alignnone rollover\" ><img loading=\"lazy\" decoding=\"async\" class=\"preload-me aspect\" src=\"https:\/\/aeroclub.es\/wp-content\/uploads\/2017\/11\/cca-barcelona-2-1-555x308.png\" srcset=\"https:\/\/aeroclub.es\/wp-content\/uploads\/2017\/11\/cca-barcelona-2-1-555x308.png 555w, https:\/\/aeroclub.es\/wp-content\/uploads\/2017\/11\/cca-barcelona-2-1-1110x616.png 1110w\" style=\"--ratio: 555 \/ 308\" sizes=\"auto, (max-width: 555px) 100vw, 555px\" alt=\"\" title=\"cca-barcelona-2\" width=\"555\" height=\"308\"  \/><\/a><\/p>\n\t\t\t<\/div>\n\n\t\t\n\t\t<div class=\"blog-content wf-td\">\n\t\t\t<h3 class=\"entry-title\"><a href=\"https:\/\/aeroclub.es\/ca\/2017\/11\/visita-al-cca-barcelona\/\" title=\"Visita al CCA Barcelona\" rel=\"bookmark\">Visita al CCA Barcelona<\/a><\/h3>\n\n\t\t\t<p>Ap\u00fantate ahora y ven a ver c\u00f3mo trabajan los controladores que gestionan el tr\u00e1fico a\u00e9reo del TMA de Barcelona<\/p>\n\n\t\t<\/div>\n\n\t<\/article>\n\n<\/div>\n<div class=\"wf-cell iso-item category-31 category-35\" data-post-id=\"12830\" data-date=\"2017-11-09T23:01:16+01:00\" data-name=\"Properes activitats de L&#039;Aeroclub\">\n\t<article class=\"post post-12830 type-post status-publish format-standard has-post-thumbnail hentry category-actividades-ca category-rotatoria-ca category-31 category-35 bg-on fullwidth-img description-off\">\n\n\t\t\n\t\t\t<div class=\"blog-media wf-td\">\n\n\t\t\t\t<p><a href=\"https:\/\/aeroclub.es\/ca\/2017\/11\/properes-activitats-de-laeroclub\/\" class=\"alignnone rollover\" ><img loading=\"lazy\" decoding=\"async\" class=\"preload-me aspect\" src=\"https:\/\/aeroclub.es\/wp-content\/uploads\/2015\/12\/04-555x386.jpg\" srcset=\"https:\/\/aeroclub.es\/wp-content\/uploads\/2015\/12\/04-555x386.jpg 555w, https:\/\/aeroclub.es\/wp-content\/uploads\/2015\/12\/04.jpg 599w\" style=\"--ratio: 555 \/ 386\" sizes=\"auto, (max-width: 555px) 100vw, 555px\" alt=\"\" title=\"04\" width=\"555\" height=\"386\"  \/><\/a><\/p>\n\t\t\t<\/div>\n\n\t\t\n\t\t<div class=\"blog-content wf-td\">\n\t\t\t<h3 class=\"entry-title\"><a href=\"https:\/\/aeroclub.es\/ca\/2017\/11\/properes-activitats-de-laeroclub\/\" title=\"Properes activitats de L&#8217;Aeroclub\" rel=\"bookmark\">Properes activitats de L&#8217;Aeroclub<\/a><\/h3>\n\n\t\t\t<p>Per aquest final d&#8217;any, t&#8217;hem preparat una s\u00e8rie d&#8217;activitats complement\u00e0ries per a que disfrutis m\u00e9s i millor dels teus vols.<\/p>\n\n\t\t<\/div>\n\n\t<\/article>\n\n<\/div>\n<div class=\"wf-cell iso-item category-35 category-143\" data-post-id=\"12883\" data-date=\"2017-11-05T01:27:07+01:00\" data-name=\"Promoci\u00f3 especial ACROB\u00c0CIA\">\n\t<article class=\"post post-12883 type-post status-publish format-standard has-post-thumbnail hentry category-rotatoria-ca category-ofertas-ca category-35 category-143 bg-on fullwidth-img description-off\">\n\n\t\t\n\t\t\t<div class=\"blog-media wf-td\">\n\n\t\t\t\t<p><a href=\"https:\/\/aeroclub.es\/ca\/2017\/11\/promocio-especial-acrobacia\/\" class=\"alignnone rollover\" ><img loading=\"lazy\" decoding=\"async\" class=\"preload-me aspect\" src=\"https:\/\/aeroclub.es\/wp-content\/uploads\/2016\/11\/zlin-z50-555x312.jpg\" srcset=\"https:\/\/aeroclub.es\/wp-content\/uploads\/2016\/11\/zlin-z50-555x312.jpg 555w, https:\/\/aeroclub.es\/wp-content\/uploads\/2016\/11\/zlin-z50-1110x624.jpg 1110w\" style=\"--ratio: 555 \/ 312\" sizes=\"auto, (max-width: 555px) 100vw, 555px\" alt=\"\" title=\"zlin-z50\" width=\"555\" height=\"312\"  \/><\/a><\/p>\n\t\t\t<\/div>\n\n\t\t\n\t\t<div class=\"blog-content wf-td\">\n\t\t\t<h3 class=\"entry-title\"><a href=\"https:\/\/aeroclub.es\/ca\/2017\/11\/promocio-especial-acrobacia\/\" title=\"Promoci\u00f3 especial ACROB\u00c0CIA\" rel=\"bookmark\">Promoci\u00f3 especial ACROB\u00c0CIA<\/a><\/h3>\n\n\t\t\t<p>Promoci\u00f3n Especial BLOQUE ACROB\u00c1TICO: participa en el Campeonato de Espa\u00f1a de Acrobacia<\/p>\n\n\t\t<\/div>\n\n\t<\/article>\n\n<\/div>\n<div class=\"wf-cell iso-item category-31 category-191 category-35\" data-post-id=\"12755\" data-date=\"2017-10-23T03:30:54+02:00\" data-name=\"Curs de Refresc - Emerg\u00e8ncies\">\n\t<article class=\"post post-12755 type-post status-publish format-standard has-post-thumbnail hentry category-actividades-ca category-escuela-ca category-rotatoria-ca category-31 category-191 category-35 bg-on fullwidth-img description-off\">\n\n\t\t\n\t\t\t<div class=\"blog-media wf-td\">\n\n\t\t\t\t<p><a href=\"https:\/\/aeroclub.es\/ca\/2017\/10\/curs-de-refresc-emergencies\/\" class=\"alignnone rollover\" ><img loading=\"lazy\" decoding=\"async\" class=\"preload-me aspect\" src=\"https:\/\/aeroclub.es\/wp-content\/uploads\/2015\/12\/3A86B18F-E275-440E-871D-0BB6B9E70BE9-2-555x372.jpg\" srcset=\"https:\/\/aeroclub.es\/wp-content\/uploads\/2015\/12\/3A86B18F-E275-440E-871D-0BB6B9E70BE9-2-555x372.jpg 555w, https:\/\/aeroclub.es\/wp-content\/uploads\/2015\/12\/3A86B18F-E275-440E-871D-0BB6B9E70BE9-2-1110x744.jpg 1110w\" style=\"--ratio: 555 \/ 372\" sizes=\"auto, (max-width: 555px) 100vw, 555px\" alt=\"\" title=\"3A86B18F-E275-440E-871D-0BB6B9E70BE9 2\" width=\"555\" height=\"372\"  \/><\/a><\/p>\n\t\t\t<\/div>\n\n\t\t\n\t\t<div class=\"blog-content wf-td\">\n\t\t\t<h3 class=\"entry-title\"><a href=\"https:\/\/aeroclub.es\/ca\/2017\/10\/curs-de-refresc-emergencies\/\" title=\"Curs de Refresc &#8211; Emerg\u00e8ncies\" rel=\"bookmark\">Curs de Refresc &#8211; Emerg\u00e8ncies<\/a><\/h3>\n\n\t\t\t<p>El CURSO DE REFRESCO es una formaci\u00f3n gratuita para los socios del Aeroclub para mantener ACTIVOS y ACTUALIZADOS los conocimientos y experiencia como pilotos.<\/p>\n\n\t\t<\/div>\n\n\t<\/article>\n\n<\/div>\n<div class=\"wf-cell iso-item category-31 category-35\" data-post-id=\"12577\" data-date=\"2017-10-20T02:05:46+02:00\" data-name=\"Unitat de Mitjans Aeris de Bombers\">\n\t<article class=\"post post-12577 type-post status-publish format-standard has-post-thumbnail hentry category-actividades-ca category-rotatoria-ca category-31 category-35 bg-on fullwidth-img description-off\">\n\n\t\t\n\t\t\t<div class=\"blog-media wf-td\">\n\n\t\t\t\t<p><a href=\"https:\/\/aeroclub.es\/ca\/2017\/10\/unitat-de-mitjans-aeris-de-bombers\/\" class=\"alignnone rollover\" ><img loading=\"lazy\" decoding=\"async\" class=\"preload-me aspect\" src=\"https:\/\/aeroclub.es\/wp-content\/uploads\/2017\/10\/bombers-01.jpg\" srcset=\"https:\/\/aeroclub.es\/wp-content\/uploads\/2017\/10\/bombers-01.jpg 490w\" style=\"--ratio: 490 \/ 281\" sizes=\"auto, (max-width: 490px) 100vw, 490px\" alt=\"\" title=\"bombers 01\" width=\"490\" height=\"281\"  \/><\/a><\/p>\n\t\t\t<\/div>\n\n\t\t\n\t\t<div class=\"blog-content wf-td\">\n\t\t\t<h3 class=\"entry-title\"><a href=\"https:\/\/aeroclub.es\/ca\/2017\/10\/unitat-de-mitjans-aeris-de-bombers\/\" title=\"Unitat de Mitjans Aeris de Bombers\" rel=\"bookmark\">Unitat de Mitjans Aeris de Bombers<\/a><\/h3>\n\n\t\t\t<p>El proper dissabte 28 de Octubre li convidem a visitar l&#8217;hangar on s&#8217;allotgen els Helic\u00f2pters i el personal del grup de rescat<\/p>\n\n\t\t<\/div>\n\n\t<\/article>\n\n<\/div>\n<div class=\"wf-cell iso-item category-138 category-35\" data-post-id=\"12631\" data-date=\"2017-10-17T01:21:56+02:00\" data-name=\"Butllet\u00ed informatiu 03-17\">\n\t<article class=\"post post-12631 type-post status-publish format-standard has-post-thumbnail hentry category-club-ca category-rotatoria-ca category-138 category-35 bg-on fullwidth-img description-off\">\n\n\t\t\n\t\t\t<div class=\"blog-media wf-td\">\n\n\t\t\t\t<p><a href=\"https:\/\/aeroclub.es\/ca\/2017\/10\/butlleti-informatiu-03-17\/\" class=\"alignnone rollover\" ><img loading=\"lazy\" decoding=\"async\" class=\"preload-me aspect\" src=\"https:\/\/aeroclub.es\/wp-content\/uploads\/2017\/10\/ec-dae-555x233.png\" srcset=\"https:\/\/aeroclub.es\/wp-content\/uploads\/2017\/10\/ec-dae-555x233.png 555w, https:\/\/aeroclub.es\/wp-content\/uploads\/2017\/10\/ec-dae-1110x466.png 1110w\" style=\"--ratio: 555 \/ 233\" sizes=\"auto, (max-width: 555px) 100vw, 555px\" alt=\"\" title=\"ec-dae\" width=\"555\" height=\"233\"  \/><\/a><\/p>\n\t\t\t<\/div>\n\n\t\t\n\t\t<div class=\"blog-content wf-td\">\n\t\t\t<h3 class=\"entry-title\"><a href=\"https:\/\/aeroclub.es\/ca\/2017\/10\/butlleti-informatiu-03-17\/\" title=\"Butllet\u00ed informatiu 03-17\" rel=\"bookmark\">Butllet\u00ed informatiu 03-17<\/a><\/h3>\n\n\t\t\t<p>Butllet\u00ed informatiu de L&#8217;Aeroclub, 03-17, Octubre 2017<\/p>\n\n\t\t<\/div>\n\n\t<\/article>\n\n<\/div>\n<div class=\"wf-cell iso-item category-31 category-35\" data-post-id=\"12458\" data-date=\"2017-10-11T01:57:12+02:00\" data-name=\"Activitats Octubre 2017\">\n\t<article class=\"post post-12458 type-post status-publish format-standard has-post-thumbnail hentry category-actividades-ca category-rotatoria-ca tag-formacion-ca tag-seguridad-ca category-31 category-35 bg-on fullwidth-img description-off\">\n\n\t\t\n\t\t\t<div class=\"blog-media wf-td\">\n\n\t\t\t\t<p><a href=\"https:\/\/aeroclub.es\/ca\/2017\/10\/activitats-octubre-2017\/\" class=\"alignnone rollover\" ><img loading=\"lazy\" decoding=\"async\" class=\"preload-me aspect\" src=\"https:\/\/aeroclub.es\/wp-content\/uploads\/2017\/10\/P1250826-555x416.jpg\" srcset=\"https:\/\/aeroclub.es\/wp-content\/uploads\/2017\/10\/P1250826-555x416.jpg 555w, https:\/\/aeroclub.es\/wp-content\/uploads\/2017\/10\/P1250826-1110x832.jpg 1110w\" style=\"--ratio: 555 \/ 416\" sizes=\"auto, (max-width: 555px) 100vw, 555px\" alt=\"\" title=\"P1250826\" width=\"555\" height=\"416\"  \/><\/a><\/p>\n\t\t\t<\/div>\n\n\t\t\n\t\t<div class=\"blog-content wf-td\">\n\t\t\t<h3 class=\"entry-title\"><a href=\"https:\/\/aeroclub.es\/ca\/2017\/10\/activitats-octubre-2017\/\" title=\"Activitats Octubre 2017\" rel=\"bookmark\">Activitats Octubre 2017<\/a><\/h3>\n\n\t\t\t<p>Aquest mes d&#8217;octubre, t&#8217;hem preparat una s\u00e8rie d&#8217;activitats complement\u00e0ries per a que disfrutis m\u00e9s i millor dels teus vols.<\/p>\n\n\t\t<\/div>\n\n\t<\/article>\n\n<\/div>\n<div class=\"wf-cell iso-item category-191 category-35 category-143\" data-post-id=\"12675\" data-date=\"2017-10-10T01:57:40+02:00\" data-name=\"Gran oferta: Curs d&#039;helic\u00f2pter per a pilots d&#039;avi\u00f3\">\n\t<article class=\"post post-12675 type-post status-publish format-standard has-post-thumbnail hentry category-escuela-ca category-rotatoria-ca category-ofertas-ca category-191 category-35 category-143 bg-on fullwidth-img description-off\">\n\n\t\t\n\t\t\t<div class=\"blog-media wf-td\">\n\n\t\t\t\t<p><a href=\"https:\/\/aeroclub.es\/ca\/2017\/10\/gran-oferta-curs-dhelicopter-per-a-pilots-davio\/\" class=\"alignnone rollover\" ><img loading=\"lazy\" decoding=\"async\" class=\"preload-me aspect\" src=\"https:\/\/aeroclub.es\/wp-content\/uploads\/2017\/10\/oferta-curs-helicopter-555x395.jpg\" srcset=\"https:\/\/aeroclub.es\/wp-content\/uploads\/2017\/10\/oferta-curs-helicopter-555x395.jpg 555w, https:\/\/aeroclub.es\/wp-content\/uploads\/2017\/10\/oferta-curs-helicopter-1110x790.jpg 1110w\" style=\"--ratio: 555 \/ 395\" sizes=\"auto, (max-width: 555px) 100vw, 555px\" alt=\"\" title=\"oferta-curs-helicopter\" width=\"555\" height=\"395\"  \/><\/a><\/p>\n\t\t\t<\/div>\n\n\t\t\n\t\t<div class=\"blog-content wf-td\">\n\t\t\t<h3 class=\"entry-title\"><a href=\"https:\/\/aeroclub.es\/ca\/2017\/10\/gran-oferta-curs-dhelicopter-per-a-pilots-davio\/\" title=\"Gran oferta: Curs d&#8217;helic\u00f2pter per a pilots d&#8217;avi\u00f3\" rel=\"bookmark\">Gran oferta: Curs d&#8217;helic\u00f2pter per a pilots d&#8217;avi\u00f3<\/a><\/h3>\n\n\t\t\t<p>Si ya eres piloto de avi\u00f3n esta es tu oportunidad para hacerte tambi\u00e9n piloto de helic\u00f3ptero con casi un 30% de descuento<\/p>\n\n\t\t<\/div>\n\n\t<\/article>\n\n<\/div>\n<div class=\"wf-cell iso-item category-35 category-139\" data-post-id=\"12497\" data-date=\"2017-10-09T19:38:20+02:00\" data-name=\"Nou sistema de reserves on-line\">\n\t<article class=\"post post-12497 type-post status-publish format-standard has-post-thumbnail hentry category-rotatoria-ca category-novedades-ca category-35 category-139 bg-on fullwidth-img description-off\">\n\n\t\t\n\t\t\t<div class=\"blog-media wf-td\">\n\n\t\t\t\t<p><a href=\"https:\/\/aeroclub.es\/ca\/2017\/10\/nou-sistema-de-reserves-on-line\/\" class=\"alignnone rollover\" ><img loading=\"lazy\" decoding=\"async\" class=\"preload-me aspect\" src=\"https:\/\/aeroclub.es\/wp-content\/uploads\/2017\/10\/schedule1-555x306.jpg\" srcset=\"https:\/\/aeroclub.es\/wp-content\/uploads\/2017\/10\/schedule1-555x306.jpg 555w, https:\/\/aeroclub.es\/wp-content\/uploads\/2017\/10\/schedule1.jpg 710w\" style=\"--ratio: 555 \/ 306\" sizes=\"auto, (max-width: 555px) 100vw, 555px\" alt=\"\" title=\"schedule1\" width=\"555\" height=\"306\"  \/><\/a><\/p>\n\t\t\t<\/div>\n\n\t\t\n\t\t<div class=\"blog-content wf-td\">\n\t\t\t<h3 class=\"entry-title\"><a href=\"https:\/\/aeroclub.es\/ca\/2017\/10\/nou-sistema-de-reserves-on-line\/\" title=\"Nou sistema de reserves on-line\" rel=\"bookmark\">Nou sistema de reserves on-line<\/a><\/h3>\n\n\t\t\t<p>A partir del proper dijous 12 d&#8217;octubre, L&#8217;Aeroclub posar\u00e0 en marxa un nou sistema de reserves en l\u00ednia d&#8217;aeronaus m\u00e9s \u00e0gil, m\u00e9s senzill i compatible amb dispositius m\u00f2bils<\/p>\n\n\t\t<\/div>\n\n\t<\/article>\n\n<\/div>\n<div class=\"wf-cell iso-item category-31 category-35 category-40\" data-post-id=\"12121\" data-date=\"2017-09-03T23:28:28+02:00\" data-name=\"Ral\u00b7li Iniciaci\u00f3\">\n\t<article class=\"post post-12121 type-post status-publish format-standard has-post-thumbnail hentry category-actividades-ca category-rotatoria-ca category-rallies-ca category-31 category-35 category-40 bg-on fullwidth-img description-off\">\n\n\t\t\n\t\t\t<div class=\"blog-media wf-td\">\n\n\t\t\t\t<p><a href=\"https:\/\/aeroclub.es\/ca\/2017\/09\/ral%c2%b7li-iniciacio\/\" class=\"alignnone rollover\" ><img loading=\"lazy\" decoding=\"async\" class=\"preload-me aspect\" src=\"https:\/\/aeroclub.es\/wp-content\/uploads\/2017\/09\/IMG_6386-555x416.jpg\" srcset=\"https:\/\/aeroclub.es\/wp-content\/uploads\/2017\/09\/IMG_6386-555x416.jpg 555w, https:\/\/aeroclub.es\/wp-content\/uploads\/2017\/09\/IMG_6386-1110x832.jpg 1110w\" style=\"--ratio: 555 \/ 416\" sizes=\"auto, (max-width: 555px) 100vw, 555px\" alt=\"\" title=\"IMG_6386\" width=\"555\" height=\"416\"  \/><\/a><\/p>\n\t\t\t<\/div>\n\n\t\t\n\t\t<div class=\"blog-content wf-td\">\n\t\t\t<h3 class=\"entry-title\"><a href=\"https:\/\/aeroclub.es\/ca\/2017\/09\/ral%c2%b7li-iniciacio\/\" title=\"Ral\u00b7li Iniciaci\u00f3\" rel=\"bookmark\">Ral\u00b7li Iniciaci\u00f3<\/a><\/h3>\n\n\t\t\t<p>Per aquells que vulgueu saber en qu\u00e8 consisteix la competici\u00f3 de rally, l\u2019equip oficial de L\u2019Aeroclub hem preparat una prova d\u2019iniciaci\u00f3 curta, bonica i divertida<\/p>\n\n\t\t<\/div>\n\n\t<\/article>\n\n<\/div>\n<div class=\"wf-cell iso-item category-35 category-139 category-143\" data-post-id=\"11656\" data-date=\"2017-08-02T11:07:39+02:00\" data-name=\"Ofertes Agost 2017\">\n\t<article class=\"post post-11656 type-post status-publish format-standard has-post-thumbnail hentry category-rotatoria-ca category-novedades-ca category-ofertas-ca category-35 category-139 category-143 bg-on fullwidth-img description-off\">\n\n\t\t\n\t\t\t<div class=\"blog-media wf-td\">\n\n\t\t\t\t<p><a href=\"https:\/\/aeroclub.es\/ca\/2017\/08\/ofertes-agost-2017\/\" class=\"alignnone rollover\" ><img loading=\"lazy\" decoding=\"async\" class=\"preload-me aspect\" src=\"https:\/\/aeroclub.es\/wp-content\/uploads\/2017\/08\/super-oferta-555x562.jpg\" srcset=\"https:\/\/aeroclub.es\/wp-content\/uploads\/2017\/08\/super-oferta-555x562.jpg 555w, https:\/\/aeroclub.es\/wp-content\/uploads\/2017\/08\/super-oferta-1110x1124.jpg 1110w\" style=\"--ratio: 555 \/ 562\" sizes=\"auto, (max-width: 555px) 100vw, 555px\" alt=\"\" title=\"super-oferta\" width=\"555\" height=\"562\"  \/><\/a><\/p>\n\t\t\t<\/div>\n\n\t\t\n\t\t<div class=\"blog-content wf-td\">\n\t\t\t<h3 class=\"entry-title\"><a href=\"https:\/\/aeroclub.es\/ca\/2017\/08\/ofertes-agost-2017\/\" title=\"Ofertes Agost 2017\" rel=\"bookmark\">Ofertes Agost 2017<\/a><\/h3>\n\n\t\t\t<p>Aqui tens les incre\u00efbles ofertes especials que des de L&#8217;Aeroclub hem preparat per a tu durant aquest mes d&#8217;Agost de 2017<\/p>\n\n\t\t<\/div>\n\n\t<\/article>\n\n<\/div>\n<div class=\"wf-cell iso-item category-138 category-35\" data-post-id=\"11443\" data-date=\"2017-07-17T07:06:07+02:00\" data-name=\"Butllet\u00ed informatiu 01-17\">\n\t<article class=\"post post-11443 type-post status-publish format-standard has-post-thumbnail hentry category-club-ca category-rotatoria-ca category-138 category-35 bg-on fullwidth-img description-off\">\n\n\t\t\n\t\t\t<div class=\"blog-media wf-td\">\n\n\t\t\t\t<p><a href=\"https:\/\/aeroclub.es\/ca\/2017\/07\/butlleti-informatiu-01-17\/\" class=\"alignnone rollover\" ><img loading=\"lazy\" decoding=\"async\" class=\"preload-me aspect\" src=\"https:\/\/aeroclub.es\/wp-content\/uploads\/2016\/07\/IMG_1666-555x416.jpg\" srcset=\"https:\/\/aeroclub.es\/wp-content\/uploads\/2016\/07\/IMG_1666-555x416.jpg 555w, https:\/\/aeroclub.es\/wp-content\/uploads\/2016\/07\/IMG_1666-1110x832.jpg 1110w\" style=\"--ratio: 555 \/ 416\" sizes=\"auto, (max-width: 555px) 100vw, 555px\" alt=\"\" title=\"IMG_1666\" width=\"555\" height=\"416\"  \/><\/a><\/p>\n\t\t\t<\/div>\n\n\t\t\n\t\t<div class=\"blog-content wf-td\">\n\t\t\t<h3 class=\"entry-title\"><a href=\"https:\/\/aeroclub.es\/ca\/2017\/07\/butlleti-informatiu-01-17\/\" title=\"Butllet\u00ed informatiu 01-17\" rel=\"bookmark\">Butllet\u00ed informatiu 01-17<\/a><\/h3>\n\n\t\t\t<p>Bolet\u00edn informativo de L&#8217;Aeroclub, 01-17, Julio 2017<\/p>\n\n\t\t<\/div>\n\n\t<\/article>\n\n<\/div>\n<div class=\"wf-cell iso-item category-31 category-35\" data-post-id=\"11196\" data-date=\"2017-06-14T18:37:23+02:00\" data-name=\"Us animem a participar a la Vuelta Ib\u00e9rica 2017\">\n\t<article class=\"post post-11196 type-post status-publish format-standard has-post-thumbnail hentry category-actividades-ca category-rotatoria-ca category-31 category-35 bg-on fullwidth-img description-off\">\n\n\t\t\n\t\t\t<div class=\"blog-media wf-td\">\n\n\t\t\t\t<p><a href=\"https:\/\/aeroclub.es\/ca\/2017\/06\/us-animem-a-participar-a-la-vuelta-iberica-2017\/\" class=\"alignnone rollover\" ><img loading=\"lazy\" decoding=\"async\" class=\"preload-me aspect\" src=\"https:\/\/aeroclub.es\/wp-content\/uploads\/2017\/06\/COSCOJUELA-555x312.jpeg\" srcset=\"https:\/\/aeroclub.es\/wp-content\/uploads\/2017\/06\/COSCOJUELA-555x312.jpeg 555w, https:\/\/aeroclub.es\/wp-content\/uploads\/2017\/06\/COSCOJUELA-1110x624.jpeg 1110w\" style=\"--ratio: 555 \/ 312\" sizes=\"auto, (max-width: 555px) 100vw, 555px\" alt=\"\" title=\"COSCOJUELA\" width=\"555\" height=\"312\"  \/><\/a><\/p>\n\t\t\t<\/div>\n\n\t\t\n\t\t<div class=\"blog-content wf-td\">\n\t\t\t<h3 class=\"entry-title\"><a href=\"https:\/\/aeroclub.es\/ca\/2017\/06\/us-animem-a-participar-a-la-vuelta-iberica-2017\/\" title=\"Us animem a participar a la Vuelta Ib\u00e9rica 2017\" rel=\"bookmark\">Us animem a participar a la Vuelta Ib\u00e9rica 2017<\/a><\/h3>\n\n\t\t\t<p>La Vuelta Ib\u00e9rica 2017 \u00e9s una oportunitat per gaudir volant una ruta per aer\u00f2droms d\u2019Espanya i Portugal La Vuelta Ib\u00e9rica \u00e9s una activitat l\u00fadica aeron\u00e0utica organitzada per AEPAL (Asociaci\u00f3n Espa\u00f1ola de Pilotos Aeronaves Ligeras) conjuntament APAU, la seva hom\u00f2loga portuguesa. La Vuelta consisteix en el tra\u00e7at d\u2019una ruta de varies etapes visitant aer\u00f2droms tant d\u2019Espanya&hellip;<\/p>\n\n\t\t<\/div>\n\n\t<\/article>\n\n<\/div>\n<div class=\"wf-cell iso-item category-31 category-35 category-55\" data-post-id=\"11029\" data-date=\"2017-06-03T08:48:01+02:00\" data-name=\"Presentaci\u00f3 XXVI Volta Ib\u00e8rica 2017\">\n\t<article class=\"post post-11029 type-post status-publish format-standard has-post-thumbnail hentry category-actividades-ca category-rotatoria-ca category-vol-a-motor category-31 category-35 category-55 bg-on fullwidth-img description-off\">\n\n\t\t\n\t\t\t<div class=\"blog-media wf-td\">\n\n\t\t\t\t<p><a href=\"https:\/\/aeroclub.es\/ca\/2017\/06\/presentacio-xxvi-volta-iberica-2017\/\" class=\"alignnone rollover\" ><img loading=\"lazy\" decoding=\"async\" class=\"preload-me aspect\" src=\"https:\/\/aeroclub.es\/wp-content\/uploads\/2017\/05\/xxvi-vuelta-iberia-aepal-555x312.jpg\" srcset=\"https:\/\/aeroclub.es\/wp-content\/uploads\/2017\/05\/xxvi-vuelta-iberia-aepal-555x312.jpg 555w, https:\/\/aeroclub.es\/wp-content\/uploads\/2017\/05\/xxvi-vuelta-iberia-aepal-1110x624.jpg 1110w\" style=\"--ratio: 555 \/ 312\" sizes=\"auto, (max-width: 555px) 100vw, 555px\" alt=\"\" title=\"xxvi-vuelta-iberia-aepal\" width=\"555\" height=\"312\"  \/><\/a><\/p>\n\t\t\t<\/div>\n\n\t\t\n\t\t<div class=\"blog-content wf-td\">\n\t\t\t<h3 class=\"entry-title\"><a href=\"https:\/\/aeroclub.es\/ca\/2017\/06\/presentacio-xxvi-volta-iberica-2017\/\" title=\"Presentaci\u00f3 XXVI Volta Ib\u00e8rica 2017\" rel=\"bookmark\">Presentaci\u00f3 XXVI Volta Ib\u00e8rica 2017<\/a><\/h3>\n\n\t\t\t<p>T\u2019animem a con\u00e8ixer i participar a la Volta Ib\u00e8rica 2017, una de les activitats m\u00e9s importants en aviaci\u00f3 esportiva Antonio Pinedo, Secretari d&#8217;AEPAL\u00a0ens presentar\u00e0 la XXVI edici\u00f3 de la Volta Ib\u00e8rica. AEPAL (Asociaci\u00f3n Espa\u00f1ola de Pilotos de Aeronaves Ligeras) junt amb la seva hom\u00f2loga Portuguesa (APAU) organitza de forma oficial aquesta activitat amb etapes a&hellip;<\/p>\n\n\t\t<\/div>\n\n\t<\/article>\n\n<\/div>\n<div class=\"wf-cell iso-item category-138 category-35 category-40\" data-post-id=\"10980\" data-date=\"2017-05-25T13:26:46+02:00\" data-name=\"Ral\u00b7li primavera 2017\">\n\t<article class=\"post post-10980 type-post status-publish format-standard has-post-thumbnail hentry category-club-ca category-rotatoria-ca category-rallies-ca category-138 category-35 category-40 bg-on fullwidth-img description-off\">\n\n\t\t\n\t\t\t<div class=\"blog-media wf-td\">\n\n\t\t\t\t<p><a href=\"https:\/\/aeroclub.es\/ca\/2017\/05\/ral%c2%b7li-primavera-2017\/\" class=\"alignnone rollover\" ><img loading=\"lazy\" decoding=\"async\" class=\"preload-me aspect\" src=\"https:\/\/aeroclub.es\/wp-content\/uploads\/2015\/12\/ruta-555x369.jpg\" srcset=\"https:\/\/aeroclub.es\/wp-content\/uploads\/2015\/12\/ruta-555x369.jpg 555w, https:\/\/aeroclub.es\/wp-content\/uploads\/2015\/12\/ruta.jpg 1024w\" style=\"--ratio: 555 \/ 369\" sizes=\"auto, (max-width: 555px) 100vw, 555px\" alt=\"\" title=\"ruta\" width=\"555\" height=\"369\"  \/><\/a><\/p>\n\t\t\t<\/div>\n\n\t\t\n\t\t<div class=\"blog-content wf-td\">\n\t\t\t<h3 class=\"entry-title\"><a href=\"https:\/\/aeroclub.es\/ca\/2017\/05\/ral%c2%b7li-primavera-2017\/\" title=\"Ral\u00b7li primavera 2017\" rel=\"bookmark\">Ral\u00b7li primavera 2017<\/a><\/h3>\n\n\t\t\t<p>El passat dissabte 20 de maig va tenir lloc el darrer ral\u00b7li de la temporada abans de la propera Volta A\u00e8ria de Catalunya, que va ser guanyat per la tripulaci\u00f3 Mairal-Moreno<\/p>\n\n\t\t<\/div>\n\n\t<\/article>\n\n<\/div>\n<div class=\"wf-cell iso-item category-35 category-141\" data-post-id=\"10777\" data-date=\"2017-04-27T18:36:26+02:00\" data-name=\"NOTA INFORMATIVA AENA\">\n\t<article class=\"post post-10777 type-post status-publish format-standard has-post-thumbnail hentry category-rotatoria-ca category-ultima-hora-ca category-35 category-141 bg-on fullwidth-img description-off\">\n\n\t\t\n\t\t\t<div class=\"blog-media wf-td\">\n\n\t\t\t\t<p><a href=\"https:\/\/aeroclub.es\/ca\/2017\/04\/nota-informativa-aena\/\" class=\"alignnone rollover\" ><img loading=\"lazy\" decoding=\"async\" class=\"preload-me aspect\" src=\"https:\/\/aeroclub.es\/wp-content\/uploads\/2017\/02\/4294963229_d1cc671e56_o-555x370.jpg\" srcset=\"https:\/\/aeroclub.es\/wp-content\/uploads\/2017\/02\/4294963229_d1cc671e56_o-555x370.jpg 555w, https:\/\/aeroclub.es\/wp-content\/uploads\/2017\/02\/4294963229_d1cc671e56_o-1110x740.jpg 1110w\" style=\"--ratio: 555 \/ 370\" sizes=\"auto, (max-width: 555px) 100vw, 555px\" alt=\"\" title=\"4294963229_d1cc671e56_o\" width=\"555\" height=\"370\"  \/><\/a><\/p>\n\t\t\t<\/div>\n\n\t\t\n\t\t<div class=\"blog-content wf-td\">\n\t\t\t<h3 class=\"entry-title\"><a href=\"https:\/\/aeroclub.es\/ca\/2017\/04\/nota-informativa-aena\/\" title=\"NOTA INFORMATIVA AENA\" rel=\"bookmark\">NOTA INFORMATIVA AENA<\/a><\/h3>\n\n\t\t\t<p>La Direcci\u00f3n del Aeropuerto de Sabadell nos hace llegar la siguiente nota informativa, que ponemos a disposici\u00f3n de socios y usuarios del aeropuerto<\/p>\n\n\t\t<\/div>\n\n\t<\/article>\n\n<\/div>\n<div class=\"wf-cell iso-item category-31 category-35\" data-post-id=\"10703\" data-date=\"2017-04-24T12:26:54+02:00\" data-name=\"Curs de refresc - Navegaci\u00f3 visual\">\n\t<article class=\"post post-10703 type-post status-publish format-standard has-post-thumbnail hentry category-actividades-ca category-rotatoria-ca tag-formacio category-31 category-35 bg-on fullwidth-img description-off\">\n\n\t\t\n\t\t\t<div class=\"blog-media wf-td\">\n\n\t\t\t\t<p><a href=\"https:\/\/aeroclub.es\/ca\/2017\/04\/curs-de-refresc-navegacio-visual\/\" class=\"alignnone rollover\" ><img loading=\"lazy\" decoding=\"async\" class=\"preload-me aspect\" src=\"https:\/\/aeroclub.es\/wp-content\/uploads\/2015\/12\/3A86B18F-E275-440E-871D-0BB6B9E70BE9-2-555x372.jpg\" srcset=\"https:\/\/aeroclub.es\/wp-content\/uploads\/2015\/12\/3A86B18F-E275-440E-871D-0BB6B9E70BE9-2-555x372.jpg 555w, https:\/\/aeroclub.es\/wp-content\/uploads\/2015\/12\/3A86B18F-E275-440E-871D-0BB6B9E70BE9-2-1110x744.jpg 1110w\" style=\"--ratio: 555 \/ 372\" sizes=\"auto, (max-width: 555px) 100vw, 555px\" alt=\"\" title=\"3A86B18F-E275-440E-871D-0BB6B9E70BE9 2\" width=\"555\" height=\"372\"  \/><\/a><\/p>\n\t\t\t<\/div>\n\n\t\t\n\t\t<div class=\"blog-content wf-td\">\n\t\t\t<h3 class=\"entry-title\"><a href=\"https:\/\/aeroclub.es\/ca\/2017\/04\/curs-de-refresc-navegacio-visual\/\" title=\"Curs de refresc &#8211; Navegaci\u00f3 visual\" rel=\"bookmark\">Curs de refresc &#8211; Navegaci\u00f3 visual<\/a><\/h3>\n\n\t\t\t<p>El curso de refresco es formaci\u00f3n gratuita para los socios del Aeroclub para mantener  ACTIVOS y ACTUALIZADOS  los conocimientos y la experiencia  como pilotos.<\/p>\n\n\t\t<\/div>\n\n\t<\/article>\n\n<\/div>\n<div class=\"wf-cell iso-item category-31 category-35\" data-post-id=\"10540\" data-date=\"2017-04-19T19:50:42+02:00\" data-name=\"Taller Air Navigation Pro\">\n\t<article class=\"post post-10540 type-post status-publish format-standard has-post-thumbnail hentry category-actividades-ca category-rotatoria-ca tag-formacion-ca category-31 category-35 bg-on fullwidth-img description-off\">\n\n\t\t\n\t\t\t<div class=\"blog-media wf-td\">\n\n\t\t\t\t<p><a href=\"https:\/\/aeroclub.es\/ca\/2017\/04\/taller-air-navigation-pro\/\" class=\"alignnone rollover\" ><img loading=\"lazy\" decoding=\"async\" class=\"preload-me aspect\" src=\"https:\/\/aeroclub.es\/wp-content\/uploads\/2017\/04\/Untitled-1-555x139.jpg\" srcset=\"https:\/\/aeroclub.es\/wp-content\/uploads\/2017\/04\/Untitled-1-555x139.jpg 555w, https:\/\/aeroclub.es\/wp-content\/uploads\/2017\/04\/Untitled-1-1110x278.jpg 1110w\" style=\"--ratio: 555 \/ 139\" sizes=\"auto, (max-width: 555px) 100vw, 555px\" alt=\"\" title=\"Untitled-1\" width=\"555\" height=\"139\"  \/><\/a><\/p>\n\t\t\t<\/div>\n\n\t\t\n\t\t<div class=\"blog-content wf-td\">\n\t\t\t<h3 class=\"entry-title\"><a href=\"https:\/\/aeroclub.es\/ca\/2017\/04\/taller-air-navigation-pro\/\" title=\"Taller Air Navigation Pro\" rel=\"bookmark\">Taller Air Navigation Pro<\/a><\/h3>\n\n\t\t\t<p>T&#8217;oferim un taller pr\u00e0ctic sobre l\u2019aplicaci\u00f3 Air Navigation Pro perqu\u00e8 puguis treure el m\u00e0xim profit i rendiment<\/p>\n\n\t\t<\/div>\n\n\t<\/article>\n\n<\/div>\n<div class=\"wf-cell iso-item category-31 category-35\" data-post-id=\"10567\" data-date=\"2017-04-19T19:22:12+02:00\" data-name=\"Sistemes de navegaci\u00f3 por sat\u00e8l\u00b7lit: GNSS\/EGNOS\">\n\t<article class=\"post post-10567 type-post status-publish format-standard has-post-thumbnail hentry category-actividades-ca category-rotatoria-ca category-31 category-35 bg-on fullwidth-img description-off\">\n\n\t\t\n\t\t\t<div class=\"blog-media wf-td\">\n\n\t\t\t\t<p><a href=\"https:\/\/aeroclub.es\/ca\/2017\/04\/sistemes-de-navegacio-por-satel%c2%b7lit-gnssegnos\/\" class=\"alignnone rollover\" ><img loading=\"lazy\" decoding=\"async\" class=\"preload-me aspect\" src=\"https:\/\/aeroclub.es\/wp-content\/uploads\/2017\/04\/egnos-logo.png\" srcset=\"https:\/\/aeroclub.es\/wp-content\/uploads\/2017\/04\/egnos-logo.png 320w\" style=\"--ratio: 320 \/ 105\" sizes=\"auto, (max-width: 320px) 100vw, 320px\" alt=\"\" title=\"egnos logo\" width=\"320\" height=\"105\"  \/><\/a><\/p>\n\t\t\t<\/div>\n\n\t\t\n\t\t<div class=\"blog-content wf-td\">\n\t\t\t<h3 class=\"entry-title\"><a href=\"https:\/\/aeroclub.es\/ca\/2017\/04\/sistemes-de-navegacio-por-satel%c2%b7lit-gnssegnos\/\" title=\"Sistemes de navegaci\u00f3 por sat\u00e8l\u00b7lit: GNSS\/EGNOS\" rel=\"bookmark\">Sistemes de navegaci\u00f3 por sat\u00e8l\u00b7lit: GNSS\/EGNOS<\/a><\/h3>\n\n\t\t\t<p>Vine a con\u00e8ixer el sistema\u00a0EGNOS de navegaci\u00f3 por sat\u00e8l\u00b7lit, el futur de la aviaci\u00f3 general EAquest proper dissabte 22\u00a0d&#8217;abril a les 11:30 del mat\u00ed tindr\u00e0 lloc la presentaci\u00f3 dels sistemes de navegaci\u00f3 per sat\u00e8l\u00b7lit i en especial el programa EGNOS de la GNSS (European Global Navigation Satellite System Agency). L&#8217;Aeroclub forma part d&#8217;un redu\u00eft grup&hellip;<\/p>\n\n\t\t<\/div>\n\n\t<\/article>\n\n<\/div>\n<div class=\"wf-cell iso-item category-35 category-141\" data-post-id=\"10306\" data-date=\"2017-04-02T16:33:26+02:00\" data-name=\"Nota informativa de L&#039;Aeroclub\">\n\t<article class=\"post post-10306 type-post status-publish format-standard has-post-thumbnail hentry category-rotatoria-ca category-ultima-hora-ca category-35 category-141 bg-on fullwidth-img description-off\">\n\n\t\t\n\t\t\t<div class=\"blog-media wf-td\">\n\n\t\t\t\t<p><a href=\"https:\/\/aeroclub.es\/ca\/2017\/04\/nota-informativa-de-laeroclub\/\" class=\"alignnone rollover\" ><img loading=\"lazy\" decoding=\"async\" class=\"preload-me aspect\" src=\"https:\/\/aeroclub.es\/wp-content\/uploads\/2017\/04\/ccma-aterratge-cardedeu-ec-zep-555x349.jpg\" srcset=\"https:\/\/aeroclub.es\/wp-content\/uploads\/2017\/04\/ccma-aterratge-cardedeu-ec-zep-555x349.jpg 555w, https:\/\/aeroclub.es\/wp-content\/uploads\/2017\/04\/ccma-aterratge-cardedeu-ec-zep-1110x698.jpg 1110w\" style=\"--ratio: 555 \/ 349\" sizes=\"auto, (max-width: 555px) 100vw, 555px\" alt=\"\" title=\"ccma-aterratge-cardedeu-ec-zep\" width=\"555\" height=\"349\"  \/><\/a><\/p>\n\t\t\t<\/div>\n\n\t\t\n\t\t<div class=\"blog-content wf-td\">\n\t\t\t<h3 class=\"entry-title\"><a href=\"https:\/\/aeroclub.es\/ca\/2017\/04\/nota-informativa-de-laeroclub\/\" title=\"Nota informativa de L&#8217;Aeroclub\" rel=\"bookmark\">Nota informativa de L&#8217;Aeroclub<\/a><\/h3>\n\n\t\t\t<p>L&#8217;aeronau que ha aterrat avui a l&#8217;autopista AP7 a l&#8217;al\u00e7ada de Cardedeu, NO pertany a l&#8217;Aeroclub de Barcelona-Sabadell<\/p>\n\n\t\t<\/div>\n\n\t<\/article>\n\n<\/div>\n<div class=\"wf-cell iso-item category-31 category-35\" data-post-id=\"10268\" data-date=\"2017-04-02T10:37:18+02:00\" data-name=\"Activitats Abril 2017\">\n\t<article class=\"post post-10268 type-post status-publish format-standard has-post-thumbnail hentry category-actividades-ca category-rotatoria-ca tag-formacion-ca tag-seguridad-ca category-31 category-35 bg-on fullwidth-img description-off\">\n\n\t\t\n\t\t\t<div class=\"blog-media wf-td\">\n\n\t\t\t\t<p><a href=\"https:\/\/aeroclub.es\/ca\/2017\/04\/activitats-abril-2017\/\" class=\"alignnone rollover\" ><img loading=\"lazy\" decoding=\"async\" class=\"preload-me aspect\" src=\"https:\/\/aeroclub.es\/wp-content\/uploads\/2015\/12\/DSC00690-555x416.jpg\" srcset=\"https:\/\/aeroclub.es\/wp-content\/uploads\/2015\/12\/DSC00690-555x416.jpg 555w, https:\/\/aeroclub.es\/wp-content\/uploads\/2015\/12\/DSC00690-1110x832.jpg 1110w\" style=\"--ratio: 555 \/ 416\" sizes=\"auto, (max-width: 555px) 100vw, 555px\" alt=\"\" title=\"DSC00690\" width=\"555\" height=\"416\"  \/><\/a><\/p>\n\t\t\t<\/div>\n\n\t\t\n\t\t<div class=\"blog-content wf-td\">\n\t\t\t<h3 class=\"entry-title\"><a href=\"https:\/\/aeroclub.es\/ca\/2017\/04\/activitats-abril-2017\/\" title=\"Activitats Abril 2017\" rel=\"bookmark\">Activitats Abril 2017<\/a><\/h3>\n\n\t\t\t<p>Aquest mes d&#8217;Abril t&#8217;hem preparat una s\u00e8rie d&#8217;activitats complement\u00e0ries per a que gaudeixis m\u00e9s i millor dels teus vols.<\/p>\n\n\t\t<\/div>\n\n\t<\/article>\n\n<\/div>\n<div class=\"wf-cell iso-item category-138 category-35\" data-post-id=\"10248\" data-date=\"2017-03-29T02:40:10+02:00\" data-name=\"Convocatoria Assemblea 2017\">\n\t<article class=\"post post-10248 type-post status-publish format-standard has-post-thumbnail hentry category-club-ca category-rotatoria-ca category-138 category-35 bg-on fullwidth-img description-off\">\n\n\t\t\n\t\t\t<div class=\"blog-media wf-td\">\n\n\t\t\t\t<p><a href=\"https:\/\/aeroclub.es\/ca\/2017\/03\/convocatoria-assemblea-2017\/\" class=\"alignnone rollover\" ><img loading=\"lazy\" decoding=\"async\" class=\"preload-me aspect\" src=\"https:\/\/aeroclub.es\/wp-content\/uploads\/2017\/04\/IMG_2593-555x416.jpg\" srcset=\"https:\/\/aeroclub.es\/wp-content\/uploads\/2017\/04\/IMG_2593-555x416.jpg 555w, https:\/\/aeroclub.es\/wp-content\/uploads\/2017\/04\/IMG_2593-1110x832.jpg 1110w\" style=\"--ratio: 555 \/ 416\" sizes=\"auto, (max-width: 555px) 100vw, 555px\" alt=\"\" title=\"IMG_2593\" width=\"555\" height=\"416\"  \/><\/a><\/p>\n\t\t\t<\/div>\n\n\t\t\n\t\t<div class=\"blog-content wf-td\">\n\t\t\t<h3 class=\"entry-title\"><a href=\"https:\/\/aeroclub.es\/ca\/2017\/03\/convocatoria-assemblea-2017\/\" title=\"Convocatoria Assemblea 2017\" rel=\"bookmark\">Convocatoria Assemblea 2017<\/a><\/h3>\n\n\t\t\t<p>Convocat\u00f2ria de l\u2019Assemblea General Ordinaria que tindr\u00e0 lloc el proper dijous 27 d\u2019abril a les 19h a les instal\u00b7lacions de L\u2019Aeroclub<\/p>\n\n\t\t<\/div>\n\n\t<\/article>\n\n<\/div>\n<div class=\"wf-cell iso-item category-32 category-193 category-35\" data-post-id=\"10096\" data-date=\"2017-03-10T01:01:05+01:00\" data-name=\"European Airshow Council Convention 2017\">\n\t<article class=\"post post-10096 type-post status-publish format-standard has-post-thumbnail hentry category-blog-ca category-exhibiciones-ca category-rotatoria-ca category-32 category-193 category-35 bg-on fullwidth-img description-off\">\n\n\t\t\n\t\t\t<div class=\"blog-media wf-td\">\n\n\t\t\t\t<p><a href=\"https:\/\/aeroclub.es\/ca\/2017\/03\/european-airshow-council-convention-2017\/\" class=\"alignnone rollover\" ><img loading=\"lazy\" decoding=\"async\" class=\"preload-me aspect\" src=\"https:\/\/aeroclub.es\/wp-content\/uploads\/2017\/03\/totllest-555x416.jpg\" srcset=\"https:\/\/aeroclub.es\/wp-content\/uploads\/2017\/03\/totllest-555x416.jpg 555w, https:\/\/aeroclub.es\/wp-content\/uploads\/2017\/03\/totllest.jpg 960w\" style=\"--ratio: 555 \/ 416\" sizes=\"auto, (max-width: 555px) 100vw, 555px\" alt=\"\" title=\"totllest\" width=\"555\" height=\"416\"  \/><\/a><\/p>\n\t\t\t<\/div>\n\n\t\t\n\t\t<div class=\"blog-content wf-td\">\n\t\t\t<h3 class=\"entry-title\"><a href=\"https:\/\/aeroclub.es\/ca\/2017\/03\/european-airshow-council-convention-2017\/\" title=\"European Airshow Council Convention 2017\" rel=\"bookmark\">European Airshow Council Convention 2017<\/a><\/h3>\n\n\t\t\t<p>Un cop m\u00e9s he tingut el plaer d&#8217;assistir a la convenci\u00f3 del consell de festivals aeris europeus, un f\u00f2rum on es donen cita organitzadors de festivals aeris, pilots i professionals relacionats amb aquest m\u00f3n<\/p>\n\n\t\t<\/div>\n\n\t<\/article>\n\n<\/div>\n<div class=\"wf-cell iso-item category-31 category-35\" data-post-id=\"10014\" data-date=\"2017-03-01T23:38:44+01:00\" data-name=\"Activitats mar\u00e7 2017\">\n\t<article class=\"post post-10014 type-post status-publish format-standard has-post-thumbnail hentry category-actividades-ca category-rotatoria-ca tag-formacion-ca tag-seguridad-ca category-31 category-35 bg-on fullwidth-img description-off\">\n\n\t\t\n\t\t\t<div class=\"blog-media wf-td\">\n\n\t\t\t\t<p><a href=\"https:\/\/aeroclub.es\/ca\/2017\/03\/activitats-marc-2017\/\" class=\"alignnone rollover\" ><img loading=\"lazy\" decoding=\"async\" class=\"preload-me aspect\" src=\"https:\/\/aeroclub.es\/wp-content\/uploads\/2017\/03\/IMG_20161209_143720-555x312.jpg\" srcset=\"https:\/\/aeroclub.es\/wp-content\/uploads\/2017\/03\/IMG_20161209_143720-555x312.jpg 555w, https:\/\/aeroclub.es\/wp-content\/uploads\/2017\/03\/IMG_20161209_143720-1110x624.jpg 1110w\" style=\"--ratio: 555 \/ 312\" sizes=\"auto, (max-width: 555px) 100vw, 555px\" alt=\"\" title=\"dav\" width=\"555\" height=\"312\"  \/><\/a><\/p>\n\t\t\t<\/div>\n\n\t\t\n\t\t<div class=\"blog-content wf-td\">\n\t\t\t<h3 class=\"entry-title\"><a href=\"https:\/\/aeroclub.es\/ca\/2017\/03\/activitats-marc-2017\/\" title=\"Activitats mar\u00e7 2017\" rel=\"bookmark\">Activitats mar\u00e7 2017<\/a><\/h3>\n\n\t\t\t<p>Aquest mes de Mar\u00e7 t&#8217;hem preparat una s\u00e8rie d&#8217;activitats complement\u00e0ries per a que gaudeixis m\u00e9s i millor dels teus vols<\/p>\n\n\t\t<\/div>\n\n\t<\/article>\n\n<\/div>\n<div class=\"wf-cell iso-item category-35 category-141\" data-post-id=\"9886\" data-date=\"2017-02-23T06:59:49+01:00\" data-name=\"Canvi de data del Seminari de Seguretat\">\n\t<article class=\"post post-9886 type-post status-publish format-standard has-post-thumbnail hentry category-rotatoria-ca category-ultima-hora-ca tag-safety-ca tag-seguridad-ca category-35 category-141 bg-on fullwidth-img description-off\">\n\n\t\t\n\t\t\t<div class=\"blog-media wf-td\">\n\n\t\t\t\t<p><a href=\"https:\/\/aeroclub.es\/ca\/2017\/02\/canvi-de-data-del-seminari-de-seguretat\/\" class=\"alignnone rollover\" ><img loading=\"lazy\" decoding=\"async\" class=\"preload-me aspect\" src=\"https:\/\/aeroclub.es\/wp-content\/uploads\/2016\/01\/C182T-ECKOP-1-555x371.jpg\" srcset=\"https:\/\/aeroclub.es\/wp-content\/uploads\/2016\/01\/C182T-ECKOP-1-555x371.jpg 555w, https:\/\/aeroclub.es\/wp-content\/uploads\/2016\/01\/C182T-ECKOP-1.jpg 640w\" style=\"--ratio: 555 \/ 371\" sizes=\"auto, (max-width: 555px) 100vw, 555px\" alt=\"\" title=\"C182T-ECKOP-1\" width=\"555\" height=\"371\"  \/><\/a><\/p>\n\t\t\t<\/div>\n\n\t\t\n\t\t<div class=\"blog-content wf-td\">\n\t\t\t<h3 class=\"entry-title\"><a href=\"https:\/\/aeroclub.es\/ca\/2017\/02\/canvi-de-data-del-seminari-de-seguretat\/\" title=\"Canvi de data del Seminari de Seguretat\" rel=\"bookmark\">Canvi de data del Seminari de Seguretat<\/a><\/h3>\n\n\t\t\t<p>El Seminari de Seguretat anunciat pel 25 de febrer canvia de data i tindr\u00e0 lloc l&#8217;11 de mar\u00e7<\/p>\n\n\t\t<\/div>\n\n\t<\/article>\n\n<\/div>\n<div class=\"wf-cell iso-item category-31 category-35 category-55\" data-post-id=\"9766\" data-date=\"2017-02-06T01:14:10+01:00\" data-name=\"Taller SkyDemon [11FEB17]\">\n\t<article class=\"post post-9766 type-post status-publish format-standard has-post-thumbnail hentry category-actividades-ca category-rotatoria-ca category-vol-a-motor tag-formacion-ca category-31 category-35 category-55 bg-on fullwidth-img description-off\">\n\n\t\t\n\t\t\t<div class=\"blog-media wf-td\">\n\n\t\t\t\t<p><a href=\"https:\/\/aeroclub.es\/ca\/2017\/02\/taller-skydemon\/\" class=\"alignnone rollover\" ><img loading=\"lazy\" decoding=\"async\" class=\"preload-me aspect\" src=\"https:\/\/aeroclub.es\/wp-content\/uploads\/2017\/02\/phone_3.2.jpg\" srcset=\"https:\/\/aeroclub.es\/wp-content\/uploads\/2017\/02\/phone_3.2.jpg 350w\" style=\"--ratio: 350 \/ 524\" sizes=\"auto, (max-width: 350px) 100vw, 350px\" alt=\"\" title=\"phone_3.2\" width=\"350\" height=\"524\"  \/><\/a><\/p>\n\t\t\t<\/div>\n\n\t\t\n\t\t<div class=\"blog-content wf-td\">\n\t\t\t<h3 class=\"entry-title\"><a href=\"https:\/\/aeroclub.es\/ca\/2017\/02\/taller-skydemon\/\" title=\"Taller SkyDemon [11FEB17]\" rel=\"bookmark\">Taller SkyDemon [11FEB17]<\/a><\/h3>\n\n\t\t\t<p>L&#8217;Aeroclub t&#8217;ofereix un taller pr\u00e0ctic de SkyDemon el dissabte dia 11 de Febrer. Despr\u00e9s de l&#8217;\u00e8xit de la presentaci\u00f3 de les aplicacions de planificaci\u00f3 del vol, el proper dissabte 11 de febrer a les 10:00 en Xavi Teixid\u00f3 ens oferir\u00e0 un taller pr\u00e0ctic de SkyDemon. Aquesta vegada, a m\u00e9s de venir a escoltar, has de&hellip;<\/p>\n\n\t\t<\/div>\n\n\t<\/article>\n\n<\/div>\n<div class=\"wf-cell iso-item category-39 category-31 category-35\" data-post-id=\"9688\" data-date=\"2017-02-01T01:09:25+01:00\" data-name=\"Iniciaci\u00f3 al vol acrob\u00e0tic\">\n\t<article class=\"post post-9688 type-post status-publish format-standard has-post-thumbnail hentry category-acrobacia-ca category-actividades-ca category-rotatoria-ca category-39 category-31 category-35 bg-on fullwidth-img description-off\">\n\n\t\t\n\t\t\t<div class=\"blog-media wf-td\">\n\n\t\t\t\t<p><a href=\"https:\/\/aeroclub.es\/ca\/2017\/02\/iniciacio-al-vol-acrobatic\/\" class=\"alignnone rollover\" ><img loading=\"lazy\" decoding=\"async\" class=\"preload-me aspect\" src=\"https:\/\/aeroclub.es\/wp-content\/uploads\/2017\/02\/IMG_20161028_142156-555x312.jpg\" srcset=\"https:\/\/aeroclub.es\/wp-content\/uploads\/2017\/02\/IMG_20161028_142156-555x312.jpg 555w, https:\/\/aeroclub.es\/wp-content\/uploads\/2017\/02\/IMG_20161028_142156-1110x624.jpg 1110w\" style=\"--ratio: 555 \/ 312\" sizes=\"auto, (max-width: 555px) 100vw, 555px\" alt=\"\" title=\"IMG_20161028_142156\" width=\"555\" height=\"312\"  \/><\/a><\/p>\n\t\t\t<\/div>\n\n\t\t\n\t\t<div class=\"blog-content wf-td\">\n\t\t\t<h3 class=\"entry-title\"><a href=\"https:\/\/aeroclub.es\/ca\/2017\/02\/iniciacio-al-vol-acrobatic\/\" title=\"Iniciaci\u00f3 al vol acrob\u00e0tic\" rel=\"bookmark\">Iniciaci\u00f3 al vol acrob\u00e0tic<\/a><\/h3>\n\n\t\t\t<p>El proper dissabte 4 de febrer a les 10:00 la secci\u00f3 acrob\u00e0tica de L&#8217;Aeroclub far\u00e0 una sessi\u00f3 d&#8217;iniciaci\u00f3 al vol acrob\u00e0tic<\/p>\n\n\t\t<\/div>\n\n\t<\/article>\n\n<\/div>\n<div class=\"wf-cell iso-item category-31 category-35\" data-post-id=\"9584\" data-date=\"2017-01-23T15:55:56+01:00\" data-name=\"Activitats Febrer 2017\">\n\t<article class=\"post post-9584 type-post status-publish format-standard has-post-thumbnail hentry category-actividades-ca category-rotatoria-ca tag-formacion tag-formacion-ca tag-seguridad tag-seguridad-ca category-31 category-35 bg-on fullwidth-img description-off\">\n\n\t\t\n\t\t\t<div class=\"blog-media wf-td\">\n\n\t\t\t\t<p><a href=\"https:\/\/aeroclub.es\/ca\/2017\/01\/activitats-febrer-2017\/\" class=\"alignnone rollover\" ><img loading=\"lazy\" decoding=\"async\" class=\"preload-me aspect\" src=\"https:\/\/aeroclub.es\/wp-content\/uploads\/2017\/01\/IMG_20161209_134253-555x312.jpg\" srcset=\"https:\/\/aeroclub.es\/wp-content\/uploads\/2017\/01\/IMG_20161209_134253-555x312.jpg 555w, https:\/\/aeroclub.es\/wp-content\/uploads\/2017\/01\/IMG_20161209_134253-1110x624.jpg 1110w\" style=\"--ratio: 555 \/ 312\" sizes=\"auto, (max-width: 555px) 100vw, 555px\" alt=\"\" title=\"sdr\" width=\"555\" height=\"312\"  \/><\/a><\/p>\n\t\t\t<\/div>\n\n\t\t\n\t\t<div class=\"blog-content wf-td\">\n\t\t\t<h3 class=\"entry-title\"><a href=\"https:\/\/aeroclub.es\/ca\/2017\/01\/activitats-febrer-2017\/\" title=\"Activitats Febrer 2017\" rel=\"bookmark\">Activitats Febrer 2017<\/a><\/h3>\n\n\t\t\t<p>Aquest mes de Febrer us hem preparat tot un seguit d\u2019activitats complement\u00e0ries perqu\u00e8 gaudiu m\u00e9s i millor dels vostres vols&#8230;<\/p>\n\n\t\t<\/div>\n\n\t<\/article>\n\n<\/div>\n<div class=\"wf-cell iso-item category-31 category-35\" data-post-id=\"9520\" data-date=\"2017-01-09T15:57:19+01:00\" data-name=\"Sant Antoni 2017 - ACTUALITZAT\">\n\t<article class=\"post post-9520 type-post status-publish format-standard has-post-thumbnail hentry category-actividades-ca category-rotatoria-ca category-31 category-35 bg-on fullwidth-img description-off\">\n\n\t\t\n\t\t\t<div class=\"blog-media wf-td\">\n\n\t\t\t\t<p><a href=\"https:\/\/aeroclub.es\/ca\/2017\/01\/sant-antoni-2017\/\" class=\"alignnone rollover\" ><img loading=\"lazy\" decoding=\"async\" class=\"preload-me aspect\" src=\"https:\/\/aeroclub.es\/wp-content\/uploads\/2017\/01\/IMG_4277-555x416.jpg\" srcset=\"https:\/\/aeroclub.es\/wp-content\/uploads\/2017\/01\/IMG_4277-555x416.jpg 555w, https:\/\/aeroclub.es\/wp-content\/uploads\/2017\/01\/IMG_4277-1110x832.jpg 1110w\" style=\"--ratio: 555 \/ 416\" sizes=\"auto, (max-width: 555px) 100vw, 555px\" alt=\"\" title=\"IMG_4277\" width=\"555\" height=\"416\"  \/><\/a><\/p>\n\t\t\t<\/div>\n\n\t\t\n\t\t<div class=\"blog-content wf-td\">\n\t\t\t<h3 class=\"entry-title\"><a href=\"https:\/\/aeroclub.es\/ca\/2017\/01\/sant-antoni-2017\/\" title=\"Sant Antoni 2017 &#8211; ACTUALITZAT\" rel=\"bookmark\">Sant Antoni 2017 &#8211; ACTUALITZAT<\/a><\/h3>\n\n\t\t\t<p>El Reial Aeroclub de Ma\u00f3-Menorca celebrar\u00e0 el 15 de gener la festivitat de Sant Antoni amb la seva tradicional concentraci\u00f3 d&#8217;aeronaus<\/p>\n\n\t\t<\/div>\n\n\t<\/article>\n\n<\/div>\n<div class=\"wf-cell iso-item category-138 category-35\" data-post-id=\"9378\" data-date=\"2016-12-12T02:12:14+01:00\" data-name=\"Butllet\u00ed informatiu 09-16\">\n\t<article class=\"post post-9378 type-post status-publish format-standard has-post-thumbnail hentry category-club-ca category-rotatoria-ca category-138 category-35 bg-on fullwidth-img description-off\">\n\n\t\t\n\t\t\t<div class=\"blog-media wf-td\">\n\n\t\t\t\t<p><a href=\"https:\/\/aeroclub.es\/ca\/2016\/12\/butlleti-informatiu-09-16\/\" class=\"alignnone rollover\" ><img loading=\"lazy\" decoding=\"async\" class=\"preload-me aspect\" src=\"https:\/\/aeroclub.es\/wp-content\/uploads\/2016\/12\/sky-demon-555x375.png\" srcset=\"https:\/\/aeroclub.es\/wp-content\/uploads\/2016\/12\/sky-demon-555x375.png 555w, https:\/\/aeroclub.es\/wp-content\/uploads\/2016\/12\/sky-demon-1110x750.png 1110w\" style=\"--ratio: 555 \/ 375\" sizes=\"auto, (max-width: 555px) 100vw, 555px\" alt=\"\" title=\"sky-demon\" width=\"555\" height=\"375\"  \/><\/a><\/p>\n\t\t\t<\/div>\n\n\t\t\n\t\t<div class=\"blog-content wf-td\">\n\t\t\t<h3 class=\"entry-title\"><a href=\"https:\/\/aeroclub.es\/ca\/2016\/12\/butlleti-informatiu-09-16\/\" title=\"Butllet\u00ed informatiu 09-16\" rel=\"bookmark\">Butllet\u00ed informatiu 09-16<\/a><\/h3>\n\n\t\t\t<p>Butllet\u00ed informatiu de L&#8217;Aeroclub, 09-16, Desembre 2016<\/p>\n\n\t\t<\/div>\n\n\t<\/article>\n\n<\/div>\n<div class=\"wf-cell iso-item category-138 category-34\" data-post-id=\"9336\" data-date=\"2016-12-07T01:12:04+01:00\" data-name=\"Butllet\u00ed Informatiu - Festivitat de la Patrona\">\n\t<article class=\"post post-9336 type-post status-publish format-standard has-post-thumbnail hentry category-club-ca category-destacat category-138 category-34 bg-on fullwidth-img description-off\">\n\n\t\t\n\t\t\t<div class=\"blog-media wf-td\">\n\n\t\t\t\t<p><a href=\"https:\/\/aeroclub.es\/ca\/2016\/12\/butlleti-informatiu-08-16\/\" class=\"alignnone rollover\" ><img loading=\"lazy\" decoding=\"async\" class=\"preload-me aspect\" src=\"https:\/\/aeroclub.es\/wp-content\/uploads\/2016\/12\/IMG_9970-555x416.jpg\" srcset=\"https:\/\/aeroclub.es\/wp-content\/uploads\/2016\/12\/IMG_9970-555x416.jpg 555w, https:\/\/aeroclub.es\/wp-content\/uploads\/2016\/12\/IMG_9970-1110x832.jpg 1110w\" style=\"--ratio: 555 \/ 416\" sizes=\"auto, (max-width: 555px) 100vw, 555px\" alt=\"\" title=\"img_9970\" width=\"555\" height=\"416\"  \/><\/a><\/p>\n\t\t\t<\/div>\n\n\t\t\n\t\t<div class=\"blog-content wf-td\">\n\t\t\t<h3 class=\"entry-title\"><a href=\"https:\/\/aeroclub.es\/ca\/2016\/12\/butlleti-informatiu-08-16\/\" title=\"Butllet\u00ed Informatiu &#8211; Festivitat de la Patrona\" rel=\"bookmark\">Butllet\u00ed Informatiu &#8211; Festivitat de la Patrona<\/a><\/h3>\n\n\t\t\t<p>Butllet\u00ed informatiu de L&#8217;Aeroclub especial Festivitat de la Patrona<\/p>\n\n\t\t<\/div>\n\n\t<\/article>\n\n<\/div>\n<div class=\"wf-cell iso-item category-35 category-143\" data-post-id=\"9095\" data-date=\"2016-11-24T16:24:37+01:00\" data-name=\"Arriba el BLACK FRIDAY a L&#039;Aeroclub\">\n\t<article class=\"post post-9095 type-post status-publish format-standard has-post-thumbnail hentry category-rotatoria-ca category-ofertas-ca category-35 category-143 bg-on fullwidth-img description-off\">\n\n\t\t\n\t\t\t<div class=\"blog-media wf-td\">\n\n\t\t\t\t<p><a href=\"https:\/\/aeroclub.es\/ca\/2016\/11\/black-friday\/\" class=\"alignnone rollover\" ><img loading=\"lazy\" decoding=\"async\" class=\"preload-me aspect\" src=\"https:\/\/aeroclub.es\/wp-content\/uploads\/2016\/11\/black-friday-555x334.png\" srcset=\"https:\/\/aeroclub.es\/wp-content\/uploads\/2016\/11\/black-friday-555x334.png 555w, https:\/\/aeroclub.es\/wp-content\/uploads\/2016\/11\/black-friday-1110x668.png 1110w\" style=\"--ratio: 555 \/ 334\" sizes=\"auto, (max-width: 555px) 100vw, 555px\" alt=\"\" title=\"black-friday\" width=\"555\" height=\"334\"  \/><\/a><\/p>\n\t\t\t<\/div>\n\n\t\t\n\t\t<div class=\"blog-content wf-td\">\n\t\t\t<h3 class=\"entry-title\"><a href=\"https:\/\/aeroclub.es\/ca\/2016\/11\/black-friday\/\" title=\"Arriba el BLACK FRIDAY a L&#8217;Aeroclub\" rel=\"bookmark\">Arriba el BLACK FRIDAY a L&#8217;Aeroclub<\/a><\/h3>\n\n\t\t\t<p>Promoci\u00f3 Especial BLACK FRIDAY: compra blocs de 5 hores amb 20% de descompte i gaudeix volant!<\/p>\n\n\t\t<\/div>\n\n\t<\/article>\n\n<\/div>\n<div class=\"wf-cell iso-item category-31 category-35 category-55\" data-post-id=\"9039\" data-date=\"2016-11-17T20:12:59+01:00\" data-name=\"Curs de refresc - Emerg\u00e8ncies\">\n\t<article class=\"post post-9039 type-post status-publish format-standard has-post-thumbnail hentry category-actividades-ca category-rotatoria-ca category-vol-a-motor tag-formacio category-31 category-35 category-55 bg-on fullwidth-img description-off\">\n\n\t\t\n\t\t\t<div class=\"blog-media wf-td\">\n\n\t\t\t\t<p><a href=\"https:\/\/aeroclub.es\/ca\/2016\/11\/curs-de-refresc-emergencias\/\" class=\"alignnone rollover\" ><img loading=\"lazy\" decoding=\"async\" class=\"preload-me aspect\" src=\"https:\/\/aeroclub.es\/wp-content\/uploads\/2015\/12\/3A86B18F-E275-440E-871D-0BB6B9E70BE9-2-555x372.jpg\" srcset=\"https:\/\/aeroclub.es\/wp-content\/uploads\/2015\/12\/3A86B18F-E275-440E-871D-0BB6B9E70BE9-2-555x372.jpg 555w, https:\/\/aeroclub.es\/wp-content\/uploads\/2015\/12\/3A86B18F-E275-440E-871D-0BB6B9E70BE9-2-1110x744.jpg 1110w\" style=\"--ratio: 555 \/ 372\" sizes=\"auto, (max-width: 555px) 100vw, 555px\" alt=\"\" title=\"3A86B18F-E275-440E-871D-0BB6B9E70BE9 2\" width=\"555\" height=\"372\"  \/><\/a><\/p>\n\t\t\t<\/div>\n\n\t\t\n\t\t<div class=\"blog-content wf-td\">\n\t\t\t<h3 class=\"entry-title\"><a href=\"https:\/\/aeroclub.es\/ca\/2016\/11\/curs-de-refresc-emergencias\/\" title=\"Curs de refresc &#8211; Emerg\u00e8ncies\" rel=\"bookmark\">Curs de refresc &#8211; Emerg\u00e8ncies<\/a><\/h3>\n\n\t\t\t<p>El CURS DE REFRESC \u00e9s una  formaci\u00f3 gratu\u00efta pels socis de l\u2019Aeroclub per mantenir ACTIUS i ACTUALITZATS els coneixements i experi\u00e8ncia com a  pilots.<\/p>\n\n\t\t<\/div>\n\n\t<\/article>\n\n<\/div>\n<div class=\"wf-cell iso-item category-31 category-231 category-35\" data-post-id=\"8760\" data-date=\"2016-11-13T21:16:10+01:00\" data-name=\"Aplicacions navegaci\u00f3 VFR\">\n\t<article class=\"post no-img post-8760 type-post status-publish format-standard hentry category-actividades-ca category-analisis-ca category-rotatoria-ca category-31 category-231 category-35 bg-on fullwidth-img description-off\">\n\n\t\t\n\t\t<div class=\"blog-content wf-td\">\n\t\t\t<h3 class=\"entry-title\"><a href=\"https:\/\/aeroclub.es\/ca\/2016\/11\/aplicacions-navegacio-vfr\/\" title=\"Aplicacions navegaci\u00f3 VFR\" rel=\"bookmark\">Aplicacions navegaci\u00f3 VFR<\/a><\/h3>\n\n\t\t\t<p>El proper dissabte 19 de novembre a les 10:00 Xavi Teixid\u00f3 (ATPL) expert  pilot de l\u2019Aeroclub ens presentar\u00e0 les 3 aplicacions m\u00e9s fiables i completes existents actualment<\/p>\n\n\t\t<\/div>\n\n\t<\/article>\n\n<\/div>\n<div class=\"wf-cell iso-item category-31 category-35 category-56\" data-post-id=\"8645\" data-date=\"2016-11-08T01:38:15+01:00\" data-name=\"Curs d&#039;iniciaci\u00f3 al vol a vela\">\n\t<article class=\"post post-8645 type-post status-publish format-standard has-post-thumbnail hentry category-actividades-ca category-rotatoria-ca category-vol-a-vela tag-formacio tag-vol-a-vela category-31 category-35 category-56 bg-on fullwidth-img description-off\">\n\n\t\t\n\t\t\t<div class=\"blog-media wf-td\">\n\n\t\t\t\t<p><a href=\"https:\/\/aeroclub.es\/ca\/2016\/11\/curs-diniciacio-al-vol-a-vela\/\" class=\"alignnone rollover\" ><img loading=\"lazy\" decoding=\"async\" class=\"preload-me aspect\" src=\"https:\/\/aeroclub.es\/wp-content\/uploads\/2016\/01\/curso-iniciacion-planeador-2-555x333.jpg\" srcset=\"https:\/\/aeroclub.es\/wp-content\/uploads\/2016\/01\/curso-iniciacion-planeador-2-555x333.jpg 555w, https:\/\/aeroclub.es\/wp-content\/uploads\/2016\/01\/curso-iniciacion-planeador-2.jpg 600w\" style=\"--ratio: 555 \/ 333\" sizes=\"auto, (max-width: 555px) 100vw, 555px\" alt=\"\" title=\"curso-iniciacion-planeador-2\" width=\"555\" height=\"333\"  \/><\/a><\/p>\n\t\t\t<\/div>\n\n\t\t\n\t\t<div class=\"blog-content wf-td\">\n\t\t\t<h3 class=\"entry-title\"><a href=\"https:\/\/aeroclub.es\/ca\/2016\/11\/curs-diniciacio-al-vol-a-vela\/\" title=\"Curs d&#8217;iniciaci\u00f3 al vol a vela\" rel=\"bookmark\">Curs d&#8217;iniciaci\u00f3 al vol a vela<\/a><\/h3>\n\n\t\t\t<p>El vol a vela \u00e9s el que m\u00e9s ens acosta al vol dels ocells, l\u2019ess\u00e8ncia del vol. Vine a con\u00e8ixer el vol a vela i descobreix com pots ser millor pilot. El vol a vela\u00a0es basa en la capacitat de mantenir-se volant aprofitant l\u2019aerodin\u00e0mica de l\u2019avi\u00f3\u00a0 i els corrents ascendents d\u2019aire. El pilot de vol&hellip;<\/p>\n\n\t\t<\/div>\n\n\t<\/article>\n\n<\/div>\n<div class=\"wf-cell iso-item category-141\" data-post-id=\"8732\" data-date=\"2016-11-07T02:00:26+01:00\" data-name=\"Butllet\u00ed informatiu 06-16\">\n\t<article class=\"post no-img post-8732 type-post status-publish format-standard hentry category-ultima-hora-ca category-141 bg-on fullwidth-img description-off\">\n\n\t\t\n\t\t<div class=\"blog-content wf-td\">\n\t\t\t<h3 class=\"entry-title\"><a href=\"https:\/\/aeroclub.es\/ca\/2016\/11\/butlleti-informatiu-06-16\/\" title=\"Butllet\u00ed informatiu 06-16\" rel=\"bookmark\">Butllet\u00ed informatiu 06-16<\/a><\/h3>\n\n\t\t\t<p>Butllet\u00ed informatiu de L&#8217;Aeroclub, 06-16 de Novembre 2016<\/p>\n\n\t\t<\/div>\n\n\t<\/article>\n\n<\/div>\n<div class=\"wf-cell iso-item category-31 category-64 category-35\" data-post-id=\"8575\" data-date=\"2016-10-24T13:24:38+02:00\" data-name=\"Col\u00b7lisions amb aus\">\n\t<article class=\"post post-8575 type-post status-publish format-standard has-post-thumbnail hentry category-actividades-ca category-curs-ca category-rotatoria-ca category-31 category-64 category-35 bg-on fullwidth-img description-off\">\n\n\t\t\n\t\t\t<div class=\"blog-media wf-td\">\n\n\t\t\t\t<p><a href=\"https:\/\/aeroclub.es\/ca\/2016\/10\/col%c2%b7lisions-amb-aus\/\" class=\"alignnone rollover\" ><img loading=\"lazy\" decoding=\"async\" class=\"preload-me aspect\" src=\"https:\/\/aeroclub.es\/wp-content\/uploads\/2016\/10\/20161022_103321-555x313.jpg\" srcset=\"https:\/\/aeroclub.es\/wp-content\/uploads\/2016\/10\/20161022_103321-555x313.jpg 555w, https:\/\/aeroclub.es\/wp-content\/uploads\/2016\/10\/20161022_103321-1110x626.jpg 1110w\" style=\"--ratio: 555 \/ 313\" sizes=\"auto, (max-width: 555px) 100vw, 555px\" alt=\"\" title=\"20161022_103321\" width=\"555\" height=\"313\"  \/><\/a><\/p>\n\t\t\t<\/div>\n\n\t\t\n\t\t<div class=\"blog-content wf-td\">\n\t\t\t<h3 class=\"entry-title\"><a href=\"https:\/\/aeroclub.es\/ca\/2016\/10\/col%c2%b7lisions-amb-aus\/\" title=\"Col\u00b7lisions amb aus\" rel=\"bookmark\">Col\u00b7lisions amb aus<\/a><\/h3>\n\n\t\t\t<p>Amb gran \u00e8xit d\u2019assist\u00e8ncia, durant la xerrada s\u2019ha fet un rep\u00e0s de l\u2019h\u00e0bitat i costums dels voltors i altres ocells per con\u00e8ixer millor per on i quan els podem trobar i prevenir els impactes. En una primera part, en Rafa Molina ha fet un rep\u00e0s estad\u00edstic dels incidents registrats en els\u00a0quals les aus han estat&hellip;<\/p>\n\n\t\t<\/div>\n\n\t<\/article>\n\n<\/div>\n<div class=\"wf-cell iso-item category-138 category-35\" data-post-id=\"8537\" data-date=\"2016-10-19T22:55:25+02:00\" data-name=\"Nova rampa d&#039;acc\u00e9s\">\n\t<article class=\"post post-8537 type-post status-publish format-standard has-post-thumbnail hentry category-club-ca category-rotatoria-ca category-138 category-35 bg-on fullwidth-img description-off\">\n\n\t\t\n\t\t\t<div class=\"blog-media wf-td\">\n\n\t\t\t\t<p><a href=\"https:\/\/aeroclub.es\/ca\/2016\/10\/nova-rampa-dacces\/\" class=\"alignnone rollover\" ><img loading=\"lazy\" decoding=\"async\" class=\"preload-me aspect\" src=\"https:\/\/aeroclub.es\/wp-content\/uploads\/2016\/10\/IMG_2029-555x740.jpg\" srcset=\"https:\/\/aeroclub.es\/wp-content\/uploads\/2016\/10\/IMG_2029-555x740.jpg 555w, https:\/\/aeroclub.es\/wp-content\/uploads\/2016\/10\/IMG_2029-1110x1480.jpg 1110w\" style=\"--ratio: 555 \/ 740\" sizes=\"auto, (max-width: 555px) 100vw, 555px\" alt=\"\" title=\"img_2029\" width=\"555\" height=\"740\"  \/><\/a><\/p>\n\t\t\t<\/div>\n\n\t\t\n\t\t<div class=\"blog-content wf-td\">\n\t\t\t<h3 class=\"entry-title\"><a href=\"https:\/\/aeroclub.es\/ca\/2016\/10\/nova-rampa-dacces\/\" title=\"Nova rampa d&#8217;acc\u00e9s\" rel=\"bookmark\">Nova rampa d&#8217;acc\u00e9s<\/a><\/h3>\n\n\t\t\t<p>Nova rampa d&#8217;acc\u00e9s a la terrassa de L&#8217;Aeroclub per a persones amb mobilitat redu\u00efda<\/p>\n\n\t\t<\/div>\n\n\t<\/article>\n\n<\/div>\n<div class=\"wf-cell iso-item category-31 category-35 category-40\" data-post-id=\"8485\" data-date=\"2016-10-18T19:36:42+02:00\" data-name=\"Rally Tardor - Resultats\">\n\t<article class=\"post post-8485 type-post status-publish format-standard has-post-thumbnail hentry category-actividades-ca category-rotatoria-ca category-rallies-ca tag-competicio tag-rally category-31 category-35 category-40 bg-on fullwidth-img description-off\">\n\n\t\t\n\t\t\t<div class=\"blog-media wf-td\">\n\n\t\t\t\t<p><a href=\"https:\/\/aeroclub.es\/ca\/2016\/10\/rally-tardor-resultats\/\" class=\"alignnone rollover\" ><img loading=\"lazy\" decoding=\"async\" class=\"preload-me aspect\" src=\"https:\/\/aeroclub.es\/wp-content\/uploads\/2016\/10\/20161015_154827-555x312.jpg\" srcset=\"https:\/\/aeroclub.es\/wp-content\/uploads\/2016\/10\/20161015_154827-555x312.jpg 555w, https:\/\/aeroclub.es\/wp-content\/uploads\/2016\/10\/20161015_154827-1110x624.jpg 1110w\" style=\"--ratio: 555 \/ 312\" sizes=\"auto, (max-width: 555px) 100vw, 555px\" alt=\"\" title=\"20161015_154827\" width=\"555\" height=\"312\"  \/><\/a><\/p>\n\t\t\t<\/div>\n\n\t\t\n\t\t<div class=\"blog-content wf-td\">\n\t\t\t<h3 class=\"entry-title\"><a href=\"https:\/\/aeroclub.es\/ca\/2016\/10\/rally-tardor-resultats\/\" title=\"Rally Tardor &#8211; Resultats\" rel=\"bookmark\">Rally Tardor &#8211; Resultats<\/a><\/h3>\n\n\t\t\t<p>Han estat 11 les tripulacions que han participat en el Rally de Tardor que va tenir lloc el passat 15 d&#8217;octubre. La tripulaci\u00f3 Farr\u00e9-Manuel van guanyar la prova.<\/p>\n\n\t\t<\/div>\n\n\t<\/article>\n\n<\/div>\n<div class=\"wf-cell iso-item category-191 category-35\" data-post-id=\"8439\" data-date=\"2016-10-16T23:23:13+02:00\" data-name=\"L&#039;Aeroclub amb Ryanair\">\n\t<article class=\"post post-8439 type-post status-publish format-standard has-post-thumbnail hentry category-escuela-ca category-rotatoria-ca category-191 category-35 bg-on fullwidth-img description-off\">\n\n\t\t\n\t\t\t<div class=\"blog-media wf-td\">\n\n\t\t\t\t<p><a href=\"https:\/\/aeroclub.es\/ca\/2016\/10\/laeroclub-amb-ryanair\/\" class=\"alignnone rollover\" ><img loading=\"lazy\" decoding=\"async\" class=\"preload-me aspect\" src=\"https:\/\/aeroclub.es\/wp-content\/uploads\/2016\/10\/ryanair-aviones-555x369.jpg\" srcset=\"https:\/\/aeroclub.es\/wp-content\/uploads\/2016\/10\/ryanair-aviones-555x369.jpg 555w, https:\/\/aeroclub.es\/wp-content\/uploads\/2016\/10\/ryanair-aviones.jpg 800w\" style=\"--ratio: 555 \/ 369\" sizes=\"auto, (max-width: 555px) 100vw, 555px\" alt=\"\" title=\"ryanair-aviones\" width=\"555\" height=\"369\"  \/><\/a><\/p>\n\t\t\t<\/div>\n\n\t\t\n\t\t<div class=\"blog-content wf-td\">\n\t\t\t<h3 class=\"entry-title\"><a href=\"https:\/\/aeroclub.es\/ca\/2016\/10\/laeroclub-amb-ryanair\/\" title=\"L&#8217;Aeroclub amb Ryanair\" rel=\"bookmark\">L&#8217;Aeroclub amb Ryanair<\/a><\/h3>\n\n\t\t\t<p>El passat 4 d\u2019octubre Ryanair va convidar a l\u2019Aeroclub a participar en una trobada a les seves oficines centrals a Dublin<\/p>\n\n\t\t<\/div>\n\n\t<\/article>\n\n<\/div>\n<div class=\"wf-cell iso-item category-138 category-35\" data-post-id=\"8211\" data-date=\"2016-10-06T10:00:02+02:00\" data-name=\"L&#039;Aeroclub a la Diada de les TIC\">\n\t<article class=\"post post-8211 type-post status-publish format-standard has-post-thumbnail hentry category-club-ca category-rotatoria-ca category-138 category-35 bg-on fullwidth-img description-off\">\n\n\t\t\n\t\t\t<div class=\"blog-media wf-td\">\n\n\t\t\t\t<p><a href=\"https:\/\/aeroclub.es\/ca\/2016\/10\/laeroclub-a-la-diada-de-les-tic\/\" class=\"alignnone rollover\" ><img loading=\"lazy\" decoding=\"async\" class=\"preload-me aspect\" src=\"https:\/\/aeroclub.es\/wp-content\/uploads\/2016\/10\/TIC2-555x312.jpg\" srcset=\"https:\/\/aeroclub.es\/wp-content\/uploads\/2016\/10\/TIC2-555x312.jpg 555w, https:\/\/aeroclub.es\/wp-content\/uploads\/2016\/10\/TIC2-1110x624.jpg 1110w\" style=\"--ratio: 555 \/ 312\" sizes=\"auto, (max-width: 555px) 100vw, 555px\" alt=\"\" title=\"tic2\" width=\"555\" height=\"312\"  \/><\/a><\/p>\n\t\t\t<\/div>\n\n\t\t\n\t\t<div class=\"blog-content wf-td\">\n\t\t\t<h3 class=\"entry-title\"><a href=\"https:\/\/aeroclub.es\/ca\/2016\/10\/laeroclub-a-la-diada-de-les-tic\/\" title=\"L&#8217;Aeroclub a la Diada de les TIC\" rel=\"bookmark\">L&#8217;Aeroclub a la Diada de les TIC<\/a><\/h3>\n\n\t\t\t<p>El 29 de setembre va tenir lloc a Barcelona la Diada de les Telecomunicacions a Catalunya, un dels esdeveniments m\u00e9s importants i representatius del Sector TIC de quants s&#8217;organitzen a Catalunya<\/p>\n\n\t\t<\/div>\n\n\t<\/article>\n\n<\/div>\n<div class=\"wf-cell iso-item category-31 category-35\" data-post-id=\"8244\" data-date=\"2016-10-05T21:58:49+02:00\" data-name=\"Confer\u00e8ncia: col\u00b7lisions amb aus\">\n\t<article class=\"post post-8244 type-post status-publish format-standard has-post-thumbnail hentry category-actividades-ca category-rotatoria-ca category-31 category-35 bg-on fullwidth-img description-off\">\n\n\t\t\n\t\t\t<div class=\"blog-media wf-td\">\n\n\t\t\t\t<p><a href=\"https:\/\/aeroclub.es\/ca\/2016\/10\/conferencia-sobre-col%c2%b7lisions-amb-aus\/\" class=\"alignnone rollover\" ><img loading=\"lazy\" decoding=\"async\" class=\"preload-me aspect\" src=\"https:\/\/aeroclub.es\/wp-content\/uploads\/2016\/10\/Flying-Gyps_fulvus-555x353.jpg\" srcset=\"https:\/\/aeroclub.es\/wp-content\/uploads\/2016\/10\/Flying-Gyps_fulvus-555x353.jpg 555w, https:\/\/aeroclub.es\/wp-content\/uploads\/2016\/10\/Flying-Gyps_fulvus-1110x706.jpg 1110w\" style=\"--ratio: 555 \/ 353\" sizes=\"auto, (max-width: 555px) 100vw, 555px\" alt=\"\" title=\"flying-gyps_fulvus\" width=\"555\" height=\"353\"  \/><\/a><\/p>\n\t\t\t<\/div>\n\n\t\t\n\t\t<div class=\"blog-content wf-td\">\n\t\t\t<h3 class=\"entry-title\"><a href=\"https:\/\/aeroclub.es\/ca\/2016\/10\/conferencia-sobre-col%c2%b7lisions-amb-aus\/\" title=\"Confer\u00e8ncia: col\u00b7lisions amb aus\" rel=\"bookmark\">Confer\u00e8ncia: col\u00b7lisions amb aus<\/a><\/h3>\n\n\t\t\t<p>Davant de l\u2019increment d\u2019accidents i incidents reportats en els darrers mesos en els que les aus han estat les protagonistes, el Rafa Molina, Cap de Seguretat de l&#8217;Aeroclub, ens ha preparat una confer\u00e8ncia sobre el vol de les aus.<\/p>\n\n\t\t<\/div>\n\n\t<\/article>\n\n<\/div>\n<div class=\"wf-cell iso-item category-138 category-35\" data-post-id=\"8160\" data-date=\"2016-09-26T00:54:26+02:00\" data-name=\"Nous avions en vol\">\n\t<article class=\"post post-8160 type-post status-publish format-standard has-post-thumbnail hentry category-club-ca category-rotatoria-ca category-138 category-35 bg-on fullwidth-img description-off\">\n\n\t\t\n\t\t\t<div class=\"blog-media wf-td\">\n\n\t\t\t\t<p><a href=\"https:\/\/aeroclub.es\/ca\/2016\/09\/nous-avions-en-vol\/\" class=\"alignnone rollover\" ><img loading=\"lazy\" decoding=\"async\" class=\"preload-me aspect\" src=\"https:\/\/aeroclub.es\/wp-content\/uploads\/2016\/09\/IMG_8233-555x416.jpg\" srcset=\"https:\/\/aeroclub.es\/wp-content\/uploads\/2016\/09\/IMG_8233-555x416.jpg 555w, https:\/\/aeroclub.es\/wp-content\/uploads\/2016\/09\/IMG_8233-1110x832.jpg 1110w\" style=\"--ratio: 555 \/ 416\" sizes=\"auto, (max-width: 555px) 100vw, 555px\" alt=\"\" title=\"img_8233\" width=\"555\" height=\"416\"  \/><\/a><\/p>\n\t\t\t<\/div>\n\n\t\t\n\t\t<div class=\"blog-content wf-td\">\n\t\t\t<h3 class=\"entry-title\"><a href=\"https:\/\/aeroclub.es\/ca\/2016\/09\/nous-avions-en-vol\/\" title=\"Nous avions en vol\" rel=\"bookmark\">Nous avions en vol<\/a><\/h3>\n\n\t\t\t<p>Com us hem informat puntualment, durant aquest passat mes d&#8217;agost s&#8217;han produ\u00eft dues incorporacions significatives a la flota de L&#8217;Aeroclub: un nou monomotor Tecnam P92, matr\u00edcula EC-MMT, i un nou bimotor Piper PA-23-250, matr\u00edcula F -BNPR.<\/p>\n\n\t\t<\/div>\n\n\t<\/article>\n\n<\/div>\n<div class=\"wf-cell iso-item category-31 category-35 category-40\" data-post-id=\"8080\" data-date=\"2016-09-20T00:19:57+02:00\" data-name=\"Lliga ACBS - Resultats 1\u00aa prova\">\n\t<article class=\"post post-8080 type-post status-publish format-standard has-post-thumbnail hentry category-actividades-ca category-rotatoria-ca category-rallies-ca tag-competicio tag-rally category-31 category-35 category-40 bg-on fullwidth-img description-off\">\n\n\t\t\n\t\t\t<div class=\"blog-media wf-td\">\n\n\t\t\t\t<p><a href=\"https:\/\/aeroclub.es\/ca\/2016\/09\/lliga-acbs-resultats-1a-prova\/\" class=\"alignnone rollover\" ><img loading=\"lazy\" decoding=\"async\" class=\"preload-me aspect\" src=\"https:\/\/aeroclub.es\/wp-content\/uploads\/2016\/09\/IMG-20160920-WA0000-555x312.jpg\" srcset=\"https:\/\/aeroclub.es\/wp-content\/uploads\/2016\/09\/IMG-20160920-WA0000-555x312.jpg 555w, https:\/\/aeroclub.es\/wp-content\/uploads\/2016\/09\/IMG-20160920-WA0000-1110x624.jpg 1110w\" style=\"--ratio: 555 \/ 312\" sizes=\"auto, (max-width: 555px) 100vw, 555px\" alt=\"\" title=\"img-20160920-wa0000\" width=\"555\" height=\"312\"  \/><\/a><\/p>\n\t\t\t<\/div>\n\n\t\t\n\t\t<div class=\"blog-content wf-td\">\n\t\t\t<h3 class=\"entry-title\"><a href=\"https:\/\/aeroclub.es\/ca\/2016\/09\/lliga-acbs-resultats-1a-prova\/\" title=\"Lliga ACBS &#8211; Resultats 1\u00aa prova\" rel=\"bookmark\">Lliga ACBS &#8211; Resultats 1\u00aa prova<\/a><\/h3>\n\n\t\t\t<p>La primera prova de la Lliga ACBS celebrada el dissabte 17 de setembre va ser un routing d&#8217;iniciaci\u00f3 amb 7 punts de gir i d&#8217;una hora de vol des del starting point.<\/p>\n\n\t\t<\/div>\n\n\t<\/article>\n\n<\/div>\n<div class=\"wf-cell iso-item category-31 category-35\" data-post-id=\"8058\" data-date=\"2016-09-19T00:50:08+02:00\" data-name=\"Confer\u00e8ncia sobre el Garmin G1000\">\n\t<article class=\"post post-8058 type-post status-publish format-standard has-post-thumbnail hentry category-actividades-ca category-rotatoria-ca category-31 category-35 bg-on fullwidth-img description-off\">\n\n\t\t\n\t\t\t<div class=\"blog-media wf-td\">\n\n\t\t\t\t<p><a href=\"https:\/\/aeroclub.es\/ca\/2016\/09\/conferencia-sobre-el-garming-g-1000\/\" class=\"alignnone rollover\" ><img loading=\"lazy\" decoding=\"async\" class=\"preload-me aspect\" src=\"https:\/\/aeroclub.es\/wp-content\/uploads\/2016\/09\/20160910_1021150-555x312.jpg\" srcset=\"https:\/\/aeroclub.es\/wp-content\/uploads\/2016\/09\/20160910_1021150-555x312.jpg 555w, https:\/\/aeroclub.es\/wp-content\/uploads\/2016\/09\/20160910_1021150-1110x624.jpg 1110w\" style=\"--ratio: 555 \/ 312\" sizes=\"auto, (max-width: 555px) 100vw, 555px\" alt=\"\" title=\"20160910_1021150\" width=\"555\" height=\"312\"  \/><\/a><\/p>\n\t\t\t<\/div>\n\n\t\t\n\t\t<div class=\"blog-content wf-td\">\n\t\t\t<h3 class=\"entry-title\"><a href=\"https:\/\/aeroclub.es\/ca\/2016\/09\/conferencia-sobre-el-garming-g-1000\/\" title=\"Confer\u00e8ncia sobre el Garmin G1000\" rel=\"bookmark\">Confer\u00e8ncia sobre el Garmin G1000<\/a><\/h3>\n\n\t\t\t<p>Aquest passat dissabte dia 10 de setembre va tenir lloc a les instalacions de L&#8217;Aeroclub una conferencia sobre el sistema de Glass Cockpit Garmin 1000<\/p>\n\n\t\t<\/div>\n\n\t<\/article>\n\n<\/div>\n<div class=\"wf-cell iso-item category-35 category-143\" data-post-id=\"7996\" data-date=\"2016-09-08T23:37:56+02:00\" data-name=\"Oferta 4x3: vola la CAP10\">\n\t<article class=\"post post-7996 type-post status-publish format-standard has-post-thumbnail hentry category-rotatoria-ca category-ofertas-ca category-35 category-143 bg-on fullwidth-img description-off\">\n\n\t\t\n\t\t\t<div class=\"blog-media wf-td\">\n\n\t\t\t\t<p><a href=\"https:\/\/aeroclub.es\/ca\/2016\/09\/oferta-4x3-vola-la-cap10\/\" class=\"alignnone rollover\" ><img loading=\"lazy\" decoding=\"async\" class=\"preload-me aspect\" src=\"https:\/\/aeroclub.es\/wp-content\/uploads\/2016\/08\/2016-08-17-PHOTO-00000004-555x370.jpg\" srcset=\"https:\/\/aeroclub.es\/wp-content\/uploads\/2016\/08\/2016-08-17-PHOTO-00000004-555x370.jpg 555w, https:\/\/aeroclub.es\/wp-content\/uploads\/2016\/08\/2016-08-17-PHOTO-00000004-1110x740.jpg 1110w\" style=\"--ratio: 555 \/ 370\" sizes=\"auto, (max-width: 555px) 100vw, 555px\" alt=\"\" title=\"2016-08-17-PHOTO-00000004\" width=\"555\" height=\"370\"  \/><\/a><\/p>\n\t\t\t<\/div>\n\n\t\t\n\t\t<div class=\"blog-content wf-td\">\n\t\t\t<h3 class=\"entry-title\"><a href=\"https:\/\/aeroclub.es\/ca\/2016\/09\/oferta-4x3-vola-la-cap10\/\" title=\"Oferta 4&#215;3: vola la CAP10\" rel=\"bookmark\">Oferta 4&#215;3: vola la CAP10<\/a><\/h3>\n\n\t\t\t<p>Paga 3 horas y vuela 4. Aprovecha esta promoci\u00f3n hasta el 15\/10 para volver a soltarte en el avi\u00f3n.<\/p>\n\n\t\t<\/div>\n\n\t<\/article>\n\n<\/div>\n<div class=\"wf-cell iso-item category-35 category-143\" data-post-id=\"7887\" data-date=\"2016-08-30T13:13:12+02:00\" data-name=\"Gran Oferta en Vols d&#039;Iniciaci\u00f3\">\n\t<article class=\"post post-7887 type-post status-publish format-standard has-post-thumbnail hentry category-rotatoria-ca category-ofertas-ca category-35 category-143 bg-on fullwidth-img description-off\">\n\n\t\t\n\t\t\t<div class=\"blog-media wf-td\">\n\n\t\t\t\t<p><a href=\"https:\/\/aeroclub.es\/ca\/2016\/08\/gran-oferta-en-vols-diniciacio\/\" class=\"alignnone rollover\" ><img loading=\"lazy\" decoding=\"async\" class=\"preload-me aspect\" src=\"https:\/\/aeroclub.es\/wp-content\/uploads\/2016\/08\/FMSabadell-1-555x790.png\" srcset=\"https:\/\/aeroclub.es\/wp-content\/uploads\/2016\/08\/FMSabadell-1-555x790.png 555w, https:\/\/aeroclub.es\/wp-content\/uploads\/2016\/08\/FMSabadell-1.png 1081w\" style=\"--ratio: 555 \/ 790\" sizes=\"auto, (max-width: 555px) 100vw, 555px\" alt=\"\" title=\"FMSabadell\" width=\"555\" height=\"790\"  \/><\/a><\/p>\n\t\t\t<\/div>\n\n\t\t\n\t\t<div class=\"blog-content wf-td\">\n\t\t\t<h3 class=\"entry-title\"><a href=\"https:\/\/aeroclub.es\/ca\/2016\/08\/gran-oferta-en-vols-diniciacio\/\" title=\"Gran Oferta en Vols d&#8217;Iniciaci\u00f3\" rel=\"bookmark\">Gran Oferta en Vols d&#8217;Iniciaci\u00f3<\/a><\/h3>\n\n\t\t\t<p>Els vols es realitzen de dissabte 3\/9 al dilluns 5\/9 a les instal\u00b7lacions de L&#8217;Aeroclub<\/p>\n\n\t\t<\/div>\n\n\t<\/article>\n\n<\/div>\n<div class=\"wf-cell iso-item category-31 category-35\" data-post-id=\"7851\" data-date=\"2016-08-30T08:30:03+02:00\" data-name=\"Properes activitats  - SET 2016\">\n\t<article class=\"post post-7851 type-post status-publish format-standard has-post-thumbnail hentry category-actividades-ca category-rotatoria-ca category-31 category-35 bg-on fullwidth-img description-off\">\n\n\t\t\n\t\t\t<div class=\"blog-media wf-td\">\n\n\t\t\t\t<p><a href=\"https:\/\/aeroclub.es\/ca\/2016\/08\/resum-dactivitats-setembre\/\" class=\"alignnone rollover\" ><img loading=\"lazy\" decoding=\"async\" class=\"preload-me aspect\" src=\"https:\/\/aeroclub.es\/wp-content\/uploads\/2016\/08\/vols-iniciacio-555x555.png\" srcset=\"https:\/\/aeroclub.es\/wp-content\/uploads\/2016\/08\/vols-iniciacio-555x555.png 555w, https:\/\/aeroclub.es\/wp-content\/uploads\/2016\/08\/vols-iniciacio.png 800w\" style=\"--ratio: 555 \/ 555\" sizes=\"auto, (max-width: 555px) 100vw, 555px\" alt=\"\" title=\"vols-iniciacio\" width=\"555\" height=\"555\"  \/><\/a><\/p>\n\t\t\t<\/div>\n\n\t\t\n\t\t<div class=\"blog-content wf-td\">\n\t\t\t<h3 class=\"entry-title\"><a href=\"https:\/\/aeroclub.es\/ca\/2016\/08\/resum-dactivitats-setembre\/\" title=\"Properes activitats  &#8211; SET 2016\" rel=\"bookmark\">Properes activitats  &#8211; SET 2016<\/a><\/h3>\n\n\t\t\t<p>Al Setembre, L&#8217;Aeroclub \u00e9s pl\u00e8 d&#8217;activitats &nbsp; Activitats Setembre 2016 Festa Major de Sabadell \u00a0(3\/9 i 4\/9) &#8211; \u00a0Exhibici\u00f3 d&#8217;aeronaus\u00a0i batejos\u00a0a preus molt especials. PAC OBERT especial Festa Major de Sabadell\u00a0 (4\/9) &#8211;\u00a0La Fundaci\u00f3 Parc Aeron\u00e0utic de Catalunya ens presentar\u00e0 la darrera novetat de la col\u00b7lecci\u00f3 d&#8217;aeronaus cl\u00e0ssiques Confer\u00e8ncia sobre Garmin 1000 i sistemes associats&hellip;<\/p>\n\n\t\t<\/div>\n\n\t<\/article>\n\n<\/div>\n<div class=\"wf-cell iso-item category-32 category-34 category-141\" data-post-id=\"7331\" data-date=\"2016-08-18T02:47:38+02:00\" data-name=\"Air Tractors a la Cerdanya\">\n\t<article class=\"post post-7331 type-post status-publish format-standard has-post-thumbnail hentry category-blog-ca category-destacat category-ultima-hora-ca tag-airboss tag-airtractor tag-cerdanya tag-incendi category-32 category-34 category-141 bg-on fullwidth-img description-off\">\n\n\t\t\n\t\t\t<div class=\"blog-media wf-td\">\n\n\t\t\t\t<p><a href=\"https:\/\/aeroclub.es\/ca\/2016\/08\/air-tractors-a-la-cerdanya\/\" class=\"alignnone rollover\" ><img loading=\"lazy\" decoding=\"async\" class=\"preload-me aspect\" src=\"https:\/\/aeroclub.es\/wp-content\/uploads\/2016\/08\/IMG_20160812_194030-555x416.jpg\" srcset=\"https:\/\/aeroclub.es\/wp-content\/uploads\/2016\/08\/IMG_20160812_194030-555x416.jpg 555w, https:\/\/aeroclub.es\/wp-content\/uploads\/2016\/08\/IMG_20160812_194030-1110x832.jpg 1110w\" style=\"--ratio: 555 \/ 416\" sizes=\"auto, (max-width: 555px) 100vw, 555px\" alt=\"\" title=\"IMG_20160812_194030\" width=\"555\" height=\"416\"  \/><\/a><\/p>\n\t\t\t<\/div>\n\n\t\t\n\t\t<div class=\"blog-content wf-td\">\n\t\t\t<h3 class=\"entry-title\"><a href=\"https:\/\/aeroclub.es\/ca\/2016\/08\/air-tractors-a-la-cerdanya\/\" title=\"Air Tractors a la Cerdanya\" rel=\"bookmark\">Air Tractors a la Cerdanya<\/a><\/h3>\n\n\t\t\t<p>Operaci\u00f3 dels Air Tractors a la Cerdanya amb motiu d&#8217;un incendi a Lles de Cerdanya.<\/p>\n\n\t\t<\/div>\n\n\t<\/article>\n\n<\/div>\n<div class=\"wf-cell iso-item category-39 category-35 category-141\" data-post-id=\"7362\" data-date=\"2016-08-18T02:39:00+02:00\" data-name=\"Ja est\u00e0 de tornada la CAP 10\">\n\t<article class=\"post post-7362 type-post status-publish format-standard has-post-thumbnail hentry category-acrobacia-ca category-rotatoria-ca category-ultima-hora-ca category-39 category-35 category-141 bg-on fullwidth-img description-off\">\n\n\t\t\n\t\t\t<div class=\"blog-media wf-td\">\n\n\t\t\t\t<p><a href=\"https:\/\/aeroclub.es\/ca\/2016\/08\/ja-esta-de-tornada-la-cap-10\/\" class=\"alignnone rollover\" ><img loading=\"lazy\" decoding=\"async\" class=\"preload-me aspect\" src=\"https:\/\/aeroclub.es\/wp-content\/uploads\/2016\/08\/2016-08-17-PHOTO-00000003-555x370.jpg\" srcset=\"https:\/\/aeroclub.es\/wp-content\/uploads\/2016\/08\/2016-08-17-PHOTO-00000003-555x370.jpg 555w, https:\/\/aeroclub.es\/wp-content\/uploads\/2016\/08\/2016-08-17-PHOTO-00000003-1110x740.jpg 1110w\" style=\"--ratio: 555 \/ 370\" sizes=\"auto, (max-width: 555px) 100vw, 555px\" alt=\"\" title=\"2016-08-17-PHOTO-00000003\" width=\"555\" height=\"370\"  \/><\/a><\/p>\n\t\t\t<\/div>\n\n\t\t\n\t\t<div class=\"blog-content wf-td\">\n\t\t\t<h3 class=\"entry-title\"><a href=\"https:\/\/aeroclub.es\/ca\/2016\/08\/ja-esta-de-tornada-la-cap-10\/\" title=\"Ja est\u00e0 de tornada la CAP 10\" rel=\"bookmark\">Ja est\u00e0 de tornada la CAP 10<\/a><\/h3>\n\n\t\t\t<p>Despr\u00e9s de passar uns mesos de manteniment en un taller franc\u00e8s, ja tenim de tornada al nostre avi\u00f3<\/p>\n\n\t\t<\/div>\n\n\t<\/article>\n\n<\/div>\n<div class=\"wf-cell iso-item category-34 category-193 category-33 category-37\" data-post-id=\"7291\" data-date=\"2016-08-12T21:32:06+02:00\" data-name=\"Comencem a treballar en la Festa al Cel 2017\">\n\t<article class=\"post post-7291 type-post status-publish format-standard has-post-thumbnail hentry category-destacat category-exhibiciones-ca category-inicio-ca category-noticies tag-airshow tag-festa-al-cel tag-festival tag-maresme tag-santa-susanna category-34 category-193 category-33 category-37 bg-on fullwidth-img description-off\">\n\n\t\t\n\t\t\t<div class=\"blog-media wf-td\">\n\n\t\t\t\t<p><a href=\"https:\/\/aeroclub.es\/ca\/2016\/08\/comencem-a-treballar-en-la-festa-al-cel-2017\/\" class=\"alignnone rollover\" ><img loading=\"lazy\" decoding=\"async\" class=\"preload-me aspect\" src=\"https:\/\/aeroclub.es\/wp-content\/uploads\/2016\/08\/13686634_10154883302715616_4774323537107617607_n-555x370.jpg\" srcset=\"https:\/\/aeroclub.es\/wp-content\/uploads\/2016\/08\/13686634_10154883302715616_4774323537107617607_n-555x370.jpg 555w, https:\/\/aeroclub.es\/wp-content\/uploads\/2016\/08\/13686634_10154883302715616_4774323537107617607_n-893x596.jpg 893w\" style=\"--ratio: 555 \/ 370\" sizes=\"auto, (max-width: 555px) 100vw, 555px\" alt=\"\" title=\"13686634_10154883302715616_4774323537107617607_n\" width=\"555\" height=\"370\"  \/><\/a><\/p>\n\t\t\t<\/div>\n\n\t\t\n\t\t<div class=\"blog-content wf-td\">\n\t\t\t<h3 class=\"entry-title\"><a href=\"https:\/\/aeroclub.es\/ca\/2016\/08\/comencem-a-treballar-en-la-festa-al-cel-2017\/\" title=\"Comencem a treballar en la Festa al Cel 2017\" rel=\"bookmark\">Comencem a treballar en la Festa al Cel 2017<\/a><\/h3>\n\n\t\t\t<p>Degut al poc temps de marge fins a la data del festival, no es podr\u00e1 celebrar l&#8217;edici\u00f3 del 2016.<\/p>\n\n\t\t<\/div>\n\n\t<\/article>\n\n<\/div>\n<div class=\"wf-cell iso-item category-35 category-141\" data-post-id=\"6752\" data-date=\"2016-08-04T16:11:15+02:00\" data-name=\"Promocions exclusives agost\">\n\t<article class=\"post post-6752 type-post status-publish format-standard has-post-thumbnail hentry category-rotatoria-ca category-ultima-hora-ca tag-promociones-ca category-35 category-141 bg-on fullwidth-img description-off\">\n\n\t\t\n\t\t\t<div class=\"blog-media wf-td\">\n\n\t\t\t\t<p><a href=\"https:\/\/aeroclub.es\/ca\/2016\/08\/promocions-exclusives-agost\/\" class=\"alignnone rollover\" ><img loading=\"lazy\" decoding=\"async\" class=\"preload-me aspect\" src=\"https:\/\/aeroclub.es\/wp-content\/uploads\/2016\/01\/maxresdefault-555x312.jpg\" srcset=\"https:\/\/aeroclub.es\/wp-content\/uploads\/2016\/01\/maxresdefault-555x312.jpg 555w, https:\/\/aeroclub.es\/wp-content\/uploads\/2016\/01\/maxresdefault-1110x624.jpg 1110w\" style=\"--ratio: 555 \/ 312\" sizes=\"auto, (max-width: 555px) 100vw, 555px\" alt=\"\" title=\"maxresdefault\" width=\"555\" height=\"312\"  \/><\/a><\/p>\n\t\t\t<\/div>\n\n\t\t\n\t\t<div class=\"blog-content wf-td\">\n\t\t\t<h3 class=\"entry-title\"><a href=\"https:\/\/aeroclub.es\/ca\/2016\/08\/promocions-exclusives-agost\/\" title=\"Promocions exclusives agost\" rel=\"bookmark\">Promocions exclusives agost<\/a><\/h3>\n\n\t\t\t<p>A l&#8217;agost el club t&#8217;ofereix 2 promocions de blocs a preus molt especials perqu\u00e8 vinguis a volar.<\/p>\n\n\t\t<\/div>\n\n\t<\/article>\n\n<\/div>\n<div class=\"wf-cell iso-item category-138 category-35\" data-post-id=\"6742\" data-date=\"2016-08-01T10:08:36+02:00\" data-name=\"Visita del Comandante Naval\">\n\t<article class=\"post post-6742 type-post status-publish format-standard has-post-thumbnail hentry category-club-ca category-rotatoria-ca category-138 category-35 bg-on fullwidth-img description-off\">\n\n\t\t\n\t\t\t<div class=\"blog-media wf-td\">\n\n\t\t\t\t<p><a href=\"https:\/\/aeroclub.es\/ca\/2016\/08\/visita-del-comandante-naval\/\" class=\"alignnone rollover\" ><img loading=\"lazy\" decoding=\"async\" class=\"preload-me aspect\" src=\"https:\/\/aeroclub.es\/wp-content\/uploads\/2016\/08\/ComandanteNaval270716-3-555x416.jpg\" srcset=\"https:\/\/aeroclub.es\/wp-content\/uploads\/2016\/08\/ComandanteNaval270716-3-555x416.jpg 555w, https:\/\/aeroclub.es\/wp-content\/uploads\/2016\/08\/ComandanteNaval270716-3-1110x832.jpg 1110w\" style=\"--ratio: 555 \/ 416\" sizes=\"auto, (max-width: 555px) 100vw, 555px\" alt=\"\" title=\"ComandanteNaval270716-3\" width=\"555\" height=\"416\"  \/><\/a><\/p>\n\t\t\t<\/div>\n\n\t\t\n\t\t<div class=\"blog-content wf-td\">\n\t\t\t<h3 class=\"entry-title\"><a href=\"https:\/\/aeroclub.es\/ca\/2016\/08\/visita-del-comandante-naval\/\" title=\"Visita del Comandante Naval\" rel=\"bookmark\">Visita del Comandante Naval<\/a><\/h3>\n\n\t\t\t<p>El passat dimecres 27 de juliol vam rebre a l&#8217;Aeroclub la visita del Comandant Naval de Barcelona, Joan Carles Fontanals<\/p>\n\n\t\t<\/div>\n\n\t<\/article>\n\n<\/div>\n<div class=\"wf-cell iso-item category-31 category-35\" data-post-id=\"6710\" data-date=\"2016-07-27T15:44:06+02:00\" data-name=\"Sopar 63\u00e8 Aniversari de L&#039;Aeroclub\">\n\t<article class=\"post post-6710 type-post status-publish format-standard has-post-thumbnail hentry category-actividades-ca category-rotatoria-ca category-31 category-35 bg-on fullwidth-img description-off\">\n\n\t\t\n\t\t\t<div class=\"blog-media wf-td\">\n\n\t\t\t\t<p><a href=\"https:\/\/aeroclub.es\/ca\/2016\/07\/sopar-63e-aniversari-de-laeroclub\/\" class=\"alignnone rollover\" ><img loading=\"lazy\" decoding=\"async\" class=\"preload-me aspect\" src=\"https:\/\/aeroclub.es\/wp-content\/uploads\/2016\/07\/IMG_1678-555x416.jpg\" srcset=\"https:\/\/aeroclub.es\/wp-content\/uploads\/2016\/07\/IMG_1678-555x416.jpg 555w, https:\/\/aeroclub.es\/wp-content\/uploads\/2016\/07\/IMG_1678-1110x832.jpg 1110w\" style=\"--ratio: 555 \/ 416\" sizes=\"auto, (max-width: 555px) 100vw, 555px\" alt=\"\" title=\"IMG_1678\" width=\"555\" height=\"416\"  \/><\/a><\/p>\n\t\t\t<\/div>\n\n\t\t\n\t\t<div class=\"blog-content wf-td\">\n\t\t\t<h3 class=\"entry-title\"><a href=\"https:\/\/aeroclub.es\/ca\/2016\/07\/sopar-63e-aniversari-de-laeroclub\/\" title=\"Sopar 63\u00e8 Aniversari de L&#8217;Aeroclub\" rel=\"bookmark\">Sopar 63\u00e8 Aniversari de L&#8217;Aeroclub<\/a><\/h3>\n\n\t\t\t<p>El passat dissabte 23 de juliol es van reunir 130 socis de l&#8217;Aeroclub en un Sopar-Barbacoa que es va realitzar a la terrassa del Bar restaurant per celebrar el 63\u00e8 Aniversari del club.<\/p>\n\n\t\t<\/div>\n\n\t<\/article>\n\n<\/div>\n<div class=\"wf-cell iso-item category-31 category-35\" data-post-id=\"6548\" data-date=\"2016-07-14T14:44:37+02:00\" data-name=\"Vine a celebrar la Festa del Soci\">\n\t<article class=\"post post-6548 type-post status-publish format-standard has-post-thumbnail hentry category-actividades-ca category-rotatoria-ca category-31 category-35 bg-on fullwidth-img description-off\">\n\n\t\t\n\t\t\t<div class=\"blog-media wf-td\">\n\n\t\t\t\t<p><a href=\"https:\/\/aeroclub.es\/ca\/2016\/07\/vine-a-celebrar-la-festa-del-soci\/\" class=\"alignnone rollover\" ><img loading=\"lazy\" decoding=\"async\" class=\"preload-me aspect\" src=\"https:\/\/aeroclub.es\/wp-content\/uploads\/2016\/01\/DSC_0181-555x372.jpg\" srcset=\"https:\/\/aeroclub.es\/wp-content\/uploads\/2016\/01\/DSC_0181-555x372.jpg 555w, https:\/\/aeroclub.es\/wp-content\/uploads\/2016\/01\/DSC_0181-1110x744.jpg 1110w\" style=\"--ratio: 555 \/ 372\" sizes=\"auto, (max-width: 555px) 100vw, 555px\" alt=\"\" title=\"DSC_0181\" width=\"555\" height=\"372\"  \/><\/a><\/p>\n\t\t\t<\/div>\n\n\t\t\n\t\t<div class=\"blog-content wf-td\">\n\t\t\t<h3 class=\"entry-title\"><a href=\"https:\/\/aeroclub.es\/ca\/2016\/07\/vine-a-celebrar-la-festa-del-soci\/\" title=\"Vine a celebrar la Festa del Soci\" rel=\"bookmark\">Vine a celebrar la Festa del Soci<\/a><\/h3>\n\n\t\t\t<p>El proper 27\/07\/2016 el nostre club compleix 63 anys, i per a celebrar-ho un any m\u00e9s la Junta Directiva et convida el proper dissabte 23 de juliol a celebrar la Festa del Soci. La vetllada consistir\u00e0 en un sopar-barbacoa a la terrassa del bar-restaurant, amenitzada per un grup de m\u00fasica. Per aprofitar la llum del&hellip;<\/p>\n\n\t\t<\/div>\n\n\t<\/article>\n\n<\/div>\n<div class=\"wf-cell iso-item category-138 category-35 category-55\" data-post-id=\"6536\" data-date=\"2016-07-14T00:34:53+02:00\" data-name=\"Ampliaci\u00f3 flota Tecnam P92\">\n\t<article class=\"post post-6536 type-post status-publish format-standard has-post-thumbnail hentry category-club-ca category-rotatoria-ca category-vol-a-motor category-138 category-35 category-55 bg-on fullwidth-img description-off\">\n\n\t\t\n\t\t\t<div class=\"blog-media wf-td\">\n\n\t\t\t\t<p><a href=\"https:\/\/aeroclub.es\/ca\/2016\/07\/ampliacio-flota-tecnam-p92\/\" class=\"alignnone rollover\" ><img loading=\"lazy\" decoding=\"async\" class=\"preload-me aspect\" src=\"https:\/\/aeroclub.es\/wp-content\/uploads\/2016\/07\/IMG_6125-555x416.jpg\" srcset=\"https:\/\/aeroclub.es\/wp-content\/uploads\/2016\/07\/IMG_6125-555x416.jpg 555w, https:\/\/aeroclub.es\/wp-content\/uploads\/2016\/07\/IMG_6125-1110x832.jpg 1110w\" style=\"--ratio: 555 \/ 416\" sizes=\"auto, (max-width: 555px) 100vw, 555px\" alt=\"\" title=\"IMG_6125\" width=\"555\" height=\"416\"  \/><\/a><\/p>\n\t\t\t<\/div>\n\n\t\t\n\t\t<div class=\"blog-content wf-td\">\n\t\t\t<h3 class=\"entry-title\"><a href=\"https:\/\/aeroclub.es\/ca\/2016\/07\/ampliacio-flota-tecnam-p92\/\" title=\"Ampliaci\u00f3 flota Tecnam P92\" rel=\"bookmark\">Ampliaci\u00f3 flota Tecnam P92<\/a><\/h3>\n\n\t\t\t<p>L&#8217;Aeroclub ha adquirit un avi\u00f3 Tecnam P92 de nova construcci\u00f3 que en breu arribar\u00e0 a Sabadell per incorporar-se a la flota<\/p>\n\n\t\t<\/div>\n\n\t<\/article>\n\n<\/div>\n<div class=\"wf-cell iso-item category-138 category-35 category-55\" data-post-id=\"6503\" data-date=\"2016-07-13T01:06:46+02:00\" data-name=\"Nou bimotor F-BNPR\">\n\t<article class=\"post post-6503 type-post status-publish format-standard has-post-thumbnail hentry category-club-ca category-rotatoria-ca category-vol-a-motor category-138 category-35 category-55 bg-on fullwidth-img description-off\">\n\n\t\t\n\t\t\t<div class=\"blog-media wf-td\">\n\n\t\t\t\t<p><a href=\"https:\/\/aeroclub.es\/ca\/2016\/07\/nou-bimotor-f-bnpr\/\" class=\"alignnone rollover\" ><img loading=\"lazy\" decoding=\"async\" class=\"preload-me aspect\" src=\"https:\/\/aeroclub.es\/wp-content\/uploads\/2016\/07\/IMG_6836-555x416.jpg\" srcset=\"https:\/\/aeroclub.es\/wp-content\/uploads\/2016\/07\/IMG_6836-555x416.jpg 555w, https:\/\/aeroclub.es\/wp-content\/uploads\/2016\/07\/IMG_6836-1110x832.jpg 1110w\" style=\"--ratio: 555 \/ 416\" sizes=\"auto, (max-width: 555px) 100vw, 555px\" alt=\"\" title=\"IMG_6836\" width=\"555\" height=\"416\"  \/><\/a><\/p>\n\t\t\t<\/div>\n\n\t\t\n\t\t<div class=\"blog-content wf-td\">\n\t\t\t<h3 class=\"entry-title\"><a href=\"https:\/\/aeroclub.es\/ca\/2016\/07\/nou-bimotor-f-bnpr\/\" title=\"Nou bimotor F-BNPR\" rel=\"bookmark\">Nou bimotor F-BNPR<\/a><\/h3>\n\n\t\t\t<p>En los \u00faltimos d\u00edas L&#8217;Aeroclub ha completado la incorporaci\u00f3n a su flota del avi\u00f3n matr\u00edcula F-BNPR, un nuevo avi\u00f3n bimotor Piper Aztec<\/p>\n\n\t\t<\/div>\n\n\t<\/article>\n\n<\/div>\n<div class=\"wf-cell iso-item category-31 category-35 category-40\" data-post-id=\"6456\" data-date=\"2016-07-12T00:32:47+02:00\" data-name=\"Gran resultat de L&#039;Aeroclub al Campionat d&#039;Espanya\">\n\t<article class=\"post post-6456 type-post status-publish format-standard has-post-thumbnail hentry category-actividades-ca category-rotatoria-ca category-rallies-ca category-31 category-35 category-40 bg-on fullwidth-img description-off\">\n\n\t\t\n\t\t\t<div class=\"blog-media wf-td\">\n\n\t\t\t\t<p><a href=\"https:\/\/aeroclub.es\/ca\/2016\/07\/gran-resultat-de-laeroclub-al-campionat-despanya\/\" class=\"alignnone rollover\" ><img loading=\"lazy\" decoding=\"async\" class=\"preload-me aspect\" src=\"https:\/\/aeroclub.es\/wp-content\/uploads\/2016\/07\/campions-ACBS-2-555x312.jpg\" srcset=\"https:\/\/aeroclub.es\/wp-content\/uploads\/2016\/07\/campions-ACBS-2-555x312.jpg 555w, https:\/\/aeroclub.es\/wp-content\/uploads\/2016\/07\/campions-ACBS-2-1110x624.jpg 1110w\" style=\"--ratio: 555 \/ 312\" sizes=\"auto, (max-width: 555px) 100vw, 555px\" alt=\"\" title=\"campions ACBS 2\" width=\"555\" height=\"312\"  \/><\/a><\/p>\n\t\t\t<\/div>\n\n\t\t\n\t\t<div class=\"blog-content wf-td\">\n\t\t\t<h3 class=\"entry-title\"><a href=\"https:\/\/aeroclub.es\/ca\/2016\/07\/gran-resultat-de-laeroclub-al-campionat-despanya\/\" title=\"Gran resultat de L&#8217;Aeroclub al Campionat d&#8217;Espanya\" rel=\"bookmark\">Gran resultat de L&#8217;Aeroclub al Campionat d&#8217;Espanya<\/a><\/h3>\n\n\t\t\t<p>L&#8217;Aeroclub ha obtingut cuatre medalles de les nou totals que hi havia en joc.<\/p>\n\n\t\t<\/div>\n\n\t<\/article>\n\n<\/div>\n<div class=\"wf-cell iso-item category-31 category-35 category-40\" data-post-id=\"4863\" data-date=\"2016-06-15T00:56:12+02:00\" data-name=\"Finalitza la Volta A\u00e8ria de Catalunya\">\n\t<article class=\"post post-4863 type-post status-publish format-standard has-post-thumbnail hentry category-actividades-ca category-rotatoria-ca category-rallies-ca category-31 category-35 category-40 bg-on fullwidth-img description-off\">\n\n\t\t\n\t\t\t<div class=\"blog-media wf-td\">\n\n\t\t\t\t<p><a href=\"https:\/\/aeroclub.es\/ca\/2016\/06\/finalitza-la-volta-aeria-de-catalunya\/\" class=\"alignnone rollover\" ><img loading=\"lazy\" decoding=\"async\" class=\"preload-me aspect\" src=\"https:\/\/aeroclub.es\/wp-content\/uploads\/2016\/06\/foto-de-grup-555x416.jpg\" srcset=\"https:\/\/aeroclub.es\/wp-content\/uploads\/2016\/06\/foto-de-grup-555x416.jpg 555w, https:\/\/aeroclub.es\/wp-content\/uploads\/2016\/06\/foto-de-grup-1110x832.jpg 1110w\" style=\"--ratio: 555 \/ 416\" sizes=\"auto, (max-width: 555px) 100vw, 555px\" alt=\"\" title=\"foto de grup\" width=\"555\" height=\"416\"  \/><\/a><\/p>\n\t\t\t<\/div>\n\n\t\t\n\t\t<div class=\"blog-content wf-td\">\n\t\t\t<h3 class=\"entry-title\"><a href=\"https:\/\/aeroclub.es\/ca\/2016\/06\/finalitza-la-volta-aeria-de-catalunya\/\" title=\"Finalitza la Volta A\u00e8ria de Catalunya\" rel=\"bookmark\">Finalitza la Volta A\u00e8ria de Catalunya<\/a><\/h3>\n\n\t\t\t<p>El cap de setmana del 10, 11 i 12 de juny va tenir lloc la Volta A\u00e8ria de Catalunya<\/p>\n\n\t\t<\/div>\n\n\t<\/article>\n\n<\/div>\n<div class=\"wf-cell iso-item category-138 category-34\" data-post-id=\"4484\" data-date=\"2016-04-29T23:41:52+02:00\" data-name=\"La Cerdanya: fets i realitats\">\n\t<article class=\"post post-4484 type-post status-publish format-standard has-post-thumbnail hentry category-club-ca category-destacat category-138 category-34 bg-on fullwidth-img description-off\">\n\n\t\t\n\t\t\t<div class=\"blog-media wf-td\">\n\n\t\t\t\t<p><a href=\"https:\/\/aeroclub.es\/ca\/2016\/04\/polemica-sobre-laeroport-de-la-cerdanya-fets-i-realitats\/\" class=\"alignnone rollover\" ><img loading=\"lazy\" decoding=\"async\" class=\"preload-me aspect\" src=\"https:\/\/aeroclub.es\/wp-content\/uploads\/2016\/01\/GEN4411-555x370.jpg\" srcset=\"https:\/\/aeroclub.es\/wp-content\/uploads\/2016\/01\/GEN4411-555x370.jpg 555w, https:\/\/aeroclub.es\/wp-content\/uploads\/2016\/01\/GEN4411-1110x740.jpg 1110w\" style=\"--ratio: 555 \/ 370\" sizes=\"auto, (max-width: 555px) 100vw, 555px\" alt=\"\" title=\"_GEN4411\" width=\"555\" height=\"370\"  \/><\/a><\/p>\n\t\t\t<\/div>\n\n\t\t\n\t\t<div class=\"blog-content wf-td\">\n\t\t\t<h3 class=\"entry-title\"><a href=\"https:\/\/aeroclub.es\/ca\/2016\/04\/polemica-sobre-laeroport-de-la-cerdanya-fets-i-realitats\/\" title=\"La Cerdanya: fets i realitats\" rel=\"bookmark\">La Cerdanya: fets i realitats<\/a><\/h3>\n\n\t\t\t<p>Aclarim alguns dels errors o malinterpretacions publicades recentment sobre el nou Pl\u00e0 Director<\/p>\n\n\t\t<\/div>\n\n\t<\/article>\n\n<\/div>\n<div class=\"wf-cell iso-item category-233 category-55\" data-post-id=\"4293\" data-date=\"2016-04-27T23:58:27+02:00\" data-name=\"Drone 101\">\n\t<article class=\"post no-img post-4293 type-post status-publish format-aside hentry category-drones-ca category-vol-a-motor post_format-post-format-aside category-233 category-55 bg-on fullwidth-img description-off\">\n\n\t\t\n\t\t<div class=\"blog-content wf-td\">\n\t\t\t<h3 class=\"entry-title\"><a href=\"https:\/\/aeroclub.es\/ca\/2016\/04\/drone-101-3\/\" title=\"Drone 101\" rel=\"bookmark\">Drone 101<\/a><\/h3>\n\n\t\t\t<p>Drone 101 \u00bfUna escola de vol d&#8217;ULM autoritzada per AESA pot desenvolupar els cursos B\u00e0sic i Avan\u00e7at i expedir els certificats que acreditin la superaci\u00f3 d&#8217;aquests cursos? No. Nom\u00e9s una ATO, organitzaci\u00f3 de formaci\u00f3 aprovada per AESA conforme al Reglament de Personal de Vol de la Comissi\u00f3 Europea (Reglament UE N\u00ba 1178\/2011, Annex VII) pot&hellip;<\/p>\n\n\t\t<\/div>\n\n\t<\/article>\n\n<\/div>\n<div class=\"wf-cell iso-item category-193 category-35 category-40\" data-post-id=\"4462\" data-date=\"2016-04-26T23:45:21+02:00\" data-name=\"El millor en imatges dels FAI World Air Games 2015\">\n\t<article class=\"post post-4462 type-post status-publish format-video has-post-thumbnail hentry category-exhibiciones-ca category-rotatoria-ca category-rallies-ca post_format-post-format-video category-193 category-35 category-40 bg-on fullwidth-img description-off\">\n\n\t\t\n\t\t\t<div class=\"blog-media wf-td\">\n\n\t\t\t\t<p><a href=\"https:\/\/aeroclub.es\/ca\/2016\/04\/el-millor-en-imatges-dels-fai-world-air-games-2015\/\" class=\"alignnone rollover\" ><img loading=\"lazy\" decoding=\"async\" class=\"preload-me aspect\" src=\"https:\/\/aeroclub.es\/wp-content\/uploads\/2016\/04\/best-action-fai-wag-2015-555x279.png\" srcset=\"https:\/\/aeroclub.es\/wp-content\/uploads\/2016\/04\/best-action-fai-wag-2015-555x279.png 555w, https:\/\/aeroclub.es\/wp-content\/uploads\/2016\/04\/best-action-fai-wag-2015-1110x558.png 1110w\" style=\"--ratio: 555 \/ 279\" sizes=\"auto, (max-width: 555px) 100vw, 555px\" alt=\"\" title=\"best-action-fai-wag-2015\" width=\"555\" height=\"279\"  \/><\/a><\/p>\n\t\t\t<\/div>\n\n\t\t\n\t\t<div class=\"blog-content wf-td\">\n\t\t\t<h3 class=\"entry-title\"><a href=\"https:\/\/aeroclub.es\/ca\/2016\/04\/el-millor-en-imatges-dels-fai-world-air-games-2015\/\" title=\"El millor en imatges dels FAI World Air Games 2015\" rel=\"bookmark\">El millor en imatges dels FAI World Air Games 2015<\/a><\/h3>\n\n\t\t\t<p>Increible v\u00eddeo resum amb el millor de l&#8217;acci\u00f3 que es va poder veure a Dubai en el marc dels FIA World Air Games de 2015, celebrats el passat mes de decembre.<\/p>\n\n\t\t<\/div>\n\n\t<\/article>\n\n<\/div>\n<div class=\"wf-cell iso-item category-31 category-35 category-40\" data-post-id=\"4427\" data-date=\"2016-04-24T23:01:31+02:00\" data-name=\"Volta a la Costa Azahar\">\n\t<article class=\"post post-4427 type-post status-publish format-standard has-post-thumbnail hentry category-actividades-ca category-rotatoria-ca category-rallies-ca category-31 category-35 category-40 bg-on fullwidth-img description-off\">\n\n\t\t\n\t\t\t<div class=\"blog-media wf-td\">\n\n\t\t\t\t<p><a href=\"https:\/\/aeroclub.es\/ca\/2016\/04\/volta-a-la-costa-azahar\/\" class=\"alignnone rollover\" ><img loading=\"lazy\" decoding=\"async\" class=\"preload-me aspect\" src=\"https:\/\/aeroclub.es\/wp-content\/uploads\/2016\/04\/Costa-Azahar-2016-Rabassa-Colomb\u00e1s-555x416.jpg\" srcset=\"https:\/\/aeroclub.es\/wp-content\/uploads\/2016\/04\/Costa-Azahar-2016-Rabassa-Colomb\u00e1s-555x416.jpg 555w, https:\/\/aeroclub.es\/wp-content\/uploads\/2016\/04\/Costa-Azahar-2016-Rabassa-Colomb\u00e1s-1110x832.jpg 1110w\" style=\"--ratio: 555 \/ 416\" sizes=\"auto, (max-width: 555px) 100vw, 555px\" alt=\"\" title=\"Costa Azahar 2016 Rabassa Colomb\u00e1s\" width=\"555\" height=\"416\"  \/><\/a><\/p>\n\t\t\t<\/div>\n\n\t\t\n\t\t<div class=\"blog-content wf-td\">\n\t\t\t<h3 class=\"entry-title\"><a href=\"https:\/\/aeroclub.es\/ca\/2016\/04\/volta-a-la-costa-azahar\/\" title=\"Volta a la Costa Azahar\" rel=\"bookmark\">Volta a la Costa Azahar<\/a><\/h3>\n\n\t\t\t<p>Finalitzada la Volta a la Costa Azahar, amb la vict\u00f2ria del nostre soci Y. Rabassa<\/p>\n\n\t\t<\/div>\n\n\t<\/article>\n\n<\/div>\n<div class=\"wf-cell iso-item category-233 category-55\" data-post-id=\"4287\" data-date=\"2016-04-21T13:08:08+02:00\" data-name=\"Drone 101\">\n\t<article class=\"post no-img post-4287 type-post status-publish format-aside hentry category-drones-ca category-vol-a-motor post_format-post-format-aside category-233 category-55 bg-on fullwidth-img description-off\">\n\n\t\t\n\t\t<div class=\"blog-content wf-td\">\n\t\t\t<h3 class=\"entry-title\"><a href=\"https:\/\/aeroclub.es\/ca\/2016\/04\/drone-101-2\/\" title=\"Drone 101\" rel=\"bookmark\">Drone 101<\/a><\/h3>\n\n\t\t\t<p>Drone 101 Quins requisits ha de complir un pilot per poder volar un dron? Tots els pilots de drones, indistintament de la mida de l&#8217;aeronau, hauran d&#8217;acreditar una s\u00e8rie de requisits: En primer lloc, acreditar que posseeix els coneixements te\u00f2rics necessaris per obtenir una llic\u00e8ncia de pilot, el que es pot fer de tres formes:&hellip;<\/p>\n\n\t\t<\/div>\n\n\t<\/article>\n\n<\/div>\n<div class=\"wf-cell iso-item category-31 category-35 category-56\" data-post-id=\"4226\" data-date=\"2016-04-17T23:58:48+02:00\" data-name=\"La Cerdanya - Sailplane Grand Prix en directe\">\n\t<article class=\"post post-4226 type-post status-publish format-standard has-post-thumbnail hentry category-actividades-ca category-rotatoria-ca category-vol-a-vela category-31 category-35 category-56 bg-on fullwidth-img description-off\">\n\n\t\t\n\t\t\t<div class=\"blog-media wf-td\">\n\n\t\t\t\t<p><a href=\"https:\/\/aeroclub.es\/ca\/2016\/04\/la-cerdanya-sailplane-grand-prix-en-directe\/\" class=\"alignnone rollover\" ><img loading=\"lazy\" decoding=\"async\" class=\"preload-me aspect\" src=\"https:\/\/aeroclub.es\/wp-content\/uploads\/2016\/04\/IMG-20160417-WA0001-555x312.jpg\" srcset=\"https:\/\/aeroclub.es\/wp-content\/uploads\/2016\/04\/IMG-20160417-WA0001-555x312.jpg 555w, https:\/\/aeroclub.es\/wp-content\/uploads\/2016\/04\/IMG-20160417-WA0001-1110x624.jpg 1110w\" style=\"--ratio: 555 \/ 312\" sizes=\"auto, (max-width: 555px) 100vw, 555px\" alt=\"\" title=\"IMG-20160417-WA0001\" width=\"555\" height=\"312\"  \/><\/a><\/p>\n\t\t\t<\/div>\n\n\t\t\n\t\t<div class=\"blog-content wf-td\">\n\t\t\t<h3 class=\"entry-title\"><a href=\"https:\/\/aeroclub.es\/ca\/2016\/04\/la-cerdanya-sailplane-grand-prix-en-directe\/\" title=\"La Cerdanya &#8211; Sailplane Grand Prix en directe\" rel=\"bookmark\">La Cerdanya &#8211; Sailplane Grand Prix en directe<\/a><\/h3>\n\n\t\t\t<p>Segueix el dia a dia de la competici\u00f3 en viu al seg\u00fcent enlla\u00e7 <\/p>\n\n\t\t<\/div>\n\n\t<\/article>\n\n<\/div>\n<div class=\"wf-cell iso-item category-31 category-35 category-40\" data-post-id=\"4149\" data-date=\"2016-04-10T23:50:15+02:00\" data-name=\"Resultats de la 2\u00aa prova de la Lligueta ACBS\">\n\t<article class=\"post post-4149 type-post status-publish format-standard has-post-thumbnail hentry category-actividades-ca category-rotatoria-ca category-rallies-ca category-31 category-35 category-40 bg-on fullwidth-img description-off\">\n\n\t\t\n\t\t\t<div class=\"blog-media wf-td\">\n\n\t\t\t\t<p><a href=\"https:\/\/aeroclub.es\/ca\/2016\/04\/resultats-de-la-2a-prova-de-la-lligueta-acbs\/\" class=\"alignnone rollover\" ><img loading=\"lazy\" decoding=\"async\" class=\"preload-me aspect\" src=\"https:\/\/aeroclub.es\/wp-content\/uploads\/2016\/04\/2a-lligueta-ACBS-abril-2016-e1460279382774-555x312.jpg\" srcset=\"https:\/\/aeroclub.es\/wp-content\/uploads\/2016\/04\/2a-lligueta-ACBS-abril-2016-e1460279382774-555x312.jpg 555w, https:\/\/aeroclub.es\/wp-content\/uploads\/2016\/04\/2a-lligueta-ACBS-abril-2016-e1460279382774-1110x624.jpg 1110w\" style=\"--ratio: 555 \/ 312\" sizes=\"auto, (max-width: 555px) 100vw, 555px\" alt=\"\" title=\"2a lligueta ACBS abril 2016\" width=\"555\" height=\"312\"  \/><\/a><\/p>\n\t\t\t<\/div>\n\n\t\t\n\t\t<div class=\"blog-content wf-td\">\n\t\t\t<h3 class=\"entry-title\"><a href=\"https:\/\/aeroclub.es\/ca\/2016\/04\/resultats-de-la-2a-prova-de-la-lligueta-acbs\/\" title=\"Resultats de la 2\u00aa prova de la Lligueta ACBS\" rel=\"bookmark\">Resultats de la 2\u00aa prova de la Lligueta ACBS<\/a><\/h3>\n\n\t\t\t<p>El passat dissabte 9 d&#8217;abril va tenir lloc la 2\u00aa prova de la Lligueta ACBS, amb 9 tripulacions inscrites, diverses de les quals s&#8217;estan iniciant en lactivitat dels ral\u00b7lis aeris.<\/p>\n\n\t\t<\/div>\n\n\t<\/article>\n\n<\/div>\n<div class=\"wf-cell iso-item category-191 category-35\" data-post-id=\"4102\" data-date=\"2016-04-05T23:52:27+02:00\" data-name=\"Ex\u00e0mens compet\u00e8ncia ling\u00fc\u00edstica OACI\">\n\t<article class=\"post post-4102 type-post status-publish format-standard has-post-thumbnail hentry category-escuela-ca category-rotatoria-ca tag-evolucion-ca tag-formacion-ca category-191 category-35 bg-on fullwidth-img description-off\">\n\n\t\t\n\t\t\t<div class=\"blog-media wf-td\">\n\n\t\t\t\t<p><a href=\"https:\/\/aeroclub.es\/ca\/2016\/04\/examens-competencia-linguistica-oaci\/\" class=\"alignnone rollover\" ><img loading=\"lazy\" decoding=\"async\" class=\"preload-me aspect\" src=\"https:\/\/aeroclub.es\/wp-content\/uploads\/2016\/04\/air-english-3-555x318.png\" srcset=\"https:\/\/aeroclub.es\/wp-content\/uploads\/2016\/04\/air-english-3-555x318.png 555w, https:\/\/aeroclub.es\/wp-content\/uploads\/2016\/04\/air-english-3-1110x636.png 1110w\" style=\"--ratio: 555 \/ 318\" sizes=\"auto, (max-width: 555px) 100vw, 555px\" alt=\"\" title=\"air-english-3\" width=\"555\" height=\"318\"  \/><\/a><\/p>\n\t\t\t<\/div>\n\n\t\t\n\t\t<div class=\"blog-content wf-td\">\n\t\t\t<h3 class=\"entry-title\"><a href=\"https:\/\/aeroclub.es\/ca\/2016\/04\/examens-competencia-linguistica-oaci\/\" title=\"Ex\u00e0mens compet\u00e8ncia ling\u00fc\u00edstica OACI\" rel=\"bookmark\">Ex\u00e0mens compet\u00e8ncia ling\u00fc\u00edstica OACI<\/a><\/h3>\n\n\t\t\t<p>L&#8217;Aeroclub i AIR ENGLISH t\u2019ofereixen la possibilitat de fer els teus ex\u00e0mens de compet\u00e8ncia ling\u00fc\u00edstica OACI en angl\u00e8s a les instal\u00b7lacions del club.<\/p>\n\n\t\t<\/div>\n\n\t<\/article>\n\n<\/div>\n<div class=\"wf-cell iso-item category-37 category-141\" data-post-id=\"4002\" data-date=\"2016-03-30T16:47:45+02:00\" data-name=\"L&#039;AEROCLUB INFORMA\">\n\t<article class=\"post post-4002 type-post status-publish format-standard has-post-thumbnail hentry category-noticies category-ultima-hora-ca category-37 category-141 bg-on fullwidth-img description-off\">\n\n\t\t\n\t\t\t<div class=\"blog-media wf-td\">\n\n\t\t\t\t<p><a href=\"https:\/\/aeroclub.es\/ca\/2016\/03\/laeroclub-informa-accident-30-marc-2016\/\" class=\"alignnone rollover\" ><img loading=\"lazy\" decoding=\"async\" class=\"preload-me aspect\" src=\"https:\/\/aeroclub.es\/wp-content\/uploads\/2016\/03\/aeroclub-luto-555x345.png\" srcset=\"https:\/\/aeroclub.es\/wp-content\/uploads\/2016\/03\/aeroclub-luto-555x345.png 555w, https:\/\/aeroclub.es\/wp-content\/uploads\/2016\/03\/aeroclub-luto-1110x690.png 1110w\" style=\"--ratio: 555 \/ 345\" sizes=\"auto, (max-width: 555px) 100vw, 555px\" alt=\"\" title=\"aeroclub-luto\" width=\"555\" height=\"345\"  \/><\/a><\/p>\n\t\t\t<\/div>\n\n\t\t\n\t\t<div class=\"blog-content wf-td\">\n\t\t\t<h3 class=\"entry-title\"><a href=\"https:\/\/aeroclub.es\/ca\/2016\/03\/laeroclub-informa-accident-30-marc-2016\/\" title=\"L&#8217;AEROCLUB INFORMA\" rel=\"bookmark\">L&#8217;AEROCLUB INFORMA<\/a><\/h3>\n\n\t\t\t<p>Convocat\u00f2ria proper dissabte 9 d&#8217;abril a les 18h: Acte homenatge a Sabadell als nostres socis i amics morts el 30 de Mar\u00e7<\/p>\n\n\t\t<\/div>\n\n\t<\/article>\n\n<\/div>\n<div class=\"wf-cell iso-item category-191 category-35\" data-post-id=\"3920\" data-date=\"2016-03-26T03:22:18+01:00\" data-name=\"Curs RTI i preparaci\u00f3 compet\u00e8ncia ling\u00fc\u00edstica\">\n\t<article class=\"post post-3920 type-post status-publish format-standard has-post-thumbnail hentry category-escuela-ca category-rotatoria-ca category-191 category-35 bg-on fullwidth-img description-off\">\n\n\t\t\n\t\t\t<div class=\"blog-media wf-td\">\n\n\t\t\t\t<p><a href=\"https:\/\/aeroclub.es\/ca\/2016\/03\/curs-rti-i-preparacio-competencia-linguistica\/\" class=\"alignnone rollover\" ><img loading=\"lazy\" decoding=\"async\" class=\"preload-me aspect\" src=\"https:\/\/aeroclub.es\/wp-content\/uploads\/2015\/12\/5274793933_e102683111_b-555x369.jpg\" srcset=\"https:\/\/aeroclub.es\/wp-content\/uploads\/2015\/12\/5274793933_e102683111_b-555x369.jpg 555w, https:\/\/aeroclub.es\/wp-content\/uploads\/2015\/12\/5274793933_e102683111_b-1022x680.jpg 1022w\" style=\"--ratio: 555 \/ 369\" sizes=\"auto, (max-width: 555px) 100vw, 555px\" alt=\"\" title=\"5274793933_e102683111_b\" width=\"555\" height=\"369\"  \/><\/a><\/p>\n\t\t\t<\/div>\n\n\t\t\n\t\t<div class=\"blog-content wf-td\">\n\t\t\t<h3 class=\"entry-title\"><a href=\"https:\/\/aeroclub.es\/ca\/2016\/03\/curs-rti-i-preparacio-competencia-linguistica\/\" title=\"Curs RTI i preparaci\u00f3 compet\u00e8ncia ling\u00fc\u00edstica\" rel=\"bookmark\">Curs RTI i preparaci\u00f3 compet\u00e8ncia ling\u00fc\u00edstica<\/a><\/h3>\n\n\t\t\t<p>Ets ja un pilot internacional? L&#8217;Aeroclub t&#8217;ofereix la formaci\u00f3 que necessites per volar per on tu vulguis. Per exercir com a pilot en comandament nostra llic\u00e8ncia de pilot, d&#8217;avi\u00f3 o helic\u00f2pter, ha de d\u2019incloure l&#8217;anotaci\u00f3 de compet\u00e8ncia ling\u00fc\u00edstica en els idiomes castell\u00e0 o angl\u00e8s a m\u00e9s de les atribucions de radiotelefonia en l&#8217;idioma que es&hellip;<\/p>\n\n\t\t<\/div>\n\n\t<\/article>\n\n<\/div>\n<div class=\"wf-cell iso-item category-193 category-35 category-55\" data-post-id=\"3813\" data-date=\"2016-03-22T01:31:15+01:00\" data-name=\"Aix\u00ed que vols volar a la Festa al Cel\">\n\t<article class=\"post post-3813 type-post status-publish format-standard has-post-thumbnail hentry category-exhibiciones-ca category-rotatoria-ca category-vol-a-motor tag-aeri tag-airshow tag-carrusel tag-cel tag-festa tag-festival tag-formacio category-193 category-35 category-55 bg-on fullwidth-img description-off\">\n\n\t\t\n\t\t\t<div class=\"blog-media wf-td\">\n\n\t\t\t\t<p><a href=\"https:\/\/aeroclub.es\/ca\/2016\/03\/aixi-que-vols-volar-a-la-festa-al-cel\/\" class=\"alignnone rollover\" ><img loading=\"lazy\" decoding=\"async\" class=\"preload-me aspect\" src=\"https:\/\/aeroclub.es\/wp-content\/uploads\/2016\/03\/avc_00186317-e1458594786399-555x379.jpg\" srcset=\"https:\/\/aeroclub.es\/wp-content\/uploads\/2016\/03\/avc_00186317-e1458594786399-555x379.jpg 555w, https:\/\/aeroclub.es\/wp-content\/uploads\/2016\/03\/avc_00186317-e1458594786399-1110x758.jpg 1110w\" style=\"--ratio: 555 \/ 379\" sizes=\"auto, (max-width: 555px) 100vw, 555px\" alt=\"\" title=\"avc_00186317\" width=\"555\" height=\"379\"  \/><\/a><\/p>\n\t\t\t<\/div>\n\n\t\t\n\t\t<div class=\"blog-content wf-td\">\n\t\t\t<h3 class=\"entry-title\"><a href=\"https:\/\/aeroclub.es\/ca\/2016\/03\/aixi-que-vols-volar-a-la-festa-al-cel\/\" title=\"Aix\u00ed que vols volar a la Festa al Cel\" rel=\"bookmark\">Aix\u00ed que vols volar a la Festa al Cel<\/a><\/h3>\n\n\t\t\t<p>Vols pilotar la nostra flota devant de milers d&#8217;espectadors a la Festa al Cel? Qualsevol soci te la possibilitat de participar-hi. T&#8217;expliquem com.<\/p>\n\n\t\t<\/div>\n\n\t<\/article>\n\n<\/div>\n<div class=\"wf-cell iso-item category-34 category-193\" data-post-id=\"3752\" data-date=\"2016-03-17T21:43:27+01:00\" data-name=\"European Airshow Council 2016\">\n\t<article class=\"post post-3752 type-post status-publish format-standard has-post-thumbnail hentry category-destacat category-exhibiciones-ca tag-airshow tag-eac tag-european tag-festa tag-malta category-34 category-193 bg-on fullwidth-img description-off\">\n\n\t\t\n\t\t\t<div class=\"blog-media wf-td\">\n\n\t\t\t\t<p><a href=\"https:\/\/aeroclub.es\/ca\/2016\/03\/european-airshow-council-2016\/\" class=\"alignnone rollover\" ><img loading=\"lazy\" decoding=\"async\" class=\"preload-me aspect\" src=\"https:\/\/aeroclub.es\/wp-content\/uploads\/2016\/03\/European_Airshow_Council_Malta_Conference-555x303.jpg\" srcset=\"https:\/\/aeroclub.es\/wp-content\/uploads\/2016\/03\/European_Airshow_Council_Malta_Conference-555x303.jpg 555w, https:\/\/aeroclub.es\/wp-content\/uploads\/2016\/03\/European_Airshow_Council_Malta_Conference.jpg 719w\" style=\"--ratio: 555 \/ 303\" sizes=\"auto, (max-width: 555px) 100vw, 555px\" alt=\"\" title=\"European_Airshow_Council_Malta_Conference\" width=\"555\" height=\"303\"  \/><\/a><\/p>\n\t\t\t<\/div>\n\n\t\t\n\t\t<div class=\"blog-content wf-td\">\n\t\t\t<h3 class=\"entry-title\"><a href=\"https:\/\/aeroclub.es\/ca\/2016\/03\/european-airshow-council-2016\/\" title=\"European Airshow Council 2016\" rel=\"bookmark\">European Airshow Council 2016<\/a><\/h3>\n\n\t\t\t<p>L&#8217;accident de Shoreham i les dures restriccions al Regne Unit, principals temes de la Convenci\u00f3 de l&#8217;EAC<\/p>\n\n\t\t<\/div>\n\n\t<\/article>\n\n<\/div>\n<div class=\"wf-cell iso-item category-138 category-34 category-52\" data-post-id=\"3296\" data-date=\"2016-03-12T05:38:53+01:00\" data-name=\"L&#039;Aeroclub a AERO Friedrichshafen\">\n\t<article class=\"post post-3296 type-post status-publish format-standard has-post-thumbnail hentry category-club-ca category-destacat category-ultralleuger category-138 category-34 category-52 bg-on fullwidth-img description-off\">\n\n\t\t\n\t\t\t<div class=\"blog-media wf-td\">\n\n\t\t\t\t<p><a href=\"https:\/\/aeroclub.es\/ca\/2016\/03\/laeroclub-a-aero-friedrichshafen\/\" class=\"alignnone rollover\" ><img loading=\"lazy\" decoding=\"async\" class=\"preload-me aspect\" src=\"https:\/\/aeroclub.es\/wp-content\/uploads\/2016\/03\/0200AERO2015-555x369.jpg\" srcset=\"https:\/\/aeroclub.es\/wp-content\/uploads\/2016\/03\/0200AERO2015-555x369.jpg 555w, https:\/\/aeroclub.es\/wp-content\/uploads\/2016\/03\/0200AERO2015-1110x738.jpg 1110w\" style=\"--ratio: 555 \/ 369\" sizes=\"auto, (max-width: 555px) 100vw, 555px\" alt=\"\" title=\"AERO 2015\" width=\"555\" height=\"369\"  \/><\/a><\/p>\n\t\t\t<\/div>\n\n\t\t\n\t\t<div class=\"blog-content wf-td\">\n\t\t\t<h3 class=\"entry-title\"><a href=\"https:\/\/aeroclub.es\/ca\/2016\/03\/laeroclub-a-aero-friedrichshafen\/\" title=\"L&#8217;Aeroclub a AERO Friedrichshafen\" rel=\"bookmark\">L&#8217;Aeroclub a AERO Friedrichshafen<\/a><\/h3>\n\n\t\t\t<p>L&#8217;Aeroclub estar\u00e0 present aquest any en AERO EXPO 2016, la major fira Europea d&#8217;Aviaci\u00f3 Esportiva<\/p>\n\n\t\t<\/div>\n\n\t<\/article>\n\n<\/div>\n<div class=\"wf-cell iso-item category-191 category-35 category-52\" data-post-id=\"3621\" data-date=\"2016-03-12T01:19:58+01:00\" data-name=\"Convocat\u00f2ria ex\u00e0mens ULM 2016\">\n\t<article class=\"post post-3621 type-post status-publish format-standard has-post-thumbnail hentry category-escuela-ca category-rotatoria-ca category-ultralleuger category-191 category-35 category-52 bg-on fullwidth-img description-off\">\n\n\t\t\n\t\t\t<div class=\"blog-media wf-td\">\n\n\t\t\t\t<p><a href=\"https:\/\/aeroclub.es\/ca\/2016\/03\/convocatoria-examens-ulm-2016\/\" class=\"alignnone rollover\" ><img loading=\"lazy\" decoding=\"async\" class=\"preload-me aspect\" src=\"https:\/\/aeroclub.es\/wp-content\/uploads\/2016\/03\/examens-ulm-2016-aesa-555x433.png\" srcset=\"https:\/\/aeroclub.es\/wp-content\/uploads\/2016\/03\/examens-ulm-2016-aesa-555x433.png 555w, https:\/\/aeroclub.es\/wp-content\/uploads\/2016\/03\/examens-ulm-2016-aesa.png 975w\" style=\"--ratio: 555 \/ 433\" sizes=\"auto, (max-width: 555px) 100vw, 555px\" alt=\"\" title=\"examens-ulm-2016-aesa\" width=\"555\" height=\"433\"  \/><\/a><\/p>\n\t\t\t<\/div>\n\n\t\t\n\t\t<div class=\"blog-content wf-td\">\n\t\t\t<h3 class=\"entry-title\"><a href=\"https:\/\/aeroclub.es\/ca\/2016\/03\/convocatoria-examens-ulm-2016\/\" title=\"Convocat\u00f2ria ex\u00e0mens ULM 2016\" rel=\"bookmark\">Convocat\u00f2ria ex\u00e0mens ULM 2016<\/a><\/h3>\n\n\t\t\t<p>AESA presenta la convocat\u00f2ria per a la realitzaci\u00f3 dels ex\u00e0mens te\u00f2rics i pr\u00e0ctics d&#8217;ultralleugers en 2016<\/p>\n\n\t\t<\/div>\n\n\t<\/article>\n\n<\/div>\n<div class=\"wf-cell iso-item category-39 category-138 category-35\" data-post-id=\"3254\" data-date=\"2016-03-08T23:39:01+01:00\" data-name=\"Entrenaments secci\u00f3 acrob\u00e0tica\">\n\t<article class=\"post post-3254 type-post status-publish format-standard has-post-thumbnail hentry category-acrobacia-ca category-club-ca category-rotatoria-ca tag-acro tag-acrobacia tag-entrenaments tag-z50 tag-zlin category-39 category-138 category-35 bg-on fullwidth-img description-off\">\n\n\t\t\n\t\t\t<div class=\"blog-media wf-td\">\n\n\t\t\t\t<p><a href=\"https:\/\/aeroclub.es\/ca\/2016\/03\/entrenaments-seccio-acrobatica\/\" class=\"alignnone rollover\" ><img loading=\"lazy\" decoding=\"async\" class=\"preload-me aspect\" src=\"https:\/\/aeroclub.es\/wp-content\/uploads\/2016\/03\/Foto4-555x416.jpg\" srcset=\"https:\/\/aeroclub.es\/wp-content\/uploads\/2016\/03\/Foto4-555x416.jpg 555w, https:\/\/aeroclub.es\/wp-content\/uploads\/2016\/03\/Foto4-1110x832.jpg 1110w\" style=\"--ratio: 555 \/ 416\" sizes=\"auto, (max-width: 555px) 100vw, 555px\" alt=\"\" title=\"Foto4\" width=\"555\" height=\"416\"  \/><\/a><\/p>\n\t\t\t<\/div>\n\n\t\t\n\t\t<div class=\"blog-content wf-td\">\n\t\t\t<h3 class=\"entry-title\"><a href=\"https:\/\/aeroclub.es\/ca\/2016\/03\/entrenaments-seccio-acrobatica\/\" title=\"Entrenaments secci\u00f3 acrob\u00e0tica\" rel=\"bookmark\">Entrenaments secci\u00f3 acrob\u00e0tica<\/a><\/h3>\n\n\t\t\t<p>Los pasados 19-21 de Febrero se llevaron a cabo los primeros entrenos del a\u00f1o de la secci\u00f3n acrob\u00e1tica del ACBS en el aer\u00f3dromo de Benabarre<\/p>\n\n\t\t<\/div>\n\n\t<\/article>\n\n<\/div>\n<div class=\"wf-cell iso-item category-233 category-55\" data-post-id=\"3185\" data-date=\"2016-02-29T15:11:33+01:00\" data-name=\"Drone 101\">\n\t<article class=\"post no-img post-3185 type-post status-publish format-aside hentry category-drones-ca category-vol-a-motor post_format-post-format-aside category-233 category-55 bg-on fullwidth-img description-off\">\n\n\t\t\n\t\t<div class=\"blog-content wf-td\">\n\t\t\t<h3 class=\"entry-title\"><a href=\"https:\/\/aeroclub.es\/ca\/2016\/02\/drone-101\/\" title=\"Drone 101\" rel=\"bookmark\">Drone 101<\/a><\/h3>\n\n\t\t\t<p>\u00bfEs pot fer servir un drone per gravar pel\u00b7l\u00edcules, manifestacions, casaments, concerts, i en general, reunions de gent a l&#8217;aire lliure &#8230;?<\/p>\n\n\t\t<\/div>\n\n\t<\/article>\n\n<\/div>\n<div class=\"wf-cell iso-item category-31 category-34\" data-post-id=\"3099\" data-date=\"2016-02-26T16:13:01+01:00\" data-name=\"Novetat: Cursos de refresc\">\n\t<article class=\"post post-3099 type-post status-publish format-standard has-post-thumbnail hentry category-actividades-ca category-destacat category-31 category-34 bg-on fullwidth-img description-off\">\n\n\t\t\n\t\t\t<div class=\"blog-media wf-td\">\n\n\t\t\t\t<p><a href=\"https:\/\/aeroclub.es\/ca\/2016\/02\/cursos-de-refresc\/\" class=\"alignnone rollover\" ><img loading=\"lazy\" decoding=\"async\" class=\"preload-me aspect\" src=\"https:\/\/aeroclub.es\/wp-content\/uploads\/2015\/12\/home-slider2-1-555x278.jpg\" srcset=\"https:\/\/aeroclub.es\/wp-content\/uploads\/2015\/12\/home-slider2-1-555x278.jpg 555w, https:\/\/aeroclub.es\/wp-content\/uploads\/2015\/12\/home-slider2-1-1110x556.jpg 1110w\" style=\"--ratio: 555 \/ 278\" sizes=\"auto, (max-width: 555px) 100vw, 555px\" alt=\"\" title=\"home-slider2-1\" width=\"555\" height=\"278\"  \/><\/a><\/p>\n\t\t\t<\/div>\n\n\t\t\n\t\t<div class=\"blog-content wf-td\">\n\t\t\t<h3 class=\"entry-title\"><a href=\"https:\/\/aeroclub.es\/ca\/2016\/02\/cursos-de-refresc\/\" title=\"Novetat: Cursos de refresc\" rel=\"bookmark\">Novetat: Cursos de refresc<\/a><\/h3>\n\n\t\t\t<p>Et presentem els Cursos de refresc, una nova formacio\u0301 gratui\u0308ta pels socis de L\u2019Aeroclub <\/p>\n\n\t\t<\/div>\n\n\t<\/article>\n\n<\/div>\n<div class=\"wf-cell iso-item category-31 category-64\" data-post-id=\"2879\" data-date=\"2016-02-14T10:12:23+01:00\" data-name=\"Realitzat el Primer Seminari de Seguretat de l&#039;any\">\n\t<article class=\"post post-2879 type-post status-publish format-standard has-post-thumbnail hentry category-actividades-ca category-curs-ca tag-seguridad-ca category-31 category-64 bg-on fullwidth-img description-off\">\n\n\t\t\n\t\t\t<div class=\"blog-media wf-td\">\n\n\t\t\t\t<p><a href=\"https:\/\/aeroclub.es\/ca\/2016\/02\/realitzat-el-primer-seminari-de-seguretat-de-lany\/\" class=\"alignnone rollover\" ><img loading=\"lazy\" decoding=\"async\" class=\"preload-me aspect\" src=\"https:\/\/aeroclub.es\/wp-content\/uploads\/2016\/02\/20160128_Seminario-resumen-2015-555x555.jpg\" srcset=\"https:\/\/aeroclub.es\/wp-content\/uploads\/2016\/02\/20160128_Seminario-resumen-2015-555x555.jpg 555w, https:\/\/aeroclub.es\/wp-content\/uploads\/2016\/02\/20160128_Seminario-resumen-2015-1110x1110.jpg 1110w\" style=\"--ratio: 555 \/ 555\" sizes=\"auto, (max-width: 555px) 100vw, 555px\" alt=\"\" title=\"20160128_Seminario resumen 2015\" width=\"555\" height=\"555\"  \/><\/a><\/p>\n\t\t\t<\/div>\n\n\t\t\n\t\t<div class=\"blog-content wf-td\">\n\t\t\t<h3 class=\"entry-title\"><a href=\"https:\/\/aeroclub.es\/ca\/2016\/02\/realitzat-el-primer-seminari-de-seguretat-de-lany\/\" title=\"Realitzat el Primer Seminari de Seguretat de l&#8217;any\" rel=\"bookmark\">Realitzat el Primer Seminari de Seguretat de l&#8217;any<\/a><\/h3>\n\n\t\t\t<p>El passat dissabte 24 de gener se celebra a l&#8217;Aula Magna de l&#8217;Aeroclub el primer Seminari de Seguretat de l&#8217;any 2016. Igual que el gener passat, en aquesta sessi\u00f3 el Responsable de Seguretat Operacional de l&#8217;ACBS, en Rafael Molina, va realitzar el resum del treball d&#8217;aquest gabinet durant el passat 2015. Durant la xerrada davant&hellip;<\/p>\n\n\t\t<\/div>\n\n\t<\/article>\n\n<\/div>\n<div class=\"wf-cell iso-item category-34 category-193\" data-post-id=\"2817\" data-date=\"2016-02-09T12:49:49+01:00\" data-name=\"Confirmacions Festa al Cel 2016\">\n\t<article class=\"post post-2817 type-post status-publish format-standard has-post-thumbnail hentry category-destacat category-exhibiciones-ca tag-airshow tag-cel tag-demostracio tag-festa tag-mataro category-34 category-193 bg-on fullwidth-img description-off\">\n\n\t\t\n\t\t\t<div class=\"blog-media wf-td\">\n\n\t\t\t\t<p><a href=\"https:\/\/aeroclub.es\/ca\/2016\/02\/primeres-confirmacions-festa-al-cel-2016\/\" class=\"alignnone rollover\" ><img loading=\"lazy\" decoding=\"async\" class=\"preload-me aspect\" src=\"https:\/\/aeroclub.es\/wp-content\/uploads\/2016\/02\/Patrulla-ASPA-2-555x415.jpg\" srcset=\"https:\/\/aeroclub.es\/wp-content\/uploads\/2016\/02\/Patrulla-ASPA-2-555x415.jpg 555w, https:\/\/aeroclub.es\/wp-content\/uploads\/2016\/02\/Patrulla-ASPA-2-1110x830.jpg 1110w\" style=\"--ratio: 555 \/ 415\" sizes=\"auto, (max-width: 555px) 100vw, 555px\" alt=\"\" title=\"Patrulla ASPA 2\" width=\"555\" height=\"415\"  \/><\/a><\/p>\n\t\t\t<\/div>\n\n\t\t\n\t\t<div class=\"blog-content wf-td\">\n\t\t\t<h3 class=\"entry-title\"><a href=\"https:\/\/aeroclub.es\/ca\/2016\/02\/primeres-confirmacions-festa-al-cel-2016\/\" title=\"Confirmacions Festa al Cel 2016\" rel=\"bookmark\">Confirmacions Festa al Cel 2016<\/a><\/h3>\n\n\t\t\t<p>Ja coneixem les primeres patrulles que han confirmat la seva pres\u00e8ncia a la Festa al Cel d&#8217;enguany<\/p>\n\n\t\t<\/div>\n\n\t<\/article>\n\n<\/div>\n<div class=\"wf-cell iso-item category-31 category-34 category-55\" data-post-id=\"2781\" data-date=\"2016-02-07T22:58:34+01:00\" data-name=\"Primer curs de vol en formaci\u00f3\">\n\t<article class=\"post post-2781 type-post status-publish format-standard has-post-thumbnail hentry category-actividades-ca category-destacat category-vol-a-motor category-31 category-34 category-55 bg-on fullwidth-img description-off\">\n\n\t\t\n\t\t\t<div class=\"blog-media wf-td\">\n\n\t\t\t\t<p><a href=\"https:\/\/aeroclub.es\/ca\/2016\/02\/exit-del-primer-curs-de-vol-en-formacio\/\" class=\"alignnone rollover\" ><img loading=\"lazy\" decoding=\"async\" class=\"preload-me aspect\" src=\"https:\/\/aeroclub.es\/wp-content\/uploads\/2016\/02\/11018621_854204991336010_5358294183273346709_o-555x356.jpg\" srcset=\"https:\/\/aeroclub.es\/wp-content\/uploads\/2016\/02\/11018621_854204991336010_5358294183273346709_o-555x356.jpg 555w, https:\/\/aeroclub.es\/wp-content\/uploads\/2016\/02\/11018621_854204991336010_5358294183273346709_o-1110x712.jpg 1110w\" style=\"--ratio: 555 \/ 356\" sizes=\"auto, (max-width: 555px) 100vw, 555px\" alt=\"\" title=\"11018621_854204991336010_5358294183273346709_o\" width=\"555\" height=\"356\"  \/><\/a><\/p>\n\t\t\t<\/div>\n\n\t\t\n\t\t<div class=\"blog-content wf-td\">\n\t\t\t<h3 class=\"entry-title\"><a href=\"https:\/\/aeroclub.es\/ca\/2016\/02\/exit-del-primer-curs-de-vol-en-formacio\/\" title=\"Primer curs de vol en formaci\u00f3\" rel=\"bookmark\">Primer curs de vol en formaci\u00f3<\/a><\/h3>\n\n\t\t\t<p>El passat dia 2 va acabar amb gran \u00e8xit el 1er Curs de Vol en Formaci\u00f3 ofert per la FPAC i L&#8217;Aeroclub<\/p>\n\n\t\t<\/div>\n\n\t<\/article>\n\n<\/div>\n<div class=\"wf-cell iso-item category-31 category-35 category-56\" data-post-id=\"2776\" data-date=\"2016-02-07T11:31:31+01:00\" data-name=\"Prova el vol acrob\u00e0tic sense motor\">\n\t<article class=\"post post-2776 type-post status-publish format-standard has-post-thumbnail hentry category-actividades-ca category-rotatoria-ca category-vol-a-vela tag-cerdanya tag-fox tag-guy-westgate tag-mdm-1 tag-vol-a-vela category-31 category-35 category-56 bg-on fullwidth-img description-off\">\n\n\t\t\n\t\t\t<div class=\"blog-media wf-td\">\n\n\t\t\t\t<p><a href=\"https:\/\/aeroclub.es\/ca\/2016\/02\/prova-el-vol-acrobatic-sense-motor\/\" class=\"alignnone rollover\" ><img loading=\"lazy\" decoding=\"async\" class=\"preload-me aspect\" src=\"https:\/\/aeroclub.es\/wp-content\/uploads\/2016\/02\/fox2-555x190.jpeg\" srcset=\"https:\/\/aeroclub.es\/wp-content\/uploads\/2016\/02\/fox2-555x190.jpeg 555w, https:\/\/aeroclub.es\/wp-content\/uploads\/2016\/02\/fox2-1110x380.jpeg 1110w\" style=\"--ratio: 555 \/ 190\" sizes=\"auto, (max-width: 555px) 100vw, 555px\" alt=\"\" title=\"fox2\" width=\"555\" height=\"190\"  \/><\/a><\/p>\n\t\t\t<\/div>\n\n\t\t\n\t\t<div class=\"blog-content wf-td\">\n\t\t\t<h3 class=\"entry-title\"><a href=\"https:\/\/aeroclub.es\/ca\/2016\/02\/prova-el-vol-acrobatic-sense-motor\/\" title=\"Prova el vol acrob\u00e0tic sense motor\" rel=\"bookmark\">Prova el vol acrob\u00e0tic sense motor<\/a><\/h3>\n\n\t\t\t<p>Vine a La Cerdanya a provar el veler acrob\u00e0tic d&#8217;en Guy Westgate.<\/p>\n\n\t\t<\/div>\n\n\t<\/article>\n\n<\/div>\n<div class=\"wf-cell iso-item category-31 category-35 category-56\" data-post-id=\"2772\" data-date=\"2016-02-07T11:21:30+01:00\" data-name=\"FAI Sailplane Grand Prix Spain 2016\">\n\t<article class=\"post post-2772 type-post status-publish format-standard has-post-thumbnail hentry category-actividades-ca category-rotatoria-ca category-vol-a-vela category-31 category-35 category-56 bg-on fullwidth-img description-off\">\n\n\t\t\n\t\t\t<div class=\"blog-media wf-td\">\n\n\t\t\t\t<p><a href=\"https:\/\/aeroclub.es\/ca\/2016\/02\/fai-qualifying-sailplane-grand-prix-spain-2016\/\" class=\"alignnone rollover\" ><img loading=\"lazy\" decoding=\"async\" class=\"preload-me aspect\" src=\"https:\/\/aeroclub.es\/wp-content\/uploads\/2016\/02\/SGP-SPain-555x318.jpg\" srcset=\"https:\/\/aeroclub.es\/wp-content\/uploads\/2016\/02\/SGP-SPain-555x318.jpg 555w, https:\/\/aeroclub.es\/wp-content\/uploads\/2016\/02\/SGP-SPain-1110x636.jpg 1110w\" style=\"--ratio: 555 \/ 318\" sizes=\"auto, (max-width: 555px) 100vw, 555px\" alt=\"\" title=\"SGP SPain\" width=\"555\" height=\"318\"  \/><\/a><\/p>\n\t\t\t<\/div>\n\n\t\t\n\t\t<div class=\"blog-content wf-td\">\n\t\t\t<h3 class=\"entry-title\"><a href=\"https:\/\/aeroclub.es\/ca\/2016\/02\/fai-qualifying-sailplane-grand-prix-spain-2016\/\" title=\"FAI Sailplane Grand Prix Spain 2016\" rel=\"bookmark\">FAI Sailplane Grand Prix Spain 2016<\/a><\/h3>\n\n\t\t\t<p>Vine a disfrutar del Qualifying Sailplane Grand Prix a la Cerdanya del 17 al 23 d&#8217;abril d&#8217;aquest any<\/p>\n\n\t\t<\/div>\n\n\t<\/article>\n\n<\/div>\n<div class=\"wf-cell iso-item category-31 category-34 category-55\" data-post-id=\"2580\" data-date=\"2016-02-01T20:34:57+01:00\" data-name=\"Destinacions properes excursions 2016\">\n\t<article class=\"post post-2580 type-post status-publish format-standard has-post-thumbnail hentry category-actividades-ca category-destacat category-vol-a-motor category-31 category-34 category-55 bg-on fullwidth-img description-off\">\n\n\t\t\n\t\t\t<div class=\"blog-media wf-td\">\n\n\t\t\t\t<p><a href=\"https:\/\/aeroclub.es\/ca\/2016\/02\/destinacions-properes-excursions-2016\/\" class=\"alignnone rollover\" ><img loading=\"lazy\" decoding=\"async\" class=\"preload-me aspect\" src=\"https:\/\/aeroclub.es\/wp-content\/uploads\/2016\/02\/benabarre-555x416.jpg\" srcset=\"https:\/\/aeroclub.es\/wp-content\/uploads\/2016\/02\/benabarre-555x416.jpg 555w, https:\/\/aeroclub.es\/wp-content\/uploads\/2016\/02\/benabarre.jpg 960w\" style=\"--ratio: 555 \/ 416\" sizes=\"auto, (max-width: 555px) 100vw, 555px\" alt=\"\" title=\"benabarre\" width=\"555\" height=\"416\"  \/><\/a><\/p>\n\t\t\t<\/div>\n\n\t\t\n\t\t<div class=\"blog-content wf-td\">\n\t\t\t<h3 class=\"entry-title\"><a href=\"https:\/\/aeroclub.es\/ca\/2016\/02\/destinacions-properes-excursions-2016\/\" title=\"Destinacions properes excursions 2016\" rel=\"bookmark\">Destinacions properes excursions 2016<\/a><\/h3>\n\n\t\t\t<p>Ja tenim les excursions de 2016: San Sebasti\u00e1n, Pamplona i Teruel, les destinacions m\u00e9s votades<\/p>\n\n\t\t<\/div>\n\n\t<\/article>\n\n<\/div>\n<div class=\"wf-cell iso-item category-35 category-141\" data-post-id=\"2456\" data-date=\"2016-01-28T00:02:30+01:00\" data-name=\"Pla de vol per internet\">\n\t<article class=\"post post-2456 type-post status-publish format-standard has-post-thumbnail hentry category-rotatoria-ca category-ultima-hora-ca category-35 category-141 bg-on fullwidth-img description-off\">\n\n\t\t\n\t\t\t<div class=\"blog-media wf-td\">\n\n\t\t\t\t<p><a href=\"https:\/\/aeroclub.es\/ca\/2016\/01\/pla-de-vol-per-internet\/\" class=\"alignnone rollover\" ><img loading=\"lazy\" decoding=\"async\" class=\"preload-me aspect\" src=\"https:\/\/aeroclub.es\/wp-content\/uploads\/2016\/01\/internet-fpl-detalle-555x349.png\" srcset=\"https:\/\/aeroclub.es\/wp-content\/uploads\/2016\/01\/internet-fpl-detalle-555x349.png 555w, https:\/\/aeroclub.es\/wp-content\/uploads\/2016\/01\/internet-fpl-detalle.png 990w\" style=\"--ratio: 555 \/ 349\" sizes=\"auto, (max-width: 555px) 100vw, 555px\" alt=\"\" title=\"internet-fpl-detalle\" width=\"555\" height=\"349\"  \/><\/a><\/p>\n\t\t\t<\/div>\n\n\t\t\n\t\t<div class=\"blog-content wf-td\">\n\t\t\t<h3 class=\"entry-title\"><a href=\"https:\/\/aeroclub.es\/ca\/2016\/01\/pla-de-vol-per-internet\/\" title=\"Pla de vol per internet\" rel=\"bookmark\">Pla de vol per internet<\/a><\/h3>\n\n\t\t\t<p>Enaire ens ha fet arribar la informaci\u00f3 del Sistema ICARO XXI que permetr\u00e0 als usuaris, pr\u00e8viament registrats, realitzar el pla de vol per internet.<\/p>\n\n\t\t<\/div>\n\n\t<\/article>\n\n<\/div>\n<div class=\"wf-cell iso-item category-31 category-35 category-40\" data-post-id=\"2419\" data-date=\"2016-01-27T23:41:17+01:00\" data-name=\"Resultats del ralli d&#039;Hivern 2016\">\n\t<article class=\"post post-2419 type-post status-publish format-standard has-post-thumbnail hentry category-actividades-ca category-rotatoria-ca category-rallies-ca category-31 category-35 category-40 bg-on fullwidth-img description-off\">\n\n\t\t\n\t\t\t<div class=\"blog-media wf-td\">\n\n\t\t\t\t<p><a href=\"https:\/\/aeroclub.es\/ca\/2016\/01\/resultats-del-ralli-dhivern-2016\/\" class=\"alignnone rollover\" ><img loading=\"lazy\" decoding=\"async\" class=\"preload-me aspect\" src=\"https:\/\/aeroclub.es\/wp-content\/uploads\/2016\/01\/IMG-20160123-WA0001-555x740.jpg\" srcset=\"https:\/\/aeroclub.es\/wp-content\/uploads\/2016\/01\/IMG-20160123-WA0001-555x740.jpg 555w, https:\/\/aeroclub.es\/wp-content\/uploads\/2016\/01\/IMG-20160123-WA0001-1110x1480.jpg 1110w\" style=\"--ratio: 555 \/ 740\" sizes=\"auto, (max-width: 555px) 100vw, 555px\" alt=\"\" title=\"IMG-20160123-WA0001\" width=\"555\" height=\"740\"  \/><\/a><\/p>\n\t\t\t<\/div>\n\n\t\t\n\t\t<div class=\"blog-content wf-td\">\n\t\t\t<h3 class=\"entry-title\"><a href=\"https:\/\/aeroclub.es\/ca\/2016\/01\/resultats-del-ralli-dhivern-2016\/\" title=\"Resultats del ralli d&#8217;Hivern 2016\" rel=\"bookmark\">Resultats del ralli d&#8217;Hivern 2016<\/a><\/h3>\n\n\t\t\t<p>El passat dissabte 23 de febrer va tenir lloc el Ralli d&#8217;Hivern d&#8217;enguany, puntuable per al Campionat de Catalunya.<\/p>\n\n\t\t<\/div>\n\n\t<\/article>\n\n<\/div>\n<div class=\"wf-cell iso-item category-31 category-36\" data-post-id=\"2282\" data-date=\"2016-01-24T11:07:03+01:00\" data-name=\"Confer\u00e8ncia TMA de Barcelona\">\n\t<article class=\"post post-2282 type-post status-publish format-standard has-post-thumbnail hentry category-actividades-ca category-slider-ca category-31 category-36 bg-on fullwidth-img description-off\">\n\n\t\t\n\t\t\t<div class=\"blog-media wf-td\">\n\n\t\t\t\t<p><a href=\"https:\/\/aeroclub.es\/ca\/2016\/01\/conferencia-tma-de-barcelona\/\" class=\"alignnone rollover\" ><img loading=\"lazy\" decoding=\"async\" class=\"preload-me aspect\" src=\"https:\/\/aeroclub.es\/wp-content\/uploads\/2015\/12\/IMG_0428-555x555.jpg\" srcset=\"https:\/\/aeroclub.es\/wp-content\/uploads\/2015\/12\/IMG_0428-555x555.jpg 555w, https:\/\/aeroclub.es\/wp-content\/uploads\/2015\/12\/IMG_0428-1110x1110.jpg 1110w\" style=\"--ratio: 555 \/ 555\" sizes=\"auto, (max-width: 555px) 100vw, 555px\" alt=\"\" title=\"IMG_0428\" width=\"555\" height=\"555\"  \/><\/a><\/p>\n\t\t\t<\/div>\n\n\t\t\n\t\t<div class=\"blog-content wf-td\">\n\t\t\t<h3 class=\"entry-title\"><a href=\"https:\/\/aeroclub.es\/ca\/2016\/01\/conferencia-tma-de-barcelona\/\" title=\"Confer\u00e8ncia TMA de Barcelona\" rel=\"bookmark\">Confer\u00e8ncia TMA de Barcelona<\/a><\/h3>\n\n\t\t\t<p>[catal\u00e0] El Sr Xavi de Mart\u00ed Vall\u00e9s, Coordinador Regional de las torres de control de la regi\u00f3n este, acompa\u00f1ado por la Sra. Helena Moreno Forcada, Jefe de Operaciones del TMA de Barcelona, en primer lugar nos han presentado los 4 sectores a\u00e9reos de la TMA de Barcelona centr\u00e1ndose en las tareas y funciones del control&hellip;<\/p>\n\n\t\t<\/div>\n\n\t<\/article>\n\n<\/div>\n<div class=\"wf-cell iso-item category-31 category-35\" data-post-id=\"2798\" data-date=\"2015-12-15T00:32:41+01:00\" data-name=\"Vol de l&#039;Alba\">\n\t<article class=\"post post-2798 type-post status-publish format-standard has-post-thumbnail hentry category-actividades-ca category-rotatoria-ca category-31 category-35 bg-on fullwidth-img description-off\">\n\n\t\t\n\t\t\t<div class=\"blog-media wf-td\">\n\n\t\t\t\t<p><a href=\"https:\/\/aeroclub.es\/ca\/2015\/12\/vol-de-lalba\/\" class=\"alignnone rollover\" ><img loading=\"lazy\" decoding=\"async\" class=\"preload-me aspect\" src=\"https:\/\/aeroclub.es\/wp-content\/uploads\/2015\/12\/3285841966_620e15aca7_b-555x374.jpg\" srcset=\"https:\/\/aeroclub.es\/wp-content\/uploads\/2015\/12\/3285841966_620e15aca7_b-555x374.jpg 555w, https:\/\/aeroclub.es\/wp-content\/uploads\/2015\/12\/3285841966_620e15aca7_b.jpg 1023w\" style=\"--ratio: 555 \/ 374\" sizes=\"auto, (max-width: 555px) 100vw, 555px\" alt=\"\" title=\"3285841966_620e15aca7_b\" width=\"555\" height=\"374\"  \/><\/a><\/p>\n\t\t\t<\/div>\n\n\t\t\n\t\t<div class=\"blog-content wf-td\">\n\t\t\t<h3 class=\"entry-title\"><a href=\"https:\/\/aeroclub.es\/ca\/2015\/12\/vol-de-lalba\/\" title=\"Vol de l&#8217;Alba\" rel=\"bookmark\">Vol de l&#8217;Alba<\/a><\/h3>\n\n\t\t\t<p>El dijous 31 de desembre tindr\u00e0 lloc el tradicional VOL DE L&#8217;ALBA 2016, que consistir\u00e0 en una trobada d&#8217;aeronaus a l&#8217;Aer\u00f2drom de la Cerdanya.<\/p>\n\n\t\t<\/div>\n\n\t<\/article>\n\n<\/div>\n<div class=\"wf-cell iso-item category-138 category-34\" data-post-id=\"330\" data-date=\"2015-12-14T15:23:34+01:00\" data-name=\"Bon Nadal i Feli\u00e7 Any 2016\">\n\t<article class=\"post post-330 type-post status-publish format-standard has-post-thumbnail hentry category-club-ca category-destacat category-138 category-34 bg-on fullwidth-img description-off\">\n\n\t\t\n\t\t\t<div class=\"blog-media wf-td\">\n\n\t\t\t\t<p><a href=\"https:\/\/aeroclub.es\/ca\/2015\/12\/felices-navidades-y-prospero-2016\/\" class=\"alignnone rollover\" ><img loading=\"lazy\" decoding=\"async\" class=\"preload-me aspect\" src=\"https:\/\/aeroclub.es\/wp-content\/uploads\/2015\/12\/header-big-32R-555x232.jpg\" srcset=\"https:\/\/aeroclub.es\/wp-content\/uploads\/2015\/12\/header-big-32R-555x232.jpg 555w, https:\/\/aeroclub.es\/wp-content\/uploads\/2015\/12\/header-big-32R.jpg 1019w\" style=\"--ratio: 555 \/ 232\" sizes=\"auto, (max-width: 555px) 100vw, 555px\" alt=\"\" title=\"header-big-32R\" width=\"555\" height=\"232\"  \/><\/a><\/p>\n\t\t\t<\/div>\n\n\t\t\n\t\t<div class=\"blog-content wf-td\">\n\t\t\t<h3 class=\"entry-title\"><a href=\"https:\/\/aeroclub.es\/ca\/2015\/12\/felices-navidades-y-prospero-2016\/\" title=\"Bon Nadal i Feli\u00e7 Any 2016\" rel=\"bookmark\">Bon Nadal i Feli\u00e7 Any 2016<\/a><\/h3>\n\n\t\t\t<p>La Junta directiva i tot el personal del club et desitja BON NADAL i FELI\u00c7 ANY NOU<\/p>\n\n\t\t<\/div>\n\n\t<\/article>\n\n<\/div>\n<div class=\"wf-cell iso-item category-31 category-35\" data-post-id=\"366\" data-date=\"2015-12-10T18:31:42+01:00\" data-name=\"Fool&#039;s day\">\n\t<article class=\"post post-366 type-post status-publish format-standard has-post-thumbnail hentry category-actividades-ca category-rotatoria-ca category-31 category-35 bg-on fullwidth-img description-off\">\n\n\t\t\n\t\t\t<div class=\"blog-media wf-td\">\n\n\t\t\t\t<p><a href=\"https:\/\/aeroclub.es\/ca\/2015\/12\/fools-day\/\" class=\"alignnone rollover\" ><img loading=\"lazy\" decoding=\"async\" class=\"preload-me aspect\" src=\"https:\/\/aeroclub.es\/wp-content\/uploads\/2015\/12\/408874_10150543327608958_1415605717_n-555x341.jpg\" srcset=\"https:\/\/aeroclub.es\/wp-content\/uploads\/2015\/12\/408874_10150543327608958_1415605717_n-555x341.jpg 555w, https:\/\/aeroclub.es\/wp-content\/uploads\/2015\/12\/408874_10150543327608958_1415605717_n.jpg 960w\" style=\"--ratio: 555 \/ 341\" sizes=\"auto, (max-width: 555px) 100vw, 555px\" alt=\"\" title=\"408874_10150543327608958_1415605717_n\" width=\"555\" height=\"341\"  \/><\/a><\/p>\n\t\t\t<\/div>\n\n\t\t\n\t\t<div class=\"blog-content wf-td\">\n\t\t\t<h3 class=\"entry-title\"><a href=\"https:\/\/aeroclub.es\/ca\/2015\/12\/fools-day\/\" title=\"Fool&#8217;s day\" rel=\"bookmark\">Fool&#8217;s day<\/a><\/h3>\n\n\t\t\t<p>El proper dia 19 de desembre et convoquem a la tercera edici\u00f3 del FOOL\u2019s DAY, cursa a\u00e8ria per posar a prova els teus coneixements i la teva per\u00edcia<\/p>\n\n\t\t<\/div>\n\n\t<\/article>\n\n<\/div>\n<div class=\"wf-cell iso-item category-32 category-193\" data-post-id=\"2800\" data-date=\"2015-12-10T00:36:44+01:00\" data-name=\"Video resum de la Festa al Cel\">\n\t<article class=\"post post-2800 type-post status-publish format-video has-post-thumbnail hentry category-blog-ca category-exhibiciones-ca post_format-post-format-video category-32 category-193 bg-on fullwidth-img description-off\">\n\n\t\t\n\t\t\t<div class=\"blog-media wf-td\">\n\n\t\t\t\t<p><a href=\"https:\/\/aeroclub.es\/ca\/2015\/12\/video-resum-de-la-festa-al-cel\/\" class=\"alignnone rollover\" ><img loading=\"lazy\" decoding=\"async\" class=\"preload-me aspect\" src=\"https:\/\/aeroclub.es\/wp-content\/uploads\/2015\/12\/video-image-555x312.png\" srcset=\"https:\/\/aeroclub.es\/wp-content\/uploads\/2015\/12\/video-image-555x312.png 555w, https:\/\/aeroclub.es\/wp-content\/uploads\/2015\/12\/video-image.png 955w\" style=\"--ratio: 555 \/ 312\" sizes=\"auto, (max-width: 555px) 100vw, 555px\" alt=\"\" title=\"video-image\" width=\"555\" height=\"312\"  \/><\/a><\/p>\n\t\t\t<\/div>\n\n\t\t\n\t\t<div class=\"blog-content wf-td\">\n\t\t\t<h3 class=\"entry-title\"><a href=\"https:\/\/aeroclub.es\/ca\/2015\/12\/video-resum-de-la-festa-al-cel\/\" title=\"Video resum de la Festa al Cel\" rel=\"bookmark\">Video resum de la Festa al Cel<\/a><\/h3>\n\n\t\t\t<p>Les millors imatges de la pasada Festa al Cel 2015<\/p>\n\n\t\t<\/div>\n\n\t<\/article>\n\n<\/div><\/div><\/div>[\/vc_column][\/vc_row]<\/p>\n<\/div>","protected":false},"excerpt":{"rendered":"<p>[vc_row][vc_column width=&#8221;1\/6&#8243;][\/vc_column][vc_column width=&#8221;4\/6&#8243;][vc_empty_space][vc_column_text]Segueix el dia a dia de l\u2019Aeroclub a trav\u00e9s d\u2019aquesta p\u00e0gina. Aqu\u00ed hi podr\u00e0s trobar tota la informaci\u00f3 que necessites con\u00e8ixer del club, des de les novetats fins a les activitats que s\u2019hi han dut a terme, aix\u00ed com totes les comunicacions i circulars emeses per l\u2019Oficina de Vol.[\/vc_column_text][vc_empty_space][vc_empty_space][\/vc_column][vc_column width=&#8221;1\/6&#8243;][\/vc_column][\/vc_row][vc_row][vc_column][\/vc_column][\/vc_row]<\/p>\n","protected":false},"author":1,"featured_media":0,"parent":7054,"menu_order":22,"comment_status":"closed","ping_status":"closed","template":"","meta":{"footnotes":""},"class_list":["post-845","page","type-page","status-publish","hentry","description-off"],"aioseo_notices":[],"_links":{"self":[{"href":"https:\/\/aeroclub.es\/ca\/wp-json\/wp\/v2\/pages\/845","targetHints":{"allow":["GET"]}}],"collection":[{"href":"https:\/\/aeroclub.es\/ca\/wp-json\/wp\/v2\/pages"}],"about":[{"href":"https:\/\/aeroclub.es\/ca\/wp-json\/wp\/v2\/types\/page"}],"author":[{"embeddable":true,"href":"https:\/\/aeroclub.es\/ca\/wp-json\/wp\/v2\/users\/1"}],"replies":[{"embeddable":true,"href":"https:\/\/aeroclub.es\/ca\/wp-json\/wp\/v2\/comments?post=845"}],"version-history":[{"count":22,"href":"https:\/\/aeroclub.es\/ca\/wp-json\/wp\/v2\/pages\/845\/revisions"}],"predecessor-version":[{"id":40621,"href":"https:\/\/aeroclub.es\/ca\/wp-json\/wp\/v2\/pages\/845\/revisions\/40621"}],"up":[{"embeddable":true,"href":"https:\/\/aeroclub.es\/ca\/wp-json\/wp\/v2\/pages\/7054"}],"wp:attachment":[{"href":"https:\/\/aeroclub.es\/ca\/wp-json\/wp\/v2\/media?parent=845"}],"curies":[{"name":"wp","href":"https:\/\/api.w.org\/{rel}","templated":true}]}}