{"id":8525,"date":"2016-10-18T20:22:57","date_gmt":"2016-10-18T19:22:57","guid":{"rendered":"http:\/\/aeroclub.es\/ca\/?page_id=8525"},"modified":"2018-06-09T14:17:35","modified_gmt":"2018-06-09T13:17:35","slug":"seccions","status":"publish","type":"page","link":"https:\/\/aeroclub.es\/ca\/novetats\/seccions\/","title":{"rendered":"Seccions"},"content":{"rendered":"<div class=\"wpb-content-wrapper\"><p>[vc_row][vc_column width=&#8221;1\/6&#8243;][\/vc_column][vc_column width=&#8221;4\/6&#8243;]<section class=\"shortcode-action-box table shortcode-action-bg block-style-widget\"><div class=\"text-big\"><h4>Segueix tota l&#8217;activitat de les nostres seccions. No et perdis res!<\/h4>\n<\/div><\/section>[vc_empty_space][vc_column_text]El pols de l&#8217;Aeroclub \u00e9s la fervent activitat de les seves seccions. En aquesta p\u00e0gina recopilem totes les novetats de les diferents \u00e0rees que componen el club, des del vol a motor, bimotors i ultralleugers fins l&#8217;acrob\u00e0cia a\u00e8ria, el vol a vela i l&#8217;activitat de la base de la Cerdanya.[\/vc_column_text][vc_empty_space]<div class=\"hr-thin style-line\" style=\"width: 100%;border-top-width: 5px;\"><\/div>[vc_empty_space][\/vc_column][vc_column width=&#8221;1\/6&#8243;][\/vc_column][\/vc_row][vc_row][vc_column]<div class=\"dt-shortcode with-isotope\"><div class=\"filter iso-filter extras-off\"><div class=\"filter-categories\" data-default-order=\"desc\" data-default-orderby=\"date\"><a href=\"https:\/\/aeroclub.es\/ca\/novetats\/seccions\/\" class=\"show-all act\" data-filter=\"*\" aria-label=\"Apply filter: Veure tot\">Veure tot<\/a><a href=\"https:\/\/aeroclub.es\/ca\/novetats\/seccions\/?term=39\" class=\"acrobacia-ca\" data-filter=\".category-39\" aria-label=\"Apply filter: Acrobacia\">Acrobacia<\/a><a href=\"https:\/\/aeroclub.es\/ca\/novetats\/seccions\/?term=52\" class=\"ultralleuger\" data-filter=\".category-52\" aria-label=\"Apply filter: Ultralleuger\">Ultralleuger<\/a><a href=\"https:\/\/aeroclub.es\/ca\/novetats\/seccions\/?term=55\" class=\"vol-a-motor\" data-filter=\".category-55\" aria-label=\"Apply filter: Vol a motor\">Vol a motor<\/a><a href=\"https:\/\/aeroclub.es\/ca\/novetats\/seccions\/?term=56\" class=\"vol-a-vela\" data-filter=\".category-56\" aria-label=\"Apply filter: Vol a vela\">Vol a vela<\/a><\/div><\/div><div class=\"wf-container dt-blog-shortcode loading-effect-fade-in iso-container bg-under-post description-under-image content-align-left\" data-padding=\"20px\" data-cur-page=\"1\" data-posts-per-page=\"-1\" data-width=\"370px\" data-columns=\"3\">\n<div class=\"wf-cell iso-item category-318 category-55\" data-post-id=\"35002\" data-date=\"2022-01-11T19:45:23+01:00\" data-name=\"Comen\u00e7a la Lliga Catalana de Vol a Motor 2022\">\n\t<article class=\"post post-35002 type-post status-publish format-standard has-post-thumbnail hentry category-competicions category-vol-a-motor category-318 category-55 bg-on fullwidth-img description-off\">\n\n\t\t\n\t\t\t<div class=\"blog-media wf-td\">\n\n\t\t\t\t<p><a href=\"https:\/\/aeroclub.es\/ca\/2022\/01\/comenca-la-lliga-catalana-de-vol-a-motor-2022\/\" class=\"alignnone rollover\" ><img loading=\"lazy\" decoding=\"async\" class=\"preload-me aspect\" src=\"https:\/\/aeroclub.es\/wp-content\/uploads\/2022\/01\/lliga_catalana-555x370.jpg\" srcset=\"https:\/\/aeroclub.es\/wp-content\/uploads\/2022\/01\/lliga_catalana-555x370.jpg 555w, https:\/\/aeroclub.es\/wp-content\/uploads\/2022\/01\/lliga_catalana.jpg 600w\" style=\"--ratio: 555 \/ 370\" sizes=\"auto, (max-width: 555px) 100vw, 555px\" alt=\"\" title=\"lliga_catalana\" width=\"555\" height=\"370\"  \/><\/a><\/p>\n\t\t\t<\/div>\n\n\t\t\n\t\t<div class=\"blog-content wf-td\">\n\t\t\t<h3 class=\"entry-title\"><a href=\"https:\/\/aeroclub.es\/ca\/2022\/01\/comenca-la-lliga-catalana-de-vol-a-motor-2022\/\" title=\"Comen\u00e7a la Lliga Catalana de Vol a Motor 2022\" rel=\"bookmark\">Comen\u00e7a la Lliga Catalana de Vol a Motor 2022<\/a><\/h3>\n\n\t\t\t<p>Amb el suport de la Federaci\u00f3 A\u00e8ria Catalana L\u2019Aeroclub organitza la Lliga Catalana de Vol a Motor del 2022, una competici\u00f3 oficial i oberta a tots els i les pilots i tripulants federats que comen\u00e7a el proper 22 de gener. El calendari est\u00e0 format per nou proves puntuables de tipus ral\u00b7li aeri que es celebraran&hellip;<\/p>\n\n\t\t<\/div>\n\n\t<\/article>\n\n<\/div>\n<div class=\"wf-cell iso-item category-318 category-55\" data-post-id=\"34668\" data-date=\"2021-12-23T19:58:37+01:00\" data-name=\"Classificaci\u00f3 Campionat Vol a Motor ACBS 2021\">\n\t<article class=\"post post-34668 type-post status-publish format-standard has-post-thumbnail hentry category-competicions category-vol-a-motor category-318 category-55 bg-on fullwidth-img description-off\">\n\n\t\t\n\t\t\t<div class=\"blog-media wf-td\">\n\n\t\t\t\t<p><a href=\"https:\/\/aeroclub.es\/ca\/2021\/12\/classificacio-campionat-vol-a-motor-acbs-2021\/\" class=\"alignnone rollover\" ><img loading=\"lazy\" decoding=\"async\" class=\"preload-me aspect\" src=\"https:\/\/aeroclub.es\/wp-content\/uploads\/2021\/12\/1_pos-555x370.jpg\" srcset=\"https:\/\/aeroclub.es\/wp-content\/uploads\/2021\/12\/1_pos-555x370.jpg 555w, https:\/\/aeroclub.es\/wp-content\/uploads\/2021\/12\/1_pos.jpg 600w\" style=\"--ratio: 555 \/ 370\" sizes=\"auto, (max-width: 555px) 100vw, 555px\" alt=\"\" title=\"1_pos\" width=\"555\" height=\"370\"  \/><\/a><\/p>\n\t\t\t<\/div>\n\n\t\t\n\t\t<div class=\"blog-content wf-td\">\n\t\t\t<h3 class=\"entry-title\"><a href=\"https:\/\/aeroclub.es\/ca\/2021\/12\/classificacio-campionat-vol-a-motor-acbs-2021\/\" title=\"Classificaci\u00f3 Campionat Vol a Motor ACBS 2021\" rel=\"bookmark\">Classificaci\u00f3 Campionat Vol a Motor ACBS 2021<\/a><\/h3>\n\n\t\t\t<p>Durant el curs del campionat intern de vol a motor que va comen\u00e7ar al gener de 2021 i va finalitzar el desembre del mateix any es van celebrar fins a 10 proves de tipus ral\u00b7li. Fins un total de 19 tripulacions diferents van participar en alguna de les proves que no van haver de ser&hellip;<\/p>\n\n\t\t<\/div>\n\n\t<\/article>\n\n<\/div>\n<div class=\"wf-cell iso-item category-318 category-55\" data-post-id=\"34640\" data-date=\"2021-12-22T20:28:07+01:00\" data-name=\"Resultat del Ral\u00b7li del 18 de desembre de 2021\">\n\t<article class=\"post post-34640 type-post status-publish format-standard has-post-thumbnail hentry category-competicions category-vol-a-motor category-318 category-55 bg-on fullwidth-img description-off\">\n\n\t\t\n\t\t\t<div class=\"blog-media wf-td\">\n\n\t\t\t\t<p><a href=\"https:\/\/aeroclub.es\/ca\/2021\/12\/resultat-del-ral%c2%b7li-del-18-de-desembre-de-2021\/\" class=\"alignnone rollover\" ><img loading=\"lazy\" decoding=\"async\" class=\"preload-me aspect\" src=\"https:\/\/aeroclub.es\/wp-content\/uploads\/2021\/12\/Rally_211218-555x416.jpg\" srcset=\"https:\/\/aeroclub.es\/wp-content\/uploads\/2021\/12\/Rally_211218-555x416.jpg 555w, https:\/\/aeroclub.es\/wp-content\/uploads\/2021\/12\/Rally_211218.jpg 1024w\" style=\"--ratio: 555 \/ 416\" sizes=\"auto, (max-width: 555px) 100vw, 555px\" alt=\"\" title=\"Rally_211218\" width=\"555\" height=\"416\"  \/><\/a><\/p>\n\t\t\t<\/div>\n\n\t\t\n\t\t<div class=\"blog-content wf-td\">\n\t\t\t<h3 class=\"entry-title\"><a href=\"https:\/\/aeroclub.es\/ca\/2021\/12\/resultat-del-ral%c2%b7li-del-18-de-desembre-de-2021\/\" title=\"Resultat del Ral\u00b7li del 18 de desembre de 2021\" rel=\"bookmark\">Resultat del Ral\u00b7li del 18 de desembre de 2021<\/a><\/h3>\n\n\t\t\t<p>A la darrera i \u00faltima convocat\u00f2ria de l&#8217;any, el passat 18 de novembre de 2021, es va celebrar a LELL la 10ena prova puntuable pel campionat de vol a motor de l\u2019ACBS. Un total de 10 tripulacions van fer un recorregut transitava per les comarques del Bages, el Solson\u00e8s, la Segarra, l&#8217;Anoia, l&#8217;Alt Pened\u00e8s i&hellip;<\/p>\n\n\t\t<\/div>\n\n\t<\/article>\n\n<\/div>\n<div class=\"wf-cell iso-item category-318 category-55\" data-post-id=\"34151\" data-date=\"2021-11-12T19:58:48+01:00\" data-name=\"Resultats del Ral\u00b7li del 6 de novembre de 2021\">\n\t<article class=\"post post-34151 type-post status-publish format-standard has-post-thumbnail hentry category-competicions category-vol-a-motor category-318 category-55 bg-on fullwidth-img description-off\">\n\n\t\t\n\t\t\t<div class=\"blog-media wf-td\">\n\n\t\t\t\t<p><a href=\"https:\/\/aeroclub.es\/ca\/2021\/11\/resultats-del-ral%c2%b7li-del-6-de-novembre-de-2021\/\" class=\"alignnone rollover\" ><img loading=\"lazy\" decoding=\"async\" class=\"preload-me aspect\" src=\"https:\/\/aeroclub.es\/wp-content\/uploads\/2021\/11\/cap_211106-555x416.jpg\" srcset=\"https:\/\/aeroclub.es\/wp-content\/uploads\/2021\/11\/cap_211106-555x416.jpg 555w, https:\/\/aeroclub.es\/wp-content\/uploads\/2021\/11\/cap_211106.jpg 1024w\" style=\"--ratio: 555 \/ 416\" sizes=\"auto, (max-width: 555px) 100vw, 555px\" alt=\"\" title=\"cap_211106\" width=\"555\" height=\"416\"  \/><\/a><\/p>\n\t\t\t<\/div>\n\n\t\t\n\t\t<div class=\"blog-content wf-td\">\n\t\t\t<h3 class=\"entry-title\"><a href=\"https:\/\/aeroclub.es\/ca\/2021\/11\/resultats-del-ral%c2%b7li-del-6-de-novembre-de-2021\/\" title=\"Resultats del Ral\u00b7li del 6 de novembre de 2021\" rel=\"bookmark\">Resultats del Ral\u00b7li del 6 de novembre de 2021<\/a><\/h3>\n\n\t\t\t<p>En la pen\u00faltima convocat\u00f2ria, el passat 6 de novembre, es va celebrar a LELL la 9ena prova puntuable pel campionat de vol a motor de l\u2019ACBS aquest 2021. Un total de 9 tripulacions van fer un recorregut que transitava sobre les comarques del Baix Llobregat, l&#8217;Alt Pened\u00e8s, el Garraf, el Baix Pened\u00e8s, l&#8217;Alt Camp i&hellip;<\/p>\n\n\t\t<\/div>\n\n\t<\/article>\n\n<\/div>\n<div class=\"wf-cell iso-item category-318 category-55\" data-post-id=\"34104\" data-date=\"2021-11-10T19:56:03+01:00\" data-name=\"Campionat d&#039;Espanya d&#039;Ultralleugers 2021\">\n\t<article class=\"post post-34104 type-post status-publish format-standard has-post-thumbnail hentry category-competicions category-vol-a-motor category-318 category-55 bg-on fullwidth-img description-off\">\n\n\t\t\n\t\t\t<div class=\"blog-media wf-td\">\n\n\t\t\t\t<p><a href=\"https:\/\/aeroclub.es\/ca\/2021\/11\/campionat-despanya-de-ultralleugers-2021\/\" class=\"alignnone rollover\" ><img loading=\"lazy\" decoding=\"async\" class=\"preload-me aspect\" src=\"https:\/\/aeroclub.es\/wp-content\/uploads\/2021\/11\/cap_211023-555x416.jpg\" srcset=\"https:\/\/aeroclub.es\/wp-content\/uploads\/2021\/11\/cap_211023-555x416.jpg 555w, https:\/\/aeroclub.es\/wp-content\/uploads\/2021\/11\/cap_211023.jpg 1024w\" style=\"--ratio: 555 \/ 416\" sizes=\"auto, (max-width: 555px) 100vw, 555px\" alt=\"\" title=\"cap_211023\" width=\"555\" height=\"416\"  \/><\/a><\/p>\n\t\t\t<\/div>\n\n\t\t\n\t\t<div class=\"blog-content wf-td\">\n\t\t\t<h3 class=\"entry-title\"><a href=\"https:\/\/aeroclub.es\/ca\/2021\/11\/campionat-despanya-de-ultralleugers-2021\/\" title=\"Campionat d&#8217;Espanya d&#8217;Ultralleugers 2021\" rel=\"bookmark\">Campionat d&#8217;Espanya d&#8217;Ultralleugers 2021<\/a><\/h3>\n\n\t\t\t<p>El passat cap de setmana del 23 i 24 d&#8217;octubre, l\u2019Aer\u00f2drom de Requena (Val\u00e8ncia) va acollir el Campionat d&#8217;Espanya d&#8217;Ultralleugers. La prova estava inclosa al calendari de la RFAE, puntuable pel campionat d\u2019Espanya d&#8217;ULM. Van participar un total de 19 tripulacions entre les quals estava la formada pels socis Oriol Encinas i \u00d2scar G\u00fcell en&hellip;<\/p>\n\n\t\t<\/div>\n\n\t<\/article>\n\n<\/div>\n<div class=\"wf-cell iso-item category-318 category-55\" data-post-id=\"34113\" data-date=\"2021-11-09T19:35:09+01:00\" data-name=\"Campionat d&#039;Espanya de ral\u00b7li 2021\">\n\t<article class=\"post post-34113 type-post status-publish format-standard has-post-thumbnail hentry category-competicions category-vol-a-motor category-318 category-55 bg-on fullwidth-img description-off\">\n\n\t\t\n\t\t\t<div class=\"blog-media wf-td\">\n\n\t\t\t\t<p><a href=\"https:\/\/aeroclub.es\/ca\/2021\/11\/campionat-despanya-de-ralli-2021\/\" class=\"alignnone rollover\" ><img loading=\"lazy\" decoding=\"async\" class=\"preload-me aspect\" src=\"https:\/\/aeroclub.es\/wp-content\/uploads\/2021\/11\/cap_211015-555x416.jpg\" srcset=\"https:\/\/aeroclub.es\/wp-content\/uploads\/2021\/11\/cap_211015-555x416.jpg 555w, https:\/\/aeroclub.es\/wp-content\/uploads\/2021\/11\/cap_211015.jpg 1024w\" style=\"--ratio: 555 \/ 416\" sizes=\"auto, (max-width: 555px) 100vw, 555px\" alt=\"\" title=\"Campionat de Ral\u00b7li 2021\" width=\"555\" height=\"416\"  \/><\/a><\/p>\n\t\t\t<\/div>\n\n\t\t\n\t\t<div class=\"blog-content wf-td\">\n\t\t\t<h3 class=\"entry-title\"><a href=\"https:\/\/aeroclub.es\/ca\/2021\/11\/campionat-despanya-de-ralli-2021\/\" title=\"Campionat d&#8217;Espanya de ral\u00b7li 2021\" rel=\"bookmark\">Campionat d&#8217;Espanya de ral\u00b7li 2021<\/a><\/h3>\n\n\t\t\t<p>El passat 15, 16 i 17 d&#8217;octubre, l\u2019Aer\u00f2drom de Mutxamel (Alacant) va acollir el Campionat d&#8217;Espanya de ral\u00b7li. La prova estava inclosa al calendari de la RFAE, puntuable pel campionat d\u2019Espanya de vol a motor. Van participar un total de 14 tripulacions de les quals 5 estaven formades integrament per socis de L\u2019Aeroclub Barcelona-Sabadell, m\u00e9s&hellip;<\/p>\n\n\t\t<\/div>\n\n\t<\/article>\n\n<\/div>\n<div class=\"wf-cell iso-item category-318 category-55\" data-post-id=\"34074\" data-date=\"2021-11-09T19:26:56+01:00\" data-name=\"Resultats del Ral\u00b7li del 2 de octubre de 2021\">\n\t<article class=\"post post-34074 type-post status-publish format-standard has-post-thumbnail hentry category-competicions category-vol-a-motor category-318 category-55 bg-on fullwidth-img description-off\">\n\n\t\t\n\t\t\t<div class=\"blog-media wf-td\">\n\n\t\t\t\t<p><a href=\"https:\/\/aeroclub.es\/ca\/2021\/11\/resultats-del-ralli-del-2-de-octubre-de-2021\/\" class=\"alignnone rollover\" ><img loading=\"lazy\" decoding=\"async\" class=\"preload-me aspect\" src=\"https:\/\/aeroclub.es\/wp-content\/uploads\/2021\/11\/cap_211002-555x416.jpg\" srcset=\"https:\/\/aeroclub.es\/wp-content\/uploads\/2021\/11\/cap_211002-555x416.jpg 555w, https:\/\/aeroclub.es\/wp-content\/uploads\/2021\/11\/cap_211002.jpg 1024w\" style=\"--ratio: 555 \/ 416\" sizes=\"auto, (max-width: 555px) 100vw, 555px\" alt=\"\" title=\"Ralli 02\/10\/21\" width=\"555\" height=\"416\"  \/><\/a><\/p>\n\t\t\t<\/div>\n\n\t\t\n\t\t<div class=\"blog-content wf-td\">\n\t\t\t<h3 class=\"entry-title\"><a href=\"https:\/\/aeroclub.es\/ca\/2021\/11\/resultats-del-ralli-del-2-de-octubre-de-2021\/\" title=\"Resultats del Ral\u00b7li del 2 de octubre de 2021\" rel=\"bookmark\">Resultats del Ral\u00b7li del 2 de octubre de 2021<\/a><\/h3>\n\n\t\t\t<p>El passat 2 d&#8217;octubre es va celebrar a LELL la 8ena prova puntuable pel campionat de vol a motor de l\u2019ACBS del 2021. Un total de 13 tripulacions van participar en una prova que tenia un recorregut curt i de nivell f\u00e0cil pensant en aquelles tripulacions que despr\u00e9s de dos mesos sense activitat esportiva a&hellip;<\/p>\n\n\t\t<\/div>\n\n\t<\/article>\n\n<\/div>\n<div class=\"wf-cell iso-item category-318 category-55\" data-post-id=\"34029\" data-date=\"2021-11-05T19:23:58+01:00\" data-name=\"Resultats del Ral\u00b7li del 12 de juny de 2021\">\n\t<article class=\"post post-34029 type-post status-publish format-standard has-post-thumbnail hentry category-competicions category-vol-a-motor category-318 category-55 bg-on fullwidth-img description-off\">\n\n\t\t\n\t\t\t<div class=\"blog-media wf-td\">\n\n\t\t\t\t<p><a href=\"https:\/\/aeroclub.es\/ca\/2021\/11\/resultats-del-ralli-del-12-de-juny-de-2021\/\" class=\"alignnone rollover\" ><img loading=\"lazy\" decoding=\"async\" class=\"preload-me aspect\" src=\"https:\/\/aeroclub.es\/wp-content\/uploads\/2021\/11\/cap_210612-555x416.jpg\" srcset=\"https:\/\/aeroclub.es\/wp-content\/uploads\/2021\/11\/cap_210612-555x416.jpg 555w, https:\/\/aeroclub.es\/wp-content\/uploads\/2021\/11\/cap_210612.jpg 1024w\" style=\"--ratio: 555 \/ 416\" sizes=\"auto, (max-width: 555px) 100vw, 555px\" alt=\"\" title=\"Resultats 12\/06\/21\" width=\"555\" height=\"416\"  \/><\/a><\/p>\n\t\t\t<\/div>\n\n\t\t\n\t\t<div class=\"blog-content wf-td\">\n\t\t\t<h3 class=\"entry-title\"><a href=\"https:\/\/aeroclub.es\/ca\/2021\/11\/resultats-del-ralli-del-12-de-juny-de-2021\/\" title=\"Resultats del Ral\u00b7li del 12 de juny de 2021\" rel=\"bookmark\">Resultats del Ral\u00b7li del 12 de juny de 2021<\/a><\/h3>\n\n\t\t\t<p>El passat 12 de juny es va celebrar a LELL la 4a prova puntuable pel campionat de vol a motor de l\u2019ACBS del 2021, pr\u00e8via a les proves incloses a la Volta A\u00e8ria de Catalunya. Un total de 14 tripulacions van fer un recorregut circular en sentit anti horari que transitava sobre les comarques del&hellip;<\/p>\n\n\t\t<\/div>\n\n\t<\/article>\n\n<\/div>\n<div class=\"wf-cell iso-item category-318 category-55\" data-post-id=\"34024\" data-date=\"2021-11-04T19:38:00+01:00\" data-name=\"Resultats del Ral\u00b7li del 8 de maig de 2021\">\n\t<article class=\"post post-34024 type-post status-publish format-standard has-post-thumbnail hentry category-competicions category-vol-a-motor category-318 category-55 bg-on fullwidth-img description-off\">\n\n\t\t\n\t\t\t<div class=\"blog-media wf-td\">\n\n\t\t\t\t<p><a href=\"https:\/\/aeroclub.es\/ca\/2021\/11\/resultats-del-ral%c2%b7li-del-8-de-maig-de-2021\/\" class=\"alignnone rollover\" ><img loading=\"lazy\" decoding=\"async\" class=\"preload-me aspect\" src=\"https:\/\/aeroclub.es\/wp-content\/uploads\/2021\/11\/cap_210508-555x416.jpg\" srcset=\"https:\/\/aeroclub.es\/wp-content\/uploads\/2021\/11\/cap_210508-555x416.jpg 555w, https:\/\/aeroclub.es\/wp-content\/uploads\/2021\/11\/cap_210508.jpg 1024w\" style=\"--ratio: 555 \/ 416\" sizes=\"auto, (max-width: 555px) 100vw, 555px\" alt=\"\" title=\"cap_210508\" width=\"555\" height=\"416\"  \/><\/a><\/p>\n\t\t\t<\/div>\n\n\t\t\n\t\t<div class=\"blog-content wf-td\">\n\t\t\t<h3 class=\"entry-title\"><a href=\"https:\/\/aeroclub.es\/ca\/2021\/11\/resultats-del-ral%c2%b7li-del-8-de-maig-de-2021\/\" title=\"Resultats del Ral\u00b7li del 8 de maig de 2021\" rel=\"bookmark\">Resultats del Ral\u00b7li del 8 de maig de 2021<\/a><\/h3>\n\n\t\t\t<p>El passat 8 de maig es va poder celebrar a LELL la 3a prova puntuable pel campionat de vol a motor de l\u2019ACBS del 2021. Un total de 14 tripulacions van fer un recorregut que transitava sobre les comarques del Baix Llobregat, l&#8217;Alt Pened\u00e8s, el Garraf, el Baix Pened\u00e8s, l&#8217;Alt Camp i l&#8217;Anoia. Va ser&hellip;<\/p>\n\n\t\t<\/div>\n\n\t<\/article>\n\n<\/div>\n<div class=\"wf-cell iso-item category-318 category-55\" data-post-id=\"34006\" data-date=\"2021-11-03T19:03:46+01:00\" data-name=\"Resultats del Ral\u00b7li del 17 d&#039;abril de 2021\">\n\t<article class=\"post post-34006 type-post status-publish format-standard has-post-thumbnail hentry category-competicions category-vol-a-motor category-318 category-55 bg-on fullwidth-img description-off\">\n\n\t\t\n\t\t\t<div class=\"blog-media wf-td\">\n\n\t\t\t\t<p><a href=\"https:\/\/aeroclub.es\/ca\/2021\/11\/resultats-del-ral%c2%b7li-del-17-dabril-de-2021\/\" class=\"alignnone rollover\" ><img loading=\"lazy\" decoding=\"async\" class=\"preload-me aspect\" src=\"https:\/\/aeroclub.es\/wp-content\/uploads\/2021\/11\/cap_210417-555x416.jpg\" srcset=\"https:\/\/aeroclub.es\/wp-content\/uploads\/2021\/11\/cap_210417-555x416.jpg 555w, https:\/\/aeroclub.es\/wp-content\/uploads\/2021\/11\/cap_210417.jpg 1024w\" style=\"--ratio: 555 \/ 416\" sizes=\"auto, (max-width: 555px) 100vw, 555px\" alt=\"\" title=\"cap_210417\" width=\"555\" height=\"416\"  \/><\/a><\/p>\n\t\t\t<\/div>\n\n\t\t\n\t\t<div class=\"blog-content wf-td\">\n\t\t\t<h3 class=\"entry-title\"><a href=\"https:\/\/aeroclub.es\/ca\/2021\/11\/resultats-del-ral%c2%b7li-del-17-dabril-de-2021\/\" title=\"Resultats del Ral\u00b7li del 17 d&#8217;abril de 2021\" rel=\"bookmark\">Resultats del Ral\u00b7li del 17 d&#8217;abril de 2021<\/a><\/h3>\n\n\t\t\t<p>El passat 17 d&#8217;abril es va poder celebrar a LELL la 2ona prova puntuable pel campionat de vol a motor de l\u2019ACBS del 2021. Un total de 13 tripulacions van fer un recorregut que transitava sobre les comarques del Vall\u00e8s Oriental, el Maresme i la Selva. Va ser una prova de nivell f\u00e0cil i de&hellip;<\/p>\n\n\t\t<\/div>\n\n\t<\/article>\n\n<\/div>\n<div class=\"wf-cell iso-item category-318 category-55\" data-post-id=\"34069\" data-date=\"2021-11-02T19:44:18+01:00\" data-name=\"Campionat d&#039;Espanya d&#039;Ultralleugers 2020\">\n\t<article class=\"post post-34069 type-post status-publish format-standard has-post-thumbnail hentry category-competicions category-vol-a-motor category-318 category-55 bg-on fullwidth-img description-off\">\n\n\t\t\n\t\t\t<div class=\"blog-media wf-td\">\n\n\t\t\t\t<p><a href=\"https:\/\/aeroclub.es\/ca\/2021\/11\/campionat-despanya-dultralleugers-2020\/\" class=\"alignnone rollover\" ><img loading=\"lazy\" decoding=\"async\" class=\"preload-me aspect\" src=\"https:\/\/aeroclub.es\/wp-content\/uploads\/2021\/11\/cap_210410-555x416.jpg\" srcset=\"https:\/\/aeroclub.es\/wp-content\/uploads\/2021\/11\/cap_210410-555x416.jpg 555w, https:\/\/aeroclub.es\/wp-content\/uploads\/2021\/11\/cap_210410.jpg 1024w\" style=\"--ratio: 555 \/ 416\" sizes=\"auto, (max-width: 555px) 100vw, 555px\" alt=\"\" title=\"cap_210410\" width=\"555\" height=\"416\"  \/><\/a><\/p>\n\t\t\t<\/div>\n\n\t\t\n\t\t<div class=\"blog-content wf-td\">\n\t\t\t<h3 class=\"entry-title\"><a href=\"https:\/\/aeroclub.es\/ca\/2021\/11\/campionat-despanya-dultralleugers-2020\/\" title=\"Campionat d&#8217;Espanya d&#8217;Ultralleugers 2020\" rel=\"bookmark\">Campionat d&#8217;Espanya d&#8217;Ultralleugers 2020<\/a><\/h3>\n\n\t\t\t<p>El passat cap de setmana del 10 i 11 d&#8217;abril, l\u2019Aer\u00f2drom d&#8217;Olocau (Val\u00e8ncia) va acollir el Campionat d&#8217;Espanya d&#8217;Ultralleugers 2020. La prova s&#8217;havia d&#8217;haver celebrat l&#8217;any anterior per\u00f2 per les restriccions provocades per la pand\u00e8mia de la Covid-19 es va haver de posposar. En aquesta ocasi\u00f3 malauradament les condicions meteorol\u00f2giques marginals per la pr\u00e0ctica del&hellip;<\/p>\n\n\t\t<\/div>\n\n\t<\/article>\n\n<\/div>\n<div class=\"wf-cell iso-item category-318 category-55\" data-post-id=\"33971\" data-date=\"2021-11-01T20:02:13+01:00\" data-name=\"Resultats del Ral\u00b7li del 20 de mar\u00e7 de 2021\">\n\t<article class=\"post post-33971 type-post status-publish format-standard has-post-thumbnail hentry category-competicions category-vol-a-motor category-318 category-55 bg-on fullwidth-img description-off\">\n\n\t\t\n\t\t\t<div class=\"blog-media wf-td\">\n\n\t\t\t\t<p><a href=\"https:\/\/aeroclub.es\/ca\/2021\/11\/resultats-del-ral%c2%b7li-del-20-de-marc-de-2021\/\" class=\"alignnone rollover\" ><img loading=\"lazy\" decoding=\"async\" class=\"preload-me aspect\" src=\"https:\/\/aeroclub.es\/wp-content\/uploads\/2021\/11\/cap_210320-555x416.jpg\" srcset=\"https:\/\/aeroclub.es\/wp-content\/uploads\/2021\/11\/cap_210320-555x416.jpg 555w, https:\/\/aeroclub.es\/wp-content\/uploads\/2021\/11\/cap_210320.jpg 1024w\" style=\"--ratio: 555 \/ 416\" sizes=\"auto, (max-width: 555px) 100vw, 555px\" alt=\"\" title=\"cap_210320\" width=\"555\" height=\"416\"  \/><\/a><\/p>\n\t\t\t<\/div>\n\n\t\t\n\t\t<div class=\"blog-content wf-td\">\n\t\t\t<h3 class=\"entry-title\"><a href=\"https:\/\/aeroclub.es\/ca\/2021\/11\/resultats-del-ral%c2%b7li-del-20-de-marc-de-2021\/\" title=\"Resultats del Ral\u00b7li del 20 de mar\u00e7 de 2021\" rel=\"bookmark\">Resultats del Ral\u00b7li del 20 de mar\u00e7 de 2021<\/a><\/h3>\n\n\t\t\t<p>Despr\u00e9s de v\u00e0ries cancel\u00b7lacions durant els mesos de gener i de febrer totes per motivacions meteorol\u00f2giques el passat 20 de mar\u00e7 es va poder celebrar a LELL finalment la 1a prova puntuable pel campionat de vol a motor de l\u2019ACBS del 2021. Un total de 9 tripulacions van fer un recorregut que transitava sobre les&hellip;<\/p>\n\n\t\t<\/div>\n\n\t<\/article>\n\n<\/div>\n<div class=\"wf-cell iso-item category-31 category-35 category-40 category-55\" data-post-id=\"33537\" data-date=\"2021-10-04T11:28:53+02:00\" data-name=\"Competici\u00f3 Vol a Motor ACBS 2021\">\n\t<article class=\"post post-33537 type-post status-publish format-standard has-post-thumbnail hentry category-actividades-ca category-rotatoria-ca category-rallies-ca category-vol-a-motor category-31 category-35 category-40 category-55 bg-on fullwidth-img description-off\">\n\n\t\t\n\t\t\t<div class=\"blog-media wf-td\">\n\n\t\t\t\t<p><a href=\"https:\/\/aeroclub.es\/ca\/2021\/10\/competicio-vol-a-motor-acbs-2021\/\" class=\"alignnone rollover\" ><img loading=\"lazy\" decoding=\"async\" class=\"preload-me aspect\" src=\"https:\/\/aeroclub.es\/wp-content\/uploads\/2019\/12\/volamotor_19-555x416.jpg\" srcset=\"https:\/\/aeroclub.es\/wp-content\/uploads\/2019\/12\/volamotor_19-555x416.jpg 555w, https:\/\/aeroclub.es\/wp-content\/uploads\/2019\/12\/volamotor_19-1110x832.jpg 1110w\" style=\"--ratio: 555 \/ 416\" sizes=\"auto, (max-width: 555px) 100vw, 555px\" alt=\"\" title=\"volamotor_19\" width=\"555\" height=\"416\"  \/><\/a><\/p>\n\t\t\t<\/div>\n\n\t\t\n\t\t<div class=\"blog-content wf-td\">\n\t\t\t<h3 class=\"entry-title\"><a href=\"https:\/\/aeroclub.es\/ca\/2021\/10\/competicio-vol-a-motor-acbs-2021\/\" title=\"Competici\u00f3 Vol a Motor ACBS 2021\" rel=\"bookmark\">Competici\u00f3 Vol a Motor ACBS 2021<\/a><\/h3>\n\n\t\t\t<p>[vc_row][vc_column][vc_column_text]Aquest 2021\u00a0L\u2019Aeroclub\u00a0torna a organitzar\u00a0una competici\u00f3 oberta a tots els socis i s\u00f2cies que vulguin iniciar-se o avan\u00e7ar en les diferents modalitats esportives que es practiquen en vol a motor o que simplement vulguin millorar compet\u00e8ncies com a pilot. El campionat fomenta la competici\u00f3 ja que atorgar\u00e0 premis als tres primers classificats, per\u00f2 l\u2019objectiu principal \u00e9s&hellip;<\/p>\n\n\t\t<\/div>\n\n\t<\/article>\n\n<\/div>\n<div class=\"wf-cell iso-item category-318 category-55\" data-post-id=\"28186\" data-date=\"2020-07-16T15:41:51+02:00\" data-name=\"Resultats del ral\u00b7li 11 de juliol de 2020\">\n\t<article class=\"post post-28186 type-post status-publish format-standard has-post-thumbnail hentry category-competicions category-vol-a-motor category-318 category-55 bg-on fullwidth-img description-off\">\n\n\t\t\n\t\t\t<div class=\"blog-media wf-td\">\n\n\t\t\t\t<p><a href=\"https:\/\/aeroclub.es\/ca\/2020\/07\/resultats-del-ral%c2%b7li-11-de-juliol-de-2020\/\" class=\"alignnone rollover\" ><img loading=\"lazy\" decoding=\"async\" class=\"preload-me aspect\" src=\"https:\/\/aeroclub.es\/wp-content\/uploads\/2020\/07\/rally_200711-555x312.jpg\" srcset=\"https:\/\/aeroclub.es\/wp-content\/uploads\/2020\/07\/rally_200711-555x312.jpg 555w, https:\/\/aeroclub.es\/wp-content\/uploads\/2020\/07\/rally_200711-1110x624.jpg 1110w\" style=\"--ratio: 555 \/ 312\" sizes=\"auto, (max-width: 555px) 100vw, 555px\" alt=\"\" title=\"rally_200711\" width=\"555\" height=\"312\"  \/><\/a><\/p>\n\t\t\t<\/div>\n\n\t\t\n\t\t<div class=\"blog-content wf-td\">\n\t\t\t<h3 class=\"entry-title\"><a href=\"https:\/\/aeroclub.es\/ca\/2020\/07\/resultats-del-ral%c2%b7li-11-de-juliol-de-2020\/\" title=\"Resultats del ral\u00b7li 11 de juliol de 2020\" rel=\"bookmark\">Resultats del ral\u00b7li 11 de juliol de 2020<\/a><\/h3>\n\n\t\t\t<p>Despr\u00e9s de 4 mesos sense poder celebrar cap activitat de vol a motor a L&#8217;Aeroclub per motiu de la pand\u00e8mia de la COVID-19 i les mesures de contenci\u00f3 establertes per les autoritats, amb molta il\u00b7lusi\u00f3 i alegria el passat 11 de juliol es va celebrar a LELL la 6a prova puntuable pel campionat de vol&hellip;<\/p>\n\n\t\t<\/div>\n\n\t<\/article>\n\n<\/div>\n<div class=\"wf-cell iso-item category-318 category-55\" data-post-id=\"23004\" data-date=\"2020-02-17T10:18:03+01:00\" data-name=\"Resultats del ANR 15 febrer 2020\">\n\t<article class=\"post post-23004 type-post status-publish format-standard has-post-thumbnail hentry category-competicions category-vol-a-motor category-318 category-55 bg-on fullwidth-img description-off\">\n\n\t\t\n\t\t\t<div class=\"blog-media wf-td\">\n\n\t\t\t\t<p><a href=\"https:\/\/aeroclub.es\/ca\/2020\/02\/resultats-del-anr-15-febrer-2020\/\" class=\"alignnone rollover\" ><img loading=\"lazy\" decoding=\"async\" class=\"preload-me aspect\" src=\"https:\/\/aeroclub.es\/wp-content\/uploads\/2020\/02\/rally_20_02_18-555x416.jpg\" srcset=\"https:\/\/aeroclub.es\/wp-content\/uploads\/2020\/02\/rally_20_02_18-555x416.jpg 555w, https:\/\/aeroclub.es\/wp-content\/uploads\/2020\/02\/rally_20_02_18-1110x832.jpg 1110w\" style=\"--ratio: 555 \/ 416\" sizes=\"auto, (max-width: 555px) 100vw, 555px\" alt=\"\" title=\"rally_20_02_18\" width=\"555\" height=\"416\"  \/><\/a><\/p>\n\t\t\t<\/div>\n\n\t\t\n\t\t<div class=\"blog-content wf-td\">\n\t\t\t<h3 class=\"entry-title\"><a href=\"https:\/\/aeroclub.es\/ca\/2020\/02\/resultats-del-anr-15-febrer-2020\/\" title=\"Resultats del ANR 15 febrer 2020\" rel=\"bookmark\">Resultats del ANR 15 febrer 2020<\/a><\/h3>\n\n\t\t\t<p>El passat 15 de febrer es va celebrar a LELL la 5ena prova puntuable pel campionat de vol a motor de l&#8217;ACBS, la primera de les dues proves de tipus ANR previstes en aquesta edici\u00f3. El total de tripulacions inscrites va ser de 12, per fer un recorregut d&#8217;uns 105 kil\u00f2metres al llarg de l&#8217;\u00e0rea&hellip;<\/p>\n\n\t\t<\/div>\n\n\t<\/article>\n\n<\/div>\n<div class=\"wf-cell iso-item category-318 category-55\" data-post-id=\"22763\" data-date=\"2020-01-20T16:58:51+01:00\" data-name=\"Resultats del ral\u00b7li 18 gener 2020\">\n\t<article class=\"post post-22763 type-post status-publish format-standard has-post-thumbnail hentry category-competicions category-vol-a-motor category-318 category-55 bg-on fullwidth-img description-off\">\n\n\t\t\n\t\t\t<div class=\"blog-media wf-td\">\n\n\t\t\t\t<p><a href=\"https:\/\/aeroclub.es\/ca\/2020\/01\/resultats-del-ral%c2%b7li-18-gener-2020\/\" class=\"alignnone rollover\" ><img loading=\"lazy\" decoding=\"async\" class=\"preload-me aspect\" src=\"https:\/\/aeroclub.es\/wp-content\/uploads\/2020\/01\/rally_20_01_18-555x416.jpg\" srcset=\"https:\/\/aeroclub.es\/wp-content\/uploads\/2020\/01\/rally_20_01_18-555x416.jpg 555w, https:\/\/aeroclub.es\/wp-content\/uploads\/2020\/01\/rally_20_01_18-1110x832.jpg 1110w\" style=\"--ratio: 555 \/ 416\" sizes=\"auto, (max-width: 555px) 100vw, 555px\" alt=\"\" title=\"rally_20_01_18\" width=\"555\" height=\"416\"  \/><\/a><\/p>\n\t\t\t<\/div>\n\n\t\t\n\t\t<div class=\"blog-content wf-td\">\n\t\t\t<h3 class=\"entry-title\"><a href=\"https:\/\/aeroclub.es\/ca\/2020\/01\/resultats-del-ral%c2%b7li-18-gener-2020\/\" title=\"Resultats del ral\u00b7li 18 gener 2020\" rel=\"bookmark\">Resultats del ral\u00b7li 18 gener 2020<\/a><\/h3>\n\n\t\t\t<p>El passat 18 de gener es va celebrar a LELL la 4a prova puntuable pel campionat de vol a motor de l&#8217;ACBS, la primera celebrada aquest 2020. Van ser 13 punts de gir, 20 fotos de pas i una ruta aproximadament de 90 minuts plena de tot tipus d&#8217;elements per identificar. Heliports, estacions meor\u00f2logiques, cru\u00eflles,&hellip;<\/p>\n\n\t\t<\/div>\n\n\t<\/article>\n\n<\/div>\n<div class=\"wf-cell iso-item category-318 category-55\" data-post-id=\"22464\" data-date=\"2019-12-28T10:59:25+01:00\" data-name=\"Resultats del ral\u00b7li 14 desembre 2019\">\n\t<article class=\"post post-22464 type-post status-publish format-standard has-post-thumbnail hentry category-competicions category-vol-a-motor category-318 category-55 bg-on fullwidth-img description-off\">\n\n\t\t\n\t\t\t<div class=\"blog-media wf-td\">\n\n\t\t\t\t<p><a href=\"https:\/\/aeroclub.es\/ca\/2019\/12\/resultats-del-ral%c2%b7li-14-desembre-2019\/\" class=\"alignnone rollover\" ><img loading=\"lazy\" decoding=\"async\" class=\"preload-me aspect\" src=\"https:\/\/aeroclub.es\/wp-content\/uploads\/2019\/12\/rally_14_12_19-555x416.jpg\" srcset=\"https:\/\/aeroclub.es\/wp-content\/uploads\/2019\/12\/rally_14_12_19-555x416.jpg 555w, https:\/\/aeroclub.es\/wp-content\/uploads\/2019\/12\/rally_14_12_19-1110x832.jpg 1110w\" style=\"--ratio: 555 \/ 416\" sizes=\"auto, (max-width: 555px) 100vw, 555px\" alt=\"\" title=\"rally_14_12_19\" width=\"555\" height=\"416\"  \/><\/a><\/p>\n\t\t\t<\/div>\n\n\t\t\n\t\t<div class=\"blog-content wf-td\">\n\t\t\t<h3 class=\"entry-title\"><a href=\"https:\/\/aeroclub.es\/ca\/2019\/12\/resultats-del-ral%c2%b7li-14-desembre-2019\/\" title=\"Resultats del ral\u00b7li 14 desembre 2019\" rel=\"bookmark\">Resultats del ral\u00b7li 14 desembre 2019<\/a><\/h3>\n\n\t\t\t<p>El passat 14 de desembre es va celebrar a LELL la 3a prova puntuable pel campionat de vol a motor de l&#8217;ACBS. Van ser 13 punts de gir, 20 fotos de pas i una ruta d&#8217;aproximadament 200 km en una jornada exigent marcada pel vent i en la que van classificar com a primers les&hellip;<\/p>\n\n\t\t<\/div>\n\n\t<\/article>\n\n<\/div>\n<div class=\"wf-cell iso-item category-31 category-35 category-40 category-55\" data-post-id=\"22451\" data-date=\"2019-12-28T10:39:53+01:00\" data-name=\"Campionat Vol a Motor ACBS 2019-20\">\n\t<article class=\"post post-22451 type-post status-publish format-standard has-post-thumbnail hentry category-actividades-ca category-rotatoria-ca category-rallies-ca category-vol-a-motor category-31 category-35 category-40 category-55 bg-on fullwidth-img description-off\">\n\n\t\t\n\t\t\t<div class=\"blog-media wf-td\">\n\n\t\t\t\t<p><a href=\"https:\/\/aeroclub.es\/ca\/2019\/12\/campionat-vol-a-motor-acbs-2019-20\/\" class=\"alignnone rollover\" ><img loading=\"lazy\" decoding=\"async\" class=\"preload-me aspect\" src=\"https:\/\/aeroclub.es\/wp-content\/uploads\/2019\/12\/volamotor_19-555x416.jpg\" srcset=\"https:\/\/aeroclub.es\/wp-content\/uploads\/2019\/12\/volamotor_19-555x416.jpg 555w, https:\/\/aeroclub.es\/wp-content\/uploads\/2019\/12\/volamotor_19-1110x832.jpg 1110w\" style=\"--ratio: 555 \/ 416\" sizes=\"auto, (max-width: 555px) 100vw, 555px\" alt=\"\" title=\"volamotor_19\" width=\"555\" height=\"416\"  \/><\/a><\/p>\n\t\t\t<\/div>\n\n\t\t\n\t\t<div class=\"blog-content wf-td\">\n\t\t\t<h3 class=\"entry-title\"><a href=\"https:\/\/aeroclub.es\/ca\/2019\/12\/campionat-vol-a-motor-acbs-2019-20\/\" title=\"Campionat Vol a Motor ACBS 2019-20\" rel=\"bookmark\">Campionat Vol a Motor ACBS 2019-20<\/a><\/h3>\n\n\t\t\t<p>[vc_row][vc_column][vc_column_text]Per aquest curs 2019-20 L&#8217;Aeroclub ha organitzat una competici\u00f3 oberta a tots els socis i s\u00f2cies que vulguin iniciar-se en les diferents modalitats esportives que es practiquen en vol a motor o que simplement vulguin millorar compet\u00e8ncies com a pilot. El campionat fomenta la competici\u00f3 ja que atorgar\u00e0 premis als tres primers classificats, per\u00f2 l&#8217;objectiu&hellip;<\/p>\n\n\t\t<\/div>\n\n\t<\/article>\n\n<\/div>\n<div class=\"wf-cell iso-item category-32 category-35 category-56\" data-post-id=\"13505\" data-date=\"2018-01-08T01:52:22+01:00\" data-name=\"El dia que gaireb\u00e9 guanyo...\">\n\t<article class=\"post post-13505 type-post status-publish format-standard has-post-thumbnail hentry category-blog-ca category-rotatoria-ca category-vol-a-vela category-32 category-35 category-56 bg-on fullwidth-img description-off\">\n\n\t\t\n\t\t\t<div class=\"blog-media wf-td\">\n\n\t\t\t\t<p><a href=\"https:\/\/aeroclub.es\/ca\/2018\/01\/el-dia-que-gairebe-guanyo\/\" class=\"alignnone rollover\" ><img loading=\"lazy\" decoding=\"async\" class=\"preload-me aspect\" src=\"https:\/\/aeroclub.es\/wp-content\/uploads\/2018\/01\/grand-prix-11-555x312.png\" srcset=\"https:\/\/aeroclub.es\/wp-content\/uploads\/2018\/01\/grand-prix-11-555x312.png 555w, https:\/\/aeroclub.es\/wp-content\/uploads\/2018\/01\/grand-prix-11.png 885w\" style=\"--ratio: 555 \/ 312\" sizes=\"auto, (max-width: 555px) 100vw, 555px\" alt=\"\" title=\"grand-prix-11\" width=\"555\" height=\"312\"  \/><\/a><\/p>\n\t\t\t<\/div>\n\n\t\t\n\t\t<div class=\"blog-content wf-td\">\n\t\t\t<h3 class=\"entry-title\"><a href=\"https:\/\/aeroclub.es\/ca\/2018\/01\/el-dia-que-gairebe-guanyo\/\" title=\"El dia que gaireb\u00e9 guanyo&#8230;\" rel=\"bookmark\">El dia que gaireb\u00e9 guanyo&#8230;<\/a><\/h3>\n\n\t\t\t<p>La setmana del 7 al 23 del passat mes de maig de 2017, vaig participar en un Grand Prix que es celebrava a l\u2019aeroport de Santa Cilia de Jaca.<\/p>\n\n\t\t<\/div>\n\n\t<\/article>\n\n<\/div>\n<div class=\"wf-cell iso-item category-31 category-35 category-55\" data-post-id=\"11029\" data-date=\"2017-06-03T08:48:01+02:00\" data-name=\"Presentaci\u00f3 XXVI Volta Ib\u00e8rica 2017\">\n\t<article class=\"post post-11029 type-post status-publish format-standard has-post-thumbnail hentry category-actividades-ca category-rotatoria-ca category-vol-a-motor category-31 category-35 category-55 bg-on fullwidth-img description-off\">\n\n\t\t\n\t\t\t<div class=\"blog-media wf-td\">\n\n\t\t\t\t<p><a href=\"https:\/\/aeroclub.es\/ca\/2017\/06\/presentacio-xxvi-volta-iberica-2017\/\" class=\"alignnone rollover\" ><img loading=\"lazy\" decoding=\"async\" class=\"preload-me aspect\" src=\"https:\/\/aeroclub.es\/wp-content\/uploads\/2017\/05\/xxvi-vuelta-iberia-aepal-555x312.jpg\" srcset=\"https:\/\/aeroclub.es\/wp-content\/uploads\/2017\/05\/xxvi-vuelta-iberia-aepal-555x312.jpg 555w, https:\/\/aeroclub.es\/wp-content\/uploads\/2017\/05\/xxvi-vuelta-iberia-aepal-1110x624.jpg 1110w\" style=\"--ratio: 555 \/ 312\" sizes=\"auto, (max-width: 555px) 100vw, 555px\" alt=\"\" title=\"xxvi-vuelta-iberia-aepal\" width=\"555\" height=\"312\"  \/><\/a><\/p>\n\t\t\t<\/div>\n\n\t\t\n\t\t<div class=\"blog-content wf-td\">\n\t\t\t<h3 class=\"entry-title\"><a href=\"https:\/\/aeroclub.es\/ca\/2017\/06\/presentacio-xxvi-volta-iberica-2017\/\" title=\"Presentaci\u00f3 XXVI Volta Ib\u00e8rica 2017\" rel=\"bookmark\">Presentaci\u00f3 XXVI Volta Ib\u00e8rica 2017<\/a><\/h3>\n\n\t\t\t<p>T\u2019animem a con\u00e8ixer i participar a la Volta Ib\u00e8rica 2017, una de les activitats m\u00e9s importants en aviaci\u00f3 esportiva Antonio Pinedo, Secretari d&#8217;AEPAL\u00a0ens presentar\u00e0 la XXVI edici\u00f3 de la Volta Ib\u00e8rica. AEPAL (Asociaci\u00f3n Espa\u00f1ola de Pilotos de Aeronaves Ligeras) junt amb la seva hom\u00f2loga Portuguesa (APAU) organitza de forma oficial aquesta activitat amb etapes a&hellip;<\/p>\n\n\t\t<\/div>\n\n\t<\/article>\n\n<\/div>\n<div class=\"wf-cell iso-item category-31 category-35 category-55\" data-post-id=\"9766\" data-date=\"2017-02-06T01:14:10+01:00\" data-name=\"Taller SkyDemon [11FEB17]\">\n\t<article class=\"post post-9766 type-post status-publish format-standard has-post-thumbnail hentry category-actividades-ca category-rotatoria-ca category-vol-a-motor tag-formacion-ca category-31 category-35 category-55 bg-on fullwidth-img description-off\">\n\n\t\t\n\t\t\t<div class=\"blog-media wf-td\">\n\n\t\t\t\t<p><a href=\"https:\/\/aeroclub.es\/ca\/2017\/02\/taller-skydemon\/\" class=\"alignnone rollover\" ><img loading=\"lazy\" decoding=\"async\" class=\"preload-me aspect\" src=\"https:\/\/aeroclub.es\/wp-content\/uploads\/2017\/02\/phone_3.2.jpg\" srcset=\"https:\/\/aeroclub.es\/wp-content\/uploads\/2017\/02\/phone_3.2.jpg 350w\" style=\"--ratio: 350 \/ 524\" sizes=\"auto, (max-width: 350px) 100vw, 350px\" alt=\"\" title=\"phone_3.2\" width=\"350\" height=\"524\"  \/><\/a><\/p>\n\t\t\t<\/div>\n\n\t\t\n\t\t<div class=\"blog-content wf-td\">\n\t\t\t<h3 class=\"entry-title\"><a href=\"https:\/\/aeroclub.es\/ca\/2017\/02\/taller-skydemon\/\" title=\"Taller SkyDemon [11FEB17]\" rel=\"bookmark\">Taller SkyDemon [11FEB17]<\/a><\/h3>\n\n\t\t\t<p>L&#8217;Aeroclub t&#8217;ofereix un taller pr\u00e0ctic de SkyDemon el dissabte dia 11 de Febrer. Despr\u00e9s de l&#8217;\u00e8xit de la presentaci\u00f3 de les aplicacions de planificaci\u00f3 del vol, el proper dissabte 11 de febrer a les 10:00 en Xavi Teixid\u00f3 ens oferir\u00e0 un taller pr\u00e0ctic de SkyDemon. Aquesta vegada, a m\u00e9s de venir a escoltar, has de&hellip;<\/p>\n\n\t\t<\/div>\n\n\t<\/article>\n\n<\/div>\n<div class=\"wf-cell iso-item category-39 category-31 category-35\" data-post-id=\"9688\" data-date=\"2017-02-01T01:09:25+01:00\" data-name=\"Iniciaci\u00f3 al vol acrob\u00e0tic\">\n\t<article class=\"post post-9688 type-post status-publish format-standard has-post-thumbnail hentry category-acrobacia-ca category-actividades-ca category-rotatoria-ca category-39 category-31 category-35 bg-on fullwidth-img description-off\">\n\n\t\t\n\t\t\t<div class=\"blog-media wf-td\">\n\n\t\t\t\t<p><a href=\"https:\/\/aeroclub.es\/ca\/2017\/02\/iniciacio-al-vol-acrobatic\/\" class=\"alignnone rollover\" ><img loading=\"lazy\" decoding=\"async\" class=\"preload-me aspect\" src=\"https:\/\/aeroclub.es\/wp-content\/uploads\/2017\/02\/IMG_20161028_142156-555x312.jpg\" srcset=\"https:\/\/aeroclub.es\/wp-content\/uploads\/2017\/02\/IMG_20161028_142156-555x312.jpg 555w, https:\/\/aeroclub.es\/wp-content\/uploads\/2017\/02\/IMG_20161028_142156-1110x624.jpg 1110w\" style=\"--ratio: 555 \/ 312\" sizes=\"auto, (max-width: 555px) 100vw, 555px\" alt=\"\" title=\"IMG_20161028_142156\" width=\"555\" height=\"312\"  \/><\/a><\/p>\n\t\t\t<\/div>\n\n\t\t\n\t\t<div class=\"blog-content wf-td\">\n\t\t\t<h3 class=\"entry-title\"><a href=\"https:\/\/aeroclub.es\/ca\/2017\/02\/iniciacio-al-vol-acrobatic\/\" title=\"Iniciaci\u00f3 al vol acrob\u00e0tic\" rel=\"bookmark\">Iniciaci\u00f3 al vol acrob\u00e0tic<\/a><\/h3>\n\n\t\t\t<p>El proper dissabte 4 de febrer a les 10:00 la secci\u00f3 acrob\u00e0tica de L&#8217;Aeroclub far\u00e0 una sessi\u00f3 d&#8217;iniciaci\u00f3 al vol acrob\u00e0tic<\/p>\n\n\t\t<\/div>\n\n\t<\/article>\n\n<\/div>\n<div class=\"wf-cell iso-item category-39 category-32 category-35\" data-post-id=\"9290\" data-date=\"2016-11-29T00:36:28+01:00\" data-name=\"CEVA 2016\">\n\t<article class=\"post post-9290 type-post status-publish format-standard has-post-thumbnail hentry category-acrobacia-ca category-blog-ca category-rotatoria-ca category-39 category-32 category-35 bg-on fullwidth-img description-off\">\n\n\t\t\n\t\t\t<div class=\"blog-media wf-td\">\n\n\t\t\t\t<p><a href=\"https:\/\/aeroclub.es\/ca\/2016\/11\/campionat-despanya-de-vol-acrobatic-2016\/\" class=\"alignnone rollover\" ><img loading=\"lazy\" decoding=\"async\" class=\"preload-me aspect\" src=\"https:\/\/aeroclub.es\/wp-content\/uploads\/2016\/11\/entrenamiento-Castor-Fantoba-555x555.jpg\" srcset=\"https:\/\/aeroclub.es\/wp-content\/uploads\/2016\/11\/entrenamiento-Castor-Fantoba-555x555.jpg 555w, https:\/\/aeroclub.es\/wp-content\/uploads\/2016\/11\/entrenamiento-Castor-Fantoba-1110x1110.jpg 1110w\" style=\"--ratio: 555 \/ 555\" sizes=\"auto, (max-width: 555px) 100vw, 555px\" alt=\"\" title=\"entrenamiento-castor-fantoba\" width=\"555\" height=\"555\"  \/><\/a><\/p>\n\t\t\t<\/div>\n\n\t\t\n\t\t<div class=\"blog-content wf-td\">\n\t\t\t<h3 class=\"entry-title\"><a href=\"https:\/\/aeroclub.es\/ca\/2016\/11\/campionat-despanya-de-vol-acrobatic-2016\/\" title=\"CEVA 2016\" rel=\"bookmark\">CEVA 2016<\/a><\/h3>\n\n\t\t\t<p>El passat mes, els dies 28, 29 i 30 d&#8217;Octubre, va tenir lloc el Campionat d&#8217;Espanya de Vol Acrob\u00e0tic (CEVA) a l&#8217;Aer\u00f2drom de Requena (Val\u00e8ncia).<\/p>\n\n\t\t<\/div>\n\n\t<\/article>\n\n<\/div>\n<div class=\"wf-cell iso-item category-31 category-35 category-55\" data-post-id=\"9039\" data-date=\"2016-11-17T20:12:59+01:00\" data-name=\"Curs de refresc - Emerg\u00e8ncies\">\n\t<article class=\"post post-9039 type-post status-publish format-standard has-post-thumbnail hentry category-actividades-ca category-rotatoria-ca category-vol-a-motor tag-formacio category-31 category-35 category-55 bg-on fullwidth-img description-off\">\n\n\t\t\n\t\t\t<div class=\"blog-media wf-td\">\n\n\t\t\t\t<p><a href=\"https:\/\/aeroclub.es\/ca\/2016\/11\/curs-de-refresc-emergencias\/\" class=\"alignnone rollover\" ><img loading=\"lazy\" decoding=\"async\" class=\"preload-me aspect\" src=\"https:\/\/aeroclub.es\/wp-content\/uploads\/2015\/12\/3A86B18F-E275-440E-871D-0BB6B9E70BE9-2-555x372.jpg\" srcset=\"https:\/\/aeroclub.es\/wp-content\/uploads\/2015\/12\/3A86B18F-E275-440E-871D-0BB6B9E70BE9-2-555x372.jpg 555w, https:\/\/aeroclub.es\/wp-content\/uploads\/2015\/12\/3A86B18F-E275-440E-871D-0BB6B9E70BE9-2-1110x744.jpg 1110w\" style=\"--ratio: 555 \/ 372\" sizes=\"auto, (max-width: 555px) 100vw, 555px\" alt=\"\" title=\"3A86B18F-E275-440E-871D-0BB6B9E70BE9 2\" width=\"555\" height=\"372\"  \/><\/a><\/p>\n\t\t\t<\/div>\n\n\t\t\n\t\t<div class=\"blog-content wf-td\">\n\t\t\t<h3 class=\"entry-title\"><a href=\"https:\/\/aeroclub.es\/ca\/2016\/11\/curs-de-refresc-emergencias\/\" title=\"Curs de refresc &#8211; Emerg\u00e8ncies\" rel=\"bookmark\">Curs de refresc &#8211; Emerg\u00e8ncies<\/a><\/h3>\n\n\t\t\t<p>El CURS DE REFRESC \u00e9s una  formaci\u00f3 gratu\u00efta pels socis de l\u2019Aeroclub per mantenir ACTIUS i ACTUALITZATS els coneixements i experi\u00e8ncia com a  pilots.<\/p>\n\n\t\t<\/div>\n\n\t<\/article>\n\n<\/div>\n<div class=\"wf-cell iso-item category-32 category-35 category-56\" data-post-id=\"8798\" data-date=\"2016-11-15T00:35:43+01:00\" data-name=\"Curs intensiu de vol a vela\">\n\t<article class=\"post post-8798 type-post status-publish format-standard has-post-thumbnail hentry category-blog-ca category-rotatoria-ca category-vol-a-vela category-32 category-35 category-56 bg-on fullwidth-img description-off\">\n\n\t\t\n\t\t\t<div class=\"blog-media wf-td\">\n\n\t\t\t\t<p><a href=\"https:\/\/aeroclub.es\/ca\/2016\/11\/curs-intensiu-de-vol-a-vela\/\" class=\"alignnone rollover\" ><img loading=\"lazy\" decoding=\"async\" class=\"preload-me aspect\" src=\"https:\/\/aeroclub.es\/wp-content\/uploads\/2016\/11\/Imagen-2-555x417.png\" srcset=\"https:\/\/aeroclub.es\/wp-content\/uploads\/2016\/11\/Imagen-2-555x417.png 555w, https:\/\/aeroclub.es\/wp-content\/uploads\/2016\/11\/Imagen-2.png 905w\" style=\"--ratio: 555 \/ 417\" sizes=\"auto, (max-width: 555px) 100vw, 555px\" alt=\"\" title=\"imagen-2\" width=\"555\" height=\"417\"  \/><\/a><\/p>\n\t\t\t<\/div>\n\n\t\t\n\t\t<div class=\"blog-content wf-td\">\n\t\t\t<h3 class=\"entry-title\"><a href=\"https:\/\/aeroclub.es\/ca\/2016\/11\/curs-intensiu-de-vol-a-vela\/\" title=\"Curs intensiu de vol a vela\" rel=\"bookmark\">Curs intensiu de vol a vela<\/a><\/h3>\n\n\t\t\t<p>De la m\u00e0 d&#8217;en Sergi, ens vam llan\u00e7ar a explorar els Pirineus amb l&#8217;\u00fanica for\u00e7a del vent, i les t\u00e8rmiques: Simplement indescriptible. S\u00b4ha de fer.<\/p>\n\n\t\t<\/div>\n\n\t<\/article>\n\n<\/div>\n<div class=\"wf-cell iso-item category-31 category-35 category-56\" data-post-id=\"8645\" data-date=\"2016-11-08T01:38:15+01:00\" data-name=\"Curs d&#039;iniciaci\u00f3 al vol a vela\">\n\t<article class=\"post post-8645 type-post status-publish format-standard has-post-thumbnail hentry category-actividades-ca category-rotatoria-ca category-vol-a-vela tag-formacio tag-vol-a-vela category-31 category-35 category-56 bg-on fullwidth-img description-off\">\n\n\t\t\n\t\t\t<div class=\"blog-media wf-td\">\n\n\t\t\t\t<p><a href=\"https:\/\/aeroclub.es\/ca\/2016\/11\/curs-diniciacio-al-vol-a-vela\/\" class=\"alignnone rollover\" ><img loading=\"lazy\" decoding=\"async\" class=\"preload-me aspect\" src=\"https:\/\/aeroclub.es\/wp-content\/uploads\/2016\/01\/curso-iniciacion-planeador-2-555x333.jpg\" srcset=\"https:\/\/aeroclub.es\/wp-content\/uploads\/2016\/01\/curso-iniciacion-planeador-2-555x333.jpg 555w, https:\/\/aeroclub.es\/wp-content\/uploads\/2016\/01\/curso-iniciacion-planeador-2.jpg 600w\" style=\"--ratio: 555 \/ 333\" sizes=\"auto, (max-width: 555px) 100vw, 555px\" alt=\"\" title=\"curso-iniciacion-planeador-2\" width=\"555\" height=\"333\"  \/><\/a><\/p>\n\t\t\t<\/div>\n\n\t\t\n\t\t<div class=\"blog-content wf-td\">\n\t\t\t<h3 class=\"entry-title\"><a href=\"https:\/\/aeroclub.es\/ca\/2016\/11\/curs-diniciacio-al-vol-a-vela\/\" title=\"Curs d&#8217;iniciaci\u00f3 al vol a vela\" rel=\"bookmark\">Curs d&#8217;iniciaci\u00f3 al vol a vela<\/a><\/h3>\n\n\t\t\t<p>El vol a vela \u00e9s el que m\u00e9s ens acosta al vol dels ocells, l\u2019ess\u00e8ncia del vol. Vine a con\u00e8ixer el vol a vela i descobreix com pots ser millor pilot. El vol a vela\u00a0es basa en la capacitat de mantenir-se volant aprofitant l\u2019aerodin\u00e0mica de l\u2019avi\u00f3\u00a0 i els corrents ascendents d\u2019aire. El pilot de vol&hellip;<\/p>\n\n\t\t<\/div>\n\n\t<\/article>\n\n<\/div>\n<div class=\"wf-cell iso-item category-32 category-35 category-56\" data-post-id=\"8594\" data-date=\"2016-11-02T19:31:37+01:00\" data-name=\"Provem el torn a La Llagonne\">\n\t<article class=\"post post-8594 type-post status-publish format-standard has-post-thumbnail hentry category-blog-ca category-rotatoria-ca category-vol-a-vela tag-cerdanya tag-gliding tag-soaring tag-torno tag-vuelo-a-vela tag-winch category-32 category-35 category-56 bg-on fullwidth-img description-off\">\n\n\t\t\n\t\t\t<div class=\"blog-media wf-td\">\n\n\t\t\t\t<p><a href=\"https:\/\/aeroclub.es\/ca\/2016\/11\/provem-el-torn-a-la-llagonne\/\" class=\"alignnone rollover\" ><img loading=\"lazy\" decoding=\"async\" class=\"preload-me aspect\" src=\"https:\/\/aeroclub.es\/wp-content\/uploads\/2016\/10\/IMG-20161023-WA0060-555x312.jpg\" srcset=\"https:\/\/aeroclub.es\/wp-content\/uploads\/2016\/10\/IMG-20161023-WA0060-555x312.jpg 555w, https:\/\/aeroclub.es\/wp-content\/uploads\/2016\/10\/IMG-20161023-WA0060-1110x624.jpg 1110w\" style=\"--ratio: 555 \/ 312\" sizes=\"auto, (max-width: 555px) 100vw, 555px\" alt=\"\" title=\"img-20161023-wa0060\" width=\"555\" height=\"312\"  \/><\/a><\/p>\n\t\t\t<\/div>\n\n\t\t\n\t\t<div class=\"blog-content wf-td\">\n\t\t\t<h3 class=\"entry-title\"><a href=\"https:\/\/aeroclub.es\/ca\/2016\/11\/provem-el-torn-a-la-llagonne\/\" title=\"Provem el torn a La Llagonne\" rel=\"bookmark\">Provem el torn a La Llagonne<\/a><\/h3>\n\n\t\t\t<p>\u201cDem\u00e0 a les 8:30 a l\u2019aer\u00f2drom per anar tots junts cap a la Llagonne\u201d era el missatge que ens deixava el Sergi al grup de WhatsApp del Centre de Vol a Vela de la Cerdanya la nit abans d\u2019aquest dia de torn i germanor.<\/p>\n\n\t\t<\/div>\n\n\t<\/article>\n\n<\/div>\n<div class=\"wf-cell iso-item category-39 category-32 category-35\" data-post-id=\"8223\" data-date=\"2016-10-02T20:16:09+02:00\" data-name=\"Sessi\u00f3 d&#039;entrenament acrob\u00e0tic\">\n\t<article class=\"post post-8223 type-post status-publish format-video has-post-thumbnail hentry category-acrobacia-ca category-blog-ca category-rotatoria-ca post_format-post-format-video category-39 category-32 category-35 bg-on fullwidth-img description-off\">\n\n\t\t\n\t\t\t<div class=\"blog-media wf-td\">\n\n\t\t\t\t<p><a href=\"https:\/\/aeroclub.es\/ca\/2016\/10\/sessio-dentrenament-acrobatic-a-benavarri\/\" class=\"alignnone rollover\" ><img loading=\"lazy\" decoding=\"async\" class=\"preload-me aspect\" src=\"https:\/\/aeroclub.es\/wp-content\/uploads\/2016\/10\/entrenos-acro-benabarre-aerobatic-club-ACBS-555x294.png\" srcset=\"https:\/\/aeroclub.es\/wp-content\/uploads\/2016\/10\/entrenos-acro-benabarre-aerobatic-club-ACBS-555x294.png 555w, https:\/\/aeroclub.es\/wp-content\/uploads\/2016\/10\/entrenos-acro-benabarre-aerobatic-club-ACBS-1110x588.png 1110w\" style=\"--ratio: 555 \/ 294\" sizes=\"auto, (max-width: 555px) 100vw, 555px\" alt=\"\"  width=\"555\" height=\"294\"  \/><\/a><\/p>\n\t\t\t<\/div>\n\n\t\t\n\t\t<div class=\"blog-content wf-td\">\n\t\t\t<h3 class=\"entry-title\"><a href=\"https:\/\/aeroclub.es\/ca\/2016\/10\/sessio-dentrenament-acrobatic-a-benavarri\/\" title=\"Sessi\u00f3 d&#8217;entrenament acrob\u00e0tic\" rel=\"bookmark\">Sessi\u00f3 d&#8217;entrenament acrob\u00e0tic<\/a><\/h3>\n\n\t\t\t<p>El passat 23 de Setembre, despr\u00e9s de superar una s\u00e8rie d&#8217;obstacles i avatars, vam poder realitzar entrenaments de vol acrob\u00e0tic previs al CEVA 2016. La temporada no ha estat f\u00e0cil: D&#8217;una banda, la CAP10 EC-FVK va estar a Fran\u00e7a des d&#8217;Abril fins a mitjans d&#8217;agost. La ra\u00f3: Una reforma estructural integral per tal de refor\u00e7ar&hellip;<\/p>\n\n\t\t<\/div>\n\n\t<\/article>\n\n<\/div>\n<div class=\"wf-cell iso-item category-32 category-35 category-55\" data-post-id=\"8015\" data-date=\"2016-09-12T00:00:36+02:00\" data-name=\"Volant a UK: East Midlands\">\n\t<article class=\"post post-8015 type-post status-publish format-standard has-post-thumbnail hentry category-blog-ca category-rotatoria-ca category-vol-a-motor category-32 category-35 category-55 bg-on fullwidth-img description-off\">\n\n\t\t\n\t\t\t<div class=\"blog-media wf-td\">\n\n\t\t\t\t<p><a href=\"https:\/\/aeroclub.es\/ca\/2016\/09\/volant-a-uk-east-midlands\/\" class=\"alignnone rollover\" ><img loading=\"lazy\" decoding=\"async\" class=\"preload-me aspect\" src=\"https:\/\/aeroclub.es\/wp-content\/uploads\/2016\/09\/aeroclub-555x416.jpg\" srcset=\"https:\/\/aeroclub.es\/wp-content\/uploads\/2016\/09\/aeroclub-555x416.jpg 555w, https:\/\/aeroclub.es\/wp-content\/uploads\/2016\/09\/aeroclub-1110x832.jpg 1110w\" style=\"--ratio: 555 \/ 416\" sizes=\"auto, (max-width: 555px) 100vw, 555px\" alt=\"\" title=\"aeroclub\" width=\"555\" height=\"416\"  \/><\/a><\/p>\n\t\t\t<\/div>\n\n\t\t\n\t\t<div class=\"blog-content wf-td\">\n\t\t\t<h3 class=\"entry-title\"><a href=\"https:\/\/aeroclub.es\/ca\/2016\/09\/volant-a-uk-east-midlands\/\" title=\"Volant a UK: East Midlands\" rel=\"bookmark\">Volant a UK: East Midlands<\/a><\/h3>\n\n\t\t\t<p>Amb aquesta col\u00b7laboraci\u00f3 donem al soci Rom\u00e0 Andreu la benviguda en aquest blog per a explicar-nos la seva experi\u00e8ncia a l&#8217;aeroport d&#8217;East Midlands, UK<\/p>\n\n\t\t<\/div>\n\n\t<\/article>\n\n<\/div>\n<div class=\"wf-cell iso-item category-39 category-35 category-141\" data-post-id=\"7362\" data-date=\"2016-08-18T02:39:00+02:00\" data-name=\"Ja est\u00e0 de tornada la CAP 10\">\n\t<article class=\"post post-7362 type-post status-publish format-standard has-post-thumbnail hentry category-acrobacia-ca category-rotatoria-ca category-ultima-hora-ca category-39 category-35 category-141 bg-on fullwidth-img description-off\">\n\n\t\t\n\t\t\t<div class=\"blog-media wf-td\">\n\n\t\t\t\t<p><a href=\"https:\/\/aeroclub.es\/ca\/2016\/08\/ja-esta-de-tornada-la-cap-10\/\" class=\"alignnone rollover\" ><img loading=\"lazy\" decoding=\"async\" class=\"preload-me aspect\" src=\"https:\/\/aeroclub.es\/wp-content\/uploads\/2016\/08\/2016-08-17-PHOTO-00000003-555x370.jpg\" srcset=\"https:\/\/aeroclub.es\/wp-content\/uploads\/2016\/08\/2016-08-17-PHOTO-00000003-555x370.jpg 555w, https:\/\/aeroclub.es\/wp-content\/uploads\/2016\/08\/2016-08-17-PHOTO-00000003-1110x740.jpg 1110w\" style=\"--ratio: 555 \/ 370\" sizes=\"auto, (max-width: 555px) 100vw, 555px\" alt=\"\" title=\"2016-08-17-PHOTO-00000003\" width=\"555\" height=\"370\"  \/><\/a><\/p>\n\t\t\t<\/div>\n\n\t\t\n\t\t<div class=\"blog-content wf-td\">\n\t\t\t<h3 class=\"entry-title\"><a href=\"https:\/\/aeroclub.es\/ca\/2016\/08\/ja-esta-de-tornada-la-cap-10\/\" title=\"Ja est\u00e0 de tornada la CAP 10\" rel=\"bookmark\">Ja est\u00e0 de tornada la CAP 10<\/a><\/h3>\n\n\t\t\t<p>Despr\u00e9s de passar uns mesos de manteniment en un taller franc\u00e8s, ja tenim de tornada al nostre avi\u00f3<\/p>\n\n\t\t<\/div>\n\n\t<\/article>\n\n<\/div>\n<div class=\"wf-cell iso-item category-39 category-32 category-33 category-35\" data-post-id=\"7365\" data-date=\"2016-08-13T02:01:12+02:00\" data-name=\"De Hongria a Sabadell a Sukhoi (3a Part)\">\n\t<article class=\"post post-7365 type-post status-publish format-standard has-post-thumbnail hentry category-acrobacia-ca category-blog-ca category-inicio-ca category-rotatoria-ca category-39 category-32 category-33 category-35 bg-on fullwidth-img description-off\">\n\n\t\t\n\t\t\t<div class=\"blog-media wf-td\">\n\n\t\t\t\t<p><a href=\"https:\/\/aeroclub.es\/ca\/2016\/08\/de-hongria-a-sabadell-a-sukhoi-3a-part\/\" class=\"alignnone rollover\" ><img loading=\"lazy\" decoding=\"async\" class=\"preload-me aspect\" src=\"https:\/\/aeroclub.es\/wp-content\/uploads\/2016\/08\/Unknown-555x416.jpeg\" srcset=\"https:\/\/aeroclub.es\/wp-content\/uploads\/2016\/08\/Unknown-555x416.jpeg 555w, https:\/\/aeroclub.es\/wp-content\/uploads\/2016\/08\/Unknown-1110x832.jpeg 1110w\" style=\"--ratio: 555 \/ 416\" sizes=\"auto, (max-width: 555px) 100vw, 555px\" alt=\"\" title=\"Unknown\" width=\"555\" height=\"416\"  \/><\/a><\/p>\n\t\t\t<\/div>\n\n\t\t\n\t\t<div class=\"blog-content wf-td\">\n\t\t\t<h3 class=\"entry-title\"><a href=\"https:\/\/aeroclub.es\/ca\/2016\/08\/de-hongria-a-sabadell-a-sukhoi-3a-part\/\" title=\"De Hongria a Sabadell a Sukhoi (3a Part)\" rel=\"bookmark\">De Hongria a Sabadell a Sukhoi (3a Part)<\/a><\/h3>\n\n\t\t\t<p>Encaramos el \u00faltimo tramo del viaje con el tiempo pis\u00e1ndonos los talones y con m\u00e1s de una sorpresa inesperada.<\/p>\n\n\t\t<\/div>\n\n\t<\/article>\n\n<\/div>\n<div class=\"wf-cell iso-item category-39 category-32 category-35\" data-post-id=\"6842\" data-date=\"2016-08-07T17:11:52+02:00\" data-name=\"De Hongria a Sabadell en Sukhoi (2\u00aa Part)\">\n\t<article class=\"post post-6842 type-post status-publish format-standard has-post-thumbnail hentry category-acrobacia-ca category-blog-ca category-rotatoria-ca category-39 category-32 category-35 bg-on fullwidth-img description-off\">\n\n\t\t\n\t\t\t<div class=\"blog-media wf-td\">\n\n\t\t\t\t<p><a href=\"https:\/\/aeroclub.es\/ca\/2016\/08\/de-hongria-a-sabadell-en-sukhoi-2a-part\/\" class=\"alignnone rollover\" ><img loading=\"lazy\" decoding=\"async\" class=\"preload-me aspect\" src=\"https:\/\/aeroclub.es\/wp-content\/uploads\/2016\/08\/13521995_10209793396647394_4108978500022825350_n-555x410.jpg\" srcset=\"https:\/\/aeroclub.es\/wp-content\/uploads\/2016\/08\/13521995_10209793396647394_4108978500022825350_n-555x410.jpg 555w, https:\/\/aeroclub.es\/wp-content\/uploads\/2016\/08\/13521995_10209793396647394_4108978500022825350_n.jpg 720w\" style=\"--ratio: 555 \/ 410\" sizes=\"auto, (max-width: 555px) 100vw, 555px\" alt=\"\" title=\"13521995_10209793396647394_4108978500022825350_n\" width=\"555\" height=\"410\"  \/><\/a><\/p>\n\t\t\t<\/div>\n\n\t\t\n\t\t<div class=\"blog-content wf-td\">\n\t\t\t<h3 class=\"entry-title\"><a href=\"https:\/\/aeroclub.es\/ca\/2016\/08\/de-hongria-a-sabadell-en-sukhoi-2a-part\/\" title=\"De Hongria a Sabadell en Sukhoi (2\u00aa Part)\" rel=\"bookmark\">De Hongria a Sabadell en Sukhoi (2\u00aa Part)<\/a><\/h3>\n\n\t\t\t<p>Finalment ens vam fer a l&#8217;aire en una 1\u00aa etapa per Hongria, Eslov\u00e8nia, i It\u00e0lia. Destinaci\u00f3: Albenga.<\/p>\n\n\t\t<\/div>\n\n\t<\/article>\n\n<\/div>\n<div class=\"wf-cell iso-item category-39 category-32 category-35\" data-post-id=\"6790\" data-date=\"2016-08-06T15:28:15+02:00\" data-name=\"De Hongria a Sabadell en Sukhoi\">\n\t<article class=\"post post-6790 type-post status-publish format-standard has-post-thumbnail hentry category-acrobacia-ca category-blog-ca category-rotatoria-ca category-39 category-32 category-35 bg-on fullwidth-img description-off\">\n\n\t\t\n\t\t\t<div class=\"blog-media wf-td\">\n\n\t\t\t\t<p><a href=\"https:\/\/aeroclub.es\/ca\/2016\/08\/de-hongria-a-sabadell-en-sukhoi\/\" class=\"alignnone rollover\" ><img loading=\"lazy\" decoding=\"async\" class=\"preload-me aspect\" src=\"https:\/\/aeroclub.es\/wp-content\/uploads\/2016\/08\/20160622_085254-555x312.jpg\" srcset=\"https:\/\/aeroclub.es\/wp-content\/uploads\/2016\/08\/20160622_085254-555x312.jpg 555w, https:\/\/aeroclub.es\/wp-content\/uploads\/2016\/08\/20160622_085254-1110x624.jpg 1110w\" style=\"--ratio: 555 \/ 312\" sizes=\"auto, (max-width: 555px) 100vw, 555px\" alt=\"\" title=\"20160622_085254\" width=\"555\" height=\"312\"  \/><\/a><\/p>\n\t\t\t<\/div>\n\n\t\t\n\t\t<div class=\"blog-content wf-td\">\n\t\t\t<h3 class=\"entry-title\"><a href=\"https:\/\/aeroclub.es\/ca\/2016\/08\/de-hongria-a-sabadell-en-sukhoi\/\" title=\"De Hongria a Sabadell en Sukhoi\" rel=\"bookmark\">De Hongria a Sabadell en Sukhoi<\/a><\/h3>\n\n\t\t\t<p>Viatjar amb un avi\u00f3 dissenyat per a ser inestable no \u00e9s el m\u00e9s c\u00f2mode, per\u00f2 s\u00ed que \u00e9s una experi\u00e8ncia interessant.<\/p>\n\n\t\t<\/div>\n\n\t<\/article>\n\n<\/div>\n<div class=\"wf-cell iso-item category-138 category-35 category-55\" data-post-id=\"6536\" data-date=\"2016-07-14T00:34:53+02:00\" data-name=\"Ampliaci\u00f3 flota Tecnam P92\">\n\t<article class=\"post post-6536 type-post status-publish format-standard has-post-thumbnail hentry category-club-ca category-rotatoria-ca category-vol-a-motor category-138 category-35 category-55 bg-on fullwidth-img description-off\">\n\n\t\t\n\t\t\t<div class=\"blog-media wf-td\">\n\n\t\t\t\t<p><a href=\"https:\/\/aeroclub.es\/ca\/2016\/07\/ampliacio-flota-tecnam-p92\/\" class=\"alignnone rollover\" ><img loading=\"lazy\" decoding=\"async\" class=\"preload-me aspect\" src=\"https:\/\/aeroclub.es\/wp-content\/uploads\/2016\/07\/IMG_6125-555x416.jpg\" srcset=\"https:\/\/aeroclub.es\/wp-content\/uploads\/2016\/07\/IMG_6125-555x416.jpg 555w, https:\/\/aeroclub.es\/wp-content\/uploads\/2016\/07\/IMG_6125-1110x832.jpg 1110w\" style=\"--ratio: 555 \/ 416\" sizes=\"auto, (max-width: 555px) 100vw, 555px\" alt=\"\" title=\"IMG_6125\" width=\"555\" height=\"416\"  \/><\/a><\/p>\n\t\t\t<\/div>\n\n\t\t\n\t\t<div class=\"blog-content wf-td\">\n\t\t\t<h3 class=\"entry-title\"><a href=\"https:\/\/aeroclub.es\/ca\/2016\/07\/ampliacio-flota-tecnam-p92\/\" title=\"Ampliaci\u00f3 flota Tecnam P92\" rel=\"bookmark\">Ampliaci\u00f3 flota Tecnam P92<\/a><\/h3>\n\n\t\t\t<p>L&#8217;Aeroclub ha adquirit un avi\u00f3 Tecnam P92 de nova construcci\u00f3 que en breu arribar\u00e0 a Sabadell per incorporar-se a la flota<\/p>\n\n\t\t<\/div>\n\n\t<\/article>\n\n<\/div>\n<div class=\"wf-cell iso-item category-138 category-35 category-55\" data-post-id=\"6503\" data-date=\"2016-07-13T01:06:46+02:00\" data-name=\"Nou bimotor F-BNPR\">\n\t<article class=\"post post-6503 type-post status-publish format-standard has-post-thumbnail hentry category-club-ca category-rotatoria-ca category-vol-a-motor category-138 category-35 category-55 bg-on fullwidth-img description-off\">\n\n\t\t\n\t\t\t<div class=\"blog-media wf-td\">\n\n\t\t\t\t<p><a href=\"https:\/\/aeroclub.es\/ca\/2016\/07\/nou-bimotor-f-bnpr\/\" class=\"alignnone rollover\" ><img loading=\"lazy\" decoding=\"async\" class=\"preload-me aspect\" src=\"https:\/\/aeroclub.es\/wp-content\/uploads\/2016\/07\/IMG_6836-555x416.jpg\" srcset=\"https:\/\/aeroclub.es\/wp-content\/uploads\/2016\/07\/IMG_6836-555x416.jpg 555w, https:\/\/aeroclub.es\/wp-content\/uploads\/2016\/07\/IMG_6836-1110x832.jpg 1110w\" style=\"--ratio: 555 \/ 416\" sizes=\"auto, (max-width: 555px) 100vw, 555px\" alt=\"\" title=\"IMG_6836\" width=\"555\" height=\"416\"  \/><\/a><\/p>\n\t\t\t<\/div>\n\n\t\t\n\t\t<div class=\"blog-content wf-td\">\n\t\t\t<h3 class=\"entry-title\"><a href=\"https:\/\/aeroclub.es\/ca\/2016\/07\/nou-bimotor-f-bnpr\/\" title=\"Nou bimotor F-BNPR\" rel=\"bookmark\">Nou bimotor F-BNPR<\/a><\/h3>\n\n\t\t\t<p>En los \u00faltimos d\u00edas L&#8217;Aeroclub ha completado la incorporaci\u00f3n a su flota del avi\u00f3n matr\u00edcula F-BNPR, un nuevo avi\u00f3n bimotor Piper Aztec<\/p>\n\n\t\t<\/div>\n\n\t<\/article>\n\n<\/div>\n<div class=\"wf-cell iso-item category-233 category-55\" data-post-id=\"4293\" data-date=\"2016-04-27T23:58:27+02:00\" data-name=\"Drone 101\">\n\t<article class=\"post no-img post-4293 type-post status-publish format-aside hentry category-drones-ca category-vol-a-motor post_format-post-format-aside category-233 category-55 bg-on fullwidth-img description-off\">\n\n\t\t\n\t\t<div class=\"blog-content wf-td\">\n\t\t\t<h3 class=\"entry-title\"><a href=\"https:\/\/aeroclub.es\/ca\/2016\/04\/drone-101-3\/\" title=\"Drone 101\" rel=\"bookmark\">Drone 101<\/a><\/h3>\n\n\t\t\t<p>Drone 101 \u00bfUna escola de vol d&#8217;ULM autoritzada per AESA pot desenvolupar els cursos B\u00e0sic i Avan\u00e7at i expedir els certificats que acreditin la superaci\u00f3 d&#8217;aquests cursos? No. Nom\u00e9s una ATO, organitzaci\u00f3 de formaci\u00f3 aprovada per AESA conforme al Reglament de Personal de Vol de la Comissi\u00f3 Europea (Reglament UE N\u00ba 1178\/2011, Annex VII) pot&hellip;<\/p>\n\n\t\t<\/div>\n\n\t<\/article>\n\n<\/div>\n<div class=\"wf-cell iso-item category-233 category-55\" data-post-id=\"4287\" data-date=\"2016-04-21T13:08:08+02:00\" data-name=\"Drone 101\">\n\t<article class=\"post no-img post-4287 type-post status-publish format-aside hentry category-drones-ca category-vol-a-motor post_format-post-format-aside category-233 category-55 bg-on fullwidth-img description-off\">\n\n\t\t\n\t\t<div class=\"blog-content wf-td\">\n\t\t\t<h3 class=\"entry-title\"><a href=\"https:\/\/aeroclub.es\/ca\/2016\/04\/drone-101-2\/\" title=\"Drone 101\" rel=\"bookmark\">Drone 101<\/a><\/h3>\n\n\t\t\t<p>Drone 101 Quins requisits ha de complir un pilot per poder volar un dron? Tots els pilots de drones, indistintament de la mida de l&#8217;aeronau, hauran d&#8217;acreditar una s\u00e8rie de requisits: En primer lloc, acreditar que posseeix els coneixements te\u00f2rics necessaris per obtenir una llic\u00e8ncia de pilot, el que es pot fer de tres formes:&hellip;<\/p>\n\n\t\t<\/div>\n\n\t<\/article>\n\n<\/div>\n<div class=\"wf-cell iso-item category-31 category-35 category-56\" data-post-id=\"4226\" data-date=\"2016-04-17T23:58:48+02:00\" data-name=\"La Cerdanya - Sailplane Grand Prix en directe\">\n\t<article class=\"post post-4226 type-post status-publish format-standard has-post-thumbnail hentry category-actividades-ca category-rotatoria-ca category-vol-a-vela category-31 category-35 category-56 bg-on fullwidth-img description-off\">\n\n\t\t\n\t\t\t<div class=\"blog-media wf-td\">\n\n\t\t\t\t<p><a href=\"https:\/\/aeroclub.es\/ca\/2016\/04\/la-cerdanya-sailplane-grand-prix-en-directe\/\" class=\"alignnone rollover\" ><img loading=\"lazy\" decoding=\"async\" class=\"preload-me aspect\" src=\"https:\/\/aeroclub.es\/wp-content\/uploads\/2016\/04\/IMG-20160417-WA0001-555x312.jpg\" srcset=\"https:\/\/aeroclub.es\/wp-content\/uploads\/2016\/04\/IMG-20160417-WA0001-555x312.jpg 555w, https:\/\/aeroclub.es\/wp-content\/uploads\/2016\/04\/IMG-20160417-WA0001-1110x624.jpg 1110w\" style=\"--ratio: 555 \/ 312\" sizes=\"auto, (max-width: 555px) 100vw, 555px\" alt=\"\" title=\"IMG-20160417-WA0001\" width=\"555\" height=\"312\"  \/><\/a><\/p>\n\t\t\t<\/div>\n\n\t\t\n\t\t<div class=\"blog-content wf-td\">\n\t\t\t<h3 class=\"entry-title\"><a href=\"https:\/\/aeroclub.es\/ca\/2016\/04\/la-cerdanya-sailplane-grand-prix-en-directe\/\" title=\"La Cerdanya &#8211; Sailplane Grand Prix en directe\" rel=\"bookmark\">La Cerdanya &#8211; Sailplane Grand Prix en directe<\/a><\/h3>\n\n\t\t\t<p>Segueix el dia a dia de la competici\u00f3 en viu al seg\u00fcent enlla\u00e7 <\/p>\n\n\t\t<\/div>\n\n\t<\/article>\n\n<\/div>\n<div class=\"wf-cell iso-item category-39 category-35\" data-post-id=\"4173\" data-date=\"2016-04-11T22:21:36+02:00\" data-name=\"Sessi\u00f3 d&#039;entrenaments per a pilots acrob\u00e0tics &quot;no sueltos&quot;\">\n\t<article class=\"post post-4173 type-post status-publish format-standard has-post-thumbnail hentry category-acrobacia-ca category-rotatoria-ca category-39 category-35 bg-on fullwidth-img description-off\">\n\n\t\t\n\t\t\t<div class=\"blog-media wf-td\">\n\n\t\t\t\t<p><a href=\"https:\/\/aeroclub.es\/ca\/2016\/04\/sesion-de-entrenos-para-pilotos-acrobaticos-no-sueltos\/\" class=\"alignnone rollover\" ><img loading=\"lazy\" decoding=\"async\" class=\"preload-me aspect\" src=\"https:\/\/aeroclub.es\/wp-content\/uploads\/2016\/03\/FB_IMG_1458327149485-555x370.jpg\" srcset=\"https:\/\/aeroclub.es\/wp-content\/uploads\/2016\/03\/FB_IMG_1458327149485-555x370.jpg 555w, https:\/\/aeroclub.es\/wp-content\/uploads\/2016\/03\/FB_IMG_1458327149485.jpg 1080w\" style=\"--ratio: 555 \/ 370\" sizes=\"auto, (max-width: 555px) 100vw, 555px\" alt=\"\" title=\"FB_IMG_1458327149485\" width=\"555\" height=\"370\"  \/><\/a><\/p>\n\t\t\t<\/div>\n\n\t\t\n\t\t<div class=\"blog-content wf-td\">\n\t\t\t<h3 class=\"entry-title\"><a href=\"https:\/\/aeroclub.es\/ca\/2016\/04\/sesion-de-entrenos-para-pilotos-acrobaticos-no-sueltos\/\" title=\"Sessi\u00f3 d&#8217;entrenaments per a pilots acrob\u00e0tics &#8220;no sueltos&#8221;\" rel=\"bookmark\">Sessi\u00f3 d&#8217;entrenaments per a pilots acrob\u00e0tics &#8220;no sueltos&#8221;<\/a><\/h3>\n\n\t\t\t<p>Cap de setmana d&#8217;entrenaments acrob\u00e0tics per a pilots no &#8220;sueltos&#8221; a La Cerdanya<\/p>\n\n\t\t<\/div>\n\n\t<\/article>\n\n<\/div>\n<div class=\"wf-cell iso-item category-32 category-35 category-55\" data-post-id=\"3749\" data-date=\"2016-03-25T01:35:53+01:00\" data-name=\"Un llarg cap de setmana (2a part)\">\n\t<article class=\"post post-3749 type-post status-publish format-standard has-post-thumbnail hentry category-blog-ca category-rotatoria-ca category-vol-a-motor category-32 category-35 category-55 bg-on fullwidth-img description-off\">\n\n\t\t\n\t\t\t<div class=\"blog-media wf-td\">\n\n\t\t\t\t<p><a href=\"https:\/\/aeroclub.es\/ca\/2016\/03\/un-llarg-cap-de-setmana-2a-part\/\" class=\"alignnone rollover\" ><img loading=\"lazy\" decoding=\"async\" class=\"preload-me aspect\" src=\"https:\/\/aeroclub.es\/wp-content\/uploads\/2016\/03\/Finisterre-1-555x261.jpg\" srcset=\"https:\/\/aeroclub.es\/wp-content\/uploads\/2016\/03\/Finisterre-1-555x261.jpg 555w, https:\/\/aeroclub.es\/wp-content\/uploads\/2016\/03\/Finisterre-1-1110x522.jpg 1110w\" style=\"--ratio: 555 \/ 261\" sizes=\"auto, (max-width: 555px) 100vw, 555px\" alt=\"\" title=\"Finisterre\" width=\"555\" height=\"261\"  \/><\/a><\/p>\n\t\t\t<\/div>\n\n\t\t\n\t\t<div class=\"blog-content wf-td\">\n\t\t\t<h3 class=\"entry-title\"><a href=\"https:\/\/aeroclub.es\/ca\/2016\/03\/un-llarg-cap-de-setmana-2a-part\/\" title=\"Un llarg cap de setmana (2a part)\" rel=\"bookmark\">Un llarg cap de setmana (2a part)<\/a><\/h3>\n\n\t\t\t<p>A continuaci\u00f3 la segona part de l&#8217;interessant relat del viatge del pilot de l&#8217;Aeroclub, Albert Blanch, fins a Finisterre el passat mes de novembre. \u00a0Un cop hem completat la preparaci\u00f3 de la ruta i revisat tots els detalls, ens anem a volar. Esteu preparats? anem a l&#8217;avi\u00f3 i comen\u00e7a el vol!! Dia 1 &#8211; Dijous&hellip;<\/p>\n\n\t\t<\/div>\n\n\t<\/article>\n\n<\/div>\n<div class=\"wf-cell iso-item category-52\" data-post-id=\"3676\" data-date=\"2016-03-24T01:45:47+01:00\" data-name=\"Quins s\u00f3n els ultralleugers m\u00e9s populars?\">\n\t<article class=\"post post-3676 type-post status-publish format-standard has-post-thumbnail hentry category-ultralleuger tag-marketshare tag-mercat tag-popularitat tag-ulm tag-ultralleuger category-52 bg-on fullwidth-img description-off\">\n\n\t\t\n\t\t\t<div class=\"blog-media wf-td\">\n\n\t\t\t\t<p><a href=\"https:\/\/aeroclub.es\/ca\/2016\/03\/quins-son-els-ultralleugers-mes-populars\/\" class=\"alignnone rollover\" ><img loading=\"lazy\" decoding=\"async\" class=\"preload-me aspect\" src=\"https:\/\/aeroclub.es\/wp-content\/uploads\/2016\/03\/CTLS-555x415.png\" srcset=\"https:\/\/aeroclub.es\/wp-content\/uploads\/2016\/03\/CTLS-555x415.png 555w, https:\/\/aeroclub.es\/wp-content\/uploads\/2016\/03\/CTLS.png 974w\" style=\"--ratio: 555 \/ 415\" sizes=\"auto, (max-width: 555px) 100vw, 555px\" alt=\"\" title=\"CTLS\" width=\"555\" height=\"415\"  \/><\/a><\/p>\n\t\t\t<\/div>\n\n\t\t\n\t\t<div class=\"blog-content wf-td\">\n\t\t\t<h3 class=\"entry-title\"><a href=\"https:\/\/aeroclub.es\/ca\/2016\/03\/quins-son-els-ultralleugers-mes-populars\/\" title=\"Quins s\u00f3n els ultralleugers m\u00e9s populars?\" rel=\"bookmark\">Quins s\u00f3n els ultralleugers m\u00e9s populars?<\/a><\/h3>\n\n\t\t\t<p>De los top 10 m\u00e1s vendidos, 9 son fabricantes Alemanes, y tan solo Tecnam se cuela en la lista con en el n\u00famero 8.<\/p>\n\n\t\t<\/div>\n\n\t<\/article>\n\n<\/div>\n<div class=\"wf-cell iso-item category-193 category-35 category-55\" data-post-id=\"3813\" data-date=\"2016-03-22T01:31:15+01:00\" data-name=\"Aix\u00ed que vols volar a la Festa al Cel\">\n\t<article class=\"post post-3813 type-post status-publish format-standard has-post-thumbnail hentry category-exhibiciones-ca category-rotatoria-ca category-vol-a-motor tag-aeri tag-airshow tag-carrusel tag-cel tag-festa tag-festival tag-formacio category-193 category-35 category-55 bg-on fullwidth-img description-off\">\n\n\t\t\n\t\t\t<div class=\"blog-media wf-td\">\n\n\t\t\t\t<p><a href=\"https:\/\/aeroclub.es\/ca\/2016\/03\/aixi-que-vols-volar-a-la-festa-al-cel\/\" class=\"alignnone rollover\" ><img loading=\"lazy\" decoding=\"async\" class=\"preload-me aspect\" src=\"https:\/\/aeroclub.es\/wp-content\/uploads\/2016\/03\/avc_00186317-e1458594786399-555x379.jpg\" srcset=\"https:\/\/aeroclub.es\/wp-content\/uploads\/2016\/03\/avc_00186317-e1458594786399-555x379.jpg 555w, https:\/\/aeroclub.es\/wp-content\/uploads\/2016\/03\/avc_00186317-e1458594786399-1110x758.jpg 1110w\" style=\"--ratio: 555 \/ 379\" sizes=\"auto, (max-width: 555px) 100vw, 555px\" alt=\"\" title=\"avc_00186317\" width=\"555\" height=\"379\"  \/><\/a><\/p>\n\t\t\t<\/div>\n\n\t\t\n\t\t<div class=\"blog-content wf-td\">\n\t\t\t<h3 class=\"entry-title\"><a href=\"https:\/\/aeroclub.es\/ca\/2016\/03\/aixi-que-vols-volar-a-la-festa-al-cel\/\" title=\"Aix\u00ed que vols volar a la Festa al Cel\" rel=\"bookmark\">Aix\u00ed que vols volar a la Festa al Cel<\/a><\/h3>\n\n\t\t\t<p>Vols pilotar la nostra flota devant de milers d&#8217;espectadors a la Festa al Cel? Qualsevol soci te la possibilitat de participar-hi. T&#8217;expliquem com.<\/p>\n\n\t\t<\/div>\n\n\t<\/article>\n\n<\/div>\n<div class=\"wf-cell iso-item category-32 category-35 category-55\" data-post-id=\"3718\" data-date=\"2016-03-21T01:40:07+01:00\" data-name=\"Un llarg cap de setmana (1\u00aa part)\">\n\t<article class=\"post post-3718 type-post status-publish format-standard has-post-thumbnail hentry category-blog-ca category-rotatoria-ca category-vol-a-motor category-32 category-35 category-55 bg-on fullwidth-img description-off\">\n\n\t\t\n\t\t\t<div class=\"blog-media wf-td\">\n\n\t\t\t\t<p><a href=\"https:\/\/aeroclub.es\/ca\/2016\/03\/un-llarg-cap-de-setmana-1a-part\/\" class=\"alignnone rollover\" ><img loading=\"lazy\" decoding=\"async\" class=\"preload-me aspect\" src=\"https:\/\/aeroclub.es\/wp-content\/uploads\/2016\/03\/Entrando-en-Vigo.jpg\" srcset=\"https:\/\/aeroclub.es\/wp-content\/uploads\/2016\/03\/Entrando-en-Vigo.jpg 420w\" style=\"--ratio: 420 \/ 279\" sizes=\"auto, (max-width: 420px) 100vw, 420px\" alt=\"\" title=\"Entrando en Vigo\" width=\"420\" height=\"279\"  \/><\/a><\/p>\n\t\t\t<\/div>\n\n\t\t\n\t\t<div class=\"blog-content wf-td\">\n\t\t\t<h3 class=\"entry-title\"><a href=\"https:\/\/aeroclub.es\/ca\/2016\/03\/un-llarg-cap-de-setmana-1a-part\/\" title=\"Un llarg cap de setmana (1\u00aa part)\" rel=\"bookmark\">Un llarg cap de setmana (1\u00aa part)<\/a><\/h3>\n\n\t\t\t<p>Des de finals de febrer 2015, despr\u00e9s d&#8217;un accident de circulaci\u00f3, portava uns mesos sense volar. Tenia ganes de recuperar com m\u00e9s aviat millor les sensacions, l&#8217;experi\u00e8ncia i l&#8217;emoci\u00f3 de volar el m\u00e9s aviat possible<\/p>\n\n\t\t<\/div>\n\n\t<\/article>\n\n<\/div>\n<div class=\"wf-cell iso-item category-52\" data-post-id=\"3657\" data-date=\"2016-03-19T01:21:46+01:00\" data-name=\"Situaci\u00f3 dels ULM a Espanya\">\n\t<article class=\"post post-3657 type-post status-publish format-standard has-post-thumbnail hentry category-ultralleuger tag-espanya tag-evolucio tag-mercat tag-ulm tag-ultralleuger category-52 bg-on fullwidth-img description-off\">\n\n\t\t\n\t\t\t<div class=\"blog-media wf-td\">\n\n\t\t\t\t<p><a href=\"https:\/\/aeroclub.es\/ca\/2016\/03\/situacio-dels-ulm-a-espanya\/\" class=\"alignnone rollover\" ><img loading=\"lazy\" decoding=\"async\" class=\"preload-me aspect\" src=\"https:\/\/aeroclub.es\/wp-content\/uploads\/2016\/03\/grafico2-555x232.png\" srcset=\"https:\/\/aeroclub.es\/wp-content\/uploads\/2016\/03\/grafico2-555x232.png 555w, https:\/\/aeroclub.es\/wp-content\/uploads\/2016\/03\/grafico2.png 1079w\" style=\"--ratio: 555 \/ 232\" sizes=\"auto, (max-width: 555px) 100vw, 555px\" alt=\"\" title=\"grafico2\" width=\"555\" height=\"232\"  \/><\/a><\/p>\n\t\t\t<\/div>\n\n\t\t\n\t\t<div class=\"blog-content wf-td\">\n\t\t\t<h3 class=\"entry-title\"><a href=\"https:\/\/aeroclub.es\/ca\/2016\/03\/situacio-dels-ulm-a-espanya\/\" title=\"Situaci\u00f3 dels ULM a Espanya\" rel=\"bookmark\">Situaci\u00f3 dels ULM a Espanya<\/a><\/h3>\n\n\t\t\t<p>Despr\u00e9s del pic del 2008, en qu\u00e8 es van matricular 93 ULMs, la tend\u00e8ncia en els \u00faltims anys ha estat constantment a la baixa, arribant-se en 2015 al m\u00ednim absolut dels \u00faltims 15 anys<\/p>\n\n\t\t<\/div>\n\n\t<\/article>\n\n<\/div>\n<div class=\"wf-cell iso-item category-35 category-52\" data-post-id=\"3643\" data-date=\"2016-03-16T01:43:42+01:00\" data-name=\"Registre del temps de vol en ULM\">\n\t<article class=\"post post-3643 type-post status-publish format-standard has-post-thumbnail hentry category-rotatoria-ca category-ultralleuger category-35 category-52 bg-on fullwidth-img description-off\">\n\n\t\t\n\t\t\t<div class=\"blog-media wf-td\">\n\n\t\t\t\t<p><a href=\"https:\/\/aeroclub.es\/ca\/2016\/03\/registre-del-temps-de-vol-en-ulm\/\" class=\"alignnone rollover\" ><img loading=\"lazy\" decoding=\"async\" class=\"preload-me aspect\" src=\"https:\/\/aeroclub.es\/wp-content\/uploads\/2016\/01\/IMG_4470-1-555x370.jpg\" srcset=\"https:\/\/aeroclub.es\/wp-content\/uploads\/2016\/01\/IMG_4470-1-555x370.jpg 555w, https:\/\/aeroclub.es\/wp-content\/uploads\/2016\/01\/IMG_4470-1-1110x740.jpg 1110w\" style=\"--ratio: 555 \/ 370\" sizes=\"auto, (max-width: 555px) 100vw, 555px\" alt=\"\" title=\"IMG_4470\" width=\"555\" height=\"370\"  \/><\/a><\/p>\n\t\t\t<\/div>\n\n\t\t\n\t\t<div class=\"blog-content wf-td\">\n\t\t\t<h3 class=\"entry-title\"><a href=\"https:\/\/aeroclub.es\/ca\/2016\/03\/registre-del-temps-de-vol-en-ulm\/\" title=\"Registre del temps de vol en ULM\" rel=\"bookmark\">Registre del temps de vol en ULM<\/a><\/h3>\n\n\t\t\t<p>D&#8217;acord amb el que estableix el RD 123\/2015, &#8220;el titular de la llic\u00e8ncia de pilot d&#8217;ultralleuger ha de portar i mantenir actualitzat un registre de temps de vol&#8221;<\/p>\n\n\t\t<\/div>\n\n\t<\/article>\n\n<\/div>\n<div class=\"wf-cell iso-item category-138 category-34 category-52\" data-post-id=\"3296\" data-date=\"2016-03-12T05:38:53+01:00\" data-name=\"L&#039;Aeroclub a AERO Friedrichshafen\">\n\t<article class=\"post post-3296 type-post status-publish format-standard has-post-thumbnail hentry category-club-ca category-destacat category-ultralleuger category-138 category-34 category-52 bg-on fullwidth-img description-off\">\n\n\t\t\n\t\t\t<div class=\"blog-media wf-td\">\n\n\t\t\t\t<p><a href=\"https:\/\/aeroclub.es\/ca\/2016\/03\/laeroclub-a-aero-friedrichshafen\/\" class=\"alignnone rollover\" ><img loading=\"lazy\" decoding=\"async\" class=\"preload-me aspect\" src=\"https:\/\/aeroclub.es\/wp-content\/uploads\/2016\/03\/0200AERO2015-555x369.jpg\" srcset=\"https:\/\/aeroclub.es\/wp-content\/uploads\/2016\/03\/0200AERO2015-555x369.jpg 555w, https:\/\/aeroclub.es\/wp-content\/uploads\/2016\/03\/0200AERO2015-1110x738.jpg 1110w\" style=\"--ratio: 555 \/ 369\" sizes=\"auto, (max-width: 555px) 100vw, 555px\" alt=\"\" title=\"AERO 2015\" width=\"555\" height=\"369\"  \/><\/a><\/p>\n\t\t\t<\/div>\n\n\t\t\n\t\t<div class=\"blog-content wf-td\">\n\t\t\t<h3 class=\"entry-title\"><a href=\"https:\/\/aeroclub.es\/ca\/2016\/03\/laeroclub-a-aero-friedrichshafen\/\" title=\"L&#8217;Aeroclub a AERO Friedrichshafen\" rel=\"bookmark\">L&#8217;Aeroclub a AERO Friedrichshafen<\/a><\/h3>\n\n\t\t\t<p>L&#8217;Aeroclub estar\u00e0 present aquest any en AERO EXPO 2016, la major fira Europea d&#8217;Aviaci\u00f3 Esportiva<\/p>\n\n\t\t<\/div>\n\n\t<\/article>\n\n<\/div>\n<div class=\"wf-cell iso-item category-191 category-35 category-52\" data-post-id=\"3621\" data-date=\"2016-03-12T01:19:58+01:00\" data-name=\"Convocat\u00f2ria ex\u00e0mens ULM 2016\">\n\t<article class=\"post post-3621 type-post status-publish format-standard has-post-thumbnail hentry category-escuela-ca category-rotatoria-ca category-ultralleuger category-191 category-35 category-52 bg-on fullwidth-img description-off\">\n\n\t\t\n\t\t\t<div class=\"blog-media wf-td\">\n\n\t\t\t\t<p><a href=\"https:\/\/aeroclub.es\/ca\/2016\/03\/convocatoria-examens-ulm-2016\/\" class=\"alignnone rollover\" ><img loading=\"lazy\" decoding=\"async\" class=\"preload-me aspect\" src=\"https:\/\/aeroclub.es\/wp-content\/uploads\/2016\/03\/examens-ulm-2016-aesa-555x433.png\" srcset=\"https:\/\/aeroclub.es\/wp-content\/uploads\/2016\/03\/examens-ulm-2016-aesa-555x433.png 555w, https:\/\/aeroclub.es\/wp-content\/uploads\/2016\/03\/examens-ulm-2016-aesa.png 975w\" style=\"--ratio: 555 \/ 433\" sizes=\"auto, (max-width: 555px) 100vw, 555px\" alt=\"\" title=\"examens-ulm-2016-aesa\" width=\"555\" height=\"433\"  \/><\/a><\/p>\n\t\t\t<\/div>\n\n\t\t\n\t\t<div class=\"blog-content wf-td\">\n\t\t\t<h3 class=\"entry-title\"><a href=\"https:\/\/aeroclub.es\/ca\/2016\/03\/convocatoria-examens-ulm-2016\/\" title=\"Convocat\u00f2ria ex\u00e0mens ULM 2016\" rel=\"bookmark\">Convocat\u00f2ria ex\u00e0mens ULM 2016<\/a><\/h3>\n\n\t\t\t<p>AESA presenta la convocat\u00f2ria per a la realitzaci\u00f3 dels ex\u00e0mens te\u00f2rics i pr\u00e0ctics d&#8217;ultralleugers en 2016<\/p>\n\n\t\t<\/div>\n\n\t<\/article>\n\n<\/div>\n<div class=\"wf-cell iso-item category-39 category-138 category-35\" data-post-id=\"3254\" data-date=\"2016-03-08T23:39:01+01:00\" data-name=\"Entrenaments secci\u00f3 acrob\u00e0tica\">\n\t<article class=\"post post-3254 type-post status-publish format-standard has-post-thumbnail hentry category-acrobacia-ca category-club-ca category-rotatoria-ca tag-acro tag-acrobacia tag-entrenaments tag-z50 tag-zlin category-39 category-138 category-35 bg-on fullwidth-img description-off\">\n\n\t\t\n\t\t\t<div class=\"blog-media wf-td\">\n\n\t\t\t\t<p><a href=\"https:\/\/aeroclub.es\/ca\/2016\/03\/entrenaments-seccio-acrobatica\/\" class=\"alignnone rollover\" ><img loading=\"lazy\" decoding=\"async\" class=\"preload-me aspect\" src=\"https:\/\/aeroclub.es\/wp-content\/uploads\/2016\/03\/Foto4-555x416.jpg\" srcset=\"https:\/\/aeroclub.es\/wp-content\/uploads\/2016\/03\/Foto4-555x416.jpg 555w, https:\/\/aeroclub.es\/wp-content\/uploads\/2016\/03\/Foto4-1110x832.jpg 1110w\" style=\"--ratio: 555 \/ 416\" sizes=\"auto, (max-width: 555px) 100vw, 555px\" alt=\"\" title=\"Foto4\" width=\"555\" height=\"416\"  \/><\/a><\/p>\n\t\t\t<\/div>\n\n\t\t\n\t\t<div class=\"blog-content wf-td\">\n\t\t\t<h3 class=\"entry-title\"><a href=\"https:\/\/aeroclub.es\/ca\/2016\/03\/entrenaments-seccio-acrobatica\/\" title=\"Entrenaments secci\u00f3 acrob\u00e0tica\" rel=\"bookmark\">Entrenaments secci\u00f3 acrob\u00e0tica<\/a><\/h3>\n\n\t\t\t<p>Los pasados 19-21 de Febrero se llevaron a cabo los primeros entrenos del a\u00f1o de la secci\u00f3n acrob\u00e1tica del ACBS en el aer\u00f3dromo de Benabarre<\/p>\n\n\t\t<\/div>\n\n\t<\/article>\n\n<\/div>\n<div class=\"wf-cell iso-item category-233 category-55\" data-post-id=\"3185\" data-date=\"2016-02-29T15:11:33+01:00\" data-name=\"Drone 101\">\n\t<article class=\"post no-img post-3185 type-post status-publish format-aside hentry category-drones-ca category-vol-a-motor post_format-post-format-aside category-233 category-55 bg-on fullwidth-img description-off\">\n\n\t\t\n\t\t<div class=\"blog-content wf-td\">\n\t\t\t<h3 class=\"entry-title\"><a href=\"https:\/\/aeroclub.es\/ca\/2016\/02\/drone-101\/\" title=\"Drone 101\" rel=\"bookmark\">Drone 101<\/a><\/h3>\n\n\t\t\t<p>\u00bfEs pot fer servir un drone per gravar pel\u00b7l\u00edcules, manifestacions, casaments, concerts, i en general, reunions de gent a l&#8217;aire lliure &#8230;?<\/p>\n\n\t\t<\/div>\n\n\t<\/article>\n\n<\/div>\n<div class=\"wf-cell iso-item category-32 category-35 category-55\" data-post-id=\"2838\" data-date=\"2016-02-09T22:51:33+01:00\" data-name=\"Pr\u00f2xima parada, Terol\">\n\t<article class=\"post post-2838 type-post status-publish format-standard has-post-thumbnail hentry category-blog-ca category-rotatoria-ca category-vol-a-motor tag-excursio tag-sortida tag-terol category-32 category-35 category-55 bg-on fullwidth-img description-off\">\n\n\t\t\n\t\t\t<div class=\"blog-media wf-td\">\n\n\t\t\t\t<p><a href=\"https:\/\/aeroclub.es\/ca\/2016\/02\/proxima-parada-terol\/\" class=\"alignnone rollover\" ><img loading=\"lazy\" decoding=\"async\" class=\"preload-me aspect\" src=\"https:\/\/aeroclub.es\/wp-content\/uploads\/2016\/02\/excursions-555x416.jpg\" srcset=\"https:\/\/aeroclub.es\/wp-content\/uploads\/2016\/02\/excursions-555x416.jpg 555w, https:\/\/aeroclub.es\/wp-content\/uploads\/2016\/02\/excursions.jpg 960w\" style=\"--ratio: 555 \/ 416\" sizes=\"auto, (max-width: 555px) 100vw, 555px\" alt=\"\" title=\"excursions\" width=\"555\" height=\"416\"  \/><\/a><\/p>\n\t\t\t<\/div>\n\n\t\t\n\t\t<div class=\"blog-content wf-td\">\n\t\t\t<h3 class=\"entry-title\"><a href=\"https:\/\/aeroclub.es\/ca\/2016\/02\/proxima-parada-terol\/\" title=\"Pr\u00f2xima parada, Terol\" rel=\"bookmark\">Pr\u00f2xima parada, Terol<\/a><\/h3>\n\n\t\t\t<p>Com ja vam anunciar fa poc, amb el retard progressiu de l&#8217;hora de l&#8217;oc\u00e0s arriba la primera excursi\u00f3 del 2016.<\/p>\n\n\t\t<\/div>\n\n\t<\/article>\n\n<\/div>\n<div class=\"wf-cell iso-item category-31 category-34 category-55\" data-post-id=\"2781\" data-date=\"2016-02-07T22:58:34+01:00\" data-name=\"Primer curs de vol en formaci\u00f3\">\n\t<article class=\"post post-2781 type-post status-publish format-standard has-post-thumbnail hentry category-actividades-ca category-destacat category-vol-a-motor category-31 category-34 category-55 bg-on fullwidth-img description-off\">\n\n\t\t\n\t\t\t<div class=\"blog-media wf-td\">\n\n\t\t\t\t<p><a href=\"https:\/\/aeroclub.es\/ca\/2016\/02\/exit-del-primer-curs-de-vol-en-formacio\/\" class=\"alignnone rollover\" ><img loading=\"lazy\" decoding=\"async\" class=\"preload-me aspect\" src=\"https:\/\/aeroclub.es\/wp-content\/uploads\/2016\/02\/11018621_854204991336010_5358294183273346709_o-555x356.jpg\" srcset=\"https:\/\/aeroclub.es\/wp-content\/uploads\/2016\/02\/11018621_854204991336010_5358294183273346709_o-555x356.jpg 555w, https:\/\/aeroclub.es\/wp-content\/uploads\/2016\/02\/11018621_854204991336010_5358294183273346709_o-1110x712.jpg 1110w\" style=\"--ratio: 555 \/ 356\" sizes=\"auto, (max-width: 555px) 100vw, 555px\" alt=\"\" title=\"11018621_854204991336010_5358294183273346709_o\" width=\"555\" height=\"356\"  \/><\/a><\/p>\n\t\t\t<\/div>\n\n\t\t\n\t\t<div class=\"blog-content wf-td\">\n\t\t\t<h3 class=\"entry-title\"><a href=\"https:\/\/aeroclub.es\/ca\/2016\/02\/exit-del-primer-curs-de-vol-en-formacio\/\" title=\"Primer curs de vol en formaci\u00f3\" rel=\"bookmark\">Primer curs de vol en formaci\u00f3<\/a><\/h3>\n\n\t\t\t<p>El passat dia 2 va acabar amb gran \u00e8xit el 1er Curs de Vol en Formaci\u00f3 ofert per la FPAC i L&#8217;Aeroclub<\/p>\n\n\t\t<\/div>\n\n\t<\/article>\n\n<\/div>\n<div class=\"wf-cell iso-item category-31 category-35 category-56\" data-post-id=\"2776\" data-date=\"2016-02-07T11:31:31+01:00\" data-name=\"Prova el vol acrob\u00e0tic sense motor\">\n\t<article class=\"post post-2776 type-post status-publish format-standard has-post-thumbnail hentry category-actividades-ca category-rotatoria-ca category-vol-a-vela tag-cerdanya tag-fox tag-guy-westgate tag-mdm-1 tag-vol-a-vela category-31 category-35 category-56 bg-on fullwidth-img description-off\">\n\n\t\t\n\t\t\t<div class=\"blog-media wf-td\">\n\n\t\t\t\t<p><a href=\"https:\/\/aeroclub.es\/ca\/2016\/02\/prova-el-vol-acrobatic-sense-motor\/\" class=\"alignnone rollover\" ><img loading=\"lazy\" decoding=\"async\" class=\"preload-me aspect\" src=\"https:\/\/aeroclub.es\/wp-content\/uploads\/2016\/02\/fox2-555x190.jpeg\" srcset=\"https:\/\/aeroclub.es\/wp-content\/uploads\/2016\/02\/fox2-555x190.jpeg 555w, https:\/\/aeroclub.es\/wp-content\/uploads\/2016\/02\/fox2-1110x380.jpeg 1110w\" style=\"--ratio: 555 \/ 190\" sizes=\"auto, (max-width: 555px) 100vw, 555px\" alt=\"\" title=\"fox2\" width=\"555\" height=\"190\"  \/><\/a><\/p>\n\t\t\t<\/div>\n\n\t\t\n\t\t<div class=\"blog-content wf-td\">\n\t\t\t<h3 class=\"entry-title\"><a href=\"https:\/\/aeroclub.es\/ca\/2016\/02\/prova-el-vol-acrobatic-sense-motor\/\" title=\"Prova el vol acrob\u00e0tic sense motor\" rel=\"bookmark\">Prova el vol acrob\u00e0tic sense motor<\/a><\/h3>\n\n\t\t\t<p>Vine a La Cerdanya a provar el veler acrob\u00e0tic d&#8217;en Guy Westgate.<\/p>\n\n\t\t<\/div>\n\n\t<\/article>\n\n<\/div>\n<div class=\"wf-cell iso-item category-31 category-35 category-56\" data-post-id=\"2772\" data-date=\"2016-02-07T11:21:30+01:00\" data-name=\"FAI Sailplane Grand Prix Spain 2016\">\n\t<article class=\"post post-2772 type-post status-publish format-standard has-post-thumbnail hentry category-actividades-ca category-rotatoria-ca category-vol-a-vela category-31 category-35 category-56 bg-on fullwidth-img description-off\">\n\n\t\t\n\t\t\t<div class=\"blog-media wf-td\">\n\n\t\t\t\t<p><a href=\"https:\/\/aeroclub.es\/ca\/2016\/02\/fai-qualifying-sailplane-grand-prix-spain-2016\/\" class=\"alignnone rollover\" ><img loading=\"lazy\" decoding=\"async\" class=\"preload-me aspect\" src=\"https:\/\/aeroclub.es\/wp-content\/uploads\/2016\/02\/SGP-SPain-555x318.jpg\" srcset=\"https:\/\/aeroclub.es\/wp-content\/uploads\/2016\/02\/SGP-SPain-555x318.jpg 555w, https:\/\/aeroclub.es\/wp-content\/uploads\/2016\/02\/SGP-SPain-1110x636.jpg 1110w\" style=\"--ratio: 555 \/ 318\" sizes=\"auto, (max-width: 555px) 100vw, 555px\" alt=\"\" title=\"SGP SPain\" width=\"555\" height=\"318\"  \/><\/a><\/p>\n\t\t\t<\/div>\n\n\t\t\n\t\t<div class=\"blog-content wf-td\">\n\t\t\t<h3 class=\"entry-title\"><a href=\"https:\/\/aeroclub.es\/ca\/2016\/02\/fai-qualifying-sailplane-grand-prix-spain-2016\/\" title=\"FAI Sailplane Grand Prix Spain 2016\" rel=\"bookmark\">FAI Sailplane Grand Prix Spain 2016<\/a><\/h3>\n\n\t\t\t<p>Vine a disfrutar del Qualifying Sailplane Grand Prix a la Cerdanya del 17 al 23 d&#8217;abril d&#8217;aquest any<\/p>\n\n\t\t<\/div>\n\n\t<\/article>\n\n<\/div>\n<div class=\"wf-cell iso-item category-31 category-34 category-55\" data-post-id=\"2580\" data-date=\"2016-02-01T20:34:57+01:00\" data-name=\"Destinacions properes excursions 2016\">\n\t<article class=\"post post-2580 type-post status-publish format-standard has-post-thumbnail hentry category-actividades-ca category-destacat category-vol-a-motor category-31 category-34 category-55 bg-on fullwidth-img description-off\">\n\n\t\t\n\t\t\t<div class=\"blog-media wf-td\">\n\n\t\t\t\t<p><a href=\"https:\/\/aeroclub.es\/ca\/2016\/02\/destinacions-properes-excursions-2016\/\" class=\"alignnone rollover\" ><img loading=\"lazy\" decoding=\"async\" class=\"preload-me aspect\" src=\"https:\/\/aeroclub.es\/wp-content\/uploads\/2016\/02\/benabarre-555x416.jpg\" srcset=\"https:\/\/aeroclub.es\/wp-content\/uploads\/2016\/02\/benabarre-555x416.jpg 555w, https:\/\/aeroclub.es\/wp-content\/uploads\/2016\/02\/benabarre.jpg 960w\" style=\"--ratio: 555 \/ 416\" sizes=\"auto, (max-width: 555px) 100vw, 555px\" alt=\"\" title=\"benabarre\" width=\"555\" height=\"416\"  \/><\/a><\/p>\n\t\t\t<\/div>\n\n\t\t\n\t\t<div class=\"blog-content wf-td\">\n\t\t\t<h3 class=\"entry-title\"><a href=\"https:\/\/aeroclub.es\/ca\/2016\/02\/destinacions-properes-excursions-2016\/\" title=\"Destinacions properes excursions 2016\" rel=\"bookmark\">Destinacions properes excursions 2016<\/a><\/h3>\n\n\t\t\t<p>Ja tenim les excursions de 2016: San Sebasti\u00e1n, Pamplona i Teruel, les destinacions m\u00e9s votades<\/p>\n\n\t\t<\/div>\n\n\t<\/article>\n\n<\/div>\n<div class=\"wf-cell iso-item category-32 category-35 category-55\" data-post-id=\"2522\" data-date=\"2016-01-30T00:41:44+01:00\" data-name=\"Interior d&#039;una Cessna172 en 360\">\n\t<article class=\"post post-2522 type-post status-publish format-video has-post-thumbnail hentry category-blog-ca category-rotatoria-ca category-vol-a-motor post_format-post-format-video category-32 category-35 category-55 bg-on fullwidth-img description-off\">\n\n\t\t\n\t\t\t<div class=\"blog-media wf-td\">\n\n\t\t\t\t<p><a href=\"https:\/\/aeroclub.es\/ca\/2016\/01\/interior-duna-cessna172-en-360\/\" class=\"alignnone rollover\" ><img loading=\"lazy\" decoding=\"async\" class=\"preload-me aspect\" src=\"https:\/\/aeroclub.es\/wp-content\/uploads\/2016\/01\/video-3D-cessna172S-555x339.png\" srcset=\"https:\/\/aeroclub.es\/wp-content\/uploads\/2016\/01\/video-3D-cessna172S-555x339.png 555w, https:\/\/aeroclub.es\/wp-content\/uploads\/2016\/01\/video-3D-cessna172S-1110x678.png 1110w\" style=\"--ratio: 555 \/ 339\" sizes=\"auto, (max-width: 555px) 100vw, 555px\" alt=\"\" title=\"video-3D-cessna172S\" width=\"555\" height=\"339\"  \/><\/a><\/p>\n\t\t\t<\/div>\n\n\t\t\n\t\t<div class=\"blog-content wf-td\">\n\t\t\t<h3 class=\"entry-title\"><a href=\"https:\/\/aeroclub.es\/ca\/2016\/01\/interior-duna-cessna172-en-360\/\" title=\"Interior d&#8217;una Cessna172 en 360\" rel=\"bookmark\">Interior d&#8217;una Cessna172 en 360<\/a><\/h3>\n\n\t\t\t<p>Video en 3D a l&#8217;interior d&#8217;una Cessna 172S de L&#8217;Aeroclub<\/p>\n\n\t\t<\/div>\n\n\t<\/article>\n\n<\/div><\/div><\/div>[\/vc_column][\/vc_row]<\/p>\n<\/div>","protected":false},"excerpt":{"rendered":"<p>[vc_row][vc_column width=&#8221;1\/6&#8243;][\/vc_column][vc_column width=&#8221;4\/6&#8243;][vc_empty_space][vc_column_text]El pols de l&#8217;Aeroclub \u00e9s la fervent activitat de les seves seccions. En aquesta p\u00e0gina recopilem totes les novetats de les diferents \u00e0rees que componen el club, des del vol a motor, bimotors i ultralleugers fins l&#8217;acrob\u00e0cia a\u00e8ria, el vol a vela i l&#8217;activitat de la base de la Cerdanya.[\/vc_column_text][vc_empty_space][vc_empty_space][\/vc_column][vc_column width=&#8221;1\/6&#8243;][\/vc_column][\/vc_row][vc_row][vc_column][\/vc_column][\/vc_row]<\/p>\n","protected":false},"author":1,"featured_media":0,"parent":7054,"menu_order":23,"comment_status":"closed","ping_status":"closed","template":"","meta":{"footnotes":""},"class_list":["post-8525","page","type-page","status-publish","hentry","description-off"],"aioseo_notices":[],"_links":{"self":[{"href":"https:\/\/aeroclub.es\/ca\/wp-json\/wp\/v2\/pages\/8525","targetHints":{"allow":["GET"]}}],"collection":[{"href":"https:\/\/aeroclub.es\/ca\/wp-json\/wp\/v2\/pages"}],"about":[{"href":"https:\/\/aeroclub.es\/ca\/wp-json\/wp\/v2\/types\/page"}],"author":[{"embeddable":true,"href":"https:\/\/aeroclub.es\/ca\/wp-json\/wp\/v2\/users\/1"}],"replies":[{"embeddable":true,"href":"https:\/\/aeroclub.es\/ca\/wp-json\/wp\/v2\/comments?post=8525"}],"version-history":[{"count":1,"href":"https:\/\/aeroclub.es\/ca\/wp-json\/wp\/v2\/pages\/8525\/revisions"}],"predecessor-version":[{"id":8526,"href":"https:\/\/aeroclub.es\/ca\/wp-json\/wp\/v2\/pages\/8525\/revisions\/8526"}],"up":[{"embeddable":true,"href":"https:\/\/aeroclub.es\/ca\/wp-json\/wp\/v2\/pages\/7054"}],"wp:attachment":[{"href":"https:\/\/aeroclub.es\/ca\/wp-json\/wp\/v2\/media?parent=8525"}],"curies":[{"name":"wp","href":"https:\/\/api.w.org\/{rel}","templated":true}]}}